{"id":9026,"date":"2024-12-29T13:58:27","date_gmt":"2024-12-29T11:58:27","guid":{"rendered":"https:\/\/www.i-rentacar.com\/?page_id=9026"},"modified":"2024-12-29T19:12:54","modified_gmt":"2024-12-29T17:12:54","slug":"noleggio-auto-al-porto-di-salonicco","status":"publish","type":"page","link":"https:\/\/www.i-rentacar.com\/it\/noleggio-auto-al-porto-di-salonicco\/","title":{"rendered":"Noleggio auto al porto di Salonicco"},"content":{"rendered":"<div class=\"fusion-fullwidth fullwidth-box fusion-builder-row-1 fusion-flex-container has-pattern-background has-mask-background nonhundred-percent-fullwidth non-hundred-percent-height-scrolling\" style=\"--awb-border-radius-top-left:0px;--awb-border-radius-top-right:0px;--awb-border-radius-bottom-right:0px;--awb-border-radius-bottom-left:0px;--awb-flex-wrap:wrap;\" ><div class=\"fusion-builder-row fusion-row fusion-flex-align-items-flex-start fusion-flex-content-wrap\" style=\"max-width:1300px;margin-left: calc(-4% \/ 2 );margin-right: calc(-4% \/ 2 );\"><div class=\"fusion-layout-column fusion_builder_column fusion-builder-column-0 fusion_builder_column_1_1 1_1 fusion-flex-column\" style=\"--awb-bg-size:cover;--awb-width-large:100%;--awb-margin-top-large:0px;--awb-spacing-right-large:1.92%;--awb-margin-bottom-large:20px;--awb-spacing-left-large:1.92%;--awb-width-medium:100%;--awb-order-medium:0;--awb-spacing-right-medium:1.92%;--awb-spacing-left-medium:1.92%;--awb-width-small:100%;--awb-order-small:0;--awb-spacing-right-small:1.92%;--awb-spacing-left-small:1.92%;\"><div class=\"fusion-column-wrapper fusion-column-has-shadow fusion-flex-justify-content-flex-start fusion-content-layout-column\"><div class=\"fusion-text fusion-text-1\"><h2 style=\"text-align: center;\"><strong>Noleggio Auto al Porto di Salonicco con i-rentacar<\/strong><\/h2>\n<p>&lt;i-rentacar vi offre servizi di noleggio auto di alta qualit\u00e0 in una delle posizioni pi\u00f9 centrali della citt\u00e0, vicino al <strong>Porto di Salonicco<\/strong>. Che viaggi per piacere, per motivi di lavoro o arrivate in traghetto per esplorare la Grecia del Nord, <strong>i-rentacar<\/strong> \u00e8 il partner ideale per iniziare il vostro viaggio con comfort e facilit\u00e0.<\/p>\n<h3 style=\"text-align: center;\"><strong>Posizione Ideale<\/strong><\/h3>\n<p>Il Porto di Salonicco \u00e8 uno dei principali punti di ingresso della citt\u00e0, servendo viaggiatori sia dalla Grecia che dall&#8217;estero. La nostra posizione vicina al porto vi consente di ritirare il veicolo immediatamente, senza ritardi, e proseguire il vostro viaggio con facilit\u00e0, sia che la vostra destinazione sia il centro della citt\u00e0 o una meta fuori da essa.<\/p>\n<\/div><div class=\"fusion-image-element \" style=\"text-align:center;--awb-caption-title-font-family:var(--h2_typography-font-family);--awb-caption-title-font-weight:var(--h2_typography-font-weight);--awb-caption-title-font-style:var(--h2_typography-font-style);--awb-caption-title-size:var(--h2_typography-font-size);--awb-caption-title-transform:var(--h2_typography-text-transform);--awb-caption-title-line-height:var(--h2_typography-line-height);--awb-caption-title-letter-spacing:var(--h2_typography-letter-spacing);\"><span class=\" fusion-imageframe imageframe-none imageframe-1 hover-type-none\"><img decoding=\"async\" width=\"600\" height=\"300\" alt=\"\u0395\u03bd\u03bf\u03b9\u03ba\u03af\u03b1\u03c3\u03b7 \u03b1\u03c5\u03c4\u03bf\u03ba\u03b9\u03bd\u03ae\u03c4\u03bf\u03c5 \u039b\u03b9\u03bc\u03ac\u03bd\u03b9 \u0398\u03b5\u03c3\u03c3\u03b1\u03bb\u03bf\u03bd\u03af\u03ba\u03b7\u03c2\" title=\"\u039b\u0399\u039c\u0391\u039d\u0399-\u0398\u0395\" src=\"https:\/\/www.i-rentacar.com\/wp-content\/uploads\/2024\/12\/\u039b\u0399\u039c\u0391\u039d\u0399-\u0398\u0395.jpg\" data-orig-src=\"https:\/\/www.i-rentacar.com\/wp-content\/uploads\/2024\/12\/\u039b\u0399\u039c\u0391\u039d\u0399-\u0398\u0395.jpg\" class=\"lazyload img-responsive wp-image-8881\" srcset=\"data:image\/svg+xml,%3Csvg%20xmlns%3D%27http%3A%2F%2Fwww.w3.org%2F2000%2Fsvg%27%20width%3D%27600%27%20height%3D%27300%27%20viewBox%3D%270%200%20600%20300%27%3E%3Crect%20width%3D%27600%27%20height%3D%27300%27%20fill-opacity%3D%220%22%2F%3E%3C%2Fsvg%3E\" data-srcset=\"https:\/\/www.i-rentacar.com\/wp-content\/uploads\/2024\/12\/\u039b\u0399\u039c\u0391\u039d\u0399-\u0398\u0395-200x100.jpg 200w, https:\/\/www.i-rentacar.com\/wp-content\/uploads\/2024\/12\/\u039b\u0399\u039c\u0391\u039d\u0399-\u0398\u0395-400x200.jpg 400w, https:\/\/www.i-rentacar.com\/wp-content\/uploads\/2024\/12\/\u039b\u0399\u039c\u0391\u039d\u0399-\u0398\u0395.jpg 600w\" data-sizes=\"auto\" data-orig-sizes=\"(max-width: 640px) 100vw, 600px\" \/><\/span><\/div><div class=\"fusion-text fusion-text-2\"><h3 style=\"text-align: center;\"><strong>Vasta Selezione di Veicoli<\/strong><\/h3>\n<p>Presso <strong>i-rentacar<\/strong>, abbiamo creato una flotta di veicoli in grado di soddisfare le esigenze di ogni viaggiatore:<\/p>\n<ul>\n<li><strong>Auto compatte per la citt\u00e0<\/strong>: Ideali per muoversi facilmente per le strade di Salonicco.<\/li>\n<li><strong>Veicoli familiari<\/strong>: Con ampi spazi per passeggeri e bagagli, perfetti per viaggi in famiglia.<\/li>\n<li><strong>SUV e crossover<\/strong>: Per viaggi fuori citt\u00e0 o su percorsi pi\u00f9 impegnativi.<\/li>\n<li><strong>Minivan<\/strong>: Per gruppi numerosi o comitive che necessitano di pi\u00f9 spazio.<\/li>\n<li><strong>Auto di lusso<\/strong>: Per chi desidera viaggiare con stile e comfort.<\/li>\n<\/ul>\n<p>Tutti i veicoli sono moderni, ben mantenuti e dotati dei pi\u00f9 avanzati sistemi di sicurezza, offrendo un&#8217;esperienza di guida sicura e piacevole.<\/p>\n<h3 style=\"text-align: center;\"><strong>Piani di Noleggio Flessibili<\/strong><\/h3>\n<p>Presso <strong>i-rentacar<\/strong>, comprendiamo che ogni viaggiatore ha esigenze diverse. Per questo, offriamo opzioni di noleggio flessibili:<\/p>\n<ul>\n<li><strong>Noleggio a breve termine<\/strong>: Per chi ha bisogno di un&#8217;auto per poche ore o giorni.<\/li>\n<li><strong>Noleggio a lungo termine<\/strong>: Per esigenze pi\u00f9 durature, ideale per impegni professionali o vacanze prolungate.<\/li>\n<li><strong>Piani per turisti<\/strong>: Per esplorare Salonicco e i dintorni senza restrizioni.<\/li>\n<\/ul>\n<\/div><div class=\"fusion-image-element \" style=\"text-align:center;--awb-caption-title-font-family:var(--h2_typography-font-family);--awb-caption-title-font-weight:var(--h2_typography-font-weight);--awb-caption-title-font-style:var(--h2_typography-font-style);--awb-caption-title-size:var(--h2_typography-font-size);--awb-caption-title-transform:var(--h2_typography-text-transform);--awb-caption-title-line-height:var(--h2_typography-line-height);--awb-caption-title-letter-spacing:var(--h2_typography-letter-spacing);\"><span class=\" fusion-imageframe imageframe-none imageframe-2 hover-type-none\"><img decoding=\"async\" width=\"600\" height=\"300\" alt=\"\u0395\u03bd\u03bf\u03b9\u03ba\u03af\u03b1\u03c3\u03b7 \u03b1\u03c5\u03c4\u03bf\u03ba\u03b9\u03bd\u03ae\u03c4\u03bf\u03c5 \u039b\u03b9\u03bc\u03ac\u03bd\u03b9 \u0398\u03b5\u03c3\u03c3\u03b1\u03bb\u03bf\u03bd\u03af\u03ba\u03b7\u03c2\" title=\"Lim;a\" src=\"https:\/\/www.i-rentacar.com\/wp-content\/uploads\/2024\/12\/Lima.jpg\" data-orig-src=\"https:\/\/www.i-rentacar.com\/wp-content\/uploads\/2024\/12\/Lima.jpg\" class=\"lazyload img-responsive wp-image-8886\" srcset=\"data:image\/svg+xml,%3Csvg%20xmlns%3D%27http%3A%2F%2Fwww.w3.org%2F2000%2Fsvg%27%20width%3D%27600%27%20height%3D%27300%27%20viewBox%3D%270%200%20600%20300%27%3E%3Crect%20width%3D%27600%27%20height%3D%27300%27%20fill-opacity%3D%220%22%2F%3E%3C%2Fsvg%3E\" data-srcset=\"https:\/\/www.i-rentacar.com\/wp-content\/uploads\/2024\/12\/Lima-200x100.jpg 200w, https:\/\/www.i-rentacar.com\/wp-content\/uploads\/2024\/12\/Lima-400x200.jpg 400w, https:\/\/www.i-rentacar.com\/wp-content\/uploads\/2024\/12\/Lima.jpg 600w\" data-sizes=\"auto\" data-orig-sizes=\"(max-width: 640px) 100vw, 600px\" \/><\/span><\/div><div class=\"fusion-text fusion-text-3\"><h3 style=\"text-align: center;\"><strong>Vantaggi di i-rentacar<\/strong><\/h3>\n<p><strong>i-rentacar<\/strong> offre non solo veicoli di qualit\u00e0, ma anche servizi aggiuntivi che rendono il vostro soggiorno pi\u00f9 facile:<\/p>\n<ul>\n<li><strong>Ritiro e restituzione al porto<\/strong>: Ideale per i viaggiatori che arrivano o partono dal porto.<\/li>\n<li><strong>GPS<\/strong>: Per spostamenti facili in citt\u00e0 e verso destinazioni lontane.<\/li>\n<li><strong>Seggiolini per bambini<\/strong>: Per la sicurezza dei pi\u00f9 piccoli passeggeri.<\/li>\n<li><strong>Assistenza clienti 24\/7<\/strong>: Per qualsiasi necessit\u00e0 o domanda durante il noleggio.<\/li>\n<li><strong>Assistenza stradale<\/strong>: Per viaggiare in tranquillit\u00e0 e sicurezza.<\/li>\n<\/ul>\n<h3 style=\"text-align: center;\"><strong>Esplora Salonicco e oltre<\/strong><\/h3>\n<p>Con un&#8217;auto di <strong>i-rentacar<\/strong>, puoi scoprire la magia di Salonicco e delle aree circostanti al tuo ritmo:<\/p>\n<ul>\n<li><strong>Il centro di Salonicco<\/strong>: Con i suoi monumenti storici, i musei e le pittoresche stradine della citt\u00e0 alta.<\/li>\n<li><strong>Le spiagge della Calcidica<\/strong>: A solo un&#8217;ora dalla citt\u00e0, perfette per gite giornaliere.<\/li>\n<li><strong>Lago di Kerkini<\/strong>: Per gli amanti della natura e della fauna selvatica.<\/li>\n<li><strong>Siti archeologici<\/strong>: Come Pella, Vergina e Dion.<\/li>\n<\/ul>\n<p>Il noleggio auto ti offre la flessibilit\u00e0 di pianificare il tuo programma e vedere tutto ci\u00f2 che la regione ha da offrire, senza dipendere dagli orari dei mezzi pubblici.<\/p>\n<h3 style=\"text-align: center;\"><strong>Perch\u00e9 scegliere i-rentacar<\/strong><\/h3>\n<ul>\n<li><strong>Posizione centrale<\/strong>: A pochi passi dal Porto di Salonicco.<\/li>\n<li><strong>Tariffe competitive<\/strong>: Soluzioni accessibili per ogni budget.<\/li>\n<li><strong>Ampia scelta di veicoli<\/strong>: Per trovare l&#8217;auto che soddisfa le tue esigenze.<\/li>\n<li><strong>Servizio di alto livello<\/strong>: Il nostro team \u00e8 sempre pronto ad aiutarti.<\/li>\n<li><strong>Garanzia di qualit\u00e0 e sicurezza<\/strong>: Tutti i veicoli sono regolarmente controllati per garantire la tua sicurezza e comfort.<\/li>\n<\/ul>\n<\/div><div class=\"fusion-image-element \" style=\"text-align:center;--awb-caption-title-font-family:var(--h2_typography-font-family);--awb-caption-title-font-weight:var(--h2_typography-font-weight);--awb-caption-title-font-style:var(--h2_typography-font-style);--awb-caption-title-size:var(--h2_typography-font-size);--awb-caption-title-transform:var(--h2_typography-text-transform);--awb-caption-title-line-height:var(--h2_typography-line-height);--awb-caption-title-letter-spacing:var(--h2_typography-letter-spacing);\"><span class=\" fusion-imageframe imageframe-none imageframe-3 hover-type-none\"><img decoding=\"async\" width=\"600\" height=\"300\" alt=\"\u0395\u03bd\u03bf\u03b9\u03ba\u03af\u03b1\u03c3\u03b7 \u03b1\u03c5\u03c4\u03bf\u03ba\u03b9\u03bd\u03ae\u03c4\u03bf\u03c5 \u03bb\u03b9\u03bc\u03ac\u03bd\u03b9 \u0398\u03b5\u03c3\u03c3\u03b1\u03bb\u03bf\u03bd\u03af\u03ba\u03b7\u03c2\" title=\"limani\" src=\"https:\/\/www.i-rentacar.com\/wp-content\/uploads\/2024\/12\/limani.jpg\" data-orig-src=\"https:\/\/www.i-rentacar.com\/wp-content\/uploads\/2024\/12\/limani.jpg\" class=\"lazyload img-responsive wp-image-8891\" srcset=\"data:image\/svg+xml,%3Csvg%20xmlns%3D%27http%3A%2F%2Fwww.w3.org%2F2000%2Fsvg%27%20width%3D%27600%27%20height%3D%27300%27%20viewBox%3D%270%200%20600%20300%27%3E%3Crect%20width%3D%27600%27%20height%3D%27300%27%20fill-opacity%3D%220%22%2F%3E%3C%2Fsvg%3E\" data-srcset=\"https:\/\/www.i-rentacar.com\/wp-content\/uploads\/2024\/12\/limani-200x100.jpg 200w, https:\/\/www.i-rentacar.com\/wp-content\/uploads\/2024\/12\/limani-400x200.jpg 400w, https:\/\/www.i-rentacar.com\/wp-content\/uploads\/2024\/12\/limani.jpg 600w\" data-sizes=\"auto\" data-orig-sizes=\"(max-width: 640px) 100vw, 600px\" \/><\/span><\/div><div class=\"fusion-text fusion-text-4\"><h3 style=\"text-align: center;\"><strong>Prenota Ora la Tua Auto<\/strong><\/h3>\n<p>Non lasciare al caso il tuo comfort e la tua flessibilit\u00e0! Prenota la tua auto con <strong>i-rentacar<\/strong> e goditi Salonicco e le destinazioni circostanti nel miglior modo possibile.<\/p>\n<p>Con <strong>i-rentacar<\/strong>, il tuo viaggio inizia non appena arrivi al Porto di Salonicco. Goditi l&#8217;esperienza di guida ed esplora la Macedonia con comfort, sicurezza e stile!<\/p>\n<\/div><div class=\"fusion-text fusion-text-5\" style=\"--awb-width:1250px;\"><p><iframe style=\"border: 0;\" src=\"https:\/\/www.google.com\/maps\/embed?pb=!1m18!1m12!1m3!1d12111.098246893189!2d22.912744461282944!3d40.63485339248159!2m3!1f0!2f0!3f0!3m2!1i1024!2i768!4f13.1!3m3!1m2!1s0x14a8390b30348339%3A0xcc9bc9976b0cada1!2zzpvOuc68zqzOvc65IM6YzrXPg8-DzrHOu86_zr3Or866zrfPgg!5e0!3m2!1sel!2sgr!4v1735478355104!5m2!1sel!2sgr\" width=\"1250\" height=\"450\" allowfullscreen=\"allowfullscreen\" data-mce-fragment=\"1\"><span data-mce-type=\"bookmark\" style=\"display: inline-block; width: 0px; overflow: hidden; line-height: 0;\" class=\"mce_SELRES_start\">\ufeff<\/span><span data-mce-type=\"bookmark\" style=\"display: inline-block; width: 0px; overflow: hidden; line-height: 0;\" class=\"mce_SELRES_start\">\ufeff<\/span><span data-mce-type=\"bookmark\" style=\"display: inline-block; width: 0px; overflow: hidden; line-height: 0;\" class=\"mce_SELRES_start\">\ufeff<\/span><span data-mce-type=\"bookmark\" style=\"display: inline-block; width: 0px; overflow: hidden; line-height: 0;\" class=\"mce_SELRES_start\">\ufeff<\/span><\/iframe><\/p>\n<\/div><\/div><\/div><\/div><\/div>\n","protected":false},"excerpt":{"rendered":"","protected":false},"author":1,"featured_media":0,"parent":0,"menu_order":0,"comment_status":"closed","ping_status":"closed","template":"100-width.php","meta":{"footnotes":""},"class_list":["post-9026","page","type-page","status-publish","hentry"],"yoast_head":"<!-- This site is optimized with the Yoast SEO plugin v27.0 - https:\/\/yoast.com\/product\/yoast-seo-wordpress\/ -->\n<title>Noleggio auto al porto di Salonicco | i-rentacar.com<\/title>\n<meta name=\"robots\" content=\"index, follow, max-snippet:-1, max-image-preview:large, max-video-preview:-1\" \/>\n<link rel=\"canonical\" href=\"https:\/\/www.i-rentacar.com\/it\/noleggio-auto-al-porto-di-salonicco\/\" \/>\n<meta property=\"og:locale\" content=\"it_IT\" \/>\n<meta property=\"og:type\" content=\"article\" \/>\n<meta property=\"og:title\" content=\"Noleggio auto al porto di Salonicco | i-rentacar.com\" \/>\n<meta property=\"og:url\" content=\"https:\/\/www.i-rentacar.com\/it\/noleggio-auto-al-porto-di-salonicco\/\" \/>\n<meta property=\"og:site_name\" content=\"i-rentacar.com\" \/>\n<meta property=\"article:modified_time\" content=\"2024-12-29T17:12:54+00:00\" \/>\n<meta name=\"twitter:card\" content=\"summary_large_image\" \/>\n<meta name=\"twitter:label1\" content=\"Tempo di lettura stimato\" \/>\n\t<meta name=\"twitter:data1\" content=\"14 minuti\" \/>\n<script type=\"application\/ld+json\" class=\"yoast-schema-graph\">{\"@context\":\"https:\/\/schema.org\",\"@graph\":[{\"@type\":\"WebPage\",\"@id\":\"https:\/\/www.i-rentacar.com\/it\/noleggio-auto-al-porto-di-salonicco\/\",\"url\":\"https:\/\/www.i-rentacar.com\/it\/noleggio-auto-al-porto-di-salonicco\/\",\"name\":\"Noleggio auto al porto di Salonicco | i-rentacar.com\",\"isPartOf\":{\"@id\":\"https:\/\/www.i-rentacar.com\/it\/#website\"},\"datePublished\":\"2024-12-29T11:58:27+00:00\",\"dateModified\":\"2024-12-29T17:12:54+00:00\",\"breadcrumb\":{\"@id\":\"https:\/\/www.i-rentacar.com\/it\/noleggio-auto-al-porto-di-salonicco\/#breadcrumb\"},\"inLanguage\":\"it-IT\",\"potentialAction\":[{\"@type\":\"ReadAction\",\"target\":[\"https:\/\/www.i-rentacar.com\/it\/noleggio-auto-al-porto-di-salonicco\/\"]}]},{\"@type\":\"BreadcrumbList\",\"@id\":\"https:\/\/www.i-rentacar.com\/it\/noleggio-auto-al-porto-di-salonicco\/#breadcrumb\",\"itemListElement\":[{\"@type\":\"ListItem\",\"position\":1,\"name\":\"Home\",\"item\":\"https:\/\/www.i-rentacar.com\/it\/\"},{\"@type\":\"ListItem\",\"position\":2,\"name\":\"Noleggio auto al porto di Salonicco\"}]},{\"@type\":\"WebSite\",\"@id\":\"https:\/\/www.i-rentacar.com\/it\/#website\",\"url\":\"https:\/\/www.i-rentacar.com\/it\/\",\"name\":\"i-rentacar.com\",\"description\":\"\u0395\u03bd\u03bf\u03b9\u03ba\u03b9\u03ac\u03c3\u03b5\u03b9\u03c2 \u0391\u03c5\u03c4\u03bf\u03ba\u03b9\u03bd\u03ae\u03c4\u03c9\u03bd \u0398\u03b5\u03c3\u03c3\u03b1\u03bb\u03bf\u03bd\u03af\u03ba\u03b7 minivan suv \u03b1\u03b5\u03c1\u03bf\u03b4\u03c1\u03cc\u03bc\u03b9\u03bf \u0398\u03b5\u03c3\u03c3\u03b1\u03bb\u03bf\u03bd\u03af\u03ba\u03b7, \u03b5\u03bd\u03bf\u03b9\u03ba\u03b9\u03ac\u03c3\u03b5\u03b9\u03c2 van \u0398\u03b5\u03c3\u03c3\u03b1\u03bb\u03bf\u03bd\u03af\u03ba\u03b7 \u03a7\u03b1\u03bb\u03ba\u03b9\u03b4\u03b9\u03ba\u03ae, rent a car Thessaloniki airport skg\",\"publisher\":{\"@id\":\"https:\/\/www.i-rentacar.com\/it\/#organization\"},\"potentialAction\":[{\"@type\":\"SearchAction\",\"target\":{\"@type\":\"EntryPoint\",\"urlTemplate\":\"https:\/\/www.i-rentacar.com\/it\/?s={search_term_string}\"},\"query-input\":{\"@type\":\"PropertyValueSpecification\",\"valueRequired\":true,\"valueName\":\"search_term_string\"}}],\"inLanguage\":\"it-IT\"},{\"@type\":\"Organization\",\"@id\":\"https:\/\/www.i-rentacar.com\/it\/#organization\",\"name\":\"i-rentacar.com\",\"url\":\"https:\/\/www.i-rentacar.com\/it\/\",\"logo\":{\"@type\":\"ImageObject\",\"inLanguage\":\"it-IT\",\"@id\":\"https:\/\/www.i-rentacar.com\/it\/#\/schema\/logo\/image\/\",\"url\":\"https:\/\/www.i-rentacar.com\/wp-content\/uploads\/2021\/08\/logo-i-rentacar-com-3.png\",\"contentUrl\":\"https:\/\/www.i-rentacar.com\/wp-content\/uploads\/2021\/08\/logo-i-rentacar-com-3.png\",\"width\":383,\"height\":150,\"caption\":\"i-rentacar.com\"},\"image\":{\"@id\":\"https:\/\/www.i-rentacar.com\/it\/#\/schema\/logo\/image\/\"}}]}<\/script>\n<!-- \/ Yoast SEO plugin. -->","yoast_head_json":{"title":"Noleggio auto al porto di Salonicco | i-rentacar.com","robots":{"index":"index","follow":"follow","max-snippet":"max-snippet:-1","max-image-preview":"max-image-preview:large","max-video-preview":"max-video-preview:-1"},"canonical":"https:\/\/www.i-rentacar.com\/it\/noleggio-auto-al-porto-di-salonicco\/","og_locale":"it_IT","og_type":"article","og_title":"Noleggio auto al porto di Salonicco | i-rentacar.com","og_url":"https:\/\/www.i-rentacar.com\/it\/noleggio-auto-al-porto-di-salonicco\/","og_site_name":"i-rentacar.com","article_modified_time":"2024-12-29T17:12:54+00:00","twitter_card":"summary_large_image","twitter_misc":{"Tempo di lettura stimato":"14 minuti"},"schema":{"@context":"https:\/\/schema.org","@graph":[{"@type":"WebPage","@id":"https:\/\/www.i-rentacar.com\/it\/noleggio-auto-al-porto-di-salonicco\/","url":"https:\/\/www.i-rentacar.com\/it\/noleggio-auto-al-porto-di-salonicco\/","name":"Noleggio auto al porto di Salonicco | i-rentacar.com","isPartOf":{"@id":"https:\/\/www.i-rentacar.com\/it\/#website"},"datePublished":"2024-12-29T11:58:27+00:00","dateModified":"2024-12-29T17:12:54+00:00","breadcrumb":{"@id":"https:\/\/www.i-rentacar.com\/it\/noleggio-auto-al-porto-di-salonicco\/#breadcrumb"},"inLanguage":"it-IT","potentialAction":[{"@type":"ReadAction","target":["https:\/\/www.i-rentacar.com\/it\/noleggio-auto-al-porto-di-salonicco\/"]}]},{"@type":"BreadcrumbList","@id":"https:\/\/www.i-rentacar.com\/it\/noleggio-auto-al-porto-di-salonicco\/#breadcrumb","itemListElement":[{"@type":"ListItem","position":1,"name":"Home","item":"https:\/\/www.i-rentacar.com\/it\/"},{"@type":"ListItem","position":2,"name":"Noleggio auto al porto di Salonicco"}]},{"@type":"WebSite","@id":"https:\/\/www.i-rentacar.com\/it\/#website","url":"https:\/\/www.i-rentacar.com\/it\/","name":"i-rentacar.com","description":"\u0395\u03bd\u03bf\u03b9\u03ba\u03b9\u03ac\u03c3\u03b5\u03b9\u03c2 \u0391\u03c5\u03c4\u03bf\u03ba\u03b9\u03bd\u03ae\u03c4\u03c9\u03bd \u0398\u03b5\u03c3\u03c3\u03b1\u03bb\u03bf\u03bd\u03af\u03ba\u03b7 minivan suv \u03b1\u03b5\u03c1\u03bf\u03b4\u03c1\u03cc\u03bc\u03b9\u03bf \u0398\u03b5\u03c3\u03c3\u03b1\u03bb\u03bf\u03bd\u03af\u03ba\u03b7, \u03b5\u03bd\u03bf\u03b9\u03ba\u03b9\u03ac\u03c3\u03b5\u03b9\u03c2 van \u0398\u03b5\u03c3\u03c3\u03b1\u03bb\u03bf\u03bd\u03af\u03ba\u03b7 \u03a7\u03b1\u03bb\u03ba\u03b9\u03b4\u03b9\u03ba\u03ae, rent a car Thessaloniki airport skg","publisher":{"@id":"https:\/\/www.i-rentacar.com\/it\/#organization"},"potentialAction":[{"@type":"SearchAction","target":{"@type":"EntryPoint","urlTemplate":"https:\/\/www.i-rentacar.com\/it\/?s={search_term_string}"},"query-input":{"@type":"PropertyValueSpecification","valueRequired":true,"valueName":"search_term_string"}}],"inLanguage":"it-IT"},{"@type":"Organization","@id":"https:\/\/www.i-rentacar.com\/it\/#organization","name":"i-rentacar.com","url":"https:\/\/www.i-rentacar.com\/it\/","logo":{"@type":"ImageObject","inLanguage":"it-IT","@id":"https:\/\/www.i-rentacar.com\/it\/#\/schema\/logo\/image\/","url":"https:\/\/www.i-rentacar.com\/wp-content\/uploads\/2021\/08\/logo-i-rentacar-com-3.png","contentUrl":"https:\/\/www.i-rentacar.com\/wp-content\/uploads\/2021\/08\/logo-i-rentacar-com-3.png","width":383,"height":150,"caption":"i-rentacar.com"},"image":{"@id":"https:\/\/www.i-rentacar.com\/it\/#\/schema\/logo\/image\/"}}]}},"_links":{"self":[{"href":"https:\/\/www.i-rentacar.com\/it\/wp-json\/wp\/v2\/pages\/9026","targetHints":{"allow":["GET"]}}],"collection":[{"href":"https:\/\/www.i-rentacar.com\/it\/wp-json\/wp\/v2\/pages"}],"about":[{"href":"https:\/\/www.i-rentacar.com\/it\/wp-json\/wp\/v2\/types\/page"}],"author":[{"embeddable":true,"href":"https:\/\/www.i-rentacar.com\/it\/wp-json\/wp\/v2\/users\/1"}],"replies":[{"embeddable":true,"href":"https:\/\/www.i-rentacar.com\/it\/wp-json\/wp\/v2\/comments?post=9026"}],"version-history":[{"count":2,"href":"https:\/\/www.i-rentacar.com\/it\/wp-json\/wp\/v2\/pages\/9026\/revisions"}],"predecessor-version":[{"id":9028,"href":"https:\/\/www.i-rentacar.com\/it\/wp-json\/wp\/v2\/pages\/9026\/revisions\/9028"}],"wp:attachment":[{"href":"https:\/\/www.i-rentacar.com\/it\/wp-json\/wp\/v2\/media?parent=9026"}],"curies":[{"name":"wp","href":"https:\/\/api.w.org\/{rel}","templated":true}]}}