{"id":9017,"date":"2024-12-28T19:01:16","date_gmt":"2024-12-28T17:01:16","guid":{"rendered":"https:\/\/www.i-rentacar.com\/?page_id=9017"},"modified":"2024-12-29T19:06:38","modified_gmt":"2024-12-29T17:06:38","slug":"autonoleggio-ktel-macedonia","status":"publish","type":"page","link":"https:\/\/www.i-rentacar.com\/it\/autonoleggio-ktel-macedonia\/","title":{"rendered":"Autonoleggio KTEL Macedonia"},"content":{"rendered":"<div class=\"fusion-fullwidth fullwidth-box fusion-builder-row-1 fusion-flex-container has-pattern-background has-mask-background nonhundred-percent-fullwidth non-hundred-percent-height-scrolling\" style=\"--awb-border-radius-top-left:0px;--awb-border-radius-top-right:0px;--awb-border-radius-bottom-right:0px;--awb-border-radius-bottom-left:0px;--awb-flex-wrap:wrap;\" ><div class=\"fusion-builder-row fusion-row fusion-flex-align-items-flex-start fusion-flex-content-wrap\" style=\"max-width:1300px;margin-left: calc(-4% \/ 2 );margin-right: calc(-4% \/ 2 );\"><div class=\"fusion-layout-column fusion_builder_column fusion-builder-column-0 fusion_builder_column_1_1 1_1 fusion-flex-column\" style=\"--awb-bg-size:cover;--awb-width-large:100%;--awb-margin-top-large:0px;--awb-spacing-right-large:1.92%;--awb-margin-bottom-large:20px;--awb-spacing-left-large:1.92%;--awb-width-medium:100%;--awb-order-medium:0;--awb-spacing-right-medium:1.92%;--awb-spacing-left-medium:1.92%;--awb-width-small:100%;--awb-order-small:0;--awb-spacing-right-small:1.92%;--awb-spacing-left-small:1.92%;\"><div class=\"fusion-column-wrapper fusion-column-has-shadow fusion-flex-justify-content-flex-start fusion-content-layout-column\"><div class=\"fusion-text fusion-text-1\"><h2 style=\"text-align: center;\">Noleggio Auto vicino alla Stazione KTEL Macedonia da <strong>i-rentacar<\/strong><\/h2>\n<p><strong>i-rentacar<\/strong> offre soluzioni complete di noleggio auto vicino alla <strong>Stazione KTEL Macedonia<\/strong>, garantendo un accesso comodo e veloce per tutti coloro che viaggiano verso o da Salonicco. La nostra posizione, a breve distanza dalla stazione, ci rende la scelta ideale per i viaggiatori che necessitano di un veicolo affidabile per i loro spostamenti, sia per motivi professionali che per escursioni personali.<\/p>\n<h3 style=\"text-align: center;\">Accesso Facile per Tutti<\/h3>\n<p>La <strong>Stazione KTEL Macedonia<\/strong>, essendo il principale terminal degli autobus interurbani di Salonicco, \u00e8 un punto di riferimento per i viaggiatori provenienti da tutta la Grecia. Con <strong>i-rentacar<\/strong>, puoi ritirare o restituire il tuo veicolo con facilit\u00e0, senza dover allontanarti dalla stazione. Che tu sia appena arrivato a Salonicco in autobus o stia pianificando la tua partenza, il nostro team \u00e8 pronto ad assisterti immediatamente.<\/p>\n<\/div><div class=\"fusion-image-element \" style=\"text-align:center;--awb-caption-title-font-family:var(--h2_typography-font-family);--awb-caption-title-font-weight:var(--h2_typography-font-weight);--awb-caption-title-font-style:var(--h2_typography-font-style);--awb-caption-title-size:var(--h2_typography-font-size);--awb-caption-title-transform:var(--h2_typography-text-transform);--awb-caption-title-line-height:var(--h2_typography-line-height);--awb-caption-title-letter-spacing:var(--h2_typography-letter-spacing);\"><span class=\" fusion-imageframe imageframe-none imageframe-1 hover-type-none\"><img decoding=\"async\" width=\"600\" height=\"300\" alt=\"\u0395\u03bd\u03bf\u03b9\u03ba\u03af\u03b1\u03c3\u03b7 \u03b1\u03c5\u03c4\u03bf\u03ba\u03b9\u03bd\u03ae\u03c4\u03bf\u03c5 \u039a\u03a4\u0395\u039b \u039c\u03b1\u03ba\u03b5\u03b4\u03bf\u03bd\u03af\u03b1\" title=\"ktel;\" src=\"https:\/\/www.i-rentacar.com\/wp-content\/uploads\/2024\/12\/ktel.jpg\" data-orig-src=\"https:\/\/www.i-rentacar.com\/wp-content\/uploads\/2024\/12\/ktel.jpg\" class=\"lazyload img-responsive wp-image-8822\" srcset=\"data:image\/svg+xml,%3Csvg%20xmlns%3D%27http%3A%2F%2Fwww.w3.org%2F2000%2Fsvg%27%20width%3D%27600%27%20height%3D%27300%27%20viewBox%3D%270%200%20600%20300%27%3E%3Crect%20width%3D%27600%27%20height%3D%27300%27%20fill-opacity%3D%220%22%2F%3E%3C%2Fsvg%3E\" data-srcset=\"https:\/\/www.i-rentacar.com\/wp-content\/uploads\/2024\/12\/ktel-200x100.jpg 200w, https:\/\/www.i-rentacar.com\/wp-content\/uploads\/2024\/12\/ktel-400x200.jpg 400w, https:\/\/www.i-rentacar.com\/wp-content\/uploads\/2024\/12\/ktel.jpg 600w\" data-sizes=\"auto\" data-orig-sizes=\"(max-width: 640px) 100vw, 600px\" \/><\/span><\/div><div class=\"fusion-text fusion-text-2\"><h3 style=\"text-align: center;\">Scelte Ideali di Veicoli per Ogni Esigenza<\/h3>\n<p>In <strong>i-rentacar<\/strong>, comprendiamo che ogni cliente ha esigenze diverse. Per questo motivo, offriamo una vasta gamma di veicoli che soddisfano ogni preferenza:<\/p>\n<ul>\n<li><strong>Auto piccole e maneggevoli<\/strong>: Ideali per una facile guida e per parcheggiare in citt\u00e0.<\/li>\n<li><strong>Auto familiari<\/strong>: Spaziose e comode, per famiglie o gruppi numerosi.<\/li>\n<li><strong>SUV e minivan<\/strong>: Per chi ha bisogno di pi\u00f9 spazio o intende viaggiare fuori citt\u00e0.<\/li>\n<li><strong>Modelli economici<\/strong>: Ottima scelta per chi cerca un basso costo senza compromettere la qualit\u00e0.<\/li>\n<\/ul>\n<p>Tutte le nostre auto sono completamente equipaggiate con comfort moderni e sottoposte a rigorosi controlli di manutenzione per garantire la loro sicurezza e affidabilit\u00e0.<\/p>\n<h3 style=\"text-align: center;\">Pacchetti di Noleggio Flessibili<\/h3>\n<p>Offriamo opzioni di noleggio flessibili per soddisfare le vostre esigenze, sia che abbiate bisogno di un&#8217;auto per poche ore o per diversi giorni. Alcune delle nostre opzioni pi\u00f9 popolari includono:<\/p>\n<ul>\n<li><strong>Noleggio giornaliero<\/strong>: Ideale per spostamenti brevi o esigenze quotidiane.<\/li>\n<li><strong>Noleggio a lungo termine<\/strong>: Soluzioni economiche per vacanze prolungate o viaggi di lavoro.<\/li>\n<li><strong>Pacchetti speciali per turisti<\/strong>: Esplora Salonicco e i dintorni con comfort e facilit\u00e0.<\/li>\n<\/ul>\n<\/div><div class=\"fusion-image-element \" style=\"text-align:center;--awb-caption-title-font-family:var(--h2_typography-font-family);--awb-caption-title-font-weight:var(--h2_typography-font-weight);--awb-caption-title-font-style:var(--h2_typography-font-style);--awb-caption-title-size:var(--h2_typography-font-size);--awb-caption-title-transform:var(--h2_typography-text-transform);--awb-caption-title-line-height:var(--h2_typography-line-height);--awb-caption-title-letter-spacing:var(--h2_typography-letter-spacing);\"><span class=\" fusion-imageframe imageframe-none imageframe-2 hover-type-none\"><img decoding=\"async\" width=\"600\" height=\"300\" alt=\"\u0395\u03bd\u03bf\u03b9\u03ba\u03af\u03b1\u03c3\u03b7 \u03b1\u03c5\u03c4\u03bf\u03ba\u03b9\u03bd\u03ae\u03c4\u03bf\u03c5 \u039a\u03a4\u0395\u039b \u039c\u03b1\u03ba\u03b5\u03b4\u03bf\u03bd\u03af\u03b1 \" title=\"ktel-mak\" src=\"https:\/\/www.i-rentacar.com\/wp-content\/uploads\/2024\/12\/ktel-mak.jpg\" data-orig-src=\"https:\/\/www.i-rentacar.com\/wp-content\/uploads\/2024\/12\/ktel-mak.jpg\" class=\"lazyload img-responsive wp-image-8827\" srcset=\"data:image\/svg+xml,%3Csvg%20xmlns%3D%27http%3A%2F%2Fwww.w3.org%2F2000%2Fsvg%27%20width%3D%27600%27%20height%3D%27300%27%20viewBox%3D%270%200%20600%20300%27%3E%3Crect%20width%3D%27600%27%20height%3D%27300%27%20fill-opacity%3D%220%22%2F%3E%3C%2Fsvg%3E\" data-srcset=\"https:\/\/www.i-rentacar.com\/wp-content\/uploads\/2024\/12\/ktel-mak-200x100.jpg 200w, https:\/\/www.i-rentacar.com\/wp-content\/uploads\/2024\/12\/ktel-mak-400x200.jpg 400w, https:\/\/www.i-rentacar.com\/wp-content\/uploads\/2024\/12\/ktel-mak.jpg 600w\" data-sizes=\"auto\" data-orig-sizes=\"(max-width: 640px) 100vw, 600px\" \/><\/span><\/div><div class=\"fusion-text fusion-text-3\"><h3 style=\"text-align: center;\">Vollst\u00e4ndige Unterst\u00fctzung f\u00fcr ein angenehmes Erlebnis<\/h3>\n<p>Kundendienst hat bei <strong>i-rentacar<\/strong> h\u00f6chste Priorit\u00e4t. Wir bieten eine Reihe zus\u00e4tzlicher Dienstleistungen, die Ihr Mieterlebnis noch einfacher machen:<\/p>\n<ul>\n<li><strong>Kindersitze<\/strong>: F\u00fcr sichere Fahrten mit Ihren Kleinen.<\/li>\n<li><strong>GPS<\/strong>: Damit Sie Ihr Ziel stressfrei erreichen.<\/li>\n<li><strong>24\/7 Support<\/strong>: Unser Team steht Ihnen jederzeit zur Verf\u00fcgung, um Ihnen zu helfen.<\/li>\n<\/ul>\n<p>Zus\u00e4tzlich k\u00f6nnen wir Ihr Fahrzeug direkt zum KTEL Macedonia liefern, um Ihnen Zeit und M\u00fche zu sparen.<\/p>\n<h3 style=\"text-align: center;\">Erkunden Sie Thessaloniki und mehr<\/h3>\n<p>Mit einem Auto von <strong>i-rentacar<\/strong> k\u00f6nnen Sie alles entdecken, was Thessaloniki und die umliegenden Gebiete zu bieten haben. Entdecken Sie das kulturelle Erbe der Stadt, die charmanten engen Gassen der Ano Poli, die Museen und die lokalen M\u00e4rkte.<\/p>\n<p>Wenn Sie einen Tagesausflug planen, sind nahegelegene Ziele wie Chalkidiki, Pilion oder der Olymp nur wenige Stunden entfernt. Mit einem sicheren und komfortablen Fahrzeug k\u00f6nnen Sie mit Leichtigkeit und Vertrauen reisen.<\/p>\n<\/div><div class=\"fusion-image-element \" style=\"text-align:center;--awb-caption-title-font-family:var(--h2_typography-font-family);--awb-caption-title-font-weight:var(--h2_typography-font-weight);--awb-caption-title-font-style:var(--h2_typography-font-style);--awb-caption-title-size:var(--h2_typography-font-size);--awb-caption-title-transform:var(--h2_typography-text-transform);--awb-caption-title-line-height:var(--h2_typography-line-height);--awb-caption-title-letter-spacing:var(--h2_typography-letter-spacing);\"><span class=\" fusion-imageframe imageframe-none imageframe-3 hover-type-none\"><img decoding=\"async\" width=\"600\" height=\"300\" alt=\"\u0395\u03bd\u03bf\u03b9\u03ba\u03af\u03b1\u03c3\u03b7 \u03b1\u03c5\u03c4\u03bf\u03ba\u03b9\u03bd\u03ae\u03c4\u03bf\u03c5 \u039a\u03a4\u0395\u039b \u039c\u03b1\u03ba\u03b5\u03b4\u03bf\u03bd\u03af\u03b1\" title=\"\u03ba\u03c4\u03b5\u03bb-\u03bc\u03b1\u03b5\" src=\"https:\/\/www.i-rentacar.com\/wp-content\/uploads\/2024\/12\/\u03ba\u03c4\u03b5\u03bb-\u03bc\u03b1\u03b5.jpg\" data-orig-src=\"https:\/\/www.i-rentacar.com\/wp-content\/uploads\/2024\/12\/\u03ba\u03c4\u03b5\u03bb-\u03bc\u03b1\u03b5.jpg\" class=\"lazyload img-responsive wp-image-8817\" srcset=\"data:image\/svg+xml,%3Csvg%20xmlns%3D%27http%3A%2F%2Fwww.w3.org%2F2000%2Fsvg%27%20width%3D%27600%27%20height%3D%27300%27%20viewBox%3D%270%200%20600%20300%27%3E%3Crect%20width%3D%27600%27%20height%3D%27300%27%20fill-opacity%3D%220%22%2F%3E%3C%2Fsvg%3E\" data-srcset=\"https:\/\/www.i-rentacar.com\/wp-content\/uploads\/2024\/12\/\u03ba\u03c4\u03b5\u03bb-\u03bc\u03b1\u03b5-200x100.jpg 200w, https:\/\/www.i-rentacar.com\/wp-content\/uploads\/2024\/12\/\u03ba\u03c4\u03b5\u03bb-\u03bc\u03b1\u03b5-400x200.jpg 400w, https:\/\/www.i-rentacar.com\/wp-content\/uploads\/2024\/12\/\u03ba\u03c4\u03b5\u03bb-\u03bc\u03b1\u03b5.jpg 600w\" data-sizes=\"auto\" data-orig-sizes=\"(max-width: 640px) 100vw, 600px\" \/><\/span><\/div><div class=\"fusion-text fusion-text-4\"><h3 style=\"text-align: center;\">Warum i-rentacar w\u00e4hlen?<\/h3>\n<ul>\n<li><strong>Zentrale Lage<\/strong>: In der N\u00e4he des KTEL Macedonia f\u00fcr einfachen Zugang.<\/li>\n<li><strong>Wettbewerbsf\u00e4hige Preise<\/strong>: Wir bieten qualitativ hochwertige Dienstleistungen zu erschwinglichen Preisen.<\/li>\n<li><strong>Zuverl\u00e4ssige Fahrzeuge<\/strong>: Alle unsere Autos sind hervorragend gewartet und mit modernen Annehmlichkeiten ausgestattet.<\/li>\n<li><strong>Exzellenter Kundenservice<\/strong>: Unser Team ist immer bereit, Ihnen freundlich und professionell zu helfen.<\/li>\n<\/ul>\n<h3 style=\"text-align: center;\">Buchen Sie Ihr Fahrzeug noch heute<\/h3>\n<p>Wenn Sie eine zuverl\u00e4ssige und einfache L\u00f6sung f\u00fcr Ihre Mobilit\u00e4t in Thessaloniki suchen, ist <strong>i-rentacar<\/strong> die ideale Wahl. Kontaktieren Sie uns oder besuchen Sie unsere Website f\u00fcr weitere Informationen und Buchungen.<\/p>\n<p>Mit i-rentacar wird Ihre Mobilit\u00e4t bequem, schnell und stressfrei! Vertrauen Sie uns f\u00fcr Ihre n\u00e4chste Anmietung und genie\u00dfen Sie die Freiheit, die Ihnen ein zuverl\u00e4ssiges Auto bietet.<\/p>\n<\/div><div class=\"fusion-text fusion-text-5\" style=\"--awb-width:1250px;\"><p><iframe style=\"border: 0;\" src=\"https:\/\/www.google.com\/maps\/embed?pb=!1m18!1m12!1m3!1d3026.8845525873703!2d22.897302184697015!3d40.65447519766541!2m3!1f0!2f0!3f0!3m2!1i1024!2i768!4f13.1!3m3!1m2!1s0x14a83a2646e50e5d%3A0xff16ef3a51fac3f9!2zzqPPhM6xzrjOvM-Mz4IgzqXPgM61z4HOsc-Dz4TOuc66z47OvSDOm861z4nPhs6_z4HOtc6vz4nOvSDOms6kzpXOmyDOmM61z4PPg86xzrvOv869zq_Ous63z4IgwqvOnM6xzrrOtc60zr_Ovc6vzrHCuw!5e0!3m2!1sel!2sgr!4v1735478067307!5m2!1sel!2sgr\" width=\"1250\" height=\"450\" allowfullscreen=\"allowfullscreen\" data-mce-fragment=\"1\"><span data-mce-type=\"bookmark\" style=\"display: inline-block; width: 0px; overflow: hidden; line-height: 0;\" class=\"mce_SELRES_start\">\ufeff<\/span><span data-mce-type=\"bookmark\" style=\"display: inline-block; width: 0px; overflow: hidden; line-height: 0;\" class=\"mce_SELRES_start\">\ufeff<\/span><span data-mce-type=\"bookmark\" style=\"display: inline-block; width: 0px; overflow: hidden; line-height: 0;\" class=\"mce_SELRES_start\">\ufeff<\/span><\/iframe><\/p>\n<\/div><\/div><\/div><\/div><\/div>\n","protected":false},"excerpt":{"rendered":"","protected":false},"author":1,"featured_media":0,"parent":0,"menu_order":0,"comment_status":"closed","ping_status":"closed","template":"100-width.php","meta":{"footnotes":""},"class_list":["post-9017","page","type-page","status-publish","hentry"],"yoast_head":"<!-- This site is optimized with the Yoast SEO plugin v27.0 - https:\/\/yoast.com\/product\/yoast-seo-wordpress\/ -->\n<title>Autonoleggio KTEL Macedonia | i-rentacar.com<\/title>\n<meta name=\"robots\" content=\"index, follow, max-snippet:-1, max-image-preview:large, max-video-preview:-1\" \/>\n<link rel=\"canonical\" href=\"https:\/\/www.i-rentacar.com\/it\/autonoleggio-ktel-macedonia\/\" \/>\n<meta property=\"og:locale\" content=\"it_IT\" \/>\n<meta property=\"og:type\" content=\"article\" \/>\n<meta property=\"og:title\" content=\"Autonoleggio KTEL Macedonia | i-rentacar.com\" \/>\n<meta property=\"og:url\" content=\"https:\/\/www.i-rentacar.com\/it\/autonoleggio-ktel-macedonia\/\" \/>\n<meta property=\"og:site_name\" content=\"i-rentacar.com\" \/>\n<meta property=\"article:modified_time\" content=\"2024-12-29T17:06:38+00:00\" \/>\n<meta name=\"twitter:card\" content=\"summary_large_image\" \/>\n<meta name=\"twitter:label1\" content=\"Tempo di lettura stimato\" \/>\n\t<meta name=\"twitter:data1\" content=\"15 minuti\" \/>\n<script type=\"application\/ld+json\" class=\"yoast-schema-graph\">{\"@context\":\"https:\/\/schema.org\",\"@graph\":[{\"@type\":\"WebPage\",\"@id\":\"https:\/\/www.i-rentacar.com\/it\/autonoleggio-ktel-macedonia\/\",\"url\":\"https:\/\/www.i-rentacar.com\/it\/autonoleggio-ktel-macedonia\/\",\"name\":\"Autonoleggio KTEL Macedonia | i-rentacar.com\",\"isPartOf\":{\"@id\":\"https:\/\/www.i-rentacar.com\/it\/#website\"},\"datePublished\":\"2024-12-28T17:01:16+00:00\",\"dateModified\":\"2024-12-29T17:06:38+00:00\",\"breadcrumb\":{\"@id\":\"https:\/\/www.i-rentacar.com\/it\/autonoleggio-ktel-macedonia\/#breadcrumb\"},\"inLanguage\":\"it-IT\",\"potentialAction\":[{\"@type\":\"ReadAction\",\"target\":[\"https:\/\/www.i-rentacar.com\/it\/autonoleggio-ktel-macedonia\/\"]}]},{\"@type\":\"BreadcrumbList\",\"@id\":\"https:\/\/www.i-rentacar.com\/it\/autonoleggio-ktel-macedonia\/#breadcrumb\",\"itemListElement\":[{\"@type\":\"ListItem\",\"position\":1,\"name\":\"Home\",\"item\":\"https:\/\/www.i-rentacar.com\/it\/\"},{\"@type\":\"ListItem\",\"position\":2,\"name\":\"Autonoleggio KTEL Macedonia\"}]},{\"@type\":\"WebSite\",\"@id\":\"https:\/\/www.i-rentacar.com\/it\/#website\",\"url\":\"https:\/\/www.i-rentacar.com\/it\/\",\"name\":\"i-rentacar.com\",\"description\":\"\u0395\u03bd\u03bf\u03b9\u03ba\u03b9\u03ac\u03c3\u03b5\u03b9\u03c2 \u0391\u03c5\u03c4\u03bf\u03ba\u03b9\u03bd\u03ae\u03c4\u03c9\u03bd \u0398\u03b5\u03c3\u03c3\u03b1\u03bb\u03bf\u03bd\u03af\u03ba\u03b7 minivan suv \u03b1\u03b5\u03c1\u03bf\u03b4\u03c1\u03cc\u03bc\u03b9\u03bf \u0398\u03b5\u03c3\u03c3\u03b1\u03bb\u03bf\u03bd\u03af\u03ba\u03b7, \u03b5\u03bd\u03bf\u03b9\u03ba\u03b9\u03ac\u03c3\u03b5\u03b9\u03c2 van \u0398\u03b5\u03c3\u03c3\u03b1\u03bb\u03bf\u03bd\u03af\u03ba\u03b7 \u03a7\u03b1\u03bb\u03ba\u03b9\u03b4\u03b9\u03ba\u03ae, rent a car Thessaloniki airport skg\",\"publisher\":{\"@id\":\"https:\/\/www.i-rentacar.com\/it\/#organization\"},\"potentialAction\":[{\"@type\":\"SearchAction\",\"target\":{\"@type\":\"EntryPoint\",\"urlTemplate\":\"https:\/\/www.i-rentacar.com\/it\/?s={search_term_string}\"},\"query-input\":{\"@type\":\"PropertyValueSpecification\",\"valueRequired\":true,\"valueName\":\"search_term_string\"}}],\"inLanguage\":\"it-IT\"},{\"@type\":\"Organization\",\"@id\":\"https:\/\/www.i-rentacar.com\/it\/#organization\",\"name\":\"i-rentacar.com\",\"url\":\"https:\/\/www.i-rentacar.com\/it\/\",\"logo\":{\"@type\":\"ImageObject\",\"inLanguage\":\"it-IT\",\"@id\":\"https:\/\/www.i-rentacar.com\/it\/#\/schema\/logo\/image\/\",\"url\":\"https:\/\/www.i-rentacar.com\/wp-content\/uploads\/2021\/08\/logo-i-rentacar-com-3.png\",\"contentUrl\":\"https:\/\/www.i-rentacar.com\/wp-content\/uploads\/2021\/08\/logo-i-rentacar-com-3.png\",\"width\":383,\"height\":150,\"caption\":\"i-rentacar.com\"},\"image\":{\"@id\":\"https:\/\/www.i-rentacar.com\/it\/#\/schema\/logo\/image\/\"}}]}<\/script>\n<!-- \/ Yoast SEO plugin. -->","yoast_head_json":{"title":"Autonoleggio KTEL Macedonia | i-rentacar.com","robots":{"index":"index","follow":"follow","max-snippet":"max-snippet:-1","max-image-preview":"max-image-preview:large","max-video-preview":"max-video-preview:-1"},"canonical":"https:\/\/www.i-rentacar.com\/it\/autonoleggio-ktel-macedonia\/","og_locale":"it_IT","og_type":"article","og_title":"Autonoleggio KTEL Macedonia | i-rentacar.com","og_url":"https:\/\/www.i-rentacar.com\/it\/autonoleggio-ktel-macedonia\/","og_site_name":"i-rentacar.com","article_modified_time":"2024-12-29T17:06:38+00:00","twitter_card":"summary_large_image","twitter_misc":{"Tempo di lettura stimato":"15 minuti"},"schema":{"@context":"https:\/\/schema.org","@graph":[{"@type":"WebPage","@id":"https:\/\/www.i-rentacar.com\/it\/autonoleggio-ktel-macedonia\/","url":"https:\/\/www.i-rentacar.com\/it\/autonoleggio-ktel-macedonia\/","name":"Autonoleggio KTEL Macedonia | i-rentacar.com","isPartOf":{"@id":"https:\/\/www.i-rentacar.com\/it\/#website"},"datePublished":"2024-12-28T17:01:16+00:00","dateModified":"2024-12-29T17:06:38+00:00","breadcrumb":{"@id":"https:\/\/www.i-rentacar.com\/it\/autonoleggio-ktel-macedonia\/#breadcrumb"},"inLanguage":"it-IT","potentialAction":[{"@type":"ReadAction","target":["https:\/\/www.i-rentacar.com\/it\/autonoleggio-ktel-macedonia\/"]}]},{"@type":"BreadcrumbList","@id":"https:\/\/www.i-rentacar.com\/it\/autonoleggio-ktel-macedonia\/#breadcrumb","itemListElement":[{"@type":"ListItem","position":1,"name":"Home","item":"https:\/\/www.i-rentacar.com\/it\/"},{"@type":"ListItem","position":2,"name":"Autonoleggio KTEL Macedonia"}]},{"@type":"WebSite","@id":"https:\/\/www.i-rentacar.com\/it\/#website","url":"https:\/\/www.i-rentacar.com\/it\/","name":"i-rentacar.com","description":"\u0395\u03bd\u03bf\u03b9\u03ba\u03b9\u03ac\u03c3\u03b5\u03b9\u03c2 \u0391\u03c5\u03c4\u03bf\u03ba\u03b9\u03bd\u03ae\u03c4\u03c9\u03bd \u0398\u03b5\u03c3\u03c3\u03b1\u03bb\u03bf\u03bd\u03af\u03ba\u03b7 minivan suv \u03b1\u03b5\u03c1\u03bf\u03b4\u03c1\u03cc\u03bc\u03b9\u03bf \u0398\u03b5\u03c3\u03c3\u03b1\u03bb\u03bf\u03bd\u03af\u03ba\u03b7, \u03b5\u03bd\u03bf\u03b9\u03ba\u03b9\u03ac\u03c3\u03b5\u03b9\u03c2 van \u0398\u03b5\u03c3\u03c3\u03b1\u03bb\u03bf\u03bd\u03af\u03ba\u03b7 \u03a7\u03b1\u03bb\u03ba\u03b9\u03b4\u03b9\u03ba\u03ae, rent a car Thessaloniki airport skg","publisher":{"@id":"https:\/\/www.i-rentacar.com\/it\/#organization"},"potentialAction":[{"@type":"SearchAction","target":{"@type":"EntryPoint","urlTemplate":"https:\/\/www.i-rentacar.com\/it\/?s={search_term_string}"},"query-input":{"@type":"PropertyValueSpecification","valueRequired":true,"valueName":"search_term_string"}}],"inLanguage":"it-IT"},{"@type":"Organization","@id":"https:\/\/www.i-rentacar.com\/it\/#organization","name":"i-rentacar.com","url":"https:\/\/www.i-rentacar.com\/it\/","logo":{"@type":"ImageObject","inLanguage":"it-IT","@id":"https:\/\/www.i-rentacar.com\/it\/#\/schema\/logo\/image\/","url":"https:\/\/www.i-rentacar.com\/wp-content\/uploads\/2021\/08\/logo-i-rentacar-com-3.png","contentUrl":"https:\/\/www.i-rentacar.com\/wp-content\/uploads\/2021\/08\/logo-i-rentacar-com-3.png","width":383,"height":150,"caption":"i-rentacar.com"},"image":{"@id":"https:\/\/www.i-rentacar.com\/it\/#\/schema\/logo\/image\/"}}]}},"_links":{"self":[{"href":"https:\/\/www.i-rentacar.com\/it\/wp-json\/wp\/v2\/pages\/9017","targetHints":{"allow":["GET"]}}],"collection":[{"href":"https:\/\/www.i-rentacar.com\/it\/wp-json\/wp\/v2\/pages"}],"about":[{"href":"https:\/\/www.i-rentacar.com\/it\/wp-json\/wp\/v2\/types\/page"}],"author":[{"embeddable":true,"href":"https:\/\/www.i-rentacar.com\/it\/wp-json\/wp\/v2\/users\/1"}],"replies":[{"embeddable":true,"href":"https:\/\/www.i-rentacar.com\/it\/wp-json\/wp\/v2\/comments?post=9017"}],"version-history":[{"count":2,"href":"https:\/\/www.i-rentacar.com\/it\/wp-json\/wp\/v2\/pages\/9017\/revisions"}],"predecessor-version":[{"id":9019,"href":"https:\/\/www.i-rentacar.com\/it\/wp-json\/wp\/v2\/pages\/9017\/revisions\/9019"}],"wp:attachment":[{"href":"https:\/\/www.i-rentacar.com\/it\/wp-json\/wp\/v2\/media?parent=9017"}],"curies":[{"name":"wp","href":"https:\/\/api.w.org\/{rel}","templated":true}]}}