{"id":6843,"date":"2022-01-19T22:23:02","date_gmt":"2022-01-19T20:23:02","guid":{"rendered":"https:\/\/www.i-rentacar.com\/termini-e-condizioni-di-noleggio\/"},"modified":"2024-08-01T18:34:07","modified_gmt":"2024-08-01T15:34:07","slug":"termini-e-condizioni-di-noleggio","status":"publish","type":"page","link":"https:\/\/www.i-rentacar.com\/it\/termini-e-condizioni-di-noleggio\/","title":{"rendered":"Termini e condizioni di noleggio"},"content":{"rendered":"<div class=\"fusion-fullwidth fullwidth-box fusion-builder-row-1 fusion-flex-container nonhundred-percent-fullwidth non-hundred-percent-height-scrolling\" style=\"--awb-border-radius-top-left:0px;--awb-border-radius-top-right:0px;--awb-border-radius-bottom-right:0px;--awb-border-radius-bottom-left:0px;--awb-flex-wrap:wrap;\" ><div class=\"fusion-builder-row fusion-row fusion-flex-align-items-flex-start fusion-flex-content-wrap\" style=\"max-width:1300px;margin-left: calc(-4% \/ 2 );margin-right: calc(-4% \/ 2 );\"><div class=\"fusion-layout-column fusion_builder_column fusion-builder-column-0 fusion_builder_column_1_1 1_1 fusion-flex-column\" style=\"--awb-bg-size:cover;--awb-width-large:100%;--awb-margin-top-large:0px;--awb-spacing-right-large:1.92%;--awb-margin-bottom-large:20px;--awb-spacing-left-large:1.92%;--awb-width-medium:100%;--awb-order-medium:0;--awb-spacing-right-medium:1.92%;--awb-spacing-left-medium:1.92%;--awb-width-small:100%;--awb-order-small:0;--awb-spacing-right-small:1.92%;--awb-spacing-left-small:1.92%;\"><div class=\"fusion-column-wrapper fusion-column-has-shadow fusion-flex-justify-content-flex-start fusion-content-layout-column\"><div class=\"fusion-text fusion-text-1\"><p>TERMINI GENERALI<\/p>\n<ol>\n<li>Puoi pagare il noleggio auto in contanti, credito, debito. Per la garanzia dell&#8217;auto \u00e8 richiesto il pagamento con carta di credito. \u20ac 300 Categoria Piccola, \u20ac 400 Categoria Media, \u20ac 600 Categoria Famiglia, \u20ac 1.200 SUV\/JEEP.. Il conducente deve avere almeno 23 anni e possedere la patente di guida da almeno 12 mesi.<\/li>\n<li>\n<div id=\"tw-container\" class=\"\" data-cp=\"1\" data-ddp=\"true\" data-drd=\"1700\" data-drt=\"10000\" data-is-rde=\"false\" data-is-ver=\"false\" data-nnttsvi=\"1\" data-sletp=\"false\" data-sm=\"1\" data-ssbp=\"false\" data-sugg-time=\"500\" data-sugg-url=\"https:\/\/clients1.google.com\/complete\/search\" data-tcp=\"geluk met jou verjaarsdag,gelukkige verjaarsdag,awoda pa,\u1218\u120d\u12ab\u121d \u120d\u12f0\u1275,\u0639\u064a\u062f \u0645\u064a\u0644\u0627\u062f \u0633\u0639\u064a\u062f,\u099c\u09a8\u09cd\u09ae\u09a6\u09bf\u09a8\u09f0 \u0993\u09b2\u0997 \u099c\u09a8\u09be\u09b2\u09cb\u0981,aski mara phuqhawi,do\u011fum g\u00fcn\u00fcn m\u00fcbar\u0259k,ad g\u00fcn\u00fcn m\u00fcbar\u0259k,\u0437 \u0434\u043d\u0451\u043c \u043d\u0430\u0440\u0430\u0434\u0436\u044d\u043d\u043d\u044f,\u0447\u0435\u0441\u0442\u0438\u0442 \u0440\u043e\u0436\u0434\u0435\u043d \u0434\u0435\u043d,\u091c\u0928\u094d\u092e \u0926\u093f\u0928 \u0915\u0947 \u0936\u0941\u092d \u0915\u093e\u092e\u0928\u093e,sanb\u03b5 sanb\u03b5,\u09b6\u09c1\u09ad \u099c\u09a8\u09cd\u09ae\u09a6\u09bf\u09a8,sretan ro\u0111endan,per molts anys,feli\u00e7 aniversari,malipayong adlawng natawhan,\u06cc\u0627\u062f\u06cc \u0644\u06d5\u062f\u0627\u06cc\u06a9 \u0628\u0648\u0648\u0646\u062a \u067e\u06cc\u0631\u06c6\u0632 \u0628\u06ce\u062a,felice anniversariu,v\u0161echno nejlep\u0161\u00ed k narozenin\u00e1m,pen-blwydd hapus,penblwydd hapus,tillykke med f\u00f8dselsdagen,alles gute zum geburtstag,\u0938\u093e\u0932\u0917\u093f\u0930\u0939\u094d \u092e\u092c\u093e\u0930\u0915,\u0787\u07aa\u078a\u07a7\u0788\u07ac\u0783\u07a8 \u0787\u07aa\u078a\u07a6\u0782\u07b0\u078b\u07aa\u0788\u07a6\u0780\u07ac\u0787\u07b0,dzigbe z\u00e3 nyuie na w\u00f2,\u03c7\u03b1\u03c1\u03bf\u03cd\u03bc\u03b5\u03bd\u03b1 \u03b3\u03b5\u03bd\u03ad\u03b8\u03bb\u03b9\u03b1,happy birthday,feli\u0109an naski\u011dtagon,feliz cumplea\u00f1os,palju \u00f5nne s\u00fcnnip\u00e4evaks,zorionak,\u062a\u0648\u0644\u062f\u062a \u0645\u0628\u0627\u0631\u06a9,hyv\u00e4\u00e4 syntym\u00e4p\u00e4iv\u00e4\u00e4,joyeux anniversaire,lokkige jierdei,l\u00e1 breithe sona,l\u00e1 breithe shona duit,co-l\u00e0-breith math,feliz aniversario,vy'apav\u1ebd,\u091c\u0932\u094d\u092e\u0926\u093f\u0938\u093e\u091a\u0940 \u092a\u0930\u092c\u0940,\u0a9c\u0aa8\u0acd\u0aae\u0aa6\u0abf\u0ab5\u0ab8\u0aa8\u0ac0 \u0ab6\u0ac1\u0aad\u0ac7\u0a9a\u0acd\u0a9b\u0abe,\u0a9c\u0aa8\u0acd\u0aae\u0aa6\u0abf\u0ab5\u0ab8 \u0aa8\u0ac0 \u0ab6\u0ac1\u0aad\u0a95\u0abe\u0aae\u0aa8\u0abe,barka da ranar haihuwa,hau\u02bboli l\u0101 h\u0101nau,\u091c\u0928\u094d\u092e\u0926\u093f\u0928 \u0915\u0940 \u0936\u0941\u092d\u0915\u093e\u092e\u0928\u093e\u090f\u0902,\u091c\u0928\u094d\u092e\u0926\u093f\u0928 \u0915\u0940 \u0936\u0941\u092d\u0915\u093e\u092e\u0928\u093e\u090f\u0901,sretan ro\u0111endan,b\u00f2n f\u00e8t,boldog sz\u00fclet\u00e9snapot,\u056e\u0576\u0578\u0582\u0576\u0564\u0564 \u0577\u0576\u0578\u0580\u0570\u0561\u057e\u0578\u0580,selamat ulang tahun,ezi ncheta \u1ee5b\u1ecdch\u1ecb \u1ecdm\u1ee5m\u1ee5,ezi ncheta \u1ecdm\u1ee5m\u1ee5,naragsak a panagkasangay,til hamingju me\u00f0 afm\u00e6li\u00f0,buon compleanno,\u05d9\u05d5\u05dd \u05d4\u05d5\u05dc\u05d3\u05ea \u05e9\u05de\u05d7,\u8a95\u751f\u65e5\u304a\u3081\u3067\u3068\u3046,\u304a\u8a95\u751f\u65e5\u304a\u3081\u3067\u3068\u3046,sugeng ambal warsa,sugeng tanggap warsa,\u10d2\u10d8\u10da\u10dd\u10ea\u10d0\u10d5\u10d7 \u10d3\u10d0\u10d1\u10d0\u10d3\u10d4\u10d1\u10d8\u10e1 \u10d3\u10e6\u10d4\u10e1,\u10d2\u10d8\u10da\u10dd\u10ea\u10d0\u10d5 \u10d3\u10d0\u10d1\u10d0\u10d3\u10d4\u10d1\u10d8\u10e1 \u10d3\u10e6\u10d4\u10e1,\u0442\u0443\u0493\u0430\u043d \u043a\u04af\u043d \u049b\u04b1\u0442\u0442\u044b \u0431\u043e\u043b\u0441\u044b\u043d,\u0442\u0443\u044b\u043b\u0493\u0430\u043d \u043a\u04af\u043d\u0456\u04a3\u043c\u0435\u043d,\u179a\u17b8\u1780\u179a\u17b6\u1799\u1790\u17d2\u1784\u17c3\u1781\u17bd\u1794\u1780\u17c6\u178e\u17be\u178f,\u179a\u17b8\u1780\u179a\u17b6\u1799\u200b\u1790\u17d2\u1784\u17c3\u200b\u1780\u17c6\u178e\u17be\u178f,\u0cb9\u0cc1\u0c9f\u0ccd\u0c9f\u0cc1\u0cb9\u0cac\u0ccd\u0cac\u0ca6 \u0cb6\u0cc1\u0cad\u0cbe\u0cb6\u0caf\u0c97\u0cb3\u0cc1,\u0c9c\u0ca8\u0ccd\u0cae\u0ca6\u0cbf\u0ca8\u0ca6 \u0cb6\u0cc1\u0cad\u0cbe\u0cb6\u0caf\u0c97\u0cb3\u0cc1,\uc0dd\uc77c \ucd95\ud558\ud569\ub2c8\ub2e4,\uc0dd\uc77c \ucd95\ud558\ud574\uc694,api batde,rojb\u00fbna te p\u00eeroz be,\u0442\u0443\u0443\u043b\u0433\u0430\u043d \u043a\u04af\u043d\u04af\u04a3\u04af\u0437 \u043c\u0435\u043d\u0435\u043d,\u0442\u0443\u0443\u043b\u0433\u0430\u043d \u043a\u0443\u043d\u0443\u04a3\u0443\u0437 \u043c\u0435\u043d\u0435\u043d \u043a\u0443\u0442\u0442\u0443\u043a\u0442\u0430\u0439\u043c,felix natalis,alles guddes fir de gebuertsdag,amazaalibwa amalungi,mbotama elamu,\u0eaa\u0eb8\u0e81\u0eaa\u0eb1\u0e99\u0ea7\u0eb1\u0e99\u0ec0\u0e81\u0eb5\u0e94,\u0eaa\u0eb8\u0e81\u200b\u0eaa\u0eb1\u0e99\u200b\u0ea7\u0eb1\u0e99\u200b\u0ec0\u0e81\u0eb5\u0e94,su gimtadieniu,piancham chibai,daudz laimes dzim\u0161anas dien\u0101,\u091c\u0928\u094d\u092e\u0926\u093f\u0928\u0915 \u0936\u0941\u092d\u0915\u093e\u092e\u0928\u093e,tratry ny tsingerin-taona,tratry ny tsingerintaona nahaterahana,\u0441\u0440\u0435\u045c\u0435\u043d \u0440\u043e\u0434\u0435\u043d\u0434\u0435\u043d,\u0d1c\u0d28\u0d4d\u0d2e\u0d26\u0d3f\u0d28\u0d3e\u0d36\u0d02\u0d38\u0d15\u0d7e,\u0442\u04e9\u0440\u0441\u04e9\u043d \u04e9\u0434\u0440\u0438\u0439\u043d \u043c\u044d\u043d\u0434 \u0445\u04af\u0440\u0433\u044d\u0435,\u0442\u04e9\u0440\u0441\u04e9\u043d \u04e9\u0434\u0440\u0438\u0439\u043d \u043c\u044d\u043d\u0434,\uabc5\uabe8\uabe1\uabc9\uabe5\uabcf\uabd4\uabd5 \uabc4\uabe3\uabdb\uabc4 \uabc5\uabe8\uabc3\uabe4\uabe0,\u0935\u093e\u0922\u0926\u093f\u0935\u0938\u093e\u091a\u094d\u092f\u093e \u0936\u0941\u092d\u0947\u091a\u094d\u091b\u093e,\u0935\u093e\u0922\u0926\u093f\u0935\u0938\u093e\u091a\u094d\u092f\u093e \u0939\u093e\u0930\u094d\u0926\u093f\u0915 \u0936\u0941\u092d\u0947\u091a\u094d\u091b\u093e,selamat hari lahir,xewqat sbie\u0127 f'g\u0127eluq sninek,\u1015\u103b\u1031\u102c\u103a\u101b\u103d\u103e\u1004\u103a\u1016\u103d\u101a\u103a \u1019\u103d\u1031\u1038\u1014\u1031\u1037\u1016\u103c\u1005\u103a\u1015\u102b\u1005\u1031,\u1015\u103b\u1031\u102c\u103a\u101b\u103d\u103e\u1004\u103a\u1005\u101b\u102c\u1019\u103d\u1031\u1038\u1014\u1031\u1037\u1016\u103c\u1005\u103a\u1015\u102b\u1005\u1031,\u091c\u0928\u094d\u092e \u0926\u093f\u0928\u0915\u094b \u0936\u0941\u092d\u0915\u093e\u092e\u0928\u093e,gefeliciteerd met je verjaardag,gefeliciteerd,gratulerer med dagen,matswalo a mabotse,tsiku labwino lobadwa,baga guyyaa dhaloota kee geesse,\u0b1c\u0b28\u0b4d\u0b2e\u0b26\u0b3f\u0b28\u0b30 \u0b36\u0b41\u0b2d\u0b47\u0b1a\u0b4d\u0b1b\u0b3e,\u0b1c\u0b28\u0b4d\u0b2e\u0b26\u0b3f\u0b28\u0b30 \u0b05\u0b2d\u0b3f\u0b28\u0b28\u0b4d\u0b26\u0b28,\u0a1c\u0a28\u0a2e\u0a26\u0a3f\u0a28 \u0a26\u0a40\u0a06\u0a02 \u0a35\u0a27\u0a3e\u0a08\u0a06\u0a02,\u0a1c\u0a28\u0a2e\u0a26\u0a3f\u0a28 \u0a2e\u0a41\u0a2c\u0a3e\u0a30\u0a15,wszystkiego najlepszego z okazji urodzin,\u06a9\u0644\u06cc\u0632\u0647 \u062f\u06cc \u0646\u06cc\u06a9\u0645\u0631\u063a\u0647,feliz anivers\u00e1rio,punchawniykipi kusikuni,la mul\u021bi ani,\u0441 \u0434\u043d\u0435\u043c \u0440\u043e\u0436\u0434\u0435\u043d\u0438\u044f,isabukuru nziza,\u0936\u0941\u092d\u0902 \u091c\u0928\u094d\u092e\u0926\u093f\u0928\u092e\u094d\u200c,\u062c\u0646\u0645 \u068f\u064a\u0646\u0647\u0646 \u0645\u0628\u0627\u0631\u06aa,\u0dc3\u0dd4\u0db6 \u0d8b\u0db4\u0db1\u0dca \u0daf\u0dd2\u0db1\u0dba\u0d9a\u0dca,v\u0161etko najlep\u0161ie k narodenin\u00e1m,\u0161\u0165astn\u00e9 narodeniny,vse najbolj\u0161e,manuia asofanau,bhavhadhe rinofadza,maalin dhalasheed farxad leh,dhalasho wacan,g\u00ebzuar dit\u00eblindjen,\u0441\u0440\u0435\u045b\u0430\u043d \u0440\u043e\u0452\u0435\u043d\u0434\u0430\u043d,letsatsi le monate la tsoalo,wilujeung milangkala,wilujeung tepang taun,grattis p\u00e5 f\u00f6delsedagen,heri ya siku ya kuzaliwa,\u0baa\u0bbf\u0bb1\u0ba8\u0bcd\u0ba4\u0ba8\u0bbe\u0bb3\u0bcd \u0bb5\u0bbe\u0bb4\u0bcd\u0ba4\u0bcd\u0ba4\u0bc1\u0b95\u0bb3\u0bcd,\u0baa\u0bbf\u0bb1\u0ba8\u0bcd\u0ba4\u0ba8\u0bbe\u0bb3\u0bcd \u0bb5\u0bbe\u0bb4\u0bcd\u0ba4\u0bcd\u0ba4\u0bc1\u0b95\u0bcd\u0b95\u0bb3\u0bcd,\u0c2a\u0c41\u0c1f\u0c4d\u0c1f\u0c3f\u0c28\u0c30\u0c4b\u0c1c\u0c41 \u0c36\u0c41\u0c2d\u0c3e\u0c15\u0c3e\u0c02\u0c15\u0c4d\u0c37\u0c32\u0c41,\u0437\u043e\u0434\u0440\u04ef\u0437 \u043c\u0443\u0431\u043e\u0440\u0430\u043a,\u0e2a\u0e38\u0e02\u0e2a\u0e31\u0e19\u0e15\u0e4c\u0e27\u0e31\u0e19\u0e40\u0e01\u0e34\u0e14,\u12a5\u1295\u12b3\u12d5 \u1270\u12c8\u1208\u12f5\u12ab,doglan g\u00fcn\u00fc\u0148 bilen,maligayang kaarawan,do\u011fum g\u00fcn\u00fcn\u00fcz kutlu olsun,do\u011fum g\u00fcn\u00fcn kutlu olsun,siku lerinene ro velekiwa,\u0442\u0443\u0433\u0430\u043d \u043a\u04e9\u043d \u0431\u0435\u043b\u04d9\u043d,\u0437 \u0434\u043d\u0435\u043c \u043d\u0430\u0440\u043e\u0434\u0436\u0435\u043d\u043d\u044f,\u0633\u0627\u0644\u06af\u0631\u06c1 \u0645\u0628\u0627\u0631\u06a9,\u0633\u0627\u0644\u06af\u0631\u06c1 \u0645\u0628\u0627\u0631\u06a9 \u06c1\u0648,tug\u02bbilgan kuningiz bilan,tug'ilgan kun muborak bo'lsin,ch\u00fac m\u1eebng sinh nh\u1eadt,mini emnandi,nwabela usuku lwakho owaqala ngalo,o ku\u0301 a\u0300ya\u0301j\u1ecd\u0301 \u1ecdj\u1ecd\u0301 i\u0300bi\u0301,o ku ojo ibi,\u751f\u65e5\u5feb\u4e50,\u751f\u65e5\u5feb\u6a02,sikufisela usuku lokuzalwa oluhle,usuku olumnandi lokuzalwa\" data-uilc=\"el\" data-vil=\",af,af-ZA,am,am-ET,ar-EG,ar-AE,ar-KW,ar-QA,ar,ar-IL,ar-JO,ar-LB,ar-PS,az,az-AZ,bg,bg-BG,bn,bn-BD,bn-IN,ca,ca-es,cs,cs-CZ,de,de-DE,de-CH,de-AT,de-LI,en,en-US,en-CA,en-AU,en-NZ,en-GB,en-IN,en-KE,en-TZ,en-NG,en-GH,en-PH,en-ZA,es,es-ES,es-AR,es-UY,es-419,es-BO,es-CL,es-CR,es-CO,es-DO,es-EC,es-GT,es-HN,es-NI,es-PA,es-PE,es-PR,es-PY,es-SV,es-VE,es-MX,es-US,eu,eu-ES,fi,fi-FI,fr,fr-FR,fr-CH,fr-BE,gl,gl-ES,gu,gu-IN,he,he-IL,iw,iw-IL,hu,hu-HU,hy,hy-AM,id,id-ID,is,is-IS,it,it-IT,it-CH,ja,ja-JP,jv,jv-ID,ka,ka-GE,km,km-KH,kn,kn-IN,ko,ko-KR,la,lo,lo-LA,lv,lv-LV,ml,ml-IN,mr,mr-IN,ms,ms-MY,nl,nl-NL,nb,nb-NO,ne,ne-NP,pl,pl-PL,pt,pt-BR,pt-PT,ro,ro-RO,ru,ru-RU,si-LK,sk,sk-SK,sr,sr-RS,su,su-ID,sv,sv-SE,sw,sw-TZ,sw-KE,ta,ta-IN,ta-SG,ta-LK,ta-MY,te,te-IN,tr,tr-TR,ur,ur-PK,ur-IN,yue,yue-HK,yue-Hant-HK,zh-HK,zh,zh-CN,zh-cmn,zh-cmn-CN,zh-Hans,zh-Hans-CN,zh-cmn-Hans,zh-cmn-Hans-CN,cmn-CN,cmn-Hans,cmn-Hans-CN,zh-TW,zh-Hant-TW,cmn-TW,cmn-Hant-TW,zh-cmn-TW,zh-cmn-Hant-TW,zu,zu-ZA,hi,hi-IN,tl,tl-PH,pa,pa-IN\">\n<div>\n<div>\n<div id=\"tw-ob\" class=\"tw-src-ltr\">\n<div class=\"oSioSc\">\n<div id=\"tw-target\">\n<div id=\"kAz1tf\" class=\"g9WsWb PZPZlf\" data-attrid=\"tw-targetArea\" data-entityname=\"Google Translate\">\n<div id=\"tw-target-text-container\" class=\"tw-ta-container F0azHf tw-nfl\" tabindex=\"0\">\n<p id=\"tw-target-text\" class=\"tw-data-text tw-text-large tw-ta\" dir=\"ltr\" data-placeholder=\"\u039c\u03b5\u03c4\u03ac\u03c6\u03c1\u03b1\u03c3\u03b7\" aria-label=\"\u039c\u03b5\u03c4\u03b1\u03c6\u03c1\u03b1\u03c3\u03bc\u03ad\u03bd\u03bf \u03ba\u03b5\u03af\u03bc\u03b5\u03bd\u03bf\" data-ved=\"2ahUKEwjniN3v1KaHAxVD_7sIHbGkAn8Q3ewLegQIBhAU\"><span class=\"Y2IQFc\" lang=\"it\">Non \u00e8 consentito salire a bordo delle vetture con animali domestici, se non in apposita borsa trasportino o gabbietta.<\/span><\/p>\n<\/div>\n<\/div>\n<\/div>\n<\/div>\n<\/div>\n<\/div>\n<\/div>\n<\/div>\n<\/li>\n<li>Il locatario \u00e8 tenuto a restituire il veicolo noleggiato a un rappresentante della societ\u00e0 alla data, ora (max. +30 minuti) e luogo indicati nel contratto di locazione. Qualsiasi modifica (estensione o riduzione) richiede il consenso scritto del locatore. Resi o ritardi oltre i 30 minuti dalla data indicata verranno addebitati come giorno aggiuntivo.<\/li>\n<li>Il carburante \u00e8 a carico del locatario. La quantit\u00e0 di carburante in restituzione deve essere uguale a quella alla consegna, altrimenti \u00e8 previsto un addebito per il carburante consumato e un supplemento di \u20ac 10,00 per servizio di ricarica pi\u00f9 IVA. su tutto. Non \u00e8 previsto alcun rimborso per il carburante non utilizzato.<\/li>\n<li>Il locatario \u00e8 responsabile dal momento della ricezione del veicolo fino alla sua riconsegna e consegna a un rappresentante dell&#8217;azienda per multe, violazioni, parcheggi abusivi e sanzioni amministrative comminate durante la locazione e che \u00e8 obbligato a pagare e consegnare atto di pagamento o ricevuta , in caso contrario l&#8217;addebito dell&#8217;importo della violazione pi\u00f9 spese di gestione \u20ac 15,00 pi\u00f9 IVA. nel complesso, sar\u00e0 effettuata dal locatore o dopo la denuncia da parte sua dell&#8217;infrazione all&#8217;atto della consegna del veicolo, oppure previa notifica da parte delle forze dell&#8217;ordine o delle autorit\u00e0 comunali in un secondo momento e senza alcun limite di tempo per tali addebiti.<\/li>\n<li>Il locatario deve ispezionare il veicolo insieme ad un rappresentante dell&#8217;azienda prima di ogni utilizzo e proteggerlo da ogni rischio, indicare il danno registrato nella Tabella Danni antistante e riportare il veicolo nelle stesse identiche condizioni.<\/li>\n<li>L&#8217;assicurazione inclusa nel canone copre: responsabilit\u00e0 civile per danni fisici e danni materiali a terzi.<\/li>\n<li>Nel caso in cui il locatario sia coinvolto in un sinistro o siano arrecati danni al veicolo per sua colpa o a sua insaputa e indipendentemente dall&#8217;eventuale copertura assicurativa, deve informare immediatamente la Polizia Stradale (tel. 100) e il locatore per l&#8217;invio dell&#8217;Infortunio Care , e al rientro presentare il Rapporto di Infortunio Stradale predisposto dai documenti Traffico e Accident Care, in caso contrario l&#8217;inquilino sar\u00e0 ritenuto responsabile e saranno addebitati tutti i danni e i giorni necessari alla riparazione del veicolo, anche se avesse accettato un eventuale pacchetto assicurativo . In caso di sua colpa, al locatario viene addebitato il 30% del premio annuo (importo minimo \u20ac 100,00) e \u20ac 30 (spese di pratica) pi\u00f9 IVA su tutto.<\/li>\n<li>Il locatario pu\u00f2 limitare la propria responsabilit\u00e0 per eventuali danni al veicolo noleggiato nella misura di \u20ac 750,00 + IVA. minimo (a seconda della categoria del veicolo e dell&#8217;addebito massimo del valore commerciale del veicolo al momento del sinistro pi\u00f9 IVA) a condizione che accetti preventivamente la Clausola di Esonero di Responsabilit\u00e0 (C.D.W.). L&#8217;importo dell&#8217;esenzione \u00e8 fissato dal locatore in base alla categoria del veicolo.<\/li>\n<li>Nessuna copertura assicurativa \u00e8 valida, anche se pattuita, nei seguenti casi: in caso di sinistro, senza immediata segnalazione del locatore e presenza della Polizia Stradale (tel. 100) per fornire copia del verbale di sinistro, funzionamento del veicolo da parte di un terzo (anche titolare di patente di guida) non dichiarato al contratto di locazione indipendentemente dal rapporto con il locatario, conduzione del veicolo oltre alla durata pattuita indicata nel contratto di locazione, conduzione del veicolo da parte di un conduttore sotto l&#8217;influenza di alcol\/droghe\/allucinogeni\/ipnotici, funzionamento del veicolo in violazione del Codice della strada (K.O.K.) del Territorio Greco o in modo tale da mettere in pericolo il veicolo, i passeggeri o anche terzi, la circolazione del veicolo su strade impervie (non asfaltate), la gestione del veicolo per il trasporto di persone\/cose a pagamento, la gestione del veicolo per qualsiasi attivit\u00e0 illegale\/criminale secondo la Legislazione Greca, utilizzo del veicolo per imparare a guidare a terzi, utilizzo del veicolo fuori dai confini del Territorio Greco senza il consenso scritto del locatore.<\/li>\n<li>Sono espressamente esclusi da qualsiasi esenzione il danneggiamento\/smarrimento di pneumatici, ruote o passaruota, finestrini e sottoscocca del veicolo, a meno che il locatario non abbia accettato la relativa copertura assicurativa. Sono espressamente escluse da qualsiasi esenzione e non sono oggetto di esenzione le parti del veicolo quali chiavi, impianto audio, schermi, strumenti di navigazione, antenne, specchietti, ecc. e tutte le parti dell&#8217;abitacolo del veicolo (es. ripiano, armadi, maniglie, tappezzeria) eventuali coperture assicurative, ecc.).<\/li>\n<li>In caso di riparazione\/riparazione di danni, al locatario non \u00e8 consentito scegliere un&#8217;officina, fatta eccezione per la Rappresentanza Ufficiale e Autorizzata in Grecia del veicolo in questione, compresi i giorni necessari per la riparazione del veicolo a spese del locatario .<\/li>\n<li>Il locatario paga le tasse locali e l&#8217;IVA sull&#8217;affitto.<\/li>\n<li>Il veicolo deve essere riconsegnato pulito e pronto per la revisione, in caso contrario potrebbe essere richiesto il tempo e l&#8217;addebito di \u20ac 15,00 + IVA. Se \u00e8 richiesta una pulizia specialistica del veicolo (catrame, peli di animali, ecc.) \u00e8 previsto un addebito minimo di \u20ac 60,00 + IVA<\/li>\n<li>Il locatore non \u00e8 responsabile, n\u00e9 al momento della locazione n\u00e9 dopo la sua scadenza, per oggetti del locatario o dell&#8217;occupante del veicolo noleggiato, che sono stati abbandonati nel veicolo.<\/li>\n<li>Le consegne-ricevute vengono effettuate gratuitamente presso gli uffici dell&#8217;azienda dal luned\u00ec al sabato 09:00-20:00. Consegne: vengono addebitate le ricevute al di fuori dell&#8217;orario lavorativo, la domenica o nei giorni festivi.<\/li>\n<li>L&#8217;assistenza stradale \u00e8 fornita 24 ore su 24 in tutta la Grecia, ad eccezione del paese insulare da cui il rimpatrio viene effettuato dal locatario.<\/li>\n<li>L&#8217;imbarco a bordo \u00e8 consentito solo previa autorizzazione scritta del locatore, in caso contrario il locatario \u00e8 l&#8217;unico responsabile per qualsiasi danno o deterioramento che possa verificarsi in mare, anche se ha accettato il C.D.W.<\/li>\n<li>La guida al di fuori dei confini del Territorio Greco \u00e8 consentita solo previa autorizzazione scritta del locatore.<\/li>\n<li>Per qualsiasi controversia sono esclusivamente competenti i tribunali di Salonicco.<\/li>\n<li>Il locatario\/potenziale locatario acconsente alla raccolta e all&#8217;utilizzo da parte della societ\u00e0 con o senza dati automatizzati in dati personali o set di dati come la raccolta, la registrazione, l&#8217;organizzazione, la struttura, la conservazione, l&#8217;adattamento, la modifica, il recupero o qualsiasi altra forma di smaltimento in per fornire servizi e risponde alle sue richieste, comunica con lui\/lei sui servizi offerti, risponde alle sue domande e si attiene e fa rispettare le disposizioni di legge applicabili. Il locatario \u00e8 stato altres\u00ec informato del diritto di revocare\/correggere\/opporsi ai propri dati personali ogni volta che lo dichiara.<\/li>\n<li>Chilometri liberi dal 3\u00b0 giorno di noleggio (massimo 100km\/giorno &#8211; massimo 2.500km\/mese) i chilometri extra vengono addebitati 0,10 \u20ac + IVA al chilometro.<\/li>\n<\/ol>\n<\/div><\/div><\/div><\/div><\/div>\n","protected":false},"excerpt":{"rendered":"","protected":false},"author":1,"featured_media":0,"parent":0,"menu_order":0,"comment_status":"closed","ping_status":"closed","template":"","meta":{"footnotes":""},"class_list":["post-6843","page","type-page","status-publish","hentry"],"yoast_head":"<!-- This site is optimized with the Yoast SEO plugin v27.0 - https:\/\/yoast.com\/product\/yoast-seo-wordpress\/ -->\n<title>Termini e condizioni di noleggio | i-rentacar.com<\/title>\n<meta name=\"robots\" content=\"index, follow, max-snippet:-1, max-image-preview:large, max-video-preview:-1\" \/>\n<link rel=\"canonical\" href=\"https:\/\/www.i-rentacar.com\/it\/termini-e-condizioni-di-noleggio\/\" \/>\n<meta property=\"og:locale\" content=\"it_IT\" \/>\n<meta property=\"og:type\" content=\"article\" \/>\n<meta property=\"og:title\" content=\"Termini e condizioni di noleggio | i-rentacar.com\" \/>\n<meta property=\"og:url\" content=\"https:\/\/www.i-rentacar.com\/it\/termini-e-condizioni-di-noleggio\/\" \/>\n<meta property=\"og:site_name\" content=\"i-rentacar.com\" \/>\n<meta property=\"article:modified_time\" content=\"2024-08-01T15:34:07+00:00\" \/>\n<meta name=\"twitter:card\" content=\"summary_large_image\" \/>\n<meta name=\"twitter:label1\" content=\"Tempo di lettura stimato\" \/>\n\t<meta name=\"twitter:data1\" content=\"9 minuti\" \/>\n<script type=\"application\/ld+json\" class=\"yoast-schema-graph\">{\"@context\":\"https:\/\/schema.org\",\"@graph\":[{\"@type\":\"WebPage\",\"@id\":\"https:\/\/www.i-rentacar.com\/it\/termini-e-condizioni-di-noleggio\/\",\"url\":\"https:\/\/www.i-rentacar.com\/it\/termini-e-condizioni-di-noleggio\/\",\"name\":\"Termini e condizioni di noleggio | i-rentacar.com\",\"isPartOf\":{\"@id\":\"https:\/\/www.i-rentacar.com\/it\/#website\"},\"datePublished\":\"2022-01-19T20:23:02+00:00\",\"dateModified\":\"2024-08-01T15:34:07+00:00\",\"breadcrumb\":{\"@id\":\"https:\/\/www.i-rentacar.com\/it\/termini-e-condizioni-di-noleggio\/#breadcrumb\"},\"inLanguage\":\"it-IT\",\"potentialAction\":[{\"@type\":\"ReadAction\",\"target\":[\"https:\/\/www.i-rentacar.com\/it\/termini-e-condizioni-di-noleggio\/\"]}]},{\"@type\":\"BreadcrumbList\",\"@id\":\"https:\/\/www.i-rentacar.com\/it\/termini-e-condizioni-di-noleggio\/#breadcrumb\",\"itemListElement\":[{\"@type\":\"ListItem\",\"position\":1,\"name\":\"Home\",\"item\":\"https:\/\/www.i-rentacar.com\/it\/\"},{\"@type\":\"ListItem\",\"position\":2,\"name\":\"Termini e condizioni di noleggio\"}]},{\"@type\":\"WebSite\",\"@id\":\"https:\/\/www.i-rentacar.com\/it\/#website\",\"url\":\"https:\/\/www.i-rentacar.com\/it\/\",\"name\":\"i-rentacar.com\",\"description\":\"\u0395\u03bd\u03bf\u03b9\u03ba\u03b9\u03ac\u03c3\u03b5\u03b9\u03c2 \u0391\u03c5\u03c4\u03bf\u03ba\u03b9\u03bd\u03ae\u03c4\u03c9\u03bd \u0398\u03b5\u03c3\u03c3\u03b1\u03bb\u03bf\u03bd\u03af\u03ba\u03b7 minivan suv \u03b1\u03b5\u03c1\u03bf\u03b4\u03c1\u03cc\u03bc\u03b9\u03bf \u0398\u03b5\u03c3\u03c3\u03b1\u03bb\u03bf\u03bd\u03af\u03ba\u03b7, \u03b5\u03bd\u03bf\u03b9\u03ba\u03b9\u03ac\u03c3\u03b5\u03b9\u03c2 van \u0398\u03b5\u03c3\u03c3\u03b1\u03bb\u03bf\u03bd\u03af\u03ba\u03b7 \u03a7\u03b1\u03bb\u03ba\u03b9\u03b4\u03b9\u03ba\u03ae, rent a car Thessaloniki airport skg\",\"publisher\":{\"@id\":\"https:\/\/www.i-rentacar.com\/it\/#organization\"},\"potentialAction\":[{\"@type\":\"SearchAction\",\"target\":{\"@type\":\"EntryPoint\",\"urlTemplate\":\"https:\/\/www.i-rentacar.com\/it\/?s={search_term_string}\"},\"query-input\":{\"@type\":\"PropertyValueSpecification\",\"valueRequired\":true,\"valueName\":\"search_term_string\"}}],\"inLanguage\":\"it-IT\"},{\"@type\":\"Organization\",\"@id\":\"https:\/\/www.i-rentacar.com\/it\/#organization\",\"name\":\"i-rentacar.com\",\"url\":\"https:\/\/www.i-rentacar.com\/it\/\",\"logo\":{\"@type\":\"ImageObject\",\"inLanguage\":\"it-IT\",\"@id\":\"https:\/\/www.i-rentacar.com\/it\/#\/schema\/logo\/image\/\",\"url\":\"https:\/\/www.i-rentacar.com\/wp-content\/uploads\/2021\/08\/logo-i-rentacar-com-3.png\",\"contentUrl\":\"https:\/\/www.i-rentacar.com\/wp-content\/uploads\/2021\/08\/logo-i-rentacar-com-3.png\",\"width\":383,\"height\":150,\"caption\":\"i-rentacar.com\"},\"image\":{\"@id\":\"https:\/\/www.i-rentacar.com\/it\/#\/schema\/logo\/image\/\"}}]}<\/script>\n<!-- \/ Yoast SEO plugin. -->","yoast_head_json":{"title":"Termini e condizioni di noleggio | i-rentacar.com","robots":{"index":"index","follow":"follow","max-snippet":"max-snippet:-1","max-image-preview":"max-image-preview:large","max-video-preview":"max-video-preview:-1"},"canonical":"https:\/\/www.i-rentacar.com\/it\/termini-e-condizioni-di-noleggio\/","og_locale":"it_IT","og_type":"article","og_title":"Termini e condizioni di noleggio | i-rentacar.com","og_url":"https:\/\/www.i-rentacar.com\/it\/termini-e-condizioni-di-noleggio\/","og_site_name":"i-rentacar.com","article_modified_time":"2024-08-01T15:34:07+00:00","twitter_card":"summary_large_image","twitter_misc":{"Tempo di lettura stimato":"9 minuti"},"schema":{"@context":"https:\/\/schema.org","@graph":[{"@type":"WebPage","@id":"https:\/\/www.i-rentacar.com\/it\/termini-e-condizioni-di-noleggio\/","url":"https:\/\/www.i-rentacar.com\/it\/termini-e-condizioni-di-noleggio\/","name":"Termini e condizioni di noleggio | i-rentacar.com","isPartOf":{"@id":"https:\/\/www.i-rentacar.com\/it\/#website"},"datePublished":"2022-01-19T20:23:02+00:00","dateModified":"2024-08-01T15:34:07+00:00","breadcrumb":{"@id":"https:\/\/www.i-rentacar.com\/it\/termini-e-condizioni-di-noleggio\/#breadcrumb"},"inLanguage":"it-IT","potentialAction":[{"@type":"ReadAction","target":["https:\/\/www.i-rentacar.com\/it\/termini-e-condizioni-di-noleggio\/"]}]},{"@type":"BreadcrumbList","@id":"https:\/\/www.i-rentacar.com\/it\/termini-e-condizioni-di-noleggio\/#breadcrumb","itemListElement":[{"@type":"ListItem","position":1,"name":"Home","item":"https:\/\/www.i-rentacar.com\/it\/"},{"@type":"ListItem","position":2,"name":"Termini e condizioni di noleggio"}]},{"@type":"WebSite","@id":"https:\/\/www.i-rentacar.com\/it\/#website","url":"https:\/\/www.i-rentacar.com\/it\/","name":"i-rentacar.com","description":"\u0395\u03bd\u03bf\u03b9\u03ba\u03b9\u03ac\u03c3\u03b5\u03b9\u03c2 \u0391\u03c5\u03c4\u03bf\u03ba\u03b9\u03bd\u03ae\u03c4\u03c9\u03bd \u0398\u03b5\u03c3\u03c3\u03b1\u03bb\u03bf\u03bd\u03af\u03ba\u03b7 minivan suv \u03b1\u03b5\u03c1\u03bf\u03b4\u03c1\u03cc\u03bc\u03b9\u03bf \u0398\u03b5\u03c3\u03c3\u03b1\u03bb\u03bf\u03bd\u03af\u03ba\u03b7, \u03b5\u03bd\u03bf\u03b9\u03ba\u03b9\u03ac\u03c3\u03b5\u03b9\u03c2 van \u0398\u03b5\u03c3\u03c3\u03b1\u03bb\u03bf\u03bd\u03af\u03ba\u03b7 \u03a7\u03b1\u03bb\u03ba\u03b9\u03b4\u03b9\u03ba\u03ae, rent a car Thessaloniki airport skg","publisher":{"@id":"https:\/\/www.i-rentacar.com\/it\/#organization"},"potentialAction":[{"@type":"SearchAction","target":{"@type":"EntryPoint","urlTemplate":"https:\/\/www.i-rentacar.com\/it\/?s={search_term_string}"},"query-input":{"@type":"PropertyValueSpecification","valueRequired":true,"valueName":"search_term_string"}}],"inLanguage":"it-IT"},{"@type":"Organization","@id":"https:\/\/www.i-rentacar.com\/it\/#organization","name":"i-rentacar.com","url":"https:\/\/www.i-rentacar.com\/it\/","logo":{"@type":"ImageObject","inLanguage":"it-IT","@id":"https:\/\/www.i-rentacar.com\/it\/#\/schema\/logo\/image\/","url":"https:\/\/www.i-rentacar.com\/wp-content\/uploads\/2021\/08\/logo-i-rentacar-com-3.png","contentUrl":"https:\/\/www.i-rentacar.com\/wp-content\/uploads\/2021\/08\/logo-i-rentacar-com-3.png","width":383,"height":150,"caption":"i-rentacar.com"},"image":{"@id":"https:\/\/www.i-rentacar.com\/it\/#\/schema\/logo\/image\/"}}]}},"_links":{"self":[{"href":"https:\/\/www.i-rentacar.com\/it\/wp-json\/wp\/v2\/pages\/6843","targetHints":{"allow":["GET"]}}],"collection":[{"href":"https:\/\/www.i-rentacar.com\/it\/wp-json\/wp\/v2\/pages"}],"about":[{"href":"https:\/\/www.i-rentacar.com\/it\/wp-json\/wp\/v2\/types\/page"}],"author":[{"embeddable":true,"href":"https:\/\/www.i-rentacar.com\/it\/wp-json\/wp\/v2\/users\/1"}],"replies":[{"embeddable":true,"href":"https:\/\/www.i-rentacar.com\/it\/wp-json\/wp\/v2\/comments?post=6843"}],"version-history":[{"count":7,"href":"https:\/\/www.i-rentacar.com\/it\/wp-json\/wp\/v2\/pages\/6843\/revisions"}],"predecessor-version":[{"id":8571,"href":"https:\/\/www.i-rentacar.com\/it\/wp-json\/wp\/v2\/pages\/6843\/revisions\/8571"}],"wp:attachment":[{"href":"https:\/\/www.i-rentacar.com\/it\/wp-json\/wp\/v2\/media?parent=6843"}],"curies":[{"name":"wp","href":"https:\/\/api.w.org\/{rel}","templated":true}]}}