{"id":6315,"date":"2022-01-25T19:53:25","date_gmt":"2022-01-25T17:53:25","guid":{"rendered":"https:\/\/www.i-rentacar.com\/servizio-di-noleggio-auto-con-conducente\/"},"modified":"2023-11-04T16:11:10","modified_gmt":"2023-11-04T14:11:10","slug":"servizio-di-noleggio-auto-con-conducente","status":"publish","type":"page","link":"https:\/\/www.i-rentacar.com\/it\/servizio-di-noleggio-auto-con-conducente\/","title":{"rendered":"Servizio di trasferimento e noleggio auto con autista a Salonicco"},"content":{"rendered":"<div class=\"fusion-fullwidth fullwidth-box fusion-builder-row-1 fusion-flex-container nonhundred-percent-fullwidth non-hundred-percent-height-scrolling\" style=\"--awb-border-radius-top-left:0px;--awb-border-radius-top-right:0px;--awb-border-radius-bottom-right:0px;--awb-border-radius-bottom-left:0px;--awb-flex-wrap:wrap;\" ><div class=\"fusion-builder-row fusion-row fusion-flex-align-items-flex-start fusion-flex-content-wrap\" style=\"max-width:1300px;margin-left: calc(-4% \/ 2 );margin-right: calc(-4% \/ 2 );\"><div class=\"fusion-layout-column fusion_builder_column fusion-builder-column-0 fusion_builder_column_1_1 1_1 fusion-flex-column\" style=\"--awb-bg-size:cover;--awb-width-large:100%;--awb-margin-top-large:0px;--awb-spacing-right-large:1.92%;--awb-margin-bottom-large:20px;--awb-spacing-left-large:1.92%;--awb-width-medium:100%;--awb-order-medium:0;--awb-spacing-right-medium:1.92%;--awb-spacing-left-medium:1.92%;--awb-width-small:100%;--awb-order-small:0;--awb-spacing-right-small:1.92%;--awb-spacing-left-small:1.92%;\"><div class=\"fusion-column-wrapper fusion-column-has-shadow fusion-flex-justify-content-flex-start fusion-content-layout-column\"><div class=\"fusion-text fusion-text-1\" style=\"--awb-font-size:18px;\"><p><strong>\u03a5\u03c0\u03b7\u03c1\u03b5\u03c3\u03af\u03b1 \u0395\u03bd\u03bf\u03b9\u03ba\u03af\u03b1\u03c3\u03b7\u03c2 \u0391\u03c5\u03c4\u03bf\u03ba\u03b9\u03bd\u03ae\u03c4\u03bf\u03c5 \u03bc\u03b5 \u039f\u03b4\u03b7\u03b3\u03cc \u03c3\u03c4\u03b7 \u0398\u03b5\u03c3\u03c3\u03b1\u03bb\u03bf\u03bd\u03af\u03ba\u03b7 \u2013 \u039c\u03b9\u03b1 \u03a5\u03c0\u03b7\u03c1\u03b5\u03c3\u03af\u03b1 \u039c\u03b5\u03c4\u03b1\u03c6\u03bf\u03c1\u03ac\u03c2 \u03bc\u03b5 \u0391\u03be\u03b9\u03bf\u03c0\u03b9\u03c3\u03c4\u03af\u03b1 \u03ba\u03b1\u03b9 \u0395\u03c5\u03b5\u03bb\u03b9\u03be\u03af\u03b1<\/strong><\/p>\n<p>Siete alla ricerca di un servizio di trasferimento affidabile a Salonicco? Il nostro team di autisti professionisti \u00e8 qui per aiutarvi a raggiungere la vostra destinazione con velocit\u00e0 e comfort. Sia che veniate dall&#8217;aeroporto, dal porto o dalla stazione degli autobus, sia che cerchiate un trasferimento dalla vostra posizione a Salonicco, copriamo tutte le vostre esigenze per un trasferimento confortevole.<\/p>\n<p>La nostra moderna flotta offre tutti i comfort necessari, tra cui aria condizionata, Wi-Fi e tanto spazio per le gambe, assicurando un viaggio all&#8217;insegna della comodit\u00e0. Le nostre esperte guide della citt\u00e0 sono pronte a suggerirvi i luoghi migliori da visitare e le attivit\u00e0 da svolgere durante il vostro soggiorno a Salonicco.<\/p>\n<p>Offriamo inoltre orari di ritiro e consegna flessibili per adattarsi ai vostri impegni. Effettuiamo anche trasferimenti verso destinazioni al di fuori di Salonicco, coprendo tutta la Grecia e l&#8217;Europa.<\/p>\n<p>Non sprecate tempo ed energie preziose alla ricerca di mezzi di trasporto pubblici. Scegliete il nostro servizio per un trasporto affidabile e confortevole verso qualsiasi destinazione vogliate visitare. Contattateci oggi stesso per prenotare il vostro trasferimento e godervi un&#8217;esperienza di viaggio confortevole a Salonicco.<\/p>\n<\/div><div class=\"fusion-text fusion-text-2\"><h4>Servizio di noleggio auto con autista | autista | trasferimento a Salonicco<\/h4>\n<\/div><\/div><\/div><div class=\"fusion-layout-column fusion_builder_column fusion-builder-column-1 fusion_builder_column_2_5 2_5 fusion-flex-column\" style=\"--awb-bg-size:cover;--awb-width-large:40%;--awb-margin-top-large:0px;--awb-spacing-right-large:4.8%;--awb-margin-bottom-large:20px;--awb-spacing-left-large:4.8%;--awb-width-medium:40%;--awb-order-medium:0;--awb-spacing-right-medium:4.8%;--awb-spacing-left-medium:4.8%;--awb-width-small:100%;--awb-order-small:0;--awb-spacing-right-small:1.92%;--awb-spacing-left-small:1.92%;\"><div class=\"fusion-column-wrapper fusion-column-has-shadow fusion-flex-justify-content-flex-start fusion-content-layout-column\"><div class=\"fusion-image-element \" style=\"--awb-caption-title-font-family:var(--h2_typography-font-family);--awb-caption-title-font-weight:var(--h2_typography-font-weight);--awb-caption-title-font-style:var(--h2_typography-font-style);--awb-caption-title-size:var(--h2_typography-font-size);--awb-caption-title-transform:var(--h2_typography-text-transform);--awb-caption-title-line-height:var(--h2_typography-line-height);--awb-caption-title-letter-spacing:var(--h2_typography-letter-spacing);\"><span class=\" fusion-imageframe imageframe-none imageframe-1 hover-type-none\"><img decoding=\"async\" width=\"644\" height=\"425\" alt=\"Servizio di noleggio auto con autista\" src=\"https:\/\/www.i-rentacar.com\/wp-content\/uploads\/2022\/02\/transfer-11.jpg\" data-orig-src=\"https:\/\/www.i-rentacar.com\/wp-content\/uploads\/2022\/02\/transfer-11.jpg\" class=\"lazyload img-responsive wp-image-4293\" srcset=\"data:image\/svg+xml,%3Csvg%20xmlns%3D%27http%3A%2F%2Fwww.w3.org%2F2000%2Fsvg%27%20width%3D%27644%27%20height%3D%27425%27%20viewBox%3D%270%200%20644%20425%27%3E%3Crect%20width%3D%27644%27%20height%3D%27425%27%20fill-opacity%3D%220%22%2F%3E%3C%2Fsvg%3E\" data-srcset=\"https:\/\/www.i-rentacar.com\/wp-content\/uploads\/2022\/02\/transfer-11-200x132.jpg 200w, https:\/\/www.i-rentacar.com\/wp-content\/uploads\/2022\/02\/transfer-11-400x264.jpg 400w, https:\/\/www.i-rentacar.com\/wp-content\/uploads\/2022\/02\/transfer-11-600x396.jpg 600w, https:\/\/www.i-rentacar.com\/wp-content\/uploads\/2022\/02\/transfer-11.jpg 644w\" data-sizes=\"auto\" data-orig-sizes=\"(max-width: 640px) 100vw, 600px\" \/><\/span><\/div><\/div><\/div><div class=\"fusion-layout-column fusion_builder_column fusion-builder-column-2 fusion_builder_column_3_5 3_5 fusion-flex-column\" style=\"--awb-bg-size:cover;--awb-width-large:60%;--awb-margin-top-large:0px;--awb-spacing-right-large:3.2%;--awb-margin-bottom-large:20px;--awb-spacing-left-large:3.2%;--awb-width-medium:60%;--awb-order-medium:0;--awb-spacing-right-medium:3.2%;--awb-spacing-left-medium:3.2%;--awb-width-small:100%;--awb-order-small:0;--awb-spacing-right-small:1.92%;--awb-spacing-left-small:1.92%;\"><div class=\"fusion-column-wrapper fusion-column-has-shadow fusion-flex-justify-content-flex-start fusion-content-layout-column\"><div class=\"fusion-text fusion-text-3\" style=\"--awb-font-size:18px;\"><p><strong>Transfer | Trasferimenti da e per l&#8217;aeroporto<\/strong><\/p>\n<div class=\"fusion-separator fusion-full-width-sep\" style=\"align-self: flex-start;margin-right:auto;width:100%;\"><div class=\"fusion-separator-border sep-single sep-solid\" style=\"--awb-height:20px;--awb-amount:20px;--awb-sep-color:#cca43d;border-color:#CCA43D;border-top-width:35px;\"><\/div><\/div>\n<p>i-rentacar offre un affidabile servizio di noleggio auto con autista e trasferimento all&#8217;aeroporto &#8220;Macedonia&#8221; di Salonicco. Scegliete noi e lasciatevi alle spalle tutti i problemi legati al trasferimento in albergo o in qualsiasi altra destinazione. Lasciate che ci occupiamo noi dei dettagli e godetevi il vostro viaggio in tutta tranquillit\u00e0 e comodit\u00e0.<\/p>\n<\/div><\/div><\/div><div class=\"fusion-layout-column fusion_builder_column fusion-builder-column-3 fusion_builder_column_2_5 2_5 fusion-flex-column\" style=\"--awb-bg-size:cover;--awb-width-large:40%;--awb-margin-top-large:0px;--awb-spacing-right-large:4.8%;--awb-margin-bottom-large:20px;--awb-spacing-left-large:4.8%;--awb-width-medium:40%;--awb-order-medium:0;--awb-spacing-right-medium:4.8%;--awb-spacing-left-medium:4.8%;--awb-width-small:100%;--awb-order-small:0;--awb-spacing-right-small:1.92%;--awb-spacing-left-small:1.92%;\"><div class=\"fusion-column-wrapper fusion-column-has-shadow fusion-flex-justify-content-flex-start fusion-content-layout-column\"><div class=\"fusion-image-element \" style=\"--awb-caption-title-font-family:var(--h2_typography-font-family);--awb-caption-title-font-weight:var(--h2_typography-font-weight);--awb-caption-title-font-style:var(--h2_typography-font-style);--awb-caption-title-size:var(--h2_typography-font-size);--awb-caption-title-transform:var(--h2_typography-text-transform);--awb-caption-title-line-height:var(--h2_typography-line-height);--awb-caption-title-letter-spacing:var(--h2_typography-letter-spacing);\"><span class=\" fusion-imageframe imageframe-none imageframe-2 hover-type-none\"><img decoding=\"async\" width=\"644\" height=\"425\" alt=\"Trasferimenti | Transfer V.I.P.\" src=\"https:\/\/www.i-rentacar.com\/wp-content\/uploads\/2022\/02\/transfer-12.jpg\" data-orig-src=\"https:\/\/www.i-rentacar.com\/wp-content\/uploads\/2022\/02\/transfer-12.jpg\" class=\"lazyload img-responsive wp-image-4303\" srcset=\"data:image\/svg+xml,%3Csvg%20xmlns%3D%27http%3A%2F%2Fwww.w3.org%2F2000%2Fsvg%27%20width%3D%27644%27%20height%3D%27425%27%20viewBox%3D%270%200%20644%20425%27%3E%3Crect%20width%3D%27644%27%20height%3D%27425%27%20fill-opacity%3D%220%22%2F%3E%3C%2Fsvg%3E\" data-srcset=\"https:\/\/www.i-rentacar.com\/wp-content\/uploads\/2022\/02\/transfer-12-200x132.jpg 200w, https:\/\/www.i-rentacar.com\/wp-content\/uploads\/2022\/02\/transfer-12-400x264.jpg 400w, https:\/\/www.i-rentacar.com\/wp-content\/uploads\/2022\/02\/transfer-12-600x396.jpg 600w, https:\/\/www.i-rentacar.com\/wp-content\/uploads\/2022\/02\/transfer-12.jpg 644w\" data-sizes=\"auto\" data-orig-sizes=\"(max-width: 640px) 100vw, 600px\" \/><\/span><\/div><\/div><\/div><div class=\"fusion-layout-column fusion_builder_column fusion-builder-column-4 fusion_builder_column_3_5 3_5 fusion-flex-column\" style=\"--awb-bg-size:cover;--awb-width-large:60%;--awb-margin-top-large:0px;--awb-spacing-right-large:3.2%;--awb-margin-bottom-large:20px;--awb-spacing-left-large:3.2%;--awb-width-medium:60%;--awb-order-medium:0;--awb-spacing-right-medium:3.2%;--awb-spacing-left-medium:3.2%;--awb-width-small:100%;--awb-order-small:0;--awb-spacing-right-small:1.92%;--awb-spacing-left-small:1.92%;\"><div class=\"fusion-column-wrapper fusion-column-has-shadow fusion-flex-justify-content-flex-start fusion-content-layout-column\"><div class=\"fusion-text fusion-text-4\" style=\"--awb-font-size:18px;\"><p><strong>Transfer | Trasferimenti V.I.P.<\/strong><\/p>\n<div class=\"fusion-separator fusion-full-width-sep\" style=\"align-self: flex-start;margin-right:auto;width:100%;\"><div class=\"fusion-separator-border sep-single sep-solid\" style=\"--awb-height:20px;--awb-amount:20px;--awb-sep-color:#cca43d;border-color:#CCA43D;border-top-width:35px;\"><\/div><\/div>\n<p>Scegliete la nostra azienda per il noleggio auto a Salonicco. Scegliete il veicolo di lusso che desiderate con un autista professionista. Il trasferimento della persona VIP desiderata avviene in assoluta comodit\u00e0, sicurezza e protezione.<\/p>\n<\/div><\/div><\/div><div class=\"fusion-layout-column fusion_builder_column fusion-builder-column-5 fusion_builder_column_2_5 2_5 fusion-flex-column\" style=\"--awb-bg-size:cover;--awb-width-large:40%;--awb-margin-top-large:0px;--awb-spacing-right-large:4.8%;--awb-margin-bottom-large:20px;--awb-spacing-left-large:4.8%;--awb-width-medium:40%;--awb-order-medium:0;--awb-spacing-right-medium:4.8%;--awb-spacing-left-medium:4.8%;--awb-width-small:100%;--awb-order-small:0;--awb-spacing-right-small:1.92%;--awb-spacing-left-small:1.92%;\"><div class=\"fusion-column-wrapper fusion-column-has-shadow fusion-flex-justify-content-flex-start fusion-content-layout-column\"><div class=\"fusion-image-element \" style=\"--awb-caption-title-font-family:var(--h2_typography-font-family);--awb-caption-title-font-weight:var(--h2_typography-font-weight);--awb-caption-title-font-style:var(--h2_typography-font-style);--awb-caption-title-size:var(--h2_typography-font-size);--awb-caption-title-transform:var(--h2_typography-text-transform);--awb-caption-title-line-height:var(--h2_typography-line-height);--awb-caption-title-letter-spacing:var(--h2_typography-letter-spacing);\"><span class=\" fusion-imageframe imageframe-none imageframe-3 hover-type-none\"><img decoding=\"async\" width=\"644\" height=\"425\" alt=\"Transfer | Trasferimenti da e per il porto\" src=\"https:\/\/www.i-rentacar.com\/wp-content\/uploads\/2022\/02\/transfer-13.jpg\" data-orig-src=\"https:\/\/www.i-rentacar.com\/wp-content\/uploads\/2022\/02\/transfer-13.jpg\" class=\"lazyload img-responsive wp-image-4298\" srcset=\"data:image\/svg+xml,%3Csvg%20xmlns%3D%27http%3A%2F%2Fwww.w3.org%2F2000%2Fsvg%27%20width%3D%27644%27%20height%3D%27425%27%20viewBox%3D%270%200%20644%20425%27%3E%3Crect%20width%3D%27644%27%20height%3D%27425%27%20fill-opacity%3D%220%22%2F%3E%3C%2Fsvg%3E\" data-srcset=\"https:\/\/www.i-rentacar.com\/wp-content\/uploads\/2022\/02\/transfer-13-200x132.jpg 200w, https:\/\/www.i-rentacar.com\/wp-content\/uploads\/2022\/02\/transfer-13-400x264.jpg 400w, https:\/\/www.i-rentacar.com\/wp-content\/uploads\/2022\/02\/transfer-13-600x396.jpg 600w, https:\/\/www.i-rentacar.com\/wp-content\/uploads\/2022\/02\/transfer-13.jpg 644w\" data-sizes=\"auto\" data-orig-sizes=\"(max-width: 640px) 100vw, 600px\" \/><\/span><\/div><\/div><\/div><div class=\"fusion-layout-column fusion_builder_column fusion-builder-column-6 fusion_builder_column_3_5 3_5 fusion-flex-column\" style=\"--awb-bg-size:cover;--awb-width-large:60%;--awb-margin-top-large:0px;--awb-spacing-right-large:3.2%;--awb-margin-bottom-large:20px;--awb-spacing-left-large:3.2%;--awb-width-medium:60%;--awb-order-medium:0;--awb-spacing-right-medium:3.2%;--awb-spacing-left-medium:3.2%;--awb-width-small:100%;--awb-order-small:0;--awb-spacing-right-small:1.92%;--awb-spacing-left-small:1.92%;\"><div class=\"fusion-column-wrapper fusion-column-has-shadow fusion-flex-justify-content-flex-start fusion-content-layout-column\"><div class=\"fusion-text fusion-text-5\" style=\"--awb-font-size:18px;\"><p><strong>Transfer | Trasferimenti da e per il porto<\/strong><\/p>\n<div class=\"fusion-separator fusion-full-width-sep\" style=\"align-self: flex-start;margin-right:auto;width:100%;\"><div class=\"fusion-separator-border sep-single sep-solid\" style=\"--awb-height:20px;--awb-amount:20px;--awb-sep-color:#cca43d;border-color:#CCA43D;border-top-width:35px;\"><\/div><\/div>\n<p>Noleggiate l&#8217;auto di vostra scelta dal porto di Salonicco tramite i-rentacar. Scegliete il servizio di noleggio auto con autista professionista e il vostro trasferimento dal porto alla vostra destinazione diventer\u00e0 pi\u00f9 rilassante che mai.<\/p>\n<\/div><\/div><\/div><\/div><\/div>\n","protected":false},"excerpt":{"rendered":"","protected":false},"author":1,"featured_media":4178,"parent":0,"menu_order":0,"comment_status":"closed","ping_status":"closed","template":"100-width.php","meta":{"footnotes":""},"class_list":["post-6315","page","type-page","status-publish","has-post-thumbnail","hentry"],"yoast_head":"<!-- This site is optimized with the Yoast SEO plugin v27.0 - https:\/\/yoast.com\/product\/yoast-seo-wordpress\/ -->\n<title>Servizio di trasferimento e noleggio auto con autista<\/title>\n<meta name=\"description\" content=\"Servizio di trasferimento e noleggio auto con autista a Salonicco | Trasferimento in Grecia e in tutta Europa. Numero di telefono +30 231 700 3 400\" \/>\n<meta name=\"robots\" content=\"index, follow, max-snippet:-1, max-image-preview:large, max-video-preview:-1\" \/>\n<link rel=\"canonical\" href=\"https:\/\/www.i-rentacar.com\/it\/servizio-di-noleggio-auto-con-conducente\/\" \/>\n<meta property=\"og:locale\" content=\"it_IT\" \/>\n<meta property=\"og:type\" content=\"article\" \/>\n<meta property=\"og:title\" content=\"Servizio di trasferimento e noleggio auto con autista\" \/>\n<meta property=\"og:description\" content=\"Servizio di trasferimento e noleggio auto con autista a Salonicco | Trasferimento in Grecia e in tutta Europa. Numero di telefono +30 231 700 3 400\" \/>\n<meta property=\"og:url\" content=\"https:\/\/www.i-rentacar.com\/it\/servizio-di-noleggio-auto-con-conducente\/\" \/>\n<meta property=\"og:site_name\" content=\"i-rentacar.com\" \/>\n<meta property=\"article:modified_time\" content=\"2023-11-04T14:11:10+00:00\" \/>\n<meta property=\"og:image\" content=\"https:\/\/www.i-rentacar.com\/wp-content\/uploads\/2022\/01\/thessaloniki-6.webp\" \/>\n\t<meta property=\"og:image:width\" content=\"1800\" \/>\n\t<meta property=\"og:image:height\" content=\"400\" \/>\n\t<meta property=\"og:image:type\" content=\"image\/webp\" \/>\n<meta name=\"twitter:card\" content=\"summary_large_image\" \/>\n<meta name=\"twitter:label1\" content=\"Tempo di lettura stimato\" \/>\n\t<meta name=\"twitter:data1\" content=\"10 minuti\" \/>\n<script type=\"application\/ld+json\" class=\"yoast-schema-graph\">{\"@context\":\"https:\/\/schema.org\",\"@graph\":[{\"@type\":\"WebPage\",\"@id\":\"https:\/\/www.i-rentacar.com\/it\/servizio-di-noleggio-auto-con-conducente\/\",\"url\":\"https:\/\/www.i-rentacar.com\/it\/servizio-di-noleggio-auto-con-conducente\/\",\"name\":\"Servizio di trasferimento e noleggio auto con autista\",\"isPartOf\":{\"@id\":\"https:\/\/www.i-rentacar.com\/it\/#website\"},\"primaryImageOfPage\":{\"@id\":\"https:\/\/www.i-rentacar.com\/it\/servizio-di-noleggio-auto-con-conducente\/#primaryimage\"},\"image\":{\"@id\":\"https:\/\/www.i-rentacar.com\/it\/servizio-di-noleggio-auto-con-conducente\/#primaryimage\"},\"thumbnailUrl\":\"https:\/\/www.i-rentacar.com\/wp-content\/uploads\/2022\/01\/thessaloniki-6.webp\",\"datePublished\":\"2022-01-25T17:53:25+00:00\",\"dateModified\":\"2023-11-04T14:11:10+00:00\",\"description\":\"Servizio di trasferimento e noleggio auto con autista a Salonicco | Trasferimento in Grecia e in tutta Europa. Numero di telefono +30 231 700 3 400\",\"breadcrumb\":{\"@id\":\"https:\/\/www.i-rentacar.com\/it\/servizio-di-noleggio-auto-con-conducente\/#breadcrumb\"},\"inLanguage\":\"it-IT\",\"potentialAction\":[{\"@type\":\"ReadAction\",\"target\":[\"https:\/\/www.i-rentacar.com\/it\/servizio-di-noleggio-auto-con-conducente\/\"]}]},{\"@type\":\"ImageObject\",\"inLanguage\":\"it-IT\",\"@id\":\"https:\/\/www.i-rentacar.com\/it\/servizio-di-noleggio-auto-con-conducente\/#primaryimage\",\"url\":\"https:\/\/www.i-rentacar.com\/wp-content\/uploads\/2022\/01\/thessaloniki-6.webp\",\"contentUrl\":\"https:\/\/www.i-rentacar.com\/wp-content\/uploads\/2022\/01\/thessaloniki-6.webp\",\"width\":1800,\"height\":400,\"caption\":\"\u03a5\u03c0\u03b7\u03c1\u03b5\u03c3\u03af\u03b1 \u0395\u03bd\u03bf\u03b9\u03ba\u03af\u03b1\u03c3\u03b7 \u0391\u03c5\u03c4\u03bf\u03ba\u03b9\u03bd\u03ae\u03c4\u03bf\u03c5 \u03bc\u03b5 \u039f\u03b4\u03b7\u03b3\u03cc | Transfer\"},{\"@type\":\"BreadcrumbList\",\"@id\":\"https:\/\/www.i-rentacar.com\/it\/servizio-di-noleggio-auto-con-conducente\/#breadcrumb\",\"itemListElement\":[{\"@type\":\"ListItem\",\"position\":1,\"name\":\"Home\",\"item\":\"https:\/\/www.i-rentacar.com\/it\/\"},{\"@type\":\"ListItem\",\"position\":2,\"name\":\"Servizio di trasferimento e noleggio auto con autista a Salonicco\"}]},{\"@type\":\"WebSite\",\"@id\":\"https:\/\/www.i-rentacar.com\/it\/#website\",\"url\":\"https:\/\/www.i-rentacar.com\/it\/\",\"name\":\"i-rentacar.com\",\"description\":\"\u0395\u03bd\u03bf\u03b9\u03ba\u03b9\u03ac\u03c3\u03b5\u03b9\u03c2 \u0391\u03c5\u03c4\u03bf\u03ba\u03b9\u03bd\u03ae\u03c4\u03c9\u03bd \u0398\u03b5\u03c3\u03c3\u03b1\u03bb\u03bf\u03bd\u03af\u03ba\u03b7 minivan suv \u03b1\u03b5\u03c1\u03bf\u03b4\u03c1\u03cc\u03bc\u03b9\u03bf \u0398\u03b5\u03c3\u03c3\u03b1\u03bb\u03bf\u03bd\u03af\u03ba\u03b7, \u03b5\u03bd\u03bf\u03b9\u03ba\u03b9\u03ac\u03c3\u03b5\u03b9\u03c2 van \u0398\u03b5\u03c3\u03c3\u03b1\u03bb\u03bf\u03bd\u03af\u03ba\u03b7 \u03a7\u03b1\u03bb\u03ba\u03b9\u03b4\u03b9\u03ba\u03ae, rent a car Thessaloniki airport skg\",\"publisher\":{\"@id\":\"https:\/\/www.i-rentacar.com\/it\/#organization\"},\"potentialAction\":[{\"@type\":\"SearchAction\",\"target\":{\"@type\":\"EntryPoint\",\"urlTemplate\":\"https:\/\/www.i-rentacar.com\/it\/?s={search_term_string}\"},\"query-input\":{\"@type\":\"PropertyValueSpecification\",\"valueRequired\":true,\"valueName\":\"search_term_string\"}}],\"inLanguage\":\"it-IT\"},{\"@type\":\"Organization\",\"@id\":\"https:\/\/www.i-rentacar.com\/it\/#organization\",\"name\":\"i-rentacar.com\",\"url\":\"https:\/\/www.i-rentacar.com\/it\/\",\"logo\":{\"@type\":\"ImageObject\",\"inLanguage\":\"it-IT\",\"@id\":\"https:\/\/www.i-rentacar.com\/it\/#\/schema\/logo\/image\/\",\"url\":\"https:\/\/www.i-rentacar.com\/wp-content\/uploads\/2021\/08\/logo-i-rentacar-com-3.png\",\"contentUrl\":\"https:\/\/www.i-rentacar.com\/wp-content\/uploads\/2021\/08\/logo-i-rentacar-com-3.png\",\"width\":383,\"height\":150,\"caption\":\"i-rentacar.com\"},\"image\":{\"@id\":\"https:\/\/www.i-rentacar.com\/it\/#\/schema\/logo\/image\/\"}}]}<\/script>\n<!-- \/ Yoast SEO plugin. -->","yoast_head_json":{"title":"Servizio di trasferimento e noleggio auto con autista","description":"Servizio di trasferimento e noleggio auto con autista a Salonicco | Trasferimento in Grecia e in tutta Europa. Numero di telefono +30 231 700 3 400","robots":{"index":"index","follow":"follow","max-snippet":"max-snippet:-1","max-image-preview":"max-image-preview:large","max-video-preview":"max-video-preview:-1"},"canonical":"https:\/\/www.i-rentacar.com\/it\/servizio-di-noleggio-auto-con-conducente\/","og_locale":"it_IT","og_type":"article","og_title":"Servizio di trasferimento e noleggio auto con autista","og_description":"Servizio di trasferimento e noleggio auto con autista a Salonicco | Trasferimento in Grecia e in tutta Europa. Numero di telefono +30 231 700 3 400","og_url":"https:\/\/www.i-rentacar.com\/it\/servizio-di-noleggio-auto-con-conducente\/","og_site_name":"i-rentacar.com","article_modified_time":"2023-11-04T14:11:10+00:00","og_image":[{"width":1800,"height":400,"url":"https:\/\/www.i-rentacar.com\/wp-content\/uploads\/2022\/01\/thessaloniki-6.webp","type":"image\/webp"}],"twitter_card":"summary_large_image","twitter_misc":{"Tempo di lettura stimato":"10 minuti"},"schema":{"@context":"https:\/\/schema.org","@graph":[{"@type":"WebPage","@id":"https:\/\/www.i-rentacar.com\/it\/servizio-di-noleggio-auto-con-conducente\/","url":"https:\/\/www.i-rentacar.com\/it\/servizio-di-noleggio-auto-con-conducente\/","name":"Servizio di trasferimento e noleggio auto con autista","isPartOf":{"@id":"https:\/\/www.i-rentacar.com\/it\/#website"},"primaryImageOfPage":{"@id":"https:\/\/www.i-rentacar.com\/it\/servizio-di-noleggio-auto-con-conducente\/#primaryimage"},"image":{"@id":"https:\/\/www.i-rentacar.com\/it\/servizio-di-noleggio-auto-con-conducente\/#primaryimage"},"thumbnailUrl":"https:\/\/www.i-rentacar.com\/wp-content\/uploads\/2022\/01\/thessaloniki-6.webp","datePublished":"2022-01-25T17:53:25+00:00","dateModified":"2023-11-04T14:11:10+00:00","description":"Servizio di trasferimento e noleggio auto con autista a Salonicco | Trasferimento in Grecia e in tutta Europa. Numero di telefono +30 231 700 3 400","breadcrumb":{"@id":"https:\/\/www.i-rentacar.com\/it\/servizio-di-noleggio-auto-con-conducente\/#breadcrumb"},"inLanguage":"it-IT","potentialAction":[{"@type":"ReadAction","target":["https:\/\/www.i-rentacar.com\/it\/servizio-di-noleggio-auto-con-conducente\/"]}]},{"@type":"ImageObject","inLanguage":"it-IT","@id":"https:\/\/www.i-rentacar.com\/it\/servizio-di-noleggio-auto-con-conducente\/#primaryimage","url":"https:\/\/www.i-rentacar.com\/wp-content\/uploads\/2022\/01\/thessaloniki-6.webp","contentUrl":"https:\/\/www.i-rentacar.com\/wp-content\/uploads\/2022\/01\/thessaloniki-6.webp","width":1800,"height":400,"caption":"\u03a5\u03c0\u03b7\u03c1\u03b5\u03c3\u03af\u03b1 \u0395\u03bd\u03bf\u03b9\u03ba\u03af\u03b1\u03c3\u03b7 \u0391\u03c5\u03c4\u03bf\u03ba\u03b9\u03bd\u03ae\u03c4\u03bf\u03c5 \u03bc\u03b5 \u039f\u03b4\u03b7\u03b3\u03cc | Transfer"},{"@type":"BreadcrumbList","@id":"https:\/\/www.i-rentacar.com\/it\/servizio-di-noleggio-auto-con-conducente\/#breadcrumb","itemListElement":[{"@type":"ListItem","position":1,"name":"Home","item":"https:\/\/www.i-rentacar.com\/it\/"},{"@type":"ListItem","position":2,"name":"Servizio di trasferimento e noleggio auto con autista a Salonicco"}]},{"@type":"WebSite","@id":"https:\/\/www.i-rentacar.com\/it\/#website","url":"https:\/\/www.i-rentacar.com\/it\/","name":"i-rentacar.com","description":"\u0395\u03bd\u03bf\u03b9\u03ba\u03b9\u03ac\u03c3\u03b5\u03b9\u03c2 \u0391\u03c5\u03c4\u03bf\u03ba\u03b9\u03bd\u03ae\u03c4\u03c9\u03bd \u0398\u03b5\u03c3\u03c3\u03b1\u03bb\u03bf\u03bd\u03af\u03ba\u03b7 minivan suv \u03b1\u03b5\u03c1\u03bf\u03b4\u03c1\u03cc\u03bc\u03b9\u03bf \u0398\u03b5\u03c3\u03c3\u03b1\u03bb\u03bf\u03bd\u03af\u03ba\u03b7, \u03b5\u03bd\u03bf\u03b9\u03ba\u03b9\u03ac\u03c3\u03b5\u03b9\u03c2 van \u0398\u03b5\u03c3\u03c3\u03b1\u03bb\u03bf\u03bd\u03af\u03ba\u03b7 \u03a7\u03b1\u03bb\u03ba\u03b9\u03b4\u03b9\u03ba\u03ae, rent a car Thessaloniki airport skg","publisher":{"@id":"https:\/\/www.i-rentacar.com\/it\/#organization"},"potentialAction":[{"@type":"SearchAction","target":{"@type":"EntryPoint","urlTemplate":"https:\/\/www.i-rentacar.com\/it\/?s={search_term_string}"},"query-input":{"@type":"PropertyValueSpecification","valueRequired":true,"valueName":"search_term_string"}}],"inLanguage":"it-IT"},{"@type":"Organization","@id":"https:\/\/www.i-rentacar.com\/it\/#organization","name":"i-rentacar.com","url":"https:\/\/www.i-rentacar.com\/it\/","logo":{"@type":"ImageObject","inLanguage":"it-IT","@id":"https:\/\/www.i-rentacar.com\/it\/#\/schema\/logo\/image\/","url":"https:\/\/www.i-rentacar.com\/wp-content\/uploads\/2021\/08\/logo-i-rentacar-com-3.png","contentUrl":"https:\/\/www.i-rentacar.com\/wp-content\/uploads\/2021\/08\/logo-i-rentacar-com-3.png","width":383,"height":150,"caption":"i-rentacar.com"},"image":{"@id":"https:\/\/www.i-rentacar.com\/it\/#\/schema\/logo\/image\/"}}]}},"_links":{"self":[{"href":"https:\/\/www.i-rentacar.com\/it\/wp-json\/wp\/v2\/pages\/6315","targetHints":{"allow":["GET"]}}],"collection":[{"href":"https:\/\/www.i-rentacar.com\/it\/wp-json\/wp\/v2\/pages"}],"about":[{"href":"https:\/\/www.i-rentacar.com\/it\/wp-json\/wp\/v2\/types\/page"}],"author":[{"embeddable":true,"href":"https:\/\/www.i-rentacar.com\/it\/wp-json\/wp\/v2\/users\/1"}],"replies":[{"embeddable":true,"href":"https:\/\/www.i-rentacar.com\/it\/wp-json\/wp\/v2\/comments?post=6315"}],"version-history":[{"count":20,"href":"https:\/\/www.i-rentacar.com\/it\/wp-json\/wp\/v2\/pages\/6315\/revisions"}],"predecessor-version":[{"id":8214,"href":"https:\/\/www.i-rentacar.com\/it\/wp-json\/wp\/v2\/pages\/6315\/revisions\/8214"}],"wp:featuredmedia":[{"embeddable":true,"href":"https:\/\/www.i-rentacar.com\/it\/wp-json\/wp\/v2\/media\/4178"}],"wp:attachment":[{"href":"https:\/\/www.i-rentacar.com\/it\/wp-json\/wp\/v2\/media?parent=6315"}],"curies":[{"name":"wp","href":"https:\/\/api.w.org\/{rel}","templated":true}]}}