{"id":6205,"date":"2021-08-05T01:31:52","date_gmt":"2021-08-04T22:31:52","guid":{"rendered":"https:\/\/www.i-rentacar.com\/home\/"},"modified":"2025-06-01T13:49:23","modified_gmt":"2025-06-01T10:49:23","slug":"home","status":"publish","type":"page","link":"https:\/\/www.i-rentacar.com\/it\/","title":{"rendered":"HOME"},"content":{"rendered":"<p><div class=\"fusion-fullwidth fullwidth-box fusion-builder-row-1 fusion-flex-container nonhundred-percent-fullwidth non-hundred-percent-height-scrolling\" style=\"--awb-border-radius-top-left:0px;--awb-border-radius-top-right:0px;--awb-border-radius-bottom-right:0px;--awb-border-radius-bottom-left:0px;--awb-padding-bottom:0px;--awb-margin-top:-25px;--awb-margin-bottom:-25px;--awb-flex-wrap:wrap;\" ><div class=\"fusion-builder-row fusion-row fusion-flex-align-items-flex-start fusion-flex-align-content-flex-start fusion-flex-content-wrap\" style=\"max-width:1300px;margin-left: calc(-4% \/ 2 );margin-right: calc(-4% \/ 2 );\"><div class=\"fusion-layout-column fusion_builder_column fusion-builder-column-0 fusion_builder_column_1_1 1_1 fusion-flex-column fusion-flex-align-self-flex-start fusion-column-inner-bg-wrapper\" style=\"--awb-inner-bg-size:cover;--awb-width-large:100%;--awb-margin-top-large:0px;--awb-spacing-right-large:1.92%;--awb-margin-bottom-large:20px;--awb-spacing-left-large:1.92%;--awb-width-medium:100%;--awb-order-medium:0;--awb-spacing-right-medium:1.92%;--awb-spacing-left-medium:1.92%;--awb-width-small:100%;--awb-order-small:0;--awb-spacing-right-small:1.92%;--awb-spacing-left-small:1.92%;\"><span class=\"fusion-column-inner-bg hover-type-none\"><a class=\"fusion-column-anchor\" href=\"https:\/\/www.i-rentacar.com\/it\/flotta-rent-a-car\/\"><span class=\"fusion-column-inner-bg-image\"><\/span><\/a><\/span><div class=\"fusion-column-wrapper fusion-column-has-shadow fusion-flex-justify-content-flex-start fusion-content-layout-column\"><div class=\"fusion-text fusion-text-1\" style=\"--awb-text-color:#ffffff;\"><h2 style=\"text-align: center;\"><span style=\"color: #ffffff;\"><strong>Noleggio auto a Salonicco <\/strong><\/span><\/h2>\n<h3 style=\"text-align: center;\">SCONTO DEL <span style=\"color: #ffffff;\"><strong>18%<\/strong><\/span> <strong style=\"color: #ffffff; font-family: var(--h2_typography-font-family); font-size: var(--h2_typography-font-size); font-style: var(--h2_typography-font-style,normal); letter-spacing: var(--h2_typography-letter-spacing); text-transform: var(--h2_typography-text-transform); background-color: var(--awb-bg-color-hover);\">SU TUTTE LE AUTO<\/strong><\/h3>\n<\/div><\/div><\/div><\/div><\/div><div class=\"fusion-fullwidth fullwidth-box fusion-builder-row-2 fusion-flex-container nonhundred-percent-fullwidth non-hundred-percent-height-scrolling fusion-no-small-visibility fusion-no-large-visibility\" style=\"--awb-border-radius-top-left:0px;--awb-border-radius-top-right:0px;--awb-border-radius-bottom-right:0px;--awb-border-radius-bottom-left:0px;--awb-flex-wrap:wrap;\" ><div class=\"fusion-builder-row fusion-row fusion-flex-align-items-flex-start fusion-flex-content-wrap\" style=\"max-width:1300px;margin-left: calc(-4% \/ 2 );margin-right: calc(-4% \/ 2 );\"><div class=\"fusion-layout-column fusion_builder_column fusion-builder-column-1 fusion_builder_column_1_1 1_1 fusion-flex-column\" style=\"--awb-bg-size:cover;--awb-width-large:100%;--awb-margin-top-large:0px;--awb-spacing-right-large:1.92%;--awb-margin-bottom-large:20px;--awb-spacing-left-large:1.92%;--awb-width-medium:100%;--awb-order-medium:0;--awb-spacing-right-medium:1.92%;--awb-spacing-left-medium:1.92%;--awb-width-small:100%;--awb-order-small:0;--awb-spacing-right-small:1.92%;--awb-spacing-left-small:1.92%;\"><div class=\"fusion-column-wrapper fusion-column-has-shadow fusion-flex-justify-content-flex-start fusion-content-layout-column\"><div class=\"fusion-text fusion-text-2\">\n<\/div><\/div><\/div><\/div><\/div><div class=\"fusion-fullwidth fullwidth-box fusion-builder-row-3 fusion-flex-container hundred-percent-fullwidth non-hundred-percent-height-scrolling\" style=\"--awb-border-radius-top-left:0px;--awb-border-radius-top-right:0px;--awb-border-radius-bottom-right:0px;--awb-border-radius-bottom-left:0px;--awb-background-color:#ededed;--awb-flex-wrap:wrap;\" ><div class=\"fusion-builder-row fusion-row fusion-flex-align-items-flex-start fusion-flex-content-wrap\" style=\"width:104% !important;max-width:104% !important;margin-left: calc(-4% \/ 2 );margin-right: calc(-4% \/ 2 );\"><div class=\"fusion-layout-column fusion_builder_column fusion-builder-column-2 fusion_builder_column_1_6 1_6 fusion-flex-column\" style=\"--awb-bg-size:cover;--awb-width-large:16.666666666667%;--awb-margin-top-large:0px;--awb-spacing-right-large:11.52%;--awb-margin-bottom-large:20px;--awb-spacing-left-large:11.52%;--awb-width-medium:16.666666666667%;--awb-order-medium:0;--awb-spacing-right-medium:11.52%;--awb-spacing-left-medium:11.52%;--awb-width-small:100%;--awb-order-small:0;--awb-spacing-right-small:1.92%;--awb-spacing-left-small:1.92%;\"><div class=\"fusion-column-wrapper fusion-column-has-shadow fusion-flex-justify-content-flex-start fusion-content-layout-column\"><\/div><\/div><div class=\"fusion-layout-column fusion_builder_column fusion-builder-column-3 fusion_builder_column_2_3 2_3 fusion-flex-column\" style=\"--awb-bg-color:#ededed;--awb-bg-color-hover:#ededed;--awb-bg-size:cover;--awb-width-large:66.666666666667%;--awb-margin-top-large:24px;--awb-spacing-right-large:2.88%;--awb-margin-bottom-large:20px;--awb-spacing-left-large:2.88%;--awb-width-medium:66.666666666667%;--awb-order-medium:0;--awb-spacing-right-medium:2.88%;--awb-spacing-left-medium:2.88%;--awb-width-small:100%;--awb-order-small:0;--awb-spacing-right-small:1.92%;--awb-spacing-left-small:1.92%;\"><div class=\"fusion-column-wrapper fusion-column-has-shadow fusion-flex-justify-content-flex-start fusion-content-layout-column\"><div class=\"fusion-text fusion-text-3\" style=\"--awb-font-size:28px;\"><p style=\"text-align: center;\"><strong>Nel noleggio auto i nostri prezzi includono<\/strong><\/p>\n<\/div><div class=\"fusion-content-boxes content-boxes columns row fusion-columns-3 fusion-columns-total-9 fusion-content-boxes-1 content-boxes-icon-on-top content-left\" style=\"--awb-hover-accent-color:#e10707;--awb-circle-hover-accent-color:#e10707;\" data-animationOffset=\"top-into-view\"><div style=\"--awb-backgroundcolor:rgba(255,255,255,0);\" class=\"fusion-column content-box-column content-box-column content-box-column-1 col-lg-4 col-md-4 col-sm-4 fusion-content-box-hover content-box-column-first-in-row\"><div class=\"col content-box-wrapper content-wrapper link-area-link-icon content-icon-wrapper-yes icon-hover-animation-fade\" data-animationOffset=\"top-into-view\"><div class=\"heading heading-with-icon icon-left\"><div class=\"icon\"><span style=\"height:42px;width:42px;line-height:22px;border-color:rgba(255,255,255,0);border-width:1px;border-style:solid;background-color:#212934;box-sizing:content-box;border-radius:50%;\"><i style=\"border-color:#212934;border-width:1px;background-color:#212934;box-sizing:content-box;height:40px;width:40px;line-height:40px;border-radius:50%;position:relative;top:auto;left:auto;margin:0;border-radius:50%;font-size:20px;\" aria-hidden=\"true\" class=\"fontawesome-icon fa-map-marker-alt fas circle-yes\"><\/i><\/span><\/div><h2 class=\"content-box-heading\" style=\"--h2_typography-font-size:24px;line-height:29px;\">Punto d'incontro al Parcheggio 5 dell'Aeroporto<\/h2><\/div><\/div><\/div><div style=\"--awb-backgroundcolor:rgba(255,255,255,0);\" class=\"fusion-column content-box-column content-box-column content-box-column-2 col-lg-4 col-md-4 col-sm-4 fusion-content-box-hover \"><div class=\"col content-box-wrapper content-wrapper link-area-link-icon content-icon-wrapper-yes icon-hover-animation-fade\" data-animationOffset=\"top-into-view\"><div class=\"heading heading-with-icon icon-left\"><div class=\"icon\"><span style=\"height:42px;width:42px;line-height:22px;border-color:rgba(255,255,255,0);border-width:1px;border-style:solid;background-color:#212934;box-sizing:content-box;border-radius:50%;\"><i style=\"border-color:#212934;border-width:1px;background-color:#212934;box-sizing:content-box;height:40px;width:40px;line-height:40px;border-radius:50%;position:relative;top:auto;left:auto;margin:0;border-radius:50%;font-size:20px;\" aria-hidden=\"true\" class=\"fontawesome-icon fa-fire-alt fas circle-yes\"><\/i><\/span><\/div><h2 class=\"content-box-heading\" style=\"--h2_typography-font-size:24px;line-height:29px;\">Sicurezza antincendio con esenzione<\/h2><\/div><\/div><\/div><div style=\"--awb-backgroundcolor:rgba(255,255,255,0);\" class=\"fusion-column content-box-column content-box-column content-box-column-3 col-lg-4 col-md-4 col-sm-4 fusion-content-box-hover content-box-column-last-in-row\"><div class=\"col content-box-wrapper content-wrapper link-area-link-icon content-icon-wrapper-yes icon-hover-animation-fade\" data-animationOffset=\"top-into-view\"><div class=\"heading heading-with-icon icon-left\"><div class=\"icon\"><span style=\"height:42px;width:42px;line-height:22px;border-color:rgba(255,255,255,0);border-width:1px;border-style:solid;background-color:#212934;box-sizing:content-box;border-radius:50%;\"><i style=\"border-color:#212934;border-width:1px;background-color:#212934;box-sizing:content-box;height:40px;width:40px;line-height:40px;border-radius:50%;position:relative;top:auto;left:auto;margin:0;border-radius:50%;font-size:20px;\" aria-hidden=\"true\" class=\"fontawesome-icon fa-male fas circle-yes\"><\/i><\/span><\/div><h2 class=\"content-box-heading\" style=\"--h2_typography-font-size:24px;line-height:29px;\">Sicurezza verso terzi<\/h2><\/div><\/div><\/div><div style=\"--awb-backgroundcolor:rgba(255,255,255,0);\" class=\"fusion-column content-box-column content-box-column content-box-column-4 col-lg-4 col-md-4 col-sm-4 fusion-content-box-hover content-box-column-first-in-row\"><div class=\"col content-box-wrapper content-wrapper link-area-link-icon content-icon-wrapper-yes icon-hover-animation-fade\" data-animationOffset=\"top-into-view\"><div class=\"heading heading-with-icon icon-left\"><div class=\"icon\"><span style=\"height:42px;width:42px;line-height:22px;border-color:rgba(255,255,255,0);border-width:1px;border-style:solid;background-color:#212934;box-sizing:content-box;border-radius:50%;\"><i style=\"border-color:#212934;border-width:1px;background-color:#212934;box-sizing:content-box;height:40px;width:40px;line-height:40px;border-radius:50%;position:relative;top:auto;left:auto;margin:0;border-radius:50%;font-size:20px;\" aria-hidden=\"true\" class=\"fontawesome-icon fa-child fas circle-yes\"><\/i><\/span><\/div><h2 class=\"content-box-heading\" style=\"--h2_typography-font-size:24px;line-height:29px;\">Assicurazione furto con esenzione<\/h2><\/div><\/div><\/div><div style=\"--awb-backgroundcolor:rgba(255,255,255,0);\" class=\"fusion-column content-box-column content-box-column content-box-column-5 col-lg-4 col-md-4 col-sm-4 fusion-content-box-hover \"><div class=\"col content-box-wrapper content-wrapper link-area-link-icon content-icon-wrapper-yes icon-hover-animation-fade\" data-animationOffset=\"top-into-view\"><div class=\"heading heading-with-icon icon-left\"><div class=\"icon\"><span style=\"height:42px;width:42px;line-height:22px;border-color:rgba(255,255,255,0);border-width:1px;border-style:solid;background-color:#212934;box-sizing:content-box;border-radius:50%;\"><i style=\"border-color:#212934;border-width:1px;background-color:#212934;box-sizing:content-box;height:40px;width:40px;line-height:40px;border-radius:50%;position:relative;top:auto;left:auto;margin:0;border-radius:50%;font-size:20px;\" aria-hidden=\"true\" class=\"fontawesome-icon fa-angle-double-down fas circle-yes\"><\/i><\/span><\/div><h2 class=\"content-box-heading\" style=\"--h2_typography-font-size:24px;line-height:29px;\">I prezzi includono tutte le tasse <\/h2><\/div><\/div><\/div><div style=\"--awb-backgroundcolor:rgba(255,255,255,0);\" class=\"fusion-column content-box-column content-box-column content-box-column-6 col-lg-4 col-md-4 col-sm-4 fusion-content-box-hover content-box-column-last-in-row\"><div class=\"col content-box-wrapper content-wrapper link-area-link-icon content-icon-wrapper-yes icon-hover-animation-fade\" data-animationOffset=\"top-into-view\"><div class=\"heading heading-with-icon icon-left\"><div class=\"icon\"><span style=\"height:42px;width:42px;line-height:22px;border-color:rgba(255,255,255,0);border-width:1px;border-style:solid;background-color:#212934;box-sizing:content-box;border-radius:50%;\"><i style=\"border-color:#212934;border-width:1px;background-color:#212934;box-sizing:content-box;height:40px;width:40px;line-height:40px;border-radius:50%;position:relative;top:auto;left:auto;margin:0;border-radius:50%;font-size:20px;\" aria-hidden=\"true\" class=\"fontawesome-icon fa-key fas circle-yes\"><\/i><\/span><\/div><h2 class=\"content-box-heading\" style=\"--h2_typography-font-size:24px;line-height:29px;\">Modifica\/cancellazione della prenotazione<\/h2><\/div><\/div><\/div><div style=\"--awb-backgroundcolor:rgba(255,255,255,0);\" class=\"fusion-column content-box-column content-box-column content-box-column-7 col-lg-4 col-md-4 col-sm-4 fusion-content-box-hover content-box-column-first-in-row\"><div class=\"col content-box-wrapper content-wrapper link-area-link-icon content-icon-wrapper-yes icon-hover-animation-fade\" data-animationOffset=\"top-into-view\"><div class=\"heading heading-with-icon icon-left\"><div class=\"icon\"><span style=\"height:42px;width:42px;line-height:22px;border-color:rgba(255,255,255,0);border-width:1px;border-style:solid;background-color:#212934;box-sizing:content-box;border-radius:50%;\"><i style=\"border-color:#212934;border-width:1px;background-color:#212934;box-sizing:content-box;height:40px;width:40px;line-height:40px;border-radius:50%;position:relative;top:auto;left:auto;margin:0;border-radius:50%;font-size:20px;\" aria-hidden=\"true\" class=\"fontawesome-icon fa-car fas circle-yes\"><\/i><\/span><\/div><h2 class=\"content-box-heading\" style=\"--h2_typography-font-size:24px;line-height:29px;\">Pagamento al momento del ritiro dell'auto<\/h2><\/div><\/div><\/div><div style=\"--awb-backgroundcolor:rgba(255,255,255,0);\" class=\"fusion-column content-box-column content-box-column content-box-column-8 col-lg-4 col-md-4 col-sm-4 fusion-content-box-hover \"><div class=\"col content-box-wrapper content-wrapper link-area-link-icon content-icon-wrapper-yes icon-hover-animation-fade\" data-animationOffset=\"top-into-view\"><div class=\"heading heading-with-icon icon-left\"><div class=\"icon\"><span style=\"height:42px;width:42px;line-height:22px;border-color:rgba(255,255,255,0);border-width:1px;border-style:solid;background-color:#212934;box-sizing:content-box;border-radius:50%;\"><i style=\"border-color:#212934;border-width:1px;background-color:#212934;box-sizing:content-box;height:40px;width:40px;line-height:40px;border-radius:50%;position:relative;top:auto;left:auto;margin:0;border-radius:50%;font-size:20px;\" aria-hidden=\"true\" class=\"fontawesome-icon fa-tools fas circle-yes\"><\/i><\/span><\/div><h2 class=\"content-box-heading\" style=\"--h2_typography-font-size:24px;line-height:29px;\">Assistenza stradale e assistenza 24 ore su 24<\/h2><\/div><\/div><\/div><div style=\"--awb-backgroundcolor:rgba(255,255,255,0);\" class=\"fusion-column content-box-column content-box-column content-box-column-9 col-lg-4 col-md-4 col-sm-4 fusion-content-box-hover content-box-column-last content-box-column-last-in-row\"><div class=\"col content-box-wrapper content-wrapper link-area-link-icon content-icon-wrapper-yes icon-hover-animation-fade\" data-animationOffset=\"top-into-view\"><div class=\"heading heading-with-icon icon-left\"><div class=\"icon\"><span style=\"height:42px;width:42px;line-height:22px;border-color:rgba(255,255,255,0);border-width:1px;border-style:solid;background-color:#212934;box-sizing:content-box;border-radius:50%;\"><i style=\"border-color:#212934;border-width:1px;background-color:#212934;box-sizing:content-box;height:40px;width:40px;line-height:40px;border-radius:50%;position:relative;top:auto;left:auto;margin:0;border-radius:50%;font-size:20px;\" aria-hidden=\"true\" class=\"fontawesome-icon fa-euro-sign fas circle-yes\"><\/i><\/span><\/div><h2 class=\"content-box-heading\" style=\"--h2_typography-font-size:24px;line-height:29px;\">Nessun costo nascosto nel noleggio auto<\/h2><\/div><\/div><\/div><div class=\"fusion-clearfix\"><\/div><\/div><\/div><\/div><div class=\"fusion-layout-column fusion_builder_column fusion-builder-column-4 fusion_builder_column_1_6 1_6 fusion-flex-column\" style=\"--awb-bg-size:cover;--awb-width-large:16.666666666667%;--awb-margin-top-large:0px;--awb-spacing-right-large:11.52%;--awb-margin-bottom-large:20px;--awb-spacing-left-large:11.52%;--awb-width-medium:16.666666666667%;--awb-order-medium:0;--awb-spacing-right-medium:11.52%;--awb-spacing-left-medium:11.52%;--awb-width-small:100%;--awb-order-small:0;--awb-spacing-right-small:1.92%;--awb-spacing-left-small:1.92%;\"><div class=\"fusion-column-wrapper fusion-column-has-shadow fusion-flex-justify-content-flex-start fusion-content-layout-column\"><\/div><\/div><div class=\"fusion-layout-column fusion_builder_column fusion-builder-column-5 fusion_builder_column_1_5 1_5 fusion-flex-column\" style=\"--awb-bg-color:#ededed;--awb-bg-color-hover:#ededed;--awb-bg-size:cover;--awb-width-large:20%;--awb-margin-top-large:0px;--awb-spacing-right-large:9.6%;--awb-margin-bottom-large:20px;--awb-spacing-left-large:9.6%;--awb-width-medium:20%;--awb-order-medium:0;--awb-spacing-right-medium:9.6%;--awb-spacing-left-medium:9.6%;--awb-width-small:100%;--awb-order-small:0;--awb-spacing-right-small:1.92%;--awb-spacing-left-small:1.92%;\"><div class=\"fusion-column-wrapper fusion-column-has-shadow fusion-flex-justify-content-flex-start fusion-content-layout-column\"><\/div><\/div><div class=\"fusion-layout-column fusion_builder_column fusion-builder-column-6 fusion_builder_column_3_5 3_5 fusion-flex-column\" style=\"--awb-bg-size:cover;--awb-width-large:60%;--awb-margin-top-large:0px;--awb-spacing-right-large:3.2%;--awb-margin-bottom-large:20px;--awb-spacing-left-large:3.2%;--awb-width-medium:60%;--awb-order-medium:0;--awb-spacing-right-medium:3.2%;--awb-spacing-left-medium:3.2%;--awb-width-small:100%;--awb-order-small:0;--awb-spacing-right-small:1.92%;--awb-spacing-left-small:1.92%;\"><div class=\"fusion-column-wrapper fusion-column-has-shadow fusion-flex-justify-content-flex-start fusion-content-layout-column\"><div class=\"fusion-text fusion-text-4\" style=\"--awb-font-size:22px;\"><p style=\"text-align: center;\">Con il noleggio auto a Salonicco, i-rentacar ha selezionato e offre servizi volti a garantire la soddisfazione dei clienti e a soddisfare le loro esigenze.<\/p>\n<\/div><div class=\"fusion-separator fusion-full-width-sep\" style=\"align-self: center;margin-left: auto;margin-right: auto;margin-top:0px;margin-bottom:10px;width:100%;\"><\/div><\/div><\/div><div class=\"fusion-layout-column fusion_builder_column fusion-builder-column-7 fusion_builder_column_1_5 1_5 fusion-flex-column\" style=\"--awb-bg-color:#ededed;--awb-bg-color-hover:#ededed;--awb-bg-size:cover;--awb-width-large:20%;--awb-margin-top-large:0px;--awb-spacing-right-large:9.6%;--awb-margin-bottom-large:20px;--awb-spacing-left-large:9.6%;--awb-width-medium:20%;--awb-order-medium:0;--awb-spacing-right-medium:9.6%;--awb-spacing-left-medium:9.6%;--awb-width-small:100%;--awb-order-small:0;--awb-spacing-right-small:1.92%;--awb-spacing-left-small:1.92%;\"><div class=\"fusion-column-wrapper fusion-column-has-shadow fusion-flex-justify-content-flex-start fusion-content-layout-column\"><\/div><\/div><\/div><\/div><div class=\"fusion-fullwidth fullwidth-box fusion-builder-row-4 fusion-flex-container nonhundred-percent-fullwidth non-hundred-percent-height-scrolling\" style=\"--awb-border-radius-top-left:0px;--awb-border-radius-top-right:0px;--awb-border-radius-bottom-right:0px;--awb-border-radius-bottom-left:0px;--awb-background-color:#ffffff;--awb-flex-wrap:wrap;\" ><div class=\"fusion-builder-row fusion-row fusion-flex-align-items-flex-start fusion-flex-content-wrap\" style=\"max-width:1300px;margin-left: calc(-4% \/ 2 );margin-right: calc(-4% \/ 2 );\"><div class=\"fusion-layout-column fusion_builder_column fusion-builder-column-8 fusion_builder_column_1_1 1_1 fusion-flex-column\" style=\"--awb-bg-size:cover;--awb-width-large:100%;--awb-margin-top-large:0px;--awb-spacing-right-large:1.92%;--awb-margin-bottom-large:20px;--awb-spacing-left-large:1.92%;--awb-width-medium:100%;--awb-order-medium:0;--awb-spacing-right-medium:1.92%;--awb-spacing-left-medium:1.92%;--awb-width-small:100%;--awb-order-small:0;--awb-spacing-right-small:1.92%;--awb-spacing-left-small:1.92%;\"><div class=\"fusion-column-wrapper fusion-column-has-shadow fusion-flex-justify-content-flex-start fusion-content-layout-column\"><div class=\"fusion-separator fusion-full-width-sep\" style=\"align-self: center;margin-left: auto;margin-right: auto;margin-bottom:40px;width:100%;\"><\/div><div class=\"fusion-title title fusion-title-1 fusion-title-center fusion-title-text fusion-title-size-one\" style=\"--awb-sep-color:#dddddd;\"><div class=\"title-sep-container title-sep-container-left\"><div class=\"title-sep sep-double sep-solid\" style=\"border-color:#dddddd;\"><\/div><\/div><span class=\"awb-title-spacer\"><\/span><h1 class=\"fusion-title-heading title-heading-center\" style=\"margin:0;text-shadow:2px #d8d8d8;\"><h1 style=\"text-align: center;\">Auto automatiche | Mini Van 7 e 9 posti | SUV | 4&#215;4 | Kombi Caravan | Cabriolet | Auto di lusso<\/h1>\n<h2 style=\"text-align: left;\"><\/h2><\/h1><span class=\"awb-title-spacer\"><\/span><div class=\"title-sep-container title-sep-container-right\"><div class=\"title-sep sep-double sep-solid\" style=\"border-color:#dddddd;\"><\/div><\/div><\/div><div class=\"fusion-separator fusion-full-width-sep\" style=\"align-self: center;margin-left: auto;margin-right: auto;margin-bottom:40px;width:100%;\"><div class=\"fusion-separator-border sep-shadow\" style=\"--awb-height:20px;--awb-amount:20px;background:radial-gradient(ellipse at 50% -50% , #e2e2e2 0px, rgba(255, 255, 255, 0) 80%) repeat scroll 0 0 rgba(0, 0, 0, 0);background:-webkit-radial-gradient(ellipse at 50% -50% , #e2e2e2 0px, rgba(255, 255, 255, 0) 80%) repeat scroll 0 0 rgba(0, 0, 0, 0);background:-moz-radial-gradient(ellipse at 50% -50% , #e2e2e2 0px, rgba(255, 255, 255, 0) 80%) repeat scroll 0 0 rgba(0, 0, 0, 0);background:-o-radial-gradient(ellipse at 50% -50% , #e2e2e2 0px, rgba(255, 255, 255, 0) 80%) repeat scroll 0 0 rgba(0, 0, 0, 0);\"><\/div><\/div><\/div><\/div><div class=\"fusion-layout-column fusion_builder_column fusion-builder-column-9 fusion_builder_column_1_1 1_1 fusion-flex-column\" style=\"--awb-bg-size:cover;--awb-width-large:100%;--awb-margin-top-large:0px;--awb-spacing-right-large:1.92%;--awb-margin-bottom-large:20px;--awb-spacing-left-large:1.92%;--awb-width-medium:100%;--awb-order-medium:0;--awb-spacing-right-medium:1.92%;--awb-spacing-left-medium:1.92%;--awb-width-small:100%;--awb-order-small:0;--awb-spacing-right-small:1.92%;--awb-spacing-left-small:1.92%;\"><div class=\"fusion-column-wrapper fusion-column-has-shadow fusion-flex-justify-content-flex-start fusion-content-layout-column\"><div class=\"fusion-separator fusion-full-width-sep\" style=\"align-self: center;margin-left: auto;margin-right: auto;margin-bottom:40px;width:100%;\"><\/div><div class=\"fusion-builder-row fusion-builder-row-inner fusion-row fusion-flex-align-items-flex-start fusion-flex-content-wrap\" style=\"width:104% !important;max-width:104% !important;margin-left: calc(-4% \/ 2 );margin-right: calc(-4% \/ 2 );\"><div class=\"fusion-layout-column fusion_builder_column_inner fusion-builder-nested-column-0 fusion_builder_column_inner_1_3 1_3 fusion-flex-column\" style=\"--awb-bg-size:cover;--awb-width-large:33.333333333333%;--awb-margin-top-large:0px;--awb-spacing-right-large:5.76%;--awb-margin-bottom-large:20px;--awb-spacing-left-large:5.76%;--awb-width-medium:33.333333333333%;--awb-order-medium:0;--awb-spacing-right-medium:5.76%;--awb-spacing-left-medium:5.76%;--awb-width-small:100%;--awb-order-small:0;--awb-spacing-right-small:1.92%;--awb-spacing-left-small:1.92%;\"><div class=\"fusion-column-wrapper fusion-column-has-shadow fusion-flex-justify-content-flex-start fusion-content-layout-column\"><div class=\"fusion-image-element \" style=\"--awb-liftup-border-radius:0px;--awb-caption-title-font-family:var(--h2_typography-font-family);--awb-caption-title-font-weight:var(--h2_typography-font-weight);--awb-caption-title-font-style:var(--h2_typography-font-style);--awb-caption-title-size:var(--h2_typography-font-size);--awb-caption-title-transform:var(--h2_typography-text-transform);--awb-caption-title-line-height:var(--h2_typography-line-height);--awb-caption-title-letter-spacing:var(--h2_typography-letter-spacing);--awb-filter:hue-rotate(0deg) sepia(0%);--awb-filter-transition:filter 0.3s ease;--awb-filter-hover:hue-rotate(19deg) sepia(2%);\"><div class=\"awb-image-frame awb-image-frame-1 imageframe-liftup\"><span class=\" fusion-imageframe imageframe-none imageframe-1\"><a class=\"fusion-no-lightbox\" href=\"https:\/\/www.i-rentacar.com\/it\/noleggio-auto-automatica\/\" target=\"_self\"><img decoding=\"async\" width=\"600\" height=\"299\" alt=\"Noleggio auto automatico\" src=\"https:\/\/www.i-rentacar.com\/wp-content\/uploads\/2022\/02\/enoikiasi-afotmaton-aftokiiton.webp\" data-orig-src=\"https:\/\/www.i-rentacar.com\/wp-content\/uploads\/2022\/02\/enoikiasi-afotmaton-aftokiiton.webp\" class=\"lazyload img-responsive wp-image-4523\" srcset=\"data:image\/svg+xml,%3Csvg%20xmlns%3D%27http%3A%2F%2Fwww.w3.org%2F2000%2Fsvg%27%20width%3D%27600%27%20height%3D%27299%27%20viewBox%3D%270%200%20600%20299%27%3E%3Crect%20width%3D%27600%27%20height%3D%27299%27%20fill-opacity%3D%220%22%2F%3E%3C%2Fsvg%3E\" data-srcset=\"https:\/\/www.i-rentacar.com\/wp-content\/uploads\/2022\/02\/enoikiasi-afotmaton-aftokiiton-200x100.webp 200w, https:\/\/www.i-rentacar.com\/wp-content\/uploads\/2022\/02\/enoikiasi-afotmaton-aftokiiton-400x199.webp 400w, https:\/\/www.i-rentacar.com\/wp-content\/uploads\/2022\/02\/enoikiasi-afotmaton-aftokiiton.webp 600w\" data-sizes=\"auto\" data-orig-sizes=\"(max-width: 640px) 100vw, 400px\" \/><\/a><\/span><\/div><\/div><\/div><\/div><div class=\"fusion-layout-column fusion_builder_column_inner fusion-builder-nested-column-1 fusion_builder_column_inner_1_3 1_3 fusion-flex-column\" style=\"--awb-bg-size:cover;--awb-width-large:33.333333333333%;--awb-margin-top-large:0px;--awb-spacing-right-large:5.76%;--awb-margin-bottom-large:20px;--awb-spacing-left-large:5.76%;--awb-width-medium:33.333333333333%;--awb-order-medium:0;--awb-spacing-right-medium:5.76%;--awb-spacing-left-medium:5.76%;--awb-width-small:100%;--awb-order-small:0;--awb-spacing-right-small:1.92%;--awb-spacing-left-small:1.92%;\"><div class=\"fusion-column-wrapper fusion-column-has-shadow fusion-flex-justify-content-flex-start fusion-content-layout-column\"><div class=\"fusion-image-element \" style=\"--awb-liftup-border-radius:0px;--awb-caption-title-font-family:var(--h2_typography-font-family);--awb-caption-title-font-weight:var(--h2_typography-font-weight);--awb-caption-title-font-style:var(--h2_typography-font-style);--awb-caption-title-size:var(--h2_typography-font-size);--awb-caption-title-transform:var(--h2_typography-text-transform);--awb-caption-title-line-height:var(--h2_typography-line-height);--awb-caption-title-letter-spacing:var(--h2_typography-letter-spacing);--awb-filter:hue-rotate(0deg) sepia(0%);--awb-filter-transition:filter 0.3s ease;--awb-filter-hover:hue-rotate(19deg) sepia(2%);\"><div class=\"awb-image-frame awb-image-frame-2 imageframe-liftup\"><span class=\" fusion-imageframe imageframe-none imageframe-2\"><a class=\"fusion-no-lightbox\" href=\"https:\/\/www.i-rentacar.com\/it\/noleggio-station-wagon-salonicco\/\" target=\"_self\" aria-label=\"Autonoleggio a Salonicco &#8211; Station Wagon\"><img decoding=\"async\" width=\"1000\" height=\"499\" alt=\"Autonoleggio Salonicco Aeroporto Station Wagon\" src=\"https:\/\/www.i-rentacar.com\/wp-content\/uploads\/2022\/05\/Noleggio-Station-Wagon-i-rent-a-car-com.webp\" data-orig-src=\"https:\/\/www.i-rentacar.com\/wp-content\/uploads\/2022\/05\/Noleggio-Station-Wagon-i-rent-a-car-com.webp\" class=\"lazyload img-responsive wp-image-6440\" srcset=\"data:image\/svg+xml,%3Csvg%20xmlns%3D%27http%3A%2F%2Fwww.w3.org%2F2000%2Fsvg%27%20width%3D%271000%27%20height%3D%27499%27%20viewBox%3D%270%200%201000%20499%27%3E%3Crect%20width%3D%271000%27%20height%3D%27499%27%20fill-opacity%3D%220%22%2F%3E%3C%2Fsvg%3E\" data-srcset=\"https:\/\/www.i-rentacar.com\/wp-content\/uploads\/2022\/05\/Noleggio-Station-Wagon-i-rent-a-car-com-200x100.webp 200w, https:\/\/www.i-rentacar.com\/wp-content\/uploads\/2022\/05\/Noleggio-Station-Wagon-i-rent-a-car-com-400x200.webp 400w, https:\/\/www.i-rentacar.com\/wp-content\/uploads\/2022\/05\/Noleggio-Station-Wagon-i-rent-a-car-com-600x299.webp 600w, https:\/\/www.i-rentacar.com\/wp-content\/uploads\/2022\/05\/Noleggio-Station-Wagon-i-rent-a-car-com-800x399.webp 800w, https:\/\/www.i-rentacar.com\/wp-content\/uploads\/2022\/05\/Noleggio-Station-Wagon-i-rent-a-car-com.webp 1000w\" data-sizes=\"auto\" data-orig-sizes=\"(max-width: 640px) 100vw, 400px\" \/><\/a><\/span><\/div><\/div><\/div><\/div><div class=\"fusion-layout-column fusion_builder_column_inner fusion-builder-nested-column-2 fusion_builder_column_inner_1_3 1_3 fusion-flex-column\" style=\"--awb-bg-size:cover;--awb-width-large:33.333333333333%;--awb-margin-top-large:0px;--awb-spacing-right-large:5.76%;--awb-margin-bottom-large:20px;--awb-spacing-left-large:5.76%;--awb-width-medium:33.333333333333%;--awb-order-medium:0;--awb-spacing-right-medium:5.76%;--awb-spacing-left-medium:5.76%;--awb-width-small:100%;--awb-order-small:0;--awb-spacing-right-small:1.92%;--awb-spacing-left-small:1.92%;\"><div class=\"fusion-column-wrapper fusion-column-has-shadow fusion-flex-justify-content-flex-start fusion-content-layout-column\"><div class=\"fusion-image-element \" style=\"--awb-liftup-border-radius:0px;--awb-caption-title-font-family:var(--h2_typography-font-family);--awb-caption-title-font-weight:var(--h2_typography-font-weight);--awb-caption-title-font-style:var(--h2_typography-font-style);--awb-caption-title-size:var(--h2_typography-font-size);--awb-caption-title-transform:var(--h2_typography-text-transform);--awb-caption-title-line-height:var(--h2_typography-line-height);--awb-caption-title-letter-spacing:var(--h2_typography-letter-spacing);--awb-filter:hue-rotate(0deg) sepia(0%);--awb-filter-transition:filter 0.3s ease;--awb-filter-hover:hue-rotate(19deg) sepia(2%);\"><div class=\"awb-image-frame awb-image-frame-3 imageframe-liftup\"><span class=\" fusion-imageframe imageframe-none imageframe-3\"><a class=\"fusion-no-lightbox\" href=\"https:\/\/www.i-rentacar.com\/it\/noleggio-mini-van-7-9-posti-a-salonicco\/\" target=\"_self\" aria-label=\"rent-a-mini-van-1\"><img decoding=\"async\" width=\"1000\" height=\"499\" alt=\"Noleggio minivan da 7 e 9 posti all&#039;aeroporto di Salonicco\" src=\"https:\/\/www.i-rentacar.com\/wp-content\/uploads\/2022\/03\/rent-a-mini-van-1.webp\" data-orig-src=\"https:\/\/www.i-rentacar.com\/wp-content\/uploads\/2022\/03\/rent-a-mini-van-1.webp\" class=\"lazyload img-responsive wp-image-5496\" srcset=\"data:image\/svg+xml,%3Csvg%20xmlns%3D%27http%3A%2F%2Fwww.w3.org%2F2000%2Fsvg%27%20width%3D%271000%27%20height%3D%27499%27%20viewBox%3D%270%200%201000%20499%27%3E%3Crect%20width%3D%271000%27%20height%3D%27499%27%20fill-opacity%3D%220%22%2F%3E%3C%2Fsvg%3E\" data-srcset=\"https:\/\/www.i-rentacar.com\/wp-content\/uploads\/2022\/03\/rent-a-mini-van-1-200x100.webp 200w, https:\/\/www.i-rentacar.com\/wp-content\/uploads\/2022\/03\/rent-a-mini-van-1-400x200.webp 400w, https:\/\/www.i-rentacar.com\/wp-content\/uploads\/2022\/03\/rent-a-mini-van-1-600x299.webp 600w, https:\/\/www.i-rentacar.com\/wp-content\/uploads\/2022\/03\/rent-a-mini-van-1-800x399.webp 800w, https:\/\/www.i-rentacar.com\/wp-content\/uploads\/2022\/03\/rent-a-mini-van-1.webp 1000w\" data-sizes=\"auto\" data-orig-sizes=\"(max-width: 640px) 100vw, 400px\" \/><\/a><\/span><\/div><\/div><\/div><\/div><\/div><div class=\"fusion-builder-row fusion-builder-row-inner fusion-row fusion-flex-align-items-flex-start fusion-flex-content-wrap\" style=\"width:104% !important;max-width:104% !important;margin-left: calc(-4% \/ 2 );margin-right: calc(-4% \/ 2 );\"><div class=\"fusion-layout-column fusion_builder_column_inner fusion-builder-nested-column-3 fusion_builder_column_inner_1_3 1_3 fusion-flex-column\" style=\"--awb-bg-size:cover;--awb-width-large:33.333333333333%;--awb-margin-top-large:0px;--awb-spacing-right-large:5.76%;--awb-margin-bottom-large:20px;--awb-spacing-left-large:5.76%;--awb-width-medium:33.333333333333%;--awb-order-medium:0;--awb-spacing-right-medium:5.76%;--awb-spacing-left-medium:5.76%;--awb-width-small:100%;--awb-order-small:0;--awb-spacing-right-small:1.92%;--awb-spacing-left-small:1.92%;\"><div class=\"fusion-column-wrapper fusion-column-has-shadow fusion-flex-justify-content-flex-start fusion-content-layout-column\"><div class=\"fusion-image-element \" style=\"--awb-liftup-border-radius:0px;--awb-caption-title-font-family:var(--h2_typography-font-family);--awb-caption-title-font-weight:var(--h2_typography-font-weight);--awb-caption-title-font-style:var(--h2_typography-font-style);--awb-caption-title-size:var(--h2_typography-font-size);--awb-caption-title-transform:var(--h2_typography-text-transform);--awb-caption-title-line-height:var(--h2_typography-line-height);--awb-caption-title-letter-spacing:var(--h2_typography-letter-spacing);--awb-filter:hue-rotate(0deg) sepia(0%);--awb-filter-transition:filter 0.3s ease;--awb-filter-hover:hue-rotate(19deg) sepia(2%);\"><div class=\"awb-image-frame awb-image-frame-4 imageframe-liftup\"><span class=\" fusion-imageframe imageframe-none imageframe-4\"><img decoding=\"async\" width=\"600\" height=\"299\" alt=\"Servizio-di-noleggio-auto-con-conducente-i-rent-a-car-com it\" title=\"Servizio-di-noleggio-auto-con-conducente-i-rent-a-car-com it\" src=\"https:\/\/www.i-rentacar.com\/wp-content\/uploads\/2022\/05\/Servizio-di-noleggio-auto-con-conducente-i-rent-a-car-com.webp\" data-orig-src=\"https:\/\/www.i-rentacar.com\/wp-content\/uploads\/2022\/05\/Servizio-di-noleggio-auto-con-conducente-i-rent-a-car-com.webp\" class=\"lazyload img-responsive wp-image-6402\" srcset=\"data:image\/svg+xml,%3Csvg%20xmlns%3D%27http%3A%2F%2Fwww.w3.org%2F2000%2Fsvg%27%20width%3D%27600%27%20height%3D%27299%27%20viewBox%3D%270%200%20600%20299%27%3E%3Crect%20width%3D%27600%27%20height%3D%27299%27%20fill-opacity%3D%220%22%2F%3E%3C%2Fsvg%3E\" data-srcset=\"https:\/\/www.i-rentacar.com\/wp-content\/uploads\/2022\/05\/Servizio-di-noleggio-auto-con-conducente-i-rent-a-car-com-200x100.webp 200w, https:\/\/www.i-rentacar.com\/wp-content\/uploads\/2022\/05\/Servizio-di-noleggio-auto-con-conducente-i-rent-a-car-com-400x199.webp 400w, https:\/\/www.i-rentacar.com\/wp-content\/uploads\/2022\/05\/Servizio-di-noleggio-auto-con-conducente-i-rent-a-car-com.webp 600w\" data-sizes=\"auto\" data-orig-sizes=\"(max-width: 640px) 100vw, 400px\" \/><\/span><\/div><\/div><\/div><\/div><div class=\"fusion-layout-column fusion_builder_column_inner fusion-builder-nested-column-4 fusion_builder_column_inner_1_3 1_3 fusion-flex-column\" style=\"--awb-bg-size:cover;--awb-width-large:33.333333333333%;--awb-margin-top-large:0px;--awb-spacing-right-large:5.76%;--awb-margin-bottom-large:20px;--awb-spacing-left-large:5.76%;--awb-width-medium:33.333333333333%;--awb-order-medium:0;--awb-spacing-right-medium:5.76%;--awb-spacing-left-medium:5.76%;--awb-width-small:100%;--awb-order-small:0;--awb-spacing-right-small:1.92%;--awb-spacing-left-small:1.92%;\"><div class=\"fusion-column-wrapper fusion-column-has-shadow fusion-flex-justify-content-flex-start fusion-content-layout-column\"><div class=\"fusion-image-element \" style=\"--awb-liftup-border-radius:0px;--awb-caption-title-font-family:var(--h2_typography-font-family);--awb-caption-title-font-weight:var(--h2_typography-font-weight);--awb-caption-title-font-style:var(--h2_typography-font-style);--awb-caption-title-size:var(--h2_typography-font-size);--awb-caption-title-transform:var(--h2_typography-text-transform);--awb-caption-title-line-height:var(--h2_typography-line-height);--awb-caption-title-letter-spacing:var(--h2_typography-letter-spacing);--awb-filter:hue-rotate(0deg) sepia(0%);--awb-filter-transition:filter 0.3s ease;--awb-filter-hover:hue-rotate(19deg) sepia(2%);\"><div class=\"awb-image-frame awb-image-frame-5 imageframe-liftup\"><span class=\" fusion-imageframe imageframe-none imageframe-5\"><a class=\"fusion-no-lightbox\" href=\"https:\/\/www.i-rentacar.com\/it\/flotta-rent-a-car\/\" target=\"_self\" aria-label=\"NOLEGGIO AUTO SALONICCO\"><img decoding=\"async\" width=\"1000\" height=\"499\" alt=\"Autonoleggio Salonicco Aeroporto Famiglia\" src=\"https:\/\/www.i-rentacar.com\/wp-content\/uploads\/2023\/10\/NOLEGGIO-AUTO-SALONICCO.png\" data-orig-src=\"https:\/\/www.i-rentacar.com\/wp-content\/uploads\/2023\/10\/NOLEGGIO-AUTO-SALONICCO.png\" class=\"lazyload img-responsive wp-image-8001\" srcset=\"data:image\/svg+xml,%3Csvg%20xmlns%3D%27http%3A%2F%2Fwww.w3.org%2F2000%2Fsvg%27%20width%3D%271000%27%20height%3D%27499%27%20viewBox%3D%270%200%201000%20499%27%3E%3Crect%20width%3D%271000%27%20height%3D%27499%27%20fill-opacity%3D%220%22%2F%3E%3C%2Fsvg%3E\" data-srcset=\"https:\/\/www.i-rentacar.com\/wp-content\/uploads\/2023\/10\/NOLEGGIO-AUTO-SALONICCO-200x100.png 200w, https:\/\/www.i-rentacar.com\/wp-content\/uploads\/2023\/10\/NOLEGGIO-AUTO-SALONICCO-400x200.png 400w, https:\/\/www.i-rentacar.com\/wp-content\/uploads\/2023\/10\/NOLEGGIO-AUTO-SALONICCO-600x299.png 600w, https:\/\/www.i-rentacar.com\/wp-content\/uploads\/2023\/10\/NOLEGGIO-AUTO-SALONICCO-800x399.png 800w, https:\/\/www.i-rentacar.com\/wp-content\/uploads\/2023\/10\/NOLEGGIO-AUTO-SALONICCO.png 1000w\" data-sizes=\"auto\" data-orig-sizes=\"(max-width: 640px) 100vw, 400px\" \/><\/a><\/span><\/div><\/div><\/div><\/div><div class=\"fusion-layout-column fusion_builder_column_inner fusion-builder-nested-column-5 fusion_builder_column_inner_1_3 1_3 fusion-flex-column\" style=\"--awb-bg-size:cover;--awb-width-large:33.333333333333%;--awb-margin-top-large:0px;--awb-spacing-right-large:5.76%;--awb-margin-bottom-large:20px;--awb-spacing-left-large:5.76%;--awb-width-medium:33.333333333333%;--awb-order-medium:0;--awb-spacing-right-medium:5.76%;--awb-spacing-left-medium:5.76%;--awb-width-small:100%;--awb-order-small:0;--awb-spacing-right-small:1.92%;--awb-spacing-left-small:1.92%;\"><div class=\"fusion-column-wrapper fusion-column-has-shadow fusion-flex-justify-content-flex-start fusion-content-layout-column\"><div class=\"fusion-image-element \" style=\"--awb-liftup-border-radius:0px;--awb-caption-title-font-family:var(--h2_typography-font-family);--awb-caption-title-font-weight:var(--h2_typography-font-weight);--awb-caption-title-font-style:var(--h2_typography-font-style);--awb-caption-title-size:var(--h2_typography-font-size);--awb-caption-title-transform:var(--h2_typography-text-transform);--awb-caption-title-line-height:var(--h2_typography-line-height);--awb-caption-title-letter-spacing:var(--h2_typography-letter-spacing);--awb-filter:hue-rotate(0deg) sepia(0%);--awb-filter-transition:filter 0.3s ease;--awb-filter-hover:hue-rotate(19deg) sepia(2%);\"><div class=\"awb-image-frame awb-image-frame-6 imageframe-liftup\"><span class=\" fusion-imageframe imageframe-none imageframe-6\"><a class=\"fusion-no-lightbox\" href=\"https:\/\/www.i-rentacar.com\/it\/noleggio-suv-4x4-a-salonicco\/\" target=\"_self\" aria-label=\"LOCATION-SUV\"><img decoding=\"async\" width=\"1000\" height=\"499\" alt=\"Autonoleggio Jeep all&#039;aeroporto di Salonicco\" src=\"https:\/\/www.i-rentacar.com\/wp-content\/uploads\/2022\/06\/LOCATION-SUV.webp\" data-orig-src=\"https:\/\/www.i-rentacar.com\/wp-content\/uploads\/2022\/06\/LOCATION-SUV.webp\" class=\"lazyload img-responsive wp-image-7031\" srcset=\"data:image\/svg+xml,%3Csvg%20xmlns%3D%27http%3A%2F%2Fwww.w3.org%2F2000%2Fsvg%27%20width%3D%271000%27%20height%3D%27499%27%20viewBox%3D%270%200%201000%20499%27%3E%3Crect%20width%3D%271000%27%20height%3D%27499%27%20fill-opacity%3D%220%22%2F%3E%3C%2Fsvg%3E\" data-srcset=\"https:\/\/www.i-rentacar.com\/wp-content\/uploads\/2022\/06\/LOCATION-SUV-200x100.webp 200w, https:\/\/www.i-rentacar.com\/wp-content\/uploads\/2022\/06\/LOCATION-SUV-400x200.webp 400w, https:\/\/www.i-rentacar.com\/wp-content\/uploads\/2022\/06\/LOCATION-SUV-600x299.webp 600w, https:\/\/www.i-rentacar.com\/wp-content\/uploads\/2022\/06\/LOCATION-SUV-800x399.webp 800w, https:\/\/www.i-rentacar.com\/wp-content\/uploads\/2022\/06\/LOCATION-SUV.webp 1000w\" data-sizes=\"auto\" data-orig-sizes=\"(max-width: 640px) 100vw, 400px\" \/><\/a><\/span><\/div><\/div><\/div><\/div><\/div><div class=\"fusion-separator fusion-full-width-sep\" style=\"align-self: center;margin-left: auto;margin-right: auto;margin-bottom:40px;width:100%;\"><\/div><\/div><\/div><div class=\"fusion-layout-column fusion_builder_column fusion-builder-column-10 fusion_builder_column_1_1 1_1 fusion-flex-column\" style=\"--awb-bg-size:cover;--awb-width-large:100%;--awb-margin-top-large:0px;--awb-spacing-right-large:1.92%;--awb-margin-bottom-large:20px;--awb-spacing-left-large:1.92%;--awb-width-medium:100%;--awb-order-medium:0;--awb-spacing-right-medium:1.92%;--awb-spacing-left-medium:1.92%;--awb-width-small:100%;--awb-order-small:0;--awb-spacing-right-small:1.92%;--awb-spacing-left-small:1.92%;\"><div class=\"fusion-column-wrapper fusion-column-has-shadow fusion-flex-justify-content-flex-start fusion-content-layout-column\"><\/div><\/div><\/div><\/div><div class=\"fusion-fullwidth fullwidth-box fusion-builder-row-5 fusion-flex-container has-pattern-background has-mask-background nonhundred-percent-fullwidth non-hundred-percent-height-scrolling\" style=\"--awb-border-radius-top-left:0px;--awb-border-radius-top-right:0px;--awb-border-radius-bottom-right:0px;--awb-border-radius-bottom-left:0px;--awb-background-color:#f44336;--awb-flex-wrap:wrap;\" ><div class=\"fusion-builder-row fusion-row fusion-flex-align-items-flex-start fusion-flex-content-wrap\" style=\"max-width:1300px;margin-left: calc(-4% \/ 2 );margin-right: calc(-4% \/ 2 );\"><div class=\"fusion-layout-column fusion_builder_column fusion-builder-column-11 fusion_builder_column_1_1 1_1 fusion-flex-column fusion-column-inner-bg-wrapper\" style=\"--awb-inner-bg-size:cover;--awb-width-large:100%;--awb-margin-top-large:0px;--awb-spacing-right-large:1.92%;--awb-margin-bottom-large:20px;--awb-spacing-left-large:1.92%;--awb-width-medium:100%;--awb-order-medium:0;--awb-spacing-right-medium:1.92%;--awb-spacing-left-medium:1.92%;--awb-width-small:100%;--awb-order-small:0;--awb-spacing-right-small:1.92%;--awb-spacing-left-small:1.92%;\"><span class=\"fusion-column-inner-bg hover-type-none\"><a class=\"fusion-column-anchor\" href=\"https:\/\/www.i-rentacar.com\/it\/autonoleggio-di-lusso-a-salonicco\/\"><span class=\"fusion-column-inner-bg-image\"><\/span><\/a><\/span><div class=\"fusion-column-wrapper fusion-column-has-shadow fusion-flex-justify-content-flex-start fusion-content-layout-column\"><div class=\"fusion-title title fusion-title-2 fusion-sep-none fusion-title-center fusion-title-text fusion-title-size-one\" style=\"--awb-sep-color:#dddddd;\"><h1 class=\"fusion-title-heading title-heading-center\" style=\"margin:0;text-shadow:2px #d8d8d8;\"><h2 style=\"text-align: center;\"><strong><span style=\"color: #ffffff;\">Manutenzione completa, ispezione e pulizia dell&#8217;auto<\/span><\/strong><\/h2><\/h1><\/div><\/div><\/div><\/div><\/div><div class=\"fusion-fullwidth fullwidth-box fusion-builder-row-6 fusion-flex-container nonhundred-percent-fullwidth non-hundred-percent-height-scrolling\" style=\"--awb-border-radius-top-left:0px;--awb-border-radius-top-right:0px;--awb-border-radius-bottom-right:0px;--awb-border-radius-bottom-left:0px;--awb-background-color:#ededed;--awb-flex-wrap:wrap;\" ><div class=\"fusion-builder-row fusion-row fusion-flex-align-items-flex-start fusion-flex-content-wrap\" style=\"max-width:1300px;margin-left: calc(-4% \/ 2 );margin-right: calc(-4% \/ 2 );\"><div class=\"fusion-layout-column fusion_builder_column fusion-builder-column-12 fusion_builder_column_1_3 1_3 fusion-flex-column\" style=\"--awb-bg-size:cover;--awb-width-large:33.333333333333%;--awb-margin-top-large:0px;--awb-spacing-right-large:5.76%;--awb-margin-bottom-large:20px;--awb-spacing-left-large:5.76%;--awb-width-medium:33.333333333333%;--awb-order-medium:0;--awb-spacing-right-medium:5.76%;--awb-spacing-left-medium:5.76%;--awb-width-small:100%;--awb-order-small:0;--awb-spacing-right-small:1.92%;--awb-spacing-left-small:1.92%;\"><div class=\"fusion-column-wrapper fusion-column-has-shadow fusion-flex-justify-content-flex-start fusion-content-layout-column\"><div class=\"fusion-separator fusion-full-width-sep\" style=\"align-self: center;margin-left: auto;margin-right: auto;margin-top:40px;width:100%;\"><div class=\"fusion-separator-border sep-double\" style=\"--awb-height:20px;--awb-amount:20px;border-color:#e2e2e2;border-top-width:1px;border-bottom-width:1px;\"><\/div><\/div><div class=\"fusion-image-element \" style=\"text-align:center;--awb-bottom-shadow-color:rgba(0,0,0,0.4);--awb-caption-title-font-family:var(--h2_typography-font-family);--awb-caption-title-font-weight:var(--h2_typography-font-weight);--awb-caption-title-font-style:var(--h2_typography-font-style);--awb-caption-title-size:var(--h2_typography-font-size);--awb-caption-title-transform:var(--h2_typography-text-transform);--awb-caption-title-line-height:var(--h2_typography-line-height);--awb-caption-title-letter-spacing:var(--h2_typography-letter-spacing);\"><div class=\"awb-image-frame awb-image-frame-7 awb-bottomshadow\"><span class=\" fusion-imageframe imageframe-bottomshadow imageframe-7 hover-type-none\"><img decoding=\"async\" width=\"400\" height=\"182\" alt=\"controllo dei veicoli\" title=\"CONTROLLO TECNICO RIGOROSO\" src=\"https:\/\/www.i-rentacar.com\/wp-content\/uploads\/2022\/12\/CONTROLLO-TECNICO-RIGOROSO.png\" data-orig-src=\"https:\/\/www.i-rentacar.com\/wp-content\/uploads\/2022\/12\/CONTROLLO-TECNICO-RIGOROSO.png\" class=\"lazyload img-responsive wp-image-7641\" srcset=\"data:image\/svg+xml,%3Csvg%20xmlns%3D%27http%3A%2F%2Fwww.w3.org%2F2000%2Fsvg%27%20width%3D%27400%27%20height%3D%27182%27%20viewBox%3D%270%200%20400%20182%27%3E%3Crect%20width%3D%27400%27%20height%3D%27182%27%20fill-opacity%3D%220%22%2F%3E%3C%2Fsvg%3E\" data-srcset=\"https:\/\/www.i-rentacar.com\/wp-content\/uploads\/2022\/12\/CONTROLLO-TECNICO-RIGOROSO-200x91.png 200w, https:\/\/www.i-rentacar.com\/wp-content\/uploads\/2022\/12\/CONTROLLO-TECNICO-RIGOROSO.png 400w\" data-sizes=\"auto\" data-orig-sizes=\"(max-width: 640px) 100vw, 400px\" \/><\/span><svg xmlns=\"http:\/\/www.w3.org\/2000\/svg\" version=\"1.1\" width=\"100%\" viewBox=\"0 0 600 28\" preserveAspectRatio=\"none\"><g clip-path=\"url(#a)\"><mask id=\"b\" style=\"mask-type:luminance\" maskUnits=\"userSpaceOnUse\" x=\"0\" y=\"0\" width=\"600\" height=\"28\"><path d=\"M0 0h600v28H0V0Z\" fill=\"#fff\"\/><\/mask><g filter=\"url(#c)\" mask=\"url(#b)\"><path d=\"M16.439-18.667h567.123v30.8S438.961-8.4 300-8.4C161.04-8.4 16.438 12.133 16.438 12.133v-30.8Z\" fill=\"#000\"\/><\/g><\/g><defs><clipPath id=\"a\"><path fill=\"#fff\" d=\"M0 0h600v28H0z\"\/><\/clipPath><filter id=\"c\" x=\"5.438\" y=\"-29.667\" width=\"589.123\" height=\"52.8\" filterUnits=\"userSpaceOnUse\" color-interpolation-filters=\"sRGB\"><feFlood flood-opacity=\"0\" result=\"BackgroundImageFix\"\/><feBlend in=\"SourceGraphic\" in2=\"BackgroundImageFix\" result=\"shape\"\/><feGaussianBlur stdDeviation=\"5.5\" result=\"effect1_foregroundBlur_3983_183\"\/><\/filter><\/defs><\/svg><\/div><\/div><div class=\"fusion-modal modal fade modal-1 eleghos\" tabindex=\"-1\" role=\"dialog\" aria-labelledby=\"modal-heading-1\" aria-hidden=\"true\" style=\"--awb-border-color:#ffffff;--awb-background:#ffffff;\"><div class=\"modal-dialog modal-lg\" role=\"document\"><div class=\"modal-content fusion-modal-content\"><div class=\"modal-header\"><button class=\"close\" type=\"button\" data-dismiss=\"modal\" aria-hidden=\"true\" aria-label=\"Close\">&times;<\/button><h3 class=\"modal-title\" id=\"modal-heading-1\" data-dismiss=\"modal\" aria-hidden=\"true\">Controllo auto a noleggio da parte di tecnici specializzati<\/h3><\/div><div class=\"modal-body fusion-clearfix\">\n<p><img decoding=\"async\" class=\"lazyload alignnone size-full wp-image-1751\" src=\"data:image\/svg+xml,%3Csvg%20xmlns%3D%27http%3A%2F%2Fwww.w3.org%2F2000%2Fsvg%27%20width%3D%27288%27%20height%3D%27192%27%20viewBox%3D%270%200%20288%20192%27%3E%3Crect%20width%3D%27288%27%20height%3D%27192%27%20fill-opacity%3D%220%22%2F%3E%3C%2Fsvg%3E\" data-orig-src=\"https:\/\/www.i-rentacar.com\/wp-content\/uploads\/2021\/08\/elexos-oximaton-2.jpg\" alt=\"controllo-veicolo-2\" width=\"288\" height=\"192\" \/><\/p>\n<p>CON DETTAGLI E CHIAREZZA<\/p>\n<p>In i-rentacar controlliamo a fondo oltre 310 punti di ogni <strong>auto a noleggio<\/strong>. Ispezione visiva di tutte le parti meccaniche del motore mediante attrezzatura portatile.<\/p>\n<p>Prova di trasmissione (frizione, cambio, differenziale, semiassi, semiassi bolle) per danni.<\/p>\n<p>Controllo dei sistemi elettronici del veicolo: interruttori alzacristalli, serrature elettromagnetiche. Ruote &#8211; pneumatici: ispezione visiva dei pneumatici.<br \/>\nProva di frenata: il corretto funzionamento dell&#8217;impianto frenante (freni) viene verificato con l&#8217;ausilio di moderne attrezzature. Diagnostica del cervello del motore basata sui protocolli OBD2\/E-OBD per qualsiasi danno registrato al cervello dell&#8217;auto.<\/p>\n<p>Revisione carrozzeria e telaio. Controllo della batteria: vengono utilizzate batterie di ricambio di alta qualit\u00e0. Controllo della luce: i fari regolati in modo improprio rappresentano un pericolo non solo per il conducente ma anche per gli altri utenti della strada. Non solo non forniscono un&#8217;illuminazione adeguata, ma possono persino &#8220;accecare&#8221; i conducenti di veicoli che si muovono nell&#8217;altro flusso di traffico.<\/p>\n<p>Investiamo quotidianamente nel know-how del nostro personale, nonch\u00e9 nell&#8217;esistenza delle attrezzature meccaniche necessarie per effettuare il controllo di qualit\u00e0 pi\u00f9 elevato nel noleggio auto.<\/p>\n<\/div><div class=\"modal-footer\"><button class=\"fusion-button button-default button-medium button default medium\" type=\"button\" data-dismiss=\"modal\">Close<\/button><\/div><\/div><\/div><\/div><div class=\"fusion-separator fusion-full-width-sep\" style=\"align-self: center;margin-left: auto;margin-right: auto;margin-top:20px;width:100%;\"><div class=\"fusion-separator-border sep-double\" style=\"--awb-height:20px;--awb-amount:20px;border-color:#e2e2e2;border-top-width:1px;border-bottom-width:1px;\"><\/div><\/div><div style=\"text-align:center;\"><a class=\"fusion-button button-flat fusion-button-default-size button-default fusion-button-default button-1 fusion-button-default-span fusion-button-default-type\" style=\"--button-border-radius-top-left:0;--button-border-radius-top-right:0;--button-border-radius-bottom-right:0;--button-border-radius-bottom-left:0;--button_margin-top:20px;--button_margin-right:20px;--button_margin-bottom:20px;--button_margin-left:20px;\" target=\"_self\" href=\"#\" data-toggle=\"modal\" data-target=\".fusion-modal.eleghos\"><span class=\"fusion-button-text awb-button__text awb-button__text--default\">Controllo auto a noleggio da parte di tecnici specializzati<\/span><\/a><\/div><\/div><\/div><div class=\"fusion-layout-column fusion_builder_column fusion-builder-column-13 fusion_builder_column_1_3 1_3 fusion-flex-column\" style=\"--awb-bg-size:cover;--awb-width-large:33.333333333333%;--awb-margin-top-large:0px;--awb-spacing-right-large:5.76%;--awb-margin-bottom-large:20px;--awb-spacing-left-large:5.76%;--awb-width-medium:33.333333333333%;--awb-order-medium:0;--awb-spacing-right-medium:5.76%;--awb-spacing-left-medium:5.76%;--awb-width-small:100%;--awb-order-small:0;--awb-spacing-right-small:1.92%;--awb-spacing-left-small:1.92%;\"><div class=\"fusion-column-wrapper fusion-column-has-shadow fusion-flex-justify-content-flex-start fusion-content-layout-column\"><div class=\"fusion-separator fusion-full-width-sep\" style=\"align-self: center;margin-left: auto;margin-right: auto;margin-top:40px;width:100%;\"><div class=\"fusion-separator-border sep-double\" style=\"--awb-height:20px;--awb-amount:20px;border-color:#e2e2e2;border-top-width:1px;border-bottom-width:1px;\"><\/div><\/div><div class=\"fusion-image-element \" style=\"text-align:center;--awb-bottom-shadow-color:rgba(0,0,0,0.4);--awb-caption-title-font-family:var(--h2_typography-font-family);--awb-caption-title-font-weight:var(--h2_typography-font-weight);--awb-caption-title-font-style:var(--h2_typography-font-style);--awb-caption-title-size:var(--h2_typography-font-size);--awb-caption-title-transform:var(--h2_typography-text-transform);--awb-caption-title-line-height:var(--h2_typography-line-height);--awb-caption-title-letter-spacing:var(--h2_typography-letter-spacing);\"><div class=\"awb-image-frame awb-image-frame-8 awb-bottomshadow\"><span class=\" fusion-imageframe imageframe-bottomshadow imageframe-8 hover-type-none\"><img decoding=\"async\" width=\"400\" height=\"182\" title=\"MISURE DI PREVENZIONE PER IL COVID 19\" src=\"https:\/\/www.i-rentacar.com\/wp-content\/uploads\/2022\/12\/MISURE-DI-PREVENZIONE-PER-IL-COVID-19.png\" data-orig-src=\"https:\/\/www.i-rentacar.com\/wp-content\/uploads\/2022\/12\/MISURE-DI-PREVENZIONE-PER-IL-COVID-19.png\" alt class=\"lazyload img-responsive wp-image-7646\" srcset=\"data:image\/svg+xml,%3Csvg%20xmlns%3D%27http%3A%2F%2Fwww.w3.org%2F2000%2Fsvg%27%20width%3D%27400%27%20height%3D%27182%27%20viewBox%3D%270%200%20400%20182%27%3E%3Crect%20width%3D%27400%27%20height%3D%27182%27%20fill-opacity%3D%220%22%2F%3E%3C%2Fsvg%3E\" data-srcset=\"https:\/\/www.i-rentacar.com\/wp-content\/uploads\/2022\/12\/MISURE-DI-PREVENZIONE-PER-IL-COVID-19-200x91.png 200w, https:\/\/www.i-rentacar.com\/wp-content\/uploads\/2022\/12\/MISURE-DI-PREVENZIONE-PER-IL-COVID-19.png 400w\" data-sizes=\"auto\" data-orig-sizes=\"(max-width: 640px) 100vw, 400px\" \/><\/span><svg xmlns=\"http:\/\/www.w3.org\/2000\/svg\" version=\"1.1\" width=\"100%\" viewBox=\"0 0 600 28\" preserveAspectRatio=\"none\"><g clip-path=\"url(#a)\"><mask id=\"b\" style=\"mask-type:luminance\" maskUnits=\"userSpaceOnUse\" x=\"0\" y=\"0\" width=\"600\" height=\"28\"><path d=\"M0 0h600v28H0V0Z\" fill=\"#fff\"\/><\/mask><g filter=\"url(#c)\" mask=\"url(#b)\"><path d=\"M16.439-18.667h567.123v30.8S438.961-8.4 300-8.4C161.04-8.4 16.438 12.133 16.438 12.133v-30.8Z\" fill=\"#000\"\/><\/g><\/g><defs><clipPath id=\"a\"><path fill=\"#fff\" d=\"M0 0h600v28H0z\"\/><\/clipPath><filter id=\"c\" x=\"5.438\" y=\"-29.667\" width=\"589.123\" height=\"52.8\" filterUnits=\"userSpaceOnUse\" color-interpolation-filters=\"sRGB\"><feFlood flood-opacity=\"0\" result=\"BackgroundImageFix\"\/><feBlend in=\"SourceGraphic\" in2=\"BackgroundImageFix\" result=\"shape\"\/><feGaussianBlur stdDeviation=\"5.5\" result=\"effect1_foregroundBlur_3983_183\"\/><\/filter><\/defs><\/svg><\/div><\/div><div class=\"fusion-modal modal fade modal-2 covid\" tabindex=\"-1\" role=\"dialog\" aria-labelledby=\"modal-heading-2\" aria-hidden=\"true\" style=\"--awb-border-color:#ffffff;--awb-background:#ffffff;\"><div class=\"modal-dialog modal-lg\" role=\"document\"><div class=\"modal-content fusion-modal-content\"><div class=\"modal-header\"><button class=\"close\" type=\"button\" data-dismiss=\"modal\" aria-hidden=\"true\" aria-label=\"Close\">&times;<\/button><h3 class=\"modal-title\" id=\"modal-heading-2\" data-dismiss=\"modal\" aria-hidden=\"true\">A proposito del coronavirus<\/h3><\/div><div class=\"modal-body fusion-clearfix\">\n<p><img decoding=\"async\" class=\"lazyload alignnone size-full wp-image-1768\" src=\"https:\/\/www.i-rentacar.com\/wp-content\/uploads\/2021\/08\/covid-metra-profilaxis-i-rent-a-car.jpg\" data-orig-src=\"https:\/\/www.i-rentacar.com\/wp-content\/uploads\/2021\/08\/covid-metra-profilaxis-i-rent-a-car.jpg\" alt=\"misure-covid-precauzioni-i-rent-a-car\" width=\"288\" height=\"151\" srcset=\"data:image\/svg+xml,%3Csvg%20xmlns%3D%27http%3A%2F%2Fwww.w3.org%2F2000%2Fsvg%27%20width%3D%27288%27%20height%3D%27151%27%20viewBox%3D%270%200%20288%20151%27%3E%3Crect%20width%3D%27288%27%20height%3D%27151%27%20fill-opacity%3D%220%22%2F%3E%3C%2Fsvg%3E\" data-srcset=\"https:\/\/www.i-rentacar.com\/wp-content\/uploads\/2021\/08\/covid-metra-profilaxis-i-rent-a-car-200x105.jpg 200w, https:\/\/www.i-rentacar.com\/wp-content\/uploads\/2021\/08\/covid-metra-profilaxis-i-rent-a-car.jpg 288w\" data-sizes=\"auto\" data-orig-sizes=\"(max-width: 288px) 100vw, 288px\" \/><\/p>\n<p>RESTIAMO SICURI<\/p>\n<p>Nell&#8217;attuale fase della pandemia, la nuova vita quotidiana ci porta nuove abitudini necessarie. Il nostro obiettivo \u00e8 soddisfare le tue esigenze e allo stesso tempo prenderci cura di proteggere te e i nostri dipendenti.<\/p>\n<p>Per garantire igiene e protezione dal coronavirus, ci prendiamo cura dell&#8217;ottima pulizia delle nostre auto. Puliamo accuratamente i nostri veicoli con disinfettanti approvati, prima di ogni <strong>autonoleggio<\/strong>.<\/p>\n<p>Per ogni <strong>auto a noleggio<\/strong> che prenoti all&#8217;<strong>aeroporto di Salonicco<\/strong>, abbiamo precedentemente seguito un processo con pi\u00f9 fasi di pulizia e disinfezione.<\/p>\n<\/div><div class=\"modal-footer\"><button class=\"fusion-button button-default button-medium button default medium\" type=\"button\" data-dismiss=\"modal\">Close<\/button><\/div><\/div><\/div><\/div><div class=\"fusion-separator fusion-full-width-sep\" style=\"align-self: center;margin-left: auto;margin-right: auto;margin-top:20px;width:100%;\"><div class=\"fusion-separator-border sep-double\" style=\"--awb-height:20px;--awb-amount:20px;border-color:#e2e2e2;border-top-width:1px;border-bottom-width:1px;\"><\/div><\/div><div style=\"text-align:center;\"><a class=\"fusion-button button-flat fusion-button-default-size button-custom fusion-button-default button-2 fusion-button-default-span fusion-button-default-type\" style=\"--button_accent_color:#ffffff;--button_border_color:#ffffff;--button_accent_hover_color:rgba(247,247,247,0.45);--button_border_hover_color:#606060;--button-border-radius-top-left:0;--button-border-radius-top-right:0;--button-border-radius-bottom-right:0;--button-border-radius-bottom-left:0;--button_gradient_top_color:#465f7d;--button_gradient_bottom_color:#465f7d;--button_gradient_top_color_hover:rgba(70,95,125,0.86);--button_gradient_bottom_color_hover:rgba(70,95,125,0.86);--button_margin-top:20px;--button_margin-right:20px;--button_margin-bottom:20px;--button_margin-left:20px;\" target=\"_self\" href=\"#\" data-toggle=\"modal\" data-target=\".fusion-modal.covid\"><span class=\"fusion-button-text awb-button__text awb-button__text--default\">Informazioni sul coronavirus: precauzioni<\/span><\/a><\/div><\/div><\/div><div class=\"fusion-layout-column fusion_builder_column fusion-builder-column-14 fusion_builder_column_1_3 1_3 fusion-flex-column\" style=\"--awb-bg-size:cover;--awb-width-large:33.333333333333%;--awb-margin-top-large:0px;--awb-spacing-right-large:5.76%;--awb-margin-bottom-large:20px;--awb-spacing-left-large:5.76%;--awb-width-medium:33.333333333333%;--awb-order-medium:0;--awb-spacing-right-medium:5.76%;--awb-spacing-left-medium:5.76%;--awb-width-small:100%;--awb-order-small:0;--awb-spacing-right-small:1.92%;--awb-spacing-left-small:1.92%;\"><div class=\"fusion-column-wrapper fusion-column-has-shadow fusion-flex-justify-content-flex-start fusion-content-layout-column\"><div class=\"fusion-separator fusion-full-width-sep\" style=\"align-self: center;margin-left: auto;margin-right: auto;margin-top:40px;width:100%;\"><div class=\"fusion-separator-border sep-double\" style=\"--awb-height:20px;--awb-amount:20px;border-color:#e2e2e2;border-top-width:1px;border-bottom-width:1px;\"><\/div><\/div><div class=\"fusion-image-element \" style=\"text-align:center;--awb-bottom-shadow-color:rgba(0,0,0,0.4);--awb-caption-title-font-family:var(--h2_typography-font-family);--awb-caption-title-font-weight:var(--h2_typography-font-weight);--awb-caption-title-font-style:var(--h2_typography-font-style);--awb-caption-title-size:var(--h2_typography-font-size);--awb-caption-title-transform:var(--h2_typography-text-transform);--awb-caption-title-line-height:var(--h2_typography-line-height);--awb-caption-title-letter-spacing:var(--h2_typography-letter-spacing);\"><div class=\"awb-image-frame awb-image-frame-9 awb-bottomshadow\"><span class=\" fusion-imageframe imageframe-bottomshadow imageframe-9 hover-type-none\"><img decoding=\"async\" width=\"400\" height=\"182\" title=\"RICEZIONE E CONSEGNA IMMEDIATA\" src=\"https:\/\/www.i-rentacar.com\/wp-content\/uploads\/2022\/12\/RICEZIONE-E-CONSEGNA-IMMEDIATA.png\" data-orig-src=\"https:\/\/www.i-rentacar.com\/wp-content\/uploads\/2022\/12\/RICEZIONE-E-CONSEGNA-IMMEDIATA.png\" alt class=\"lazyload img-responsive wp-image-7651\" srcset=\"data:image\/svg+xml,%3Csvg%20xmlns%3D%27http%3A%2F%2Fwww.w3.org%2F2000%2Fsvg%27%20width%3D%27400%27%20height%3D%27182%27%20viewBox%3D%270%200%20400%20182%27%3E%3Crect%20width%3D%27400%27%20height%3D%27182%27%20fill-opacity%3D%220%22%2F%3E%3C%2Fsvg%3E\" data-srcset=\"https:\/\/www.i-rentacar.com\/wp-content\/uploads\/2022\/12\/RICEZIONE-E-CONSEGNA-IMMEDIATA-200x91.png 200w, https:\/\/www.i-rentacar.com\/wp-content\/uploads\/2022\/12\/RICEZIONE-E-CONSEGNA-IMMEDIATA.png 400w\" data-sizes=\"auto\" data-orig-sizes=\"(max-width: 640px) 100vw, 400px\" \/><\/span><svg xmlns=\"http:\/\/www.w3.org\/2000\/svg\" version=\"1.1\" width=\"100%\" viewBox=\"0 0 600 28\" preserveAspectRatio=\"none\"><g clip-path=\"url(#a)\"><mask id=\"b\" style=\"mask-type:luminance\" maskUnits=\"userSpaceOnUse\" x=\"0\" y=\"0\" width=\"600\" height=\"28\"><path d=\"M0 0h600v28H0V0Z\" fill=\"#fff\"\/><\/mask><g filter=\"url(#c)\" mask=\"url(#b)\"><path d=\"M16.439-18.667h567.123v30.8S438.961-8.4 300-8.4C161.04-8.4 16.438 12.133 16.438 12.133v-30.8Z\" fill=\"#000\"\/><\/g><\/g><defs><clipPath id=\"a\"><path fill=\"#fff\" d=\"M0 0h600v28H0z\"\/><\/clipPath><filter id=\"c\" x=\"5.438\" y=\"-29.667\" width=\"589.123\" height=\"52.8\" filterUnits=\"userSpaceOnUse\" color-interpolation-filters=\"sRGB\"><feFlood flood-opacity=\"0\" result=\"BackgroundImageFix\"\/><feBlend in=\"SourceGraphic\" in2=\"BackgroundImageFix\" result=\"shape\"\/><feGaussianBlur stdDeviation=\"5.5\" result=\"effect1_foregroundBlur_3983_183\"\/><\/filter><\/defs><\/svg><\/div><\/div><div class=\"fusion-modal modal fade modal-3 paradosi\" tabindex=\"-1\" role=\"dialog\" aria-labelledby=\"modal-heading-3\" aria-hidden=\"true\" style=\"--awb-border-color:#ffffff;--awb-background:#ffffff;\"><div class=\"modal-dialog modal-lg\" role=\"document\"><div class=\"modal-content fusion-modal-content\"><div class=\"modal-header\"><button class=\"close\" type=\"button\" data-dismiss=\"modal\" aria-hidden=\"true\" aria-label=\"Close\">&times;<\/button><h3 class=\"modal-title\" id=\"modal-heading-3\" data-dismiss=\"modal\" aria-hidden=\"true\">Consegna e ritiro dell'auto a noleggio nel luogo desiderato<\/h3><\/div><div class=\"modal-body fusion-clearfix\">\n<p><img decoding=\"async\" class=\"lazyload alignnone size-full wp-image-1772\" src=\"https:\/\/www.i-rentacar.com\/wp-content\/uploads\/2021\/08\/paradosi-paralavi-i-rent-a-car-1.jpg\" data-orig-src=\"https:\/\/www.i-rentacar.com\/wp-content\/uploads\/2021\/08\/paradosi-paralavi-i-rent-a-car-1.jpg\" alt=\"consegna-ritito-i-rent-a-car-1\" width=\"288\" height=\"192\" srcset=\"data:image\/svg+xml,%3Csvg%20xmlns%3D%27http%3A%2F%2Fwww.w3.org%2F2000%2Fsvg%27%20width%3D%27288%27%20height%3D%27192%27%20viewBox%3D%270%200%20288%20192%27%3E%3Crect%20width%3D%27288%27%20height%3D%27192%27%20fill-opacity%3D%220%22%2F%3E%3C%2Fsvg%3E\" data-srcset=\"https:\/\/www.i-rentacar.com\/wp-content\/uploads\/2021\/08\/paradosi-paralavi-i-rent-a-car-1-200x133.jpg 200w, https:\/\/www.i-rentacar.com\/wp-content\/uploads\/2021\/08\/paradosi-paralavi-i-rent-a-car-1.jpg 288w\" data-sizes=\"auto\" data-orig-sizes=\"(max-width: 288px) 100vw, 288px\" \/><\/p>\n<p>\u039c\u03b5 \u03c4\u03b7\u03bd <strong>autonoleggio oppure mini van 7 e 9 posti, jeep, suv 4&#215;4, combi caravan, station wagon<\/strong> i-rentacar offre il servizio di <a href=\"https:\/\/www.i-rentacar.com\/it\/punti-di-ritiro-e-consegna\/\">ritiro e riconsegna<\/a> presso le seguenti localit\u00e0:<br \/>\n\u2022 <a href=\"https:\/\/www.google.com\/maps\/place\/%CE%94%CE%B9%CE%B5%CE%B8%CE%BD%CE%AE%CF%82+%CE%9A%CF%81%CE%B1%CF%84%CE%B9%CE%BA%CF%8C%CF%82+%CE%91%CE%B5%CF%81%CE%BF%CE%BB%CE%B9%CE%BC%CE%AD%CE%BD%CE%B1%CF%82+%CE%98%CE%B5%CF%83%CF%83%CE%B1%CE%BB%CE%BF%CE%BD%CE%AF%CE%BA%CE%B7%CF%82+%CE%9C%CE%B1%CE%BA%CE%B5%CE%B4%CE%BF%CE%BD%CE%AF%CE%B1\/@40.5131775,22.9267974,13z\/data=!4m5!3m4!1s0x14a83fdc5465de29:0x7d30fcf00959c0dc!8m2!3d40.5204227!4d22.9716758?hl=el\">SALONICCO AEROPORTO DI MACEDONIA<\/a><br \/>\n\u2022 <a href=\"https:\/\/www.google.com\/maps\/place\/%CE%9A%CE%A4%CE%95%CE%9B+%CE%A7%CE%B1%CE%BB%CE%BA%CE%B9%CE%B4%CE%B9%CE%BA%CE%AE%CF%82+%CE%A3%CF%84%CE%B1%CE%B8%CE%BC%CF%8C%CF%82+%CE%98%CE%B5%CF%83%CF%83%CE%B1%CE%BB%CE%BF%CE%BD%CE%AF%CE%BA%CE%B7%CF%82\/@40.5751448,22.9818199,17z\/data=!3m1!4b1!4m5!3m4!1s0x14a83f46a19a65f9:0x3a837f7f89c79fbd!8m2!3d40.5751123!4d22.9840286?hl=el\">SALONICCO KTEL HALKIDIKI <\/a><br \/>\n\u2022 <a href=\"https:\/\/www.google.com\/maps\/place\/%CE%A0%CE%BB%CE%B1%CF%84%CE%B5%CE%AF%CE%B1+%CE%91%CF%81%CE%B9%CF%83%CF%84%CE%BF%CF%84%CE%AD%CE%BB%CE%BF%CF%85%CF%82\/@40.6286625,22.9424218,15z\/data=!4m13!1m7!3m6!1s0x14a838f41428e0ed:0x9bae715b8d574a9!2zzpjOtc-Dz4POsc67zr_Ovc6vzrrOtw!3b1!8m2!3d40.6400629!4d22.9444191!3m4!1s0x14a8390885a99cbd:0xe39e3d18ec8160ab!8m2!3d40.6323456!4d22.9408366\">CENTRO SALONICCO<\/a><br \/>\n\u2022 <a href=\"https:\/\/www.google.com\/maps\/search\/%CE%98%CE%95%CE%A3%CE%A3%CE%91%CE%9B%CE%9F%CE%9D%CE%99%CE%9A%CE%97+%CE%9E%CE%95%CE%9D%CE%9F%CE%94%CE%9F%CE%A7%CE%95%CE%99%CE%91\/@40.5946312,22.884334,12z\">SALONICCO HOTEL<\/a><br \/>\n<a href=\"https:\/\/www.google.com\/maps\/place\/%CE%A0%CF%81%CE%BF%CE%B2%CE%BB%CE%AE%CF%84%CE%B1%CF%82+1,+%CE%9F%CE%9B%CE%98\/@40.619977,22.9341763,14z\/data=!4m19!1m13!4m12!1m4!2m2!1d22.9670912!2d40.599989!4e1!1m6!1m2!1s0x14a839095f78ade1:0xd6e9b1b829d6dec7!2zzpjOlc6jzqPOkc6bzp_Onc6ZzprOlyDOm86ZzpzOkc6dzpkgKM6fzpvOmCk!2m2!1d22.9360408!2d40.6331557!3m4!1s0x14a839095f78ade1:0xd6e9b1b829d6dec7!8m2!3d40.6331557!4d22.9360408\">\u2022 SALONICCO PORT (\u039f\u039b\u0398)<\/a><br \/>\n\u2022<a href=\"https:\/\/www.google.com\/maps\/place\/%CE%98%CE%B5%CF%83%CF%83%CE%B1%CE%BB%CE%BF%CE%BD%CE%AF%CE%BA%CE%B7\/@40.6452159,22.9285301,17z\/data=!4m5!3m4!1s0x0:0xad191494c40ba86f!8m2!3d40.64441!4d22.92978\">STAZIONE FERROVIARIA DI SALONICCO OSE<\/a><br \/>\n\u2022 <a href=\"https:\/\/www.google.com\/maps\/place\/%CE%A5%CF%80%CE%B5%CF%81%CE%B1%CF%83%CF%84%CE%B9%CE%BA%CF%8C%CF%82+%CE%A3%CF%84%CE%B1%CE%B8%CE%BC%CF%8C%CF%82+%CE%9A.%CE%A4.%CE%95.%CE%9B.+%CE%9C%CE%B1%CE%BA%CE%B5%CE%B4%CE%BF%CE%BD%CE%AF%CE%B1\/@40.654674,22.902305,15z\/data=!4m5!3m4!1s0x0:0xd6f3328501d6923!8m2!3d40.654674!4d22.902305\">SALONICCO KTEL MACEDONIA<\/a><br \/>\n\u2022<a href=\"https:\/\/www.google.com\/maps\/place\/%CE%98%CE%B5%CF%83%CF%83%CE%B1%CE%BB%CE%BF%CE%BD%CE%AF%CE%BA%CE%B7\/@40.6211872,22.9110078,13z\/data=!3m1!4b1!4m5!3m4!1s0x14a838f41428e0ed:0x9bae715b8d574a9!8m2!3d40.6400629!4d22.9444191\"> SEDE DEL CLIENTE<\/a><br \/>\n\u2022 SEDE DELL&#8217; AGENZIA I RENT A CAR<\/p>\n<p>Offriamo ricevuta di consegna nel luogo desiderato. Dicci in quale localit\u00e0 desideri ritirare la tua auto a noleggio e noi ci assicuriamo di consegnartela immediatamente nel giorno e all&#8217;ora che preferisci.<\/p>\n<\/div><div class=\"modal-footer\"><button class=\"fusion-button button-default button-medium button default medium\" type=\"button\" data-dismiss=\"modal\">Close<\/button><\/div><\/div><\/div><\/div><div class=\"fusion-separator fusion-full-width-sep\" style=\"align-self: center;margin-left: auto;margin-right: auto;margin-top:20px;width:100%;\"><div class=\"fusion-separator-border sep-double\" style=\"--awb-height:20px;--awb-amount:20px;border-color:#e2e2e2;border-top-width:1px;border-bottom-width:1px;\"><\/div><\/div><div style=\"text-align:center;\"><a class=\"fusion-button button-flat fusion-button-default-size button-custom fusion-button-default button-3 fusion-button-default-span fusion-button-default-type fusion-has-button-gradient\" style=\"--button_accent_color:#ffffff;--button_border_color:#ffffff;--button_accent_hover_color:rgba(247,247,247,0.45);--button_border_hover_color:#606060;--button-border-radius-top-left:0;--button-border-radius-top-right:0;--button-border-radius-bottom-right:0;--button-border-radius-bottom-left:0;--button_gradient_top_color:#b3b200;--button_gradient_bottom_color:#b3b200;--button_gradient_top_color_hover:rgba(179,178,0,0.82);--button_gradient_bottom_color_hover:#b3b200;--button_margin-top:20px;--button_margin-right:20px;--button_margin-bottom:20px;--button_margin-left:20px;\" target=\"_self\" title=\"consegna e ritiro irentacar\" aria-label=\"consegna e ritiro irentacar\" href=\"#\" data-toggle=\"modal\" data-target=\".fusion-modal.paradosi\"><span class=\"fusion-button-text awb-button__text awb-button__text--default\">Consegna e ritiro dell&#8217; auto a noleggio<\/span><\/a><\/div><\/div><\/div><div class=\"fusion-layout-column fusion_builder_column fusion-builder-column-15 fusion_builder_column_1_1 1_1 fusion-flex-column\" style=\"--awb-bg-size:cover;--awb-width-large:100%;--awb-margin-top-large:0px;--awb-spacing-right-large:1.92%;--awb-margin-bottom-large:20px;--awb-spacing-left-large:1.92%;--awb-width-medium:100%;--awb-order-medium:0;--awb-spacing-right-medium:1.92%;--awb-spacing-left-medium:1.92%;--awb-width-small:100%;--awb-order-small:0;--awb-spacing-right-small:1.92%;--awb-spacing-left-small:1.92%;\"><div class=\"fusion-column-wrapper fusion-column-has-shadow fusion-flex-justify-content-flex-start fusion-content-layout-column\"><\/div><\/div><\/div><\/div><div class=\"fusion-fullwidth fullwidth-box fusion-builder-row-7 fusion-flex-container has-pattern-background has-mask-background nonhundred-percent-fullwidth non-hundred-percent-height-scrolling\" style=\"--awb-border-radius-top-left:0px;--awb-border-radius-top-right:0px;--awb-border-radius-bottom-right:0px;--awb-border-radius-bottom-left:0px;--awb-background-color:#f44336;--awb-flex-wrap:wrap;\" ><div class=\"fusion-builder-row fusion-row fusion-flex-align-items-flex-start fusion-flex-content-wrap\" style=\"max-width:1300px;margin-left: calc(-4% \/ 2 );margin-right: calc(-4% \/ 2 );\"><div class=\"fusion-layout-column fusion_builder_column fusion-builder-column-16 fusion_builder_column_1_1 1_1 fusion-flex-column fusion-column-inner-bg-wrapper\" style=\"--awb-inner-bg-size:cover;--awb-width-large:100%;--awb-margin-top-large:0px;--awb-spacing-right-large:1.92%;--awb-margin-bottom-large:20px;--awb-spacing-left-large:1.92%;--awb-width-medium:100%;--awb-order-medium:0;--awb-spacing-right-medium:1.92%;--awb-spacing-left-medium:1.92%;--awb-width-small:100%;--awb-order-small:0;--awb-spacing-right-small:1.92%;--awb-spacing-left-small:1.92%;\"><span class=\"fusion-column-inner-bg hover-type-none\"><a class=\"fusion-column-anchor\" href=\"https:\/\/www.i-rentacar.com\/it\/autonoleggio-di-lusso-a-salonicco\/\"><span class=\"fusion-column-inner-bg-image\"><\/span><\/a><\/span><div class=\"fusion-column-wrapper fusion-column-has-shadow fusion-flex-justify-content-flex-start fusion-content-layout-column\"><div class=\"fusion-title title fusion-title-3 fusion-sep-none fusion-title-center fusion-title-text fusion-title-size-one\" style=\"--awb-sep-color:#dddddd;\"><h1 class=\"fusion-title-heading title-heading-center\" style=\"margin:0;text-shadow:2px #d8d8d8;\"><h1 style=\"text-align: center;\"><span style=\"color: #ffffff;\">Punti di consegna\/ritiro auto<\/span><\/h1><\/h1><\/div><\/div><\/div><\/div><\/div><div class=\"fusion-fullwidth fullwidth-box fusion-builder-row-8 fusion-flex-container nonhundred-percent-fullwidth non-hundred-percent-height-scrolling\" style=\"--awb-border-radius-top-left:0px;--awb-border-radius-top-right:0px;--awb-border-radius-bottom-right:0px;--awb-border-radius-bottom-left:0px;--awb-padding-top:28px;--awb-background-color:#ffffff;--awb-flex-wrap:wrap;\" ><div class=\"fusion-builder-row fusion-row fusion-flex-align-items-flex-start fusion-flex-content-wrap\" style=\"max-width:1300px;margin-left: calc(-4% \/ 2 );margin-right: calc(-4% \/ 2 );\"><div class=\"fusion-layout-column fusion_builder_column fusion-builder-column-17 fusion_builder_column_1_3 1_3 fusion-flex-column\" style=\"--awb-bg-size:cover;--awb-width-large:33.333333333333%;--awb-margin-top-large:0px;--awb-spacing-right-large:5.76%;--awb-margin-bottom-large:20px;--awb-spacing-left-large:5.76%;--awb-width-medium:33.333333333333%;--awb-order-medium:0;--awb-spacing-right-medium:5.76%;--awb-spacing-left-medium:5.76%;--awb-width-small:100%;--awb-order-small:0;--awb-spacing-right-small:1.92%;--awb-spacing-left-small:1.92%;\"><div class=\"fusion-column-wrapper fusion-column-has-shadow fusion-flex-justify-content-flex-start fusion-content-layout-column\"><div class=\"fusion-image-element \" style=\"--awb-caption-title-font-family:var(--h2_typography-font-family);--awb-caption-title-font-weight:var(--h2_typography-font-weight);--awb-caption-title-font-style:var(--h2_typography-font-style);--awb-caption-title-size:var(--h2_typography-font-size);--awb-caption-title-transform:var(--h2_typography-text-transform);--awb-caption-title-line-height:var(--h2_typography-line-height);--awb-caption-title-letter-spacing:var(--h2_typography-letter-spacing);\"><span class=\" fusion-imageframe imageframe-none imageframe-10 hover-type-none\"><a class=\"fusion-no-lightbox\" href=\"https:\/\/www.i-rentacar.com\/it\/noleggio-auto-allaeroporto-di-salonicco\/\" target=\"_blank\" aria-label=\"\u03b1\u03b5\u03c1\u03bf\u03b4\u03c1\u03bf\u03bc\u03b9\u03bf\" rel=\"noopener noreferrer\"><img decoding=\"async\" width=\"600\" height=\"300\" alt=\"\u0395\u03bd\u03bf\u03b9\u03ba\u03af\u03b1\u03c3\u03b7 \u03b1\u03c5\u03c4\u03bf\u03ba\u03b9\u03bd\u03ae\u03c4\u03bf\u03c5 \u0391\u03b5\u03c1\u03bf\u03b4\u03c1\u03cc\u03bc\u03b9\u03bf \u0398\u03b5\u03c3\u03c3\u03b1\u03bb\u03bf\u03bd\u03af\u03ba\u03b7\u03c2\" src=\"https:\/\/www.i-rentacar.com\/wp-content\/uploads\/2024\/12\/\u03b1\u03b5\u03c1\u03bf\u03b4\u03c1\u03bf\u03bc\u03b9\u03bf.jpg\" data-orig-src=\"https:\/\/www.i-rentacar.com\/wp-content\/uploads\/2024\/12\/\u03b1\u03b5\u03c1\u03bf\u03b4\u03c1\u03bf\u03bc\u03b9\u03bf.jpg\" class=\"lazyload img-responsive wp-image-8727\" srcset=\"data:image\/svg+xml,%3Csvg%20xmlns%3D%27http%3A%2F%2Fwww.w3.org%2F2000%2Fsvg%27%20width%3D%27600%27%20height%3D%27300%27%20viewBox%3D%270%200%20600%20300%27%3E%3Crect%20width%3D%27600%27%20height%3D%27300%27%20fill-opacity%3D%220%22%2F%3E%3C%2Fsvg%3E\" data-srcset=\"https:\/\/www.i-rentacar.com\/wp-content\/uploads\/2024\/12\/\u03b1\u03b5\u03c1\u03bf\u03b4\u03c1\u03bf\u03bc\u03b9\u03bf-200x100.jpg 200w, https:\/\/www.i-rentacar.com\/wp-content\/uploads\/2024\/12\/\u03b1\u03b5\u03c1\u03bf\u03b4\u03c1\u03bf\u03bc\u03b9\u03bf-400x200.jpg 400w, https:\/\/www.i-rentacar.com\/wp-content\/uploads\/2024\/12\/\u03b1\u03b5\u03c1\u03bf\u03b4\u03c1\u03bf\u03bc\u03b9\u03bf.jpg 600w\" data-sizes=\"auto\" data-orig-sizes=\"(max-width: 640px) 100vw, 400px\" \/><\/a><\/span><\/div><div class=\"fusion-text fusion-text-5\"><h2 style=\"text-align: center; font-size: 20px;\"><strong>AEROPORTO SALONICCO<\/strong><\/h2>\n<\/div><\/div><\/div><div class=\"fusion-layout-column fusion_builder_column fusion-builder-column-18 fusion_builder_column_1_3 1_3 fusion-flex-column\" style=\"--awb-bg-size:cover;--awb-width-large:33.333333333333%;--awb-margin-top-large:0px;--awb-spacing-right-large:5.76%;--awb-margin-bottom-large:20px;--awb-spacing-left-large:5.76%;--awb-width-medium:33.333333333333%;--awb-order-medium:0;--awb-spacing-right-medium:5.76%;--awb-spacing-left-medium:5.76%;--awb-width-small:100%;--awb-order-small:0;--awb-spacing-right-small:1.92%;--awb-spacing-left-small:1.92%;\"><div class=\"fusion-column-wrapper fusion-column-has-shadow fusion-flex-justify-content-flex-start fusion-content-layout-column\"><div class=\"fusion-image-element \" style=\"--awb-caption-title-font-family:var(--h2_typography-font-family);--awb-caption-title-font-weight:var(--h2_typography-font-weight);--awb-caption-title-font-style:var(--h2_typography-font-style);--awb-caption-title-size:var(--h2_typography-font-size);--awb-caption-title-transform:var(--h2_typography-text-transform);--awb-caption-title-line-height:var(--h2_typography-line-height);--awb-caption-title-letter-spacing:var(--h2_typography-letter-spacing);\"><span class=\" fusion-imageframe imageframe-none imageframe-11 hover-type-none\"><a class=\"fusion-no-lightbox\" href=\"https:\/\/www.i-rentacar.com\/it\/centro-di-noleggio-auto-di-salonicco\/\" target=\"_blank\" aria-label=\"\u03c9\u03b12\" rel=\"noopener noreferrer\"><img decoding=\"async\" width=\"600\" height=\"300\" alt=\"\u0395\u03bd\u03bf\u03b9\u03ba\u03af\u03b1\u03c3\u03b7 \u03b1\u03c5\u03c4\u03bf\u03ba\u03b9\u03bd\u03ae\u03c4\u03bf\u03c5 \u03c3\u03c4\u03bf \u039a\u03ad\u03bd\u03c4\u03c1\u03bf \u03c4\u03b7\u03c2 \u0398\u03b5\u03c3\u03c3\u03b1\u03bb\u03bf\u03bd\u03af\u03ba\u03b7\u03c2\" src=\"https:\/\/www.i-rentacar.com\/wp-content\/uploads\/2024\/12\/\u03c9\u03b12.jpg\" data-orig-src=\"https:\/\/www.i-rentacar.com\/wp-content\/uploads\/2024\/12\/\u03c9\u03b12.jpg\" class=\"lazyload img-responsive wp-image-8732\" srcset=\"data:image\/svg+xml,%3Csvg%20xmlns%3D%27http%3A%2F%2Fwww.w3.org%2F2000%2Fsvg%27%20width%3D%27600%27%20height%3D%27300%27%20viewBox%3D%270%200%20600%20300%27%3E%3Crect%20width%3D%27600%27%20height%3D%27300%27%20fill-opacity%3D%220%22%2F%3E%3C%2Fsvg%3E\" data-srcset=\"https:\/\/www.i-rentacar.com\/wp-content\/uploads\/2024\/12\/\u03c9\u03b12-200x100.jpg 200w, https:\/\/www.i-rentacar.com\/wp-content\/uploads\/2024\/12\/\u03c9\u03b12-400x200.jpg 400w, https:\/\/www.i-rentacar.com\/wp-content\/uploads\/2024\/12\/\u03c9\u03b12.jpg 600w\" data-sizes=\"auto\" data-orig-sizes=\"(max-width: 640px) 100vw, 400px\" \/><\/a><\/span><\/div><div class=\"fusion-text fusion-text-6\"><h2 style=\"text-align: center; font-size: 20px;\"><strong>ANGELAKI 13<\/strong><\/h2>\n<\/div><\/div><\/div><div class=\"fusion-layout-column fusion_builder_column fusion-builder-column-19 fusion_builder_column_1_3 1_3 fusion-flex-column\" style=\"--awb-bg-size:cover;--awb-width-large:33.333333333333%;--awb-margin-top-large:0px;--awb-spacing-right-large:5.76%;--awb-margin-bottom-large:20px;--awb-spacing-left-large:5.76%;--awb-width-medium:33.333333333333%;--awb-order-medium:0;--awb-spacing-right-medium:5.76%;--awb-spacing-left-medium:5.76%;--awb-width-small:100%;--awb-order-small:0;--awb-spacing-right-small:1.92%;--awb-spacing-left-small:1.92%;\"><div class=\"fusion-column-wrapper fusion-column-has-shadow fusion-flex-justify-content-flex-start fusion-content-layout-column\"><div class=\"fusion-image-element \" style=\"--awb-caption-title-font-family:var(--h2_typography-font-family);--awb-caption-title-font-weight:var(--h2_typography-font-weight);--awb-caption-title-font-style:var(--h2_typography-font-style);--awb-caption-title-size:var(--h2_typography-font-size);--awb-caption-title-transform:var(--h2_typography-text-transform);--awb-caption-title-line-height:var(--h2_typography-line-height);--awb-caption-title-letter-spacing:var(--h2_typography-letter-spacing);\"><span class=\" fusion-imageframe imageframe-none imageframe-12 hover-type-none\"><a class=\"fusion-no-lightbox\" href=\"https:\/\/www.i-rentacar.com\/it\/autonoleggio-ktel-macedonia\/\" target=\"_blank\" aria-label=\"\u03ba\u03c4\u03b5\u03bb-\u03bc\u03b1\u03ba\u03b5\u03b4\u03bf\u03bd\u03b9\u03b1\" rel=\"noopener noreferrer\"><img decoding=\"async\" width=\"600\" height=\"300\" alt=\"\u0395\u03bd\u03bf\u03b9\u03ba\u03af\u03b1\u03c3\u03b7 \u03b1\u03c5\u03c4\u03bf\u03ba\u03b9\u03bd\u03ae\u03c4\u03bf\u03c5 \u039a\u03c4\u03b5\u03bb \u039c\u03b1\u03ba\u03b5\u03b4\u03bf\u03bd\u03af\u03b1\" src=\"https:\/\/www.i-rentacar.com\/wp-content\/uploads\/2024\/12\/\u03ba\u03c4\u03b5\u03bb-\u03bc\u03b1\u03ba\u03b5\u03b4\u03bf\u03bd\u03b9\u03b1.jpg\" data-orig-src=\"https:\/\/www.i-rentacar.com\/wp-content\/uploads\/2024\/12\/\u03ba\u03c4\u03b5\u03bb-\u03bc\u03b1\u03ba\u03b5\u03b4\u03bf\u03bd\u03b9\u03b1.jpg\" class=\"lazyload img-responsive wp-image-8737\" srcset=\"data:image\/svg+xml,%3Csvg%20xmlns%3D%27http%3A%2F%2Fwww.w3.org%2F2000%2Fsvg%27%20width%3D%27600%27%20height%3D%27300%27%20viewBox%3D%270%200%20600%20300%27%3E%3Crect%20width%3D%27600%27%20height%3D%27300%27%20fill-opacity%3D%220%22%2F%3E%3C%2Fsvg%3E\" data-srcset=\"https:\/\/www.i-rentacar.com\/wp-content\/uploads\/2024\/12\/\u03ba\u03c4\u03b5\u03bb-\u03bc\u03b1\u03ba\u03b5\u03b4\u03bf\u03bd\u03b9\u03b1-200x100.jpg 200w, https:\/\/www.i-rentacar.com\/wp-content\/uploads\/2024\/12\/\u03ba\u03c4\u03b5\u03bb-\u03bc\u03b1\u03ba\u03b5\u03b4\u03bf\u03bd\u03b9\u03b1-400x200.jpg 400w, https:\/\/www.i-rentacar.com\/wp-content\/uploads\/2024\/12\/\u03ba\u03c4\u03b5\u03bb-\u03bc\u03b1\u03ba\u03b5\u03b4\u03bf\u03bd\u03b9\u03b1.jpg 600w\" data-sizes=\"auto\" data-orig-sizes=\"(max-width: 640px) 100vw, 400px\" \/><\/a><\/span><\/div><div class=\"fusion-text fusion-text-7\"><h2 style=\"text-align: center; font-size: 20px;\"><strong>KTEL MACEDONIA<\/strong><\/h2>\n<\/div><\/div><\/div><div class=\"fusion-layout-column fusion_builder_column fusion-builder-column-20 fusion_builder_column_1_3 1_3 fusion-flex-column\" style=\"--awb-bg-size:cover;--awb-width-large:33.333333333333%;--awb-margin-top-large:0px;--awb-spacing-right-large:5.76%;--awb-margin-bottom-large:20px;--awb-spacing-left-large:5.76%;--awb-width-medium:33.333333333333%;--awb-order-medium:0;--awb-spacing-right-medium:5.76%;--awb-spacing-left-medium:5.76%;--awb-width-small:100%;--awb-order-small:0;--awb-spacing-right-small:1.92%;--awb-spacing-left-small:1.92%;\"><div class=\"fusion-column-wrapper fusion-column-has-shadow fusion-flex-justify-content-flex-start fusion-content-layout-column\"><div class=\"fusion-image-element \" style=\"--awb-caption-title-font-family:var(--h2_typography-font-family);--awb-caption-title-font-weight:var(--h2_typography-font-weight);--awb-caption-title-font-style:var(--h2_typography-font-style);--awb-caption-title-size:var(--h2_typography-font-size);--awb-caption-title-transform:var(--h2_typography-text-transform);--awb-caption-title-line-height:var(--h2_typography-line-height);--awb-caption-title-letter-spacing:var(--h2_typography-letter-spacing);\"><span class=\" fusion-imageframe imageframe-none imageframe-13 hover-type-none\"><a class=\"fusion-no-lightbox\" href=\"https:\/\/www.i-rentacar.com\/it\/autonoleggio-stazione-ferroviaria-di-salonicco\/\" target=\"_blank\" aria-label=\"\u039f\u03a3\u03952\" rel=\"noopener noreferrer\"><img decoding=\"async\" width=\"600\" height=\"300\" alt=\"\u0395\u03bd\u03bf\u03b9\u03ba\u03af\u03b1\u03c3\u03b7 \u03b1\u03c5\u03c4\u03bf\u03ba\u03b9\u03bd\u03ae\u03c4\u03bf\u03c5 \u039f\u03a3\u0395\" src=\"https:\/\/www.i-rentacar.com\/wp-content\/uploads\/2024\/12\/\u039f\u03a3\u03952.jpg\" data-orig-src=\"https:\/\/www.i-rentacar.com\/wp-content\/uploads\/2024\/12\/\u039f\u03a3\u03952.jpg\" class=\"lazyload img-responsive wp-image-8752\" srcset=\"data:image\/svg+xml,%3Csvg%20xmlns%3D%27http%3A%2F%2Fwww.w3.org%2F2000%2Fsvg%27%20width%3D%27600%27%20height%3D%27300%27%20viewBox%3D%270%200%20600%20300%27%3E%3Crect%20width%3D%27600%27%20height%3D%27300%27%20fill-opacity%3D%220%22%2F%3E%3C%2Fsvg%3E\" data-srcset=\"https:\/\/www.i-rentacar.com\/wp-content\/uploads\/2024\/12\/\u039f\u03a3\u03952-200x100.jpg 200w, https:\/\/www.i-rentacar.com\/wp-content\/uploads\/2024\/12\/\u039f\u03a3\u03952-400x200.jpg 400w, https:\/\/www.i-rentacar.com\/wp-content\/uploads\/2024\/12\/\u039f\u03a3\u03952.jpg 600w\" data-sizes=\"auto\" data-orig-sizes=\"(max-width: 640px) 100vw, 400px\" \/><\/a><\/span><\/div><div class=\"fusion-text fusion-text-8\"><h2 style=\"text-align: center; font-size: 20px;\"><strong>STAZIONE FERROVIARIA DI SALONICCO<\/strong><\/h2>\n<\/div><\/div><\/div><div class=\"fusion-layout-column fusion_builder_column fusion-builder-column-21 fusion_builder_column_1_3 1_3 fusion-flex-column\" style=\"--awb-bg-size:cover;--awb-width-large:33.333333333333%;--awb-margin-top-large:0px;--awb-spacing-right-large:5.76%;--awb-margin-bottom-large:20px;--awb-spacing-left-large:5.76%;--awb-width-medium:33.333333333333%;--awb-order-medium:0;--awb-spacing-right-medium:5.76%;--awb-spacing-left-medium:5.76%;--awb-width-small:100%;--awb-order-small:0;--awb-spacing-right-small:1.92%;--awb-spacing-left-small:1.92%;\"><div class=\"fusion-column-wrapper fusion-column-has-shadow fusion-flex-justify-content-flex-start fusion-content-layout-column\"><div class=\"fusion-image-element \" style=\"--awb-caption-title-font-family:var(--h2_typography-font-family);--awb-caption-title-font-weight:var(--h2_typography-font-weight);--awb-caption-title-font-style:var(--h2_typography-font-style);--awb-caption-title-size:var(--h2_typography-font-size);--awb-caption-title-transform:var(--h2_typography-text-transform);--awb-caption-title-line-height:var(--h2_typography-line-height);--awb-caption-title-letter-spacing:var(--h2_typography-letter-spacing);\"><span class=\" fusion-imageframe imageframe-none imageframe-14 hover-type-none\"><a class=\"fusion-no-lightbox\" href=\"https:\/\/www.i-rentacar.com\/it\/noleggio-auto-calcidica-ktel\/\" target=\"_blank\" aria-label=\"\u03ba\u03c4\u03b5\u03bb-\u03c7\u03b1\u03bb\u03ba\u03b9\u03b4\u03b9\u03ba\u03b7\u03c2\" rel=\"noopener noreferrer\"><img decoding=\"async\" width=\"600\" height=\"300\" alt=\"\u0395\u03bd\u03bf\u03b9\u03ba\u03af\u03b1\u03c3\u03b7 \u03b1\u03c5\u03c4\u03bf\u03ba\u03b9\u03bd\u03ae\u03c4\u03bf\u03c5 \u03a7\u03b1\u03bb\u03ba\u03b9\u03b4\u03b9\u03ba\u03ae\u03c2\" src=\"https:\/\/www.i-rentacar.com\/wp-content\/uploads\/2024\/12\/\u03ba\u03c4\u03b5\u03bb-\u03c7\u03b1\u03bb\u03ba\u03b9\u03b4\u03b9\u03ba\u03b7\u03c2.jpg\" data-orig-src=\"https:\/\/www.i-rentacar.com\/wp-content\/uploads\/2024\/12\/\u03ba\u03c4\u03b5\u03bb-\u03c7\u03b1\u03bb\u03ba\u03b9\u03b4\u03b9\u03ba\u03b7\u03c2.jpg\" class=\"lazyload img-responsive wp-image-8757\" srcset=\"data:image\/svg+xml,%3Csvg%20xmlns%3D%27http%3A%2F%2Fwww.w3.org%2F2000%2Fsvg%27%20width%3D%27600%27%20height%3D%27300%27%20viewBox%3D%270%200%20600%20300%27%3E%3Crect%20width%3D%27600%27%20height%3D%27300%27%20fill-opacity%3D%220%22%2F%3E%3C%2Fsvg%3E\" data-srcset=\"https:\/\/www.i-rentacar.com\/wp-content\/uploads\/2024\/12\/\u03ba\u03c4\u03b5\u03bb-\u03c7\u03b1\u03bb\u03ba\u03b9\u03b4\u03b9\u03ba\u03b7\u03c2-200x100.jpg 200w, https:\/\/www.i-rentacar.com\/wp-content\/uploads\/2024\/12\/\u03ba\u03c4\u03b5\u03bb-\u03c7\u03b1\u03bb\u03ba\u03b9\u03b4\u03b9\u03ba\u03b7\u03c2-400x200.jpg 400w, https:\/\/www.i-rentacar.com\/wp-content\/uploads\/2024\/12\/\u03ba\u03c4\u03b5\u03bb-\u03c7\u03b1\u03bb\u03ba\u03b9\u03b4\u03b9\u03ba\u03b7\u03c2.jpg 600w\" data-sizes=\"auto\" data-orig-sizes=\"(max-width: 640px) 100vw, 400px\" \/><\/a><\/span><\/div><div class=\"fusion-text fusion-text-9\"><h2 style=\"text-align: center; font-size: 20px;\"><strong>KTEL CHALKIDIKI<\/strong><\/h2>\n<\/div><\/div><\/div><div class=\"fusion-layout-column fusion_builder_column fusion-builder-column-22 fusion_builder_column_1_3 1_3 fusion-flex-column\" style=\"--awb-bg-size:cover;--awb-width-large:33.333333333333%;--awb-margin-top-large:0px;--awb-spacing-right-large:5.76%;--awb-margin-bottom-large:20px;--awb-spacing-left-large:5.76%;--awb-width-medium:33.333333333333%;--awb-order-medium:0;--awb-spacing-right-medium:5.76%;--awb-spacing-left-medium:5.76%;--awb-width-small:100%;--awb-order-small:0;--awb-spacing-right-small:1.92%;--awb-spacing-left-small:1.92%;\"><div class=\"fusion-column-wrapper fusion-column-has-shadow fusion-flex-justify-content-flex-start fusion-content-layout-column\"><div class=\"fusion-image-element \" style=\"--awb-caption-title-font-family:var(--h2_typography-font-family);--awb-caption-title-font-weight:var(--h2_typography-font-weight);--awb-caption-title-font-style:var(--h2_typography-font-style);--awb-caption-title-size:var(--h2_typography-font-size);--awb-caption-title-transform:var(--h2_typography-text-transform);--awb-caption-title-line-height:var(--h2_typography-line-height);--awb-caption-title-letter-spacing:var(--h2_typography-letter-spacing);\"><span class=\" fusion-imageframe imageframe-none imageframe-15 hover-type-none\"><a class=\"fusion-no-lightbox\" href=\"https:\/\/www.i-rentacar.com\/it\/noleggio-auto-al-porto-di-salonicco\/\" target=\"_blank\" aria-label=\"\u03bb\u03b9\u03bc\u03b1\u03bd\u03b9-\u03bf\u03c3\u03b5\" rel=\"noopener noreferrer\"><img decoding=\"async\" width=\"600\" height=\"300\" alt=\"\u0395\u03bd\u03bf\u03b9\u03ba\u03af\u03b1\u03c3\u03b7 \u03b1\u03c5\u03c4\u03bf\u03ba\u03b9\u03bd\u03ae\u03c4\u03bf\u03c5 \u039b\u03b9\u03bc\u03ac\u03bd\u03b9 \u039f\u03a3\u0395\" src=\"https:\/\/www.i-rentacar.com\/wp-content\/uploads\/2024\/12\/\u03bb\u03b9\u03bc\u03b1\u03bd\u03b9-\u03bf\u03c3\u03b5.jpg\" data-orig-src=\"https:\/\/www.i-rentacar.com\/wp-content\/uploads\/2024\/12\/\u03bb\u03b9\u03bc\u03b1\u03bd\u03b9-\u03bf\u03c3\u03b5.jpg\" class=\"lazyload img-responsive wp-image-8742\" srcset=\"data:image\/svg+xml,%3Csvg%20xmlns%3D%27http%3A%2F%2Fwww.w3.org%2F2000%2Fsvg%27%20width%3D%27600%27%20height%3D%27300%27%20viewBox%3D%270%200%20600%20300%27%3E%3Crect%20width%3D%27600%27%20height%3D%27300%27%20fill-opacity%3D%220%22%2F%3E%3C%2Fsvg%3E\" data-srcset=\"https:\/\/www.i-rentacar.com\/wp-content\/uploads\/2024\/12\/\u03bb\u03b9\u03bc\u03b1\u03bd\u03b9-\u03bf\u03c3\u03b5-200x100.jpg 200w, https:\/\/www.i-rentacar.com\/wp-content\/uploads\/2024\/12\/\u03bb\u03b9\u03bc\u03b1\u03bd\u03b9-\u03bf\u03c3\u03b5-400x200.jpg 400w, https:\/\/www.i-rentacar.com\/wp-content\/uploads\/2024\/12\/\u03bb\u03b9\u03bc\u03b1\u03bd\u03b9-\u03bf\u03c3\u03b5.jpg 600w\" data-sizes=\"auto\" data-orig-sizes=\"(max-width: 640px) 100vw, 400px\" \/><\/a><\/span><\/div><div class=\"fusion-text fusion-text-10\"><h2 style=\"text-align: center; font-size: 20px;\"><strong>PORTO DI SALONICCO<\/strong><\/h2>\n<\/div><\/div><\/div><\/div><\/div><div class=\"fusion-fullwidth fullwidth-box fusion-builder-row-9 fusion-flex-container nonhundred-percent-fullwidth non-hundred-percent-height-scrolling\" style=\"--awb-border-radius-top-left:0px;--awb-border-radius-top-right:0px;--awb-border-radius-bottom-right:0px;--awb-border-radius-bottom-left:0px;--awb-flex-wrap:wrap;\" ><div class=\"fusion-builder-row fusion-row fusion-flex-align-items-flex-start fusion-flex-content-wrap\" style=\"max-width:1300px;margin-left: calc(-4% \/ 2 );margin-right: calc(-4% \/ 2 );\"><div class=\"fusion-layout-column fusion_builder_column fusion-builder-column-23 fusion_builder_column_1_1 1_1 fusion-flex-column fusion-column-inner-bg-wrapper\" style=\"--awb-inner-bg-size:cover;--awb-width-large:100%;--awb-margin-top-large:0px;--awb-spacing-right-large:1.92%;--awb-margin-bottom-large:20px;--awb-spacing-left-large:1.92%;--awb-width-medium:100%;--awb-order-medium:0;--awb-spacing-right-medium:1.92%;--awb-spacing-left-medium:1.92%;--awb-width-small:100%;--awb-order-small:0;--awb-spacing-right-small:1.92%;--awb-spacing-left-small:1.92%;\"><span class=\"fusion-column-inner-bg hover-type-none\"><a class=\"fusion-column-anchor\" href=\"https:\/\/www.i-rentacar.com\/it\/autonoleggio-di-lusso-a-salonicco\/\"><span class=\"fusion-column-inner-bg-image\"><\/span><\/a><\/span><div class=\"fusion-column-wrapper fusion-column-has-shadow fusion-flex-justify-content-flex-start fusion-content-layout-column\"><div class=\"fusion-title title fusion-title-4 fusion-sep-none fusion-title-center fusion-title-text fusion-title-size-one\" style=\"--awb-sep-color:#dddddd;\"><h1 class=\"fusion-title-heading title-heading-center\" style=\"margin:0;text-shadow:2px #d8d8d8;\"><h1 style=\"text-align: center;\"><span style=\"color: #ffffff;\">Autonoleggio di lusso| Mini Van | SUV | 4&#215;4 <\/span><\/h1>\n<h1 style=\"text-align: center;\"><span style=\"color: #ffffff;\">Auto sportive<\/span><\/h1>\n<h1 style=\"text-align: center;\"><\/h1>\n<h4 style=\"margin: 0in; font-family: Calibri; font-size: 11pt; text-align: left;\"><\/h4>\n<h3 style=\"text-align: center;\"><\/h3>\n<h3 style=\"text-align: left;\"><\/h3><\/h1><\/div><\/div><\/div><\/div><\/div><div class=\"fusion-fullwidth fullwidth-box fusion-builder-row-10 fusion-flex-container nonhundred-percent-fullwidth non-hundred-percent-height-scrolling fusion-no-small-visibility fusion-no-medium-visibility\" style=\"--awb-border-radius-top-left:0px;--awb-border-radius-top-right:0px;--awb-border-radius-bottom-right:0px;--awb-border-radius-bottom-left:0px;--awb-min-height:350px;--awb-background-color:#ffffff;--awb-flex-wrap:wrap;\" ><div class=\"fusion-builder-row fusion-row fusion-flex-align-items-flex-start fusion-flex-content-wrap\" style=\"max-width:1300px;margin-left: calc(-4% \/ 2 );margin-right: calc(-4% \/ 2 );\"><div class=\"fusion-layout-column fusion_builder_column fusion-builder-column-24 fusion_builder_column_1_1 1_1 fusion-flex-column\" style=\"--awb-padding-top:75px;--awb-padding-right:75px;--awb-padding-bottom:75px;--awb-padding-left:75px;--awb-bg-position:right center;--awb-bg-size:cover;--awb-width-large:100%;--awb-margin-top-large:15px;--awb-spacing-right-large:1.92%;--awb-margin-bottom-large:20px;--awb-spacing-left-large:50px;--awb-width-medium:100%;--awb-order-medium:0;--awb-spacing-right-medium:1.92%;--awb-spacing-left-medium:50px;--awb-width-small:100%;--awb-order-small:0;--awb-spacing-right-small:1.92%;--awb-spacing-left-small:1.92%;\"><div class=\"fusion-column-wrapper lazyload fusion-column-has-shadow fusion-flex-justify-content-flex-start fusion-content-layout-column fusion-column-has-bg-image\" data-bg-url=\"https:\/\/www.i-rentacar.com\/wp-content\/uploads\/2022\/02\/luxury-cars-33.webp\" data-bg=\"https:\/\/www.i-rentacar.com\/wp-content\/uploads\/2022\/02\/luxury-cars-33.webp\"><div class=\"fusion-text fusion-text-11\" style=\"--awb-content-alignment:left;--awb-font-size:16px;--awb-margin-left:-5%;--awb-text-font-family:&#039;Arial Black&#039;, Gadget, sans-serif;--awb-text-font-style:normal;--awb-text-font-weight:400;\"><p style=\"text-align: left;\">Autonoleggio di lusso a Salonicco<\/p>\n<p>Per motivi professionali | Privati<br \/>\ne per altri motivi importanti &#8230;<\/p>\n<\/div><div style=\"text-align:left;\"><a class=\"fusion-button button-flat fusion-button-default-size button-default fusion-button-default button-4 fusion-button-default-span fusion-button-default-type\" style=\"--button-border-radius-top-left:0;--button-border-radius-top-right:0;--button-border-radius-bottom-right:0;--button-border-radius-bottom-left:0;\" target=\"_self\" title=\"Autonoleggio di lusso a Salonicco\" aria-label=\"Autonoleggio di lusso a Salonicco\" href=\"https:\/\/www.i-rentacar.com\/it\/autonoleggio-di-lusso-a-salonicco\/\"><span class=\"fusion-button-text awb-button__text awb-button__text--default\">Scegli auto<\/span><\/a><\/div><\/div><\/div><\/div><\/div><div class=\"fusion-fullwidth fullwidth-box fusion-builder-row-11 fusion-flex-container nonhundred-percent-fullwidth non-hundred-percent-height-scrolling fusion-no-large-visibility\" style=\"--awb-border-radius-top-left:0px;--awb-border-radius-top-right:0px;--awb-border-radius-bottom-right:0px;--awb-border-radius-bottom-left:0px;--awb-min-height:350px;--awb-background-color:#ffffff;--awb-flex-wrap:wrap;\" ><div class=\"fusion-builder-row fusion-row fusion-flex-align-items-flex-start fusion-flex-content-wrap\" style=\"max-width:1300px;margin-left: calc(-4% \/ 2 );margin-right: calc(-4% \/ 2 );\"><div class=\"fusion-layout-column fusion_builder_column fusion-builder-column-25 fusion_builder_column_1_1 1_1 fusion-flex-column\" style=\"--awb-padding-top:75px;--awb-padding-right:75px;--awb-padding-bottom:75px;--awb-padding-left:75px;--awb-bg-position:left center;--awb-bg-size:cover;--awb-width-large:100%;--awb-margin-top-large:15px;--awb-spacing-right-large:1.92%;--awb-margin-bottom-large:20px;--awb-spacing-left-large:50px;--awb-width-medium:100%;--awb-order-medium:0;--awb-spacing-right-medium:1.92%;--awb-spacing-left-medium:50px;--awb-width-small:100%;--awb-order-small:0;--awb-spacing-right-small:1.92%;--awb-spacing-left-small:1.92%;\"><div class=\"fusion-column-wrapper lazyload fusion-column-has-shadow fusion-flex-justify-content-flex-start fusion-content-layout-column fusion-column-has-bg-image\" data-bg-url=\"https:\/\/www.i-rentacar.com\/wp-content\/uploads\/2022\/02\/Enoikiaseis-luxury-aytokinita-thessaloniki-aerodromio.jpg\" data-bg=\"https:\/\/www.i-rentacar.com\/wp-content\/uploads\/2022\/02\/Enoikiaseis-luxury-aytokinita-thessaloniki-aerodromio.jpg\"><div class=\"fusion-text fusion-text-12 fusion-animated\" style=\"--awb-content-alignment:left;--awb-font-size:16px;--awb-margin-left:-5%;\" data-animationType=\"zoomInLeft\" data-animationDuration=\"0.3\" data-animationOffset=\"top-mid-of-view\"><p style=\"text-align: left;\"><span style=\"color: #000000;\">Trova la macchina che preferisci a Salonicco <\/span><span style=\"color: #000000;\">che pi\u00f9 vi si addice al miglior prezzo possibile. \u0391 <\/span><span style=\"color: #000000;\">Scopri tutti gli sconti e le offerte disponibili.<\/span><\/p>\n<\/div><div ><a class=\"fusion-button button-flat fusion-button-default-size button-default fusion-button-default button-5 fusion-button-default-span fusion-button-default-type\" style=\"--button-border-radius-top-left:0;--button-border-radius-top-right:0;--button-border-radius-bottom-right:0;--button-border-radius-bottom-left:0;\" target=\"_self\" title=\"autonoleggio Salonicco flotta\" aria-label=\"autonoleggio Salonicco flotta\" href=\"https:\/\/www.i-rentacar.com\/it\/flotta-rent-a-car\/\"><span class=\"fusion-button-text awb-button__text awb-button__text--default\">Flotta<\/span><\/a><\/div><\/div><\/div><\/div><\/div><div class=\"fusion-fullwidth fullwidth-box fusion-builder-row-12 fusion-flex-container nonhundred-percent-fullwidth non-hundred-percent-height-scrolling\" style=\"--awb-border-radius-top-left:0px;--awb-border-radius-top-right:0px;--awb-border-radius-bottom-right:0px;--awb-border-radius-bottom-left:0px;--awb-flex-wrap:wrap;\" ><div class=\"fusion-builder-row fusion-row fusion-flex-align-items-flex-start fusion-flex-content-wrap\" style=\"max-width:1300px;margin-left: calc(-4% \/ 2 );margin-right: calc(-4% \/ 2 );\"><div class=\"fusion-layout-column fusion_builder_column fusion-builder-column-26 fusion_builder_column_1_1 1_1 fusion-flex-column\" style=\"--awb-bg-size:cover;--awb-width-large:100%;--awb-margin-top-large:0px;--awb-spacing-right-large:1.92%;--awb-margin-bottom-large:20px;--awb-spacing-left-large:1.92%;--awb-width-medium:100%;--awb-order-medium:0;--awb-spacing-right-medium:1.92%;--awb-spacing-left-medium:1.92%;--awb-width-small:100%;--awb-order-small:0;--awb-spacing-right-small:1.92%;--awb-spacing-left-small:1.92%;\"><div class=\"fusion-column-wrapper fusion-column-has-shadow fusion-flex-justify-content-flex-start fusion-content-layout-column\"><div class=\"fusion-title title fusion-title-5 fusion-title-text fusion-title-size-one\"><div class=\"title-sep-container title-sep-container-left fusion-no-large-visibility fusion-no-medium-visibility fusion-no-small-visibility\"><div class=\"title-sep sep-double sep-solid\" style=\"border-color:#e2e2e2;\"><\/div><\/div><span class=\"awb-title-spacer fusion-no-large-visibility fusion-no-medium-visibility fusion-no-small-visibility\"><\/span><h1 class=\"fusion-title-heading title-heading-left\" style=\"margin:0;\"><h1 style=\"text-align: center;\">Super Cars\u00a0 Autonoleggio \u00a0Aeroporto di Salonicco Macedonia SKG<\/h1><\/h1><span class=\"awb-title-spacer\"><\/span><div class=\"title-sep-container title-sep-container-right\"><div class=\"title-sep sep-double sep-solid\" style=\"border-color:#e2e2e2;\"><\/div><\/div><\/div><\/div><\/div><\/div><\/div><div class=\"fusion-fullwidth fullwidth-box fusion-builder-row-13 fusion-flex-container hundred-percent-fullwidth non-hundred-percent-height-scrolling\" style=\"--awb-border-radius-top-left:0px;--awb-border-radius-top-right:0px;--awb-border-radius-bottom-right:0px;--awb-border-radius-bottom-left:0px;--awb-background-color:#ffffff;--awb-flex-wrap:wrap;\" ><div class=\"fusion-builder-row fusion-row fusion-flex-align-items-flex-start fusion-flex-content-wrap\" style=\"width:104% !important;max-width:104% !important;margin-left: calc(-4% \/ 2 );margin-right: calc(-4% \/ 2 );\"><div class=\"fusion-layout-column fusion_builder_column fusion-builder-column-27 fusion_builder_column_1_2 1_2 fusion-flex-column\" style=\"--awb-bg-color:#ffffff;--awb-bg-color-hover:#ffffff;--awb-bg-size:cover;--awb-width-large:50%;--awb-margin-top-large:0px;--awb-spacing-right-large:3.84%;--awb-margin-bottom-large:20px;--awb-spacing-left-large:3.84%;--awb-width-medium:50%;--awb-order-medium:0;--awb-spacing-right-medium:3.84%;--awb-spacing-left-medium:3.84%;--awb-width-small:100%;--awb-order-small:0;--awb-spacing-right-small:1.92%;--awb-spacing-left-small:1.92%;\"><div class=\"fusion-column-wrapper fusion-column-has-shadow fusion-flex-justify-content-flex-start fusion-content-layout-row fusion-content-nowrap\"><div class=\"fusion-text fusion-text-13 fusion-text-no-margin\" style=\"--awb-margin-top:50px;--awb-margin-right:50px;--awb-margin-bottom:50px;--awb-margin-left:50px;\"><h2>Autonoleggio per matrimoni<\/h2>\n<p>L&#8217;azienda i-rentacar, con la sua pluriennale esperienza, \u00e8 la scelta migliore per il noleggio di auto per matrimoni a Salonicco. Dotato di nuovi modelli di auto a noleggio di lusso a Salonicco, offre le soluzioni ideali a coloro che desiderano noleggiare un&#8217;auto per il proprio matrimonio.<\/p>\n<p style=\"text-align: left;\">I-rentacar offre tutte le categorie di auto che possono permettersi tutte le circostanze.<\/p>\n<h3 style=\"text-align: left;\"><a href=\"https:\/\/www.i-rentacar.com\/it\/autonoleggio-per-matrimoni\/\">Per saperne di pi\u00f9 &#8230;<\/a><\/h3>\n<\/div><\/div><\/div><div class=\"fusion-layout-column fusion_builder_column fusion-builder-column-28 fusion_builder_column_1_2 1_2 fusion-flex-column fusion-flex-align-self-stretch fusion-column-inner-bg-wrapper\" style=\"--awb-inner-bg-color:#ffffff;--awb-inner-bg-color-hover:#ffffff;--awb-inner-bg-size:cover;--awb-width-large:50%;--awb-margin-top-large:0px;--awb-spacing-right-large:3.84%;--awb-margin-bottom-large:20px;--awb-spacing-left-large:3.84%;--awb-width-medium:50%;--awb-order-medium:0;--awb-spacing-right-medium:3.84%;--awb-spacing-left-medium:3.84%;--awb-width-small:100%;--awb-order-small:0;--awb-spacing-right-small:1.92%;--awb-spacing-left-small:1.92%;\"><span class=\"fusion-column-inner-bg hover-type-none\"><a class=\"fusion-column-anchor\" href=\"https:\/\/www.i-rentacar.com\/it\/autonoleggio-per-matrimoni\/\"><span class=\"fusion-column-inner-bg-image\"><\/span><\/a><\/span><div class=\"fusion-column-wrapper fusion-column-has-shadow fusion-flex-justify-content-flex-start fusion-content-layout-row fusion-content-nowrap\"><div class=\"fusion-image-element \" style=\"--awb-caption-title-font-family:var(--h2_typography-font-family);--awb-caption-title-font-weight:var(--h2_typography-font-weight);--awb-caption-title-font-style:var(--h2_typography-font-style);--awb-caption-title-size:var(--h2_typography-font-size);--awb-caption-title-transform:var(--h2_typography-text-transform);--awb-caption-title-line-height:var(--h2_typography-line-height);--awb-caption-title-letter-spacing:var(--h2_typography-letter-spacing);\"><span class=\" fusion-imageframe imageframe-none imageframe-16 hover-type-none\"><img decoding=\"async\" width=\"1000\" height=\"499\" alt=\"profil-i-rent-a-car-thessaloniki\" src=\"https:\/\/www.i-rentacar.com\/wp-content\/uploads\/2022\/02\/gamos-rent-a-car.webp\" data-orig-src=\"https:\/\/www.i-rentacar.com\/wp-content\/uploads\/2022\/02\/gamos-rent-a-car.webp\" class=\"lazyload img-responsive wp-image-4373\" srcset=\"data:image\/svg+xml,%3Csvg%20xmlns%3D%27http%3A%2F%2Fwww.w3.org%2F2000%2Fsvg%27%20width%3D%271000%27%20height%3D%27499%27%20viewBox%3D%270%200%201000%20499%27%3E%3Crect%20width%3D%271000%27%20height%3D%27499%27%20fill-opacity%3D%220%22%2F%3E%3C%2Fsvg%3E\" data-srcset=\"https:\/\/www.i-rentacar.com\/wp-content\/uploads\/2022\/02\/gamos-rent-a-car-200x100.webp 200w, https:\/\/www.i-rentacar.com\/wp-content\/uploads\/2022\/02\/gamos-rent-a-car-400x200.webp 400w, https:\/\/www.i-rentacar.com\/wp-content\/uploads\/2022\/02\/gamos-rent-a-car-600x299.webp 600w, https:\/\/www.i-rentacar.com\/wp-content\/uploads\/2022\/02\/gamos-rent-a-car-800x399.webp 800w, https:\/\/www.i-rentacar.com\/wp-content\/uploads\/2022\/02\/gamos-rent-a-car.webp 1000w\" data-sizes=\"auto\" data-orig-sizes=\"(max-width: 640px) 100vw, 600px\" \/><\/span><\/div><\/div><\/div><\/div><\/div><div class=\"fusion-fullwidth fullwidth-box fusion-builder-row-14 fusion-flex-container has-pattern-background has-mask-background nonhundred-percent-fullwidth non-hundred-percent-height-scrolling\" style=\"--awb-border-radius-top-left:0px;--awb-border-radius-top-right:0px;--awb-border-radius-bottom-right:0px;--awb-border-radius-bottom-left:0px;--awb-margin-top:-1%;--awb-margin-bottom:-5%;--awb-min-height:200px;--awb-flex-wrap:wrap;\" ><div class=\"fusion-builder-row fusion-row fusion-flex-align-items-flex-start fusion-flex-content-wrap\" style=\"max-width:calc( 1250px + 0px );margin-left: calc(-0px \/ 2 );margin-right: calc(-0px \/ 2 );\"><div class=\"fusion-layout-column fusion_builder_column fusion-builder-column-29 fusion_builder_column_1_1 1_1 fusion-flex-column fusion-column-inner-bg-wrapper\" style=\"--awb-inner-bg-size:cover;--awb-width-large:100%;--awb-margin-top-large:0px;--awb-spacing-right-large:0px;--awb-margin-bottom-large:20px;--awb-spacing-left-large:0px;--awb-width-medium:100%;--awb-order-medium:0;--awb-spacing-right-medium:0px;--awb-spacing-left-medium:0px;--awb-width-small:100%;--awb-order-small:0;--awb-spacing-right-small:0px;--awb-spacing-left-small:0px;\"><span class=\"fusion-column-inner-bg hover-type-none\"><a class=\"fusion-column-anchor\" href=\"https:\/\/www.i-rentacar.com\/it\/flotta-rent-a-car\/\"><span class=\"fusion-column-inner-bg-image\"><\/span><\/a><\/span><div class=\"fusion-column-wrapper fusion-column-has-shadow fusion-flex-justify-content-flex-start fusion-content-layout-column\"><div class=\"fusion-text fusion-text-14\"><h1 style=\"text-align: center;\"><span style=\"color: #ffffff;\">Destinazioni primaverili nel nord della Grecia<\/span><\/h1>\n<h4 style=\"text-align: center;\"><\/h4>\n<\/div><\/div><\/div><\/div><\/div><div class=\"fusion-fullwidth fullwidth-box fusion-builder-row-15 fusion-flex-container hundred-percent-fullwidth non-hundred-percent-height-scrolling\" style=\"--awb-border-radius-top-left:0px;--awb-border-radius-top-right:0px;--awb-border-radius-bottom-right:0px;--awb-border-radius-bottom-left:0px;--awb-background-color:#ffffff;--awb-flex-wrap:wrap;\" ><div class=\"fusion-builder-row fusion-row fusion-flex-align-items-flex-start fusion-flex-content-wrap\" style=\"width:104% !important;max-width:104% !important;margin-left: calc(-4% \/ 2 );margin-right: calc(-4% \/ 2 );\"><div class=\"fusion-layout-column fusion_builder_column fusion-builder-column-30 fusion_builder_column_1_1 1_1 fusion-flex-column\" style=\"--awb-bg-color:#ffffff;--awb-bg-color-hover:#ffffff;--awb-bg-size:cover;--awb-width-large:100%;--awb-margin-top-large:0px;--awb-spacing-right-large:1.92%;--awb-margin-bottom-large:20px;--awb-spacing-left-large:1.92%;--awb-width-medium:100%;--awb-order-medium:0;--awb-spacing-right-medium:1.92%;--awb-spacing-left-medium:1.92%;--awb-width-small:100%;--awb-order-small:0;--awb-spacing-right-small:1.92%;--awb-spacing-left-small:1.92%;\" data-scroll-devices=\"small-visibility,medium-visibility,large-visibility\"><div class=\"fusion-column-wrapper fusion-column-has-shadow fusion-flex-justify-content-flex-start fusion-content-layout-column\"><div class=\"fusion-image-carousel fusion-image-carousel-auto fusion-image-carousel-1 fusion-carousel-border awb-image-carousel-top-below-caption\"><div class=\"awb-carousel awb-swiper awb-swiper-carousel awb-carousel--carousel awb-swiper-dots-position-bottom awb-imageframe-style awb-imageframe-style-below awb-imageframe-style-1\" data-layout=\"carousel\" data-autoplay=\"yes\" data-autoplayspeed=\"2500\" data-autoplaypause=\"no\" data-columns=\"4\" data-columnsmedium=\"1\" data-columnssmall=\"1\" data-itemmargin=\"13\" data-itemwidth=\"180\" data-touchscroll=\"no\" data-freemode=\"no\" data-imagesize=\"auto\" data-scrollitems=\"1\" data-centeredslides=\"no\" data-rotationangle=\"50\" data-depth=\"100\" data-speed=\"500\" data-shadow=\"no\" data-pagination=\"bullets\" style=\"--awb-columns:4;--awb-caption-title-color:#000000;--awb-caption-title-size:25px;--awb-caption-text-color:#000000;--awb-caption-text-size:25px;--awb-border-width:1px;--awb-border-color:#e9eaee;\"><div class=\"swiper-wrapper awb-image-carousel-wrapper fusion-flex-align-items-center\"><div class=\"swiper-slide\"><div class=\"fusion-carousel-item-wrapper\"><div class=\"fusion-image-wrapper hover-type-none\"><a href=\"http:\/\/i-rentacar.com\/it\/autonoleggio-cascate-di-edessa\/\" target=\"_self\"><img decoding=\"async\" width=\"400\" height=\"350\" src=\"https:\/\/www.i-rentacar.com\/wp-content\/uploads\/2025\/01\/vw1.jpg\" class=\"attachment-full size-full lazyload\" alt=\"\u039b\u03bf\u03c5\u03c4\u03c1\u03ac \u03a0\u03cc\u03b6\u03b1\u03c1\" srcset=\"data:image\/svg+xml,%3Csvg%20xmlns%3D%27http%3A%2F%2Fwww.w3.org%2F2000%2Fsvg%27%20width%3D%27400%27%20height%3D%27350%27%20viewBox%3D%270%200%20400%20350%27%3E%3Crect%20width%3D%27400%27%20height%3D%27350%27%20fill-opacity%3D%220%22%2F%3E%3C%2Fsvg%3E\" data-orig-src=\"https:\/\/www.i-rentacar.com\/wp-content\/uploads\/2025\/01\/vw1.jpg\" data-srcset=\"https:\/\/www.i-rentacar.com\/wp-content\/uploads\/2025\/01\/vw1-200x175.jpg 200w, https:\/\/www.i-rentacar.com\/wp-content\/uploads\/2025\/01\/vw1.jpg 400w\" data-sizes=\"auto\" \/><\/a><\/div><div class=\"awb-imageframe-caption-container\"><div class=\"awb-imageframe-caption\"><h2 class=\"awb-imageframe-caption-title\">Loutra Pozar<\/h2><\/div><\/div><\/div><\/div><div class=\"swiper-slide\"><div class=\"fusion-carousel-item-wrapper\"><div class=\"fusion-image-wrapper hover-type-none\"><img decoding=\"async\" width=\"400\" height=\"350\" src=\"https:\/\/www.i-rentacar.com\/wp-content\/uploads\/2025\/01\/\u03c9\u03b112.jpg\" class=\"attachment-full size-full lazyload\" alt=\"\u039a\u03b1\u03c4\u03b1\u03c1\u03c1\u03ac\u03ba\u03c4\u03b5\u03c2 \u0388\u03b4\u03b5\u03c3\u03c3\u03b1\" srcset=\"data:image\/svg+xml,%3Csvg%20xmlns%3D%27http%3A%2F%2Fwww.w3.org%2F2000%2Fsvg%27%20width%3D%27400%27%20height%3D%27350%27%20viewBox%3D%270%200%20400%20350%27%3E%3Crect%20width%3D%27400%27%20height%3D%27350%27%20fill-opacity%3D%220%22%2F%3E%3C%2Fsvg%3E\" data-orig-src=\"https:\/\/www.i-rentacar.com\/wp-content\/uploads\/2025\/01\/\u03c9\u03b112.jpg\" data-srcset=\"https:\/\/www.i-rentacar.com\/wp-content\/uploads\/2025\/01\/\u03c9\u03b112-200x175.jpg 200w, https:\/\/www.i-rentacar.com\/wp-content\/uploads\/2025\/01\/\u03c9\u03b112.jpg 400w\" data-sizes=\"auto\" \/><\/div><div class=\"awb-imageframe-caption-container\"><div class=\"awb-imageframe-caption\"><h2 class=\"awb-imageframe-caption-title\">Katarraktes Edessa<\/h2><\/div><\/div><\/div><\/div><div class=\"swiper-slide\"><div class=\"fusion-carousel-item-wrapper\"><div class=\"fusion-image-wrapper hover-type-none\"><a href=\"https:\/\/www.i-rentacar.com\/it\/autonoleggio-naoussa\/\" target=\"_self\"><img decoding=\"async\" width=\"400\" height=\"350\" src=\"https:\/\/www.i-rentacar.com\/wp-content\/uploads\/2025\/01\/\u03c6\u03b5\u03c2.jpg\" class=\"attachment-full size-full lazyload\" alt=\"\u039d\u03ac\u03bf\u03c5\u03c3\u03b1\" srcset=\"data:image\/svg+xml,%3Csvg%20xmlns%3D%27http%3A%2F%2Fwww.w3.org%2F2000%2Fsvg%27%20width%3D%27400%27%20height%3D%27350%27%20viewBox%3D%270%200%20400%20350%27%3E%3Crect%20width%3D%27400%27%20height%3D%27350%27%20fill-opacity%3D%220%22%2F%3E%3C%2Fsvg%3E\" data-orig-src=\"https:\/\/www.i-rentacar.com\/wp-content\/uploads\/2025\/01\/\u03c6\u03b5\u03c2.jpg\" data-srcset=\"https:\/\/www.i-rentacar.com\/wp-content\/uploads\/2025\/01\/\u03c6\u03b5\u03c2-200x175.jpg 200w, https:\/\/www.i-rentacar.com\/wp-content\/uploads\/2025\/01\/\u03c6\u03b5\u03c2.jpg 400w\" data-sizes=\"auto\" \/><\/a><\/div><div class=\"awb-imageframe-caption-container\"><div class=\"awb-imageframe-caption\"><h2 class=\"awb-imageframe-caption-title\">Agios Nikolaos Naoussa<\/h2><\/div><\/div><\/div><\/div><div class=\"swiper-slide\"><div class=\"fusion-carousel-item-wrapper\"><div class=\"fusion-image-wrapper hover-type-none\"><a href=\"https:\/\/www.i-rentacar.com\/it\/noleggio-auto-al-lago-kerkini\/\" target=\"_self\"><img decoding=\"async\" width=\"400\" height=\"350\" src=\"https:\/\/www.i-rentacar.com\/wp-content\/uploads\/2025\/01\/\u03c9\u03c2.jpg\" class=\"attachment-full size-full lazyload\" alt=\"\u039b\u03af\u03bc\u03bd\u03b7 \u039a\u03b5\u03c1\u03ba\u03af\u03bd\u03b7\" srcset=\"data:image\/svg+xml,%3Csvg%20xmlns%3D%27http%3A%2F%2Fwww.w3.org%2F2000%2Fsvg%27%20width%3D%27400%27%20height%3D%27350%27%20viewBox%3D%270%200%20400%20350%27%3E%3Crect%20width%3D%27400%27%20height%3D%27350%27%20fill-opacity%3D%220%22%2F%3E%3C%2Fsvg%3E\" data-orig-src=\"https:\/\/www.i-rentacar.com\/wp-content\/uploads\/2025\/01\/\u03c9\u03c2.jpg\" data-srcset=\"https:\/\/www.i-rentacar.com\/wp-content\/uploads\/2025\/01\/\u03c9\u03c2-200x175.jpg 200w, https:\/\/www.i-rentacar.com\/wp-content\/uploads\/2025\/01\/\u03c9\u03c2.jpg 400w\" data-sizes=\"auto\" \/><\/a><\/div><div class=\"awb-imageframe-caption-container\"><div class=\"awb-imageframe-caption\"><h2 class=\"awb-imageframe-caption-title\">Limni Kerkini<\/h2><\/div><\/div><\/div><\/div><div class=\"swiper-slide\"><div class=\"fusion-carousel-item-wrapper\"><div class=\"fusion-image-wrapper hover-type-none\"><a href=\"https:\/\/www.i-rentacar.com\/it\/noleggio-auto-lago-kastoria\/\" target=\"_self\"><img decoding=\"async\" width=\"400\" height=\"350\" src=\"https:\/\/www.i-rentacar.com\/wp-content\/uploads\/2025\/01\/\u03b2\u03b5.jpg\" class=\"attachment-full size-full lazyload\" alt=\"\u039a\u03b1\u03c3\u03c4\u03bf\u03c1\u03b9\u03ac\" srcset=\"data:image\/svg+xml,%3Csvg%20xmlns%3D%27http%3A%2F%2Fwww.w3.org%2F2000%2Fsvg%27%20width%3D%27400%27%20height%3D%27350%27%20viewBox%3D%270%200%20400%20350%27%3E%3Crect%20width%3D%27400%27%20height%3D%27350%27%20fill-opacity%3D%220%22%2F%3E%3C%2Fsvg%3E\" data-orig-src=\"https:\/\/www.i-rentacar.com\/wp-content\/uploads\/2025\/01\/\u03b2\u03b5.jpg\" data-srcset=\"https:\/\/www.i-rentacar.com\/wp-content\/uploads\/2025\/01\/\u03b2\u03b5-200x175.jpg 200w, https:\/\/www.i-rentacar.com\/wp-content\/uploads\/2025\/01\/\u03b2\u03b5.jpg 400w\" data-sizes=\"auto\" \/><\/a><\/div><div class=\"awb-imageframe-caption-container\"><div class=\"awb-imageframe-caption\"><h2 class=\"awb-imageframe-caption-title\">Limni Kastoria<\/h2><\/div><\/div><\/div><\/div><div class=\"swiper-slide\"><div class=\"fusion-carousel-item-wrapper\"><div class=\"fusion-image-wrapper hover-type-none\"><a href=\"https:\/\/www.i-rentacar.com\/it\/autonoleggio-litochoro\/\" target=\"_self\"><img decoding=\"async\" width=\"400\" height=\"350\" src=\"https:\/\/www.i-rentacar.com\/wp-content\/uploads\/2025\/01\/\u039b\u03b9\u03c4\u03cc\u03c7\u03c9\u03c1\u03bf.jpg\" class=\"attachment-full size-full lazyload\" alt=\"\u039b\u03b9\u03c4\u03cc\u03c7\u03c9\u03c1\u03bf\" srcset=\"data:image\/svg+xml,%3Csvg%20xmlns%3D%27http%3A%2F%2Fwww.w3.org%2F2000%2Fsvg%27%20width%3D%27400%27%20height%3D%27350%27%20viewBox%3D%270%200%20400%20350%27%3E%3Crect%20width%3D%27400%27%20height%3D%27350%27%20fill-opacity%3D%220%22%2F%3E%3C%2Fsvg%3E\" data-orig-src=\"https:\/\/www.i-rentacar.com\/wp-content\/uploads\/2025\/01\/\u039b\u03b9\u03c4\u03cc\u03c7\u03c9\u03c1\u03bf.jpg\" data-srcset=\"https:\/\/www.i-rentacar.com\/wp-content\/uploads\/2025\/01\/\u039b\u03b9\u03c4\u03cc\u03c7\u03c9\u03c1\u03bf-200x175.jpg 200w, https:\/\/www.i-rentacar.com\/wp-content\/uploads\/2025\/01\/\u039b\u03b9\u03c4\u03cc\u03c7\u03c9\u03c1\u03bf.jpg 400w\" data-sizes=\"auto\" \/><\/a><\/div><div class=\"awb-imageframe-caption-container\"><div class=\"awb-imageframe-caption\"><h2 class=\"awb-imageframe-caption-title\">Litochoro dell'Olimpo<\/h2><\/div><\/div><\/div><\/div><div class=\"swiper-slide\"><div class=\"fusion-carousel-item-wrapper\"><div class=\"fusion-image-wrapper hover-type-none\"><a href=\"https:\/\/www.i-rentacar.com\/it\/autonoleggio-kavala\/\" target=\"_self\"><img decoding=\"async\" width=\"400\" height=\"350\" src=\"https:\/\/www.i-rentacar.com\/wp-content\/uploads\/2025\/01\/\u039a\u03b1\u03b2\u03bb\u03b1.jpg\" class=\"attachment-full size-full lazyload\" alt=\"\u039a\u03b1\u03b2\u03ac\u03bb\u03b1\" srcset=\"data:image\/svg+xml,%3Csvg%20xmlns%3D%27http%3A%2F%2Fwww.w3.org%2F2000%2Fsvg%27%20width%3D%27400%27%20height%3D%27350%27%20viewBox%3D%270%200%20400%20350%27%3E%3Crect%20width%3D%27400%27%20height%3D%27350%27%20fill-opacity%3D%220%22%2F%3E%3C%2Fsvg%3E\" data-orig-src=\"https:\/\/www.i-rentacar.com\/wp-content\/uploads\/2025\/01\/\u039a\u03b1\u03b2\u03bb\u03b1.jpg\" data-srcset=\"https:\/\/www.i-rentacar.com\/wp-content\/uploads\/2025\/01\/\u039a\u03b1\u03b2\u03bb\u03b1-200x175.jpg 200w, https:\/\/www.i-rentacar.com\/wp-content\/uploads\/2025\/01\/\u039a\u03b1\u03b2\u03bb\u03b1.jpg 400w\" data-sizes=\"auto\" \/><\/a><\/div><div class=\"awb-imageframe-caption-container\"><div class=\"awb-imageframe-caption\"><h2 class=\"awb-imageframe-caption-title\">Kavala<\/h2><\/div><\/div><\/div><\/div><div class=\"swiper-slide\"><div class=\"fusion-carousel-item-wrapper\"><div class=\"fusion-image-wrapper hover-type-none\"><a href=\"https:\/\/www.i-rentacar.com\/it\/autonoleggio-metsovo\/\" target=\"_self\"><img decoding=\"async\" width=\"400\" height=\"350\" src=\"https:\/\/www.i-rentacar.com\/wp-content\/uploads\/2025\/01\/\u039c\u03ad\u03c4\u03c3\u03bf\u03b2\u03bf.jpg\" class=\"attachment-full size-full lazyload\" alt=\"\u0395\u03bd\u03bf\u03b9\u03ba\u03af\u03b1\u03c3\u03b7 \u03b1\u03c5\u03c4\u03bf\u03ba\u03b9\u03bd\u03ae\u03c4\u03bf\u03c5 \u039c\u03ad\u03c4\u03c3\u03bf\u03b2\u03bf\" srcset=\"data:image\/svg+xml,%3Csvg%20xmlns%3D%27http%3A%2F%2Fwww.w3.org%2F2000%2Fsvg%27%20width%3D%27400%27%20height%3D%27350%27%20viewBox%3D%270%200%20400%20350%27%3E%3Crect%20width%3D%27400%27%20height%3D%27350%27%20fill-opacity%3D%220%22%2F%3E%3C%2Fsvg%3E\" data-orig-src=\"https:\/\/www.i-rentacar.com\/wp-content\/uploads\/2025\/01\/\u039c\u03ad\u03c4\u03c3\u03bf\u03b2\u03bf.jpg\" data-srcset=\"https:\/\/www.i-rentacar.com\/wp-content\/uploads\/2025\/01\/\u039c\u03ad\u03c4\u03c3\u03bf\u03b2\u03bf-200x175.jpg 200w, https:\/\/www.i-rentacar.com\/wp-content\/uploads\/2025\/01\/\u039c\u03ad\u03c4\u03c3\u03bf\u03b2\u03bf.jpg 400w\" data-sizes=\"auto\" \/><\/a><\/div><div class=\"awb-imageframe-caption-container\"><div class=\"awb-imageframe-caption\"><h2 class=\"awb-imageframe-caption-title\">Metsovo<\/h2><\/div><\/div><\/div><\/div><div class=\"swiper-slide\"><div class=\"fusion-carousel-item-wrapper\"><div class=\"fusion-image-wrapper hover-type-none\"><a href=\"https:\/\/www.i-rentacar.com\/it\/noleggio-auto-meteora\/\" target=\"_self\"><img decoding=\"async\" width=\"400\" height=\"350\" src=\"https:\/\/www.i-rentacar.com\/wp-content\/uploads\/2025\/01\/\u039c\u03b5\u03c4\u03ad\u03c9\u03c1\u03b1.jpg\" class=\"attachment-full size-full lazyload\" alt=\"\u039c\u03b5\u03c4\u03ad\u03c9\u03c1\u03b1\" srcset=\"data:image\/svg+xml,%3Csvg%20xmlns%3D%27http%3A%2F%2Fwww.w3.org%2F2000%2Fsvg%27%20width%3D%27400%27%20height%3D%27350%27%20viewBox%3D%270%200%20400%20350%27%3E%3Crect%20width%3D%27400%27%20height%3D%27350%27%20fill-opacity%3D%220%22%2F%3E%3C%2Fsvg%3E\" data-orig-src=\"https:\/\/www.i-rentacar.com\/wp-content\/uploads\/2025\/01\/\u039c\u03b5\u03c4\u03ad\u03c9\u03c1\u03b1.jpg\" data-srcset=\"https:\/\/www.i-rentacar.com\/wp-content\/uploads\/2025\/01\/\u039c\u03b5\u03c4\u03ad\u03c9\u03c1\u03b1-200x175.jpg 200w, https:\/\/www.i-rentacar.com\/wp-content\/uploads\/2025\/01\/\u039c\u03b5\u03c4\u03ad\u03c9\u03c1\u03b1.jpg 400w\" data-sizes=\"auto\" \/><\/a><\/div><div class=\"awb-imageframe-caption-container\"><div class=\"awb-imageframe-caption\"><h2 class=\"awb-imageframe-caption-title\">Meteora<\/h2><\/div><\/div><\/div><\/div><div class=\"swiper-slide\"><div class=\"fusion-carousel-item-wrapper\"><div class=\"fusion-image-wrapper hover-type-none\"><a href=\"https:\/\/www.i-rentacar.com\/en\/car-rental-ioannina\/\" target=\"_self\"><img decoding=\"async\" width=\"400\" height=\"350\" src=\"https:\/\/www.i-rentacar.com\/wp-content\/uploads\/2025\/01\/\u03c9\u03c22.jpg\" class=\"attachment-full size-full lazyload\" alt=\"\u0395\u03bd\u03bf\u03b9\u03ba\u03af\u03b1\u03c3\u03b7 \u03b1\u03c5\u03c4\u03bf\u03ba\u03b9\u03bd\u03ae\u03c4\u03bf\u03c5 \u0399\u03c9\u03ac\u03bd\u03bd\u03b9\u03bd\u03b1\" srcset=\"data:image\/svg+xml,%3Csvg%20xmlns%3D%27http%3A%2F%2Fwww.w3.org%2F2000%2Fsvg%27%20width%3D%27400%27%20height%3D%27350%27%20viewBox%3D%270%200%20400%20350%27%3E%3Crect%20width%3D%27400%27%20height%3D%27350%27%20fill-opacity%3D%220%22%2F%3E%3C%2Fsvg%3E\" data-orig-src=\"https:\/\/www.i-rentacar.com\/wp-content\/uploads\/2025\/01\/\u03c9\u03c22.jpg\" data-srcset=\"https:\/\/www.i-rentacar.com\/wp-content\/uploads\/2025\/01\/\u03c9\u03c22-200x175.jpg 200w, https:\/\/www.i-rentacar.com\/wp-content\/uploads\/2025\/01\/\u03c9\u03c22.jpg 400w\" data-sizes=\"auto\" \/><\/a><\/div><div class=\"awb-imageframe-caption-container\"><div class=\"awb-imageframe-caption\"><h2 class=\"awb-imageframe-caption-title\">Ioannina<\/h2><\/div><\/div><\/div><\/div><\/div><\/div><\/div><\/div><\/div><\/div><\/div><div class=\"fusion-fullwidth fullwidth-box fusion-builder-row-16 fusion-flex-container has-pattern-background has-mask-background nonhundred-percent-fullwidth non-hundred-percent-height-scrolling\" style=\"--awb-border-radius-top-left:0px;--awb-border-radius-top-right:0px;--awb-border-radius-bottom-right:0px;--awb-border-radius-bottom-left:0px;--awb-margin-top:-1%;--awb-margin-bottom:-5%;--awb-min-height:200px;--awb-flex-wrap:wrap;\" ><div class=\"fusion-builder-row fusion-row fusion-flex-align-items-flex-start fusion-flex-content-wrap\" style=\"max-width:calc( 1250px + 0px );margin-left: calc(-0px \/ 2 );margin-right: calc(-0px \/ 2 );\"><div class=\"fusion-layout-column fusion_builder_column fusion-builder-column-31 fusion_builder_column_1_1 1_1 fusion-flex-column fusion-column-inner-bg-wrapper\" style=\"--awb-inner-bg-size:cover;--awb-width-large:100%;--awb-margin-top-large:0px;--awb-spacing-right-large:0px;--awb-margin-bottom-large:20px;--awb-spacing-left-large:0px;--awb-width-medium:100%;--awb-order-medium:0;--awb-spacing-right-medium:0px;--awb-spacing-left-medium:0px;--awb-width-small:100%;--awb-order-small:0;--awb-spacing-right-small:0px;--awb-spacing-left-small:0px;\"><span class=\"fusion-column-inner-bg hover-type-none\"><a class=\"fusion-column-anchor\" href=\"https:\/\/www.i-rentacar.com\/it\/flotta-rent-a-car\/\"><span class=\"fusion-column-inner-bg-image\"><\/span><\/a><\/span><div class=\"fusion-column-wrapper fusion-column-has-shadow fusion-flex-justify-content-flex-start fusion-content-layout-column\"><div class=\"fusion-text fusion-text-15\"><p><code><\/code><\/p>\n<h1 style=\"text-align: center;\"><span style=\"color: #ffffff;\">Destinazioni primaverili nel nord della Grecia<br \/>\n<\/span><\/h1>\n<h4 style=\"text-align: center;\"><\/h4>\n<\/div><\/div><\/div><\/div><\/div><div class=\"fusion-fullwidth fullwidth-box fusion-builder-row-17 fusion-flex-container hundred-percent-fullwidth non-hundred-percent-height-scrolling\" style=\"--awb-border-radius-top-left:0px;--awb-border-radius-top-right:0px;--awb-border-radius-bottom-right:0px;--awb-border-radius-bottom-left:0px;--awb-background-color:#ffffff;--awb-flex-wrap:wrap;\" ><div class=\"fusion-builder-row fusion-row fusion-flex-align-items-flex-start fusion-flex-content-wrap\" style=\"width:104% !important;max-width:104% !important;margin-left: calc(-4% \/ 2 );margin-right: calc(-4% \/ 2 );\"><div class=\"fusion-layout-column fusion_builder_column fusion-builder-column-32 fusion_builder_column_1_1 1_1 fusion-flex-column\" style=\"--awb-bg-color:#ffffff;--awb-bg-color-hover:#ffffff;--awb-bg-size:cover;--awb-width-large:100%;--awb-margin-top-large:0px;--awb-spacing-right-large:1.92%;--awb-margin-bottom-large:20px;--awb-spacing-left-large:1.92%;--awb-width-medium:100%;--awb-order-medium:0;--awb-spacing-right-medium:1.92%;--awb-spacing-left-medium:1.92%;--awb-width-small:100%;--awb-order-small:0;--awb-spacing-right-small:1.92%;--awb-spacing-left-small:1.92%;\" data-scroll-devices=\"small-visibility,medium-visibility,large-visibility\"><div class=\"fusion-column-wrapper fusion-column-has-shadow fusion-flex-justify-content-flex-start fusion-content-layout-column\"><div class=\"fusion-image-carousel fusion-image-carousel-auto fusion-image-carousel-2 fusion-carousel-border awb-image-carousel-top-below-caption\"><div class=\"awb-carousel awb-swiper awb-swiper-carousel awb-carousel--carousel awb-swiper-dots-position-bottom awb-imageframe-style awb-imageframe-style-below awb-imageframe-style-2\" data-layout=\"carousel\" data-autoplay=\"yes\" data-autoplayspeed=\"2500\" data-autoplaypause=\"no\" data-columns=\"4\" data-columnsmedium=\"1\" data-columnssmall=\"1\" data-itemmargin=\"13\" data-itemwidth=\"180\" data-touchscroll=\"no\" data-freemode=\"no\" data-imagesize=\"auto\" data-scrollitems=\"1\" data-centeredslides=\"no\" data-rotationangle=\"50\" data-depth=\"100\" data-speed=\"500\" data-shadow=\"no\" data-pagination=\"bullets\" style=\"--awb-columns:4;--awb-caption-title-color:#000000;--awb-caption-title-size:25px;--awb-caption-text-color:#000000;--awb-caption-text-size:25px;--awb-border-width:1px;--awb-border-color:#e9eaee;--awb-dots-align:center;\"><div class=\"swiper-wrapper awb-image-carousel-wrapper fusion-flex-align-items-center\"><div class=\"swiper-slide\"><div class=\"fusion-carousel-item-wrapper\"><div class=\"fusion-image-wrapper hover-type-none\"><a href=\"http:\/\/i-rentacar.com\/it\/autonoleggio-cascate-di-edessa\/\" target=\"_self\"><img decoding=\"async\" width=\"400\" height=\"350\" src=\"https:\/\/www.i-rentacar.com\/wp-content\/uploads\/2025\/05\/\u03b7\u03b733.jpg\" class=\"attachment-full size-full lazyload\" alt=\"\u03a7\u03b1\u03bb\u03ba\u03b9\u03b4\u03b9\u03ba\u03ae\" srcset=\"data:image\/svg+xml,%3Csvg%20xmlns%3D%27http%3A%2F%2Fwww.w3.org%2F2000%2Fsvg%27%20width%3D%27400%27%20height%3D%27350%27%20viewBox%3D%270%200%20400%20350%27%3E%3Crect%20width%3D%27400%27%20height%3D%27350%27%20fill-opacity%3D%220%22%2F%3E%3C%2Fsvg%3E\" data-orig-src=\"https:\/\/www.i-rentacar.com\/wp-content\/uploads\/2025\/05\/\u03b7\u03b733.jpg\" data-srcset=\"https:\/\/www.i-rentacar.com\/wp-content\/uploads\/2025\/05\/\u03b7\u03b733-200x175.jpg 200w, https:\/\/www.i-rentacar.com\/wp-content\/uploads\/2025\/05\/\u03b7\u03b733.jpg 400w\" data-sizes=\"auto\" \/><\/a><\/div><div class=\"awb-imageframe-caption-container\"><div class=\"awb-imageframe-caption\"><h2 class=\"awb-imageframe-caption-title\">Kassandra Calcidica<\/h2><\/div><\/div><\/div><\/div><div class=\"swiper-slide\"><div class=\"fusion-carousel-item-wrapper\"><div class=\"fusion-image-wrapper hover-type-none\"><a href=\"https:\/\/www.i-rentacar.com\/it\/noleggio-auto-per-sithonia-calcidica\/\" target=\"_self\"><img decoding=\"async\" width=\"400\" height=\"350\" src=\"https:\/\/www.i-rentacar.com\/wp-content\/uploads\/2025\/06\/\u03b1\u03c9\u03b132.jpg\" class=\"attachment-full size-full lazyload\" alt=\"\u03a3\u03b9\u03b8\u03c9\u03bd\u03af\u03b1\" srcset=\"data:image\/svg+xml,%3Csvg%20xmlns%3D%27http%3A%2F%2Fwww.w3.org%2F2000%2Fsvg%27%20width%3D%27400%27%20height%3D%27350%27%20viewBox%3D%270%200%20400%20350%27%3E%3Crect%20width%3D%27400%27%20height%3D%27350%27%20fill-opacity%3D%220%22%2F%3E%3C%2Fsvg%3E\" data-orig-src=\"https:\/\/www.i-rentacar.com\/wp-content\/uploads\/2025\/06\/\u03b1\u03c9\u03b132.jpg\" data-srcset=\"https:\/\/www.i-rentacar.com\/wp-content\/uploads\/2025\/06\/\u03b1\u03c9\u03b132-200x175.jpg 200w, https:\/\/www.i-rentacar.com\/wp-content\/uploads\/2025\/06\/\u03b1\u03c9\u03b132.jpg 400w\" data-sizes=\"auto\" \/><\/a><\/div><div class=\"awb-imageframe-caption-container\"><div class=\"awb-imageframe-caption\"><h2 class=\"awb-imageframe-caption-title\">Sithonia Calcidica<\/h2><\/div><\/div><\/div><\/div><div class=\"swiper-slide\"><div class=\"fusion-carousel-item-wrapper\"><div class=\"fusion-image-wrapper hover-type-none\"><a href=\"https:\/\/www.i-rentacar.com\/it\/noleggio-auto-per-il-monte-athos-calcidica\/\" target=\"_self\"><img decoding=\"async\" width=\"400\" height=\"350\" src=\"https:\/\/www.i-rentacar.com\/wp-content\/uploads\/2025\/05\/\u03b2\u03b2\u03b2\u03b22.jpg\" class=\"attachment-full size-full lazyload\" alt=\"\u03a3\u03b9\u03b8\u03c9\u03bd\u03af\u03b1\" srcset=\"data:image\/svg+xml,%3Csvg%20xmlns%3D%27http%3A%2F%2Fwww.w3.org%2F2000%2Fsvg%27%20width%3D%27400%27%20height%3D%27350%27%20viewBox%3D%270%200%20400%20350%27%3E%3Crect%20width%3D%27400%27%20height%3D%27350%27%20fill-opacity%3D%220%22%2F%3E%3C%2Fsvg%3E\" data-orig-src=\"https:\/\/www.i-rentacar.com\/wp-content\/uploads\/2025\/05\/\u03b2\u03b2\u03b2\u03b22.jpg\" data-srcset=\"https:\/\/www.i-rentacar.com\/wp-content\/uploads\/2025\/05\/\u03b2\u03b2\u03b2\u03b22-200x175.jpg 200w, https:\/\/www.i-rentacar.com\/wp-content\/uploads\/2025\/05\/\u03b2\u03b2\u03b2\u03b22.jpg 400w\" data-sizes=\"auto\" \/><\/a><\/div><div class=\"awb-imageframe-caption-container\"><div class=\"awb-imageframe-caption\"><h2 class=\"awb-imageframe-caption-title\">Monte Athos, Calcidica<\/h2><\/div><\/div><\/div><\/div><div class=\"swiper-slide\"><div class=\"fusion-carousel-item-wrapper\"><div class=\"fusion-image-wrapper hover-type-none\"><a href=\"https:\/\/www.i-rentacar.com\/it\/noleggio-auto-per-cefalonia-ionio\/\" target=\"_self\"><img decoding=\"async\" width=\"400\" height=\"350\" src=\"https:\/\/www.i-rentacar.com\/wp-content\/uploads\/2025\/05\/\u03c9\u03b1\u03c932.jpg\" class=\"attachment-full size-full lazyload\" alt=\"\" srcset=\"data:image\/svg+xml,%3Csvg%20xmlns%3D%27http%3A%2F%2Fwww.w3.org%2F2000%2Fsvg%27%20width%3D%27400%27%20height%3D%27350%27%20viewBox%3D%270%200%20400%20350%27%3E%3Crect%20width%3D%27400%27%20height%3D%27350%27%20fill-opacity%3D%220%22%2F%3E%3C%2Fsvg%3E\" data-orig-src=\"https:\/\/www.i-rentacar.com\/wp-content\/uploads\/2025\/05\/\u03c9\u03b1\u03c932.jpg\" data-srcset=\"https:\/\/www.i-rentacar.com\/wp-content\/uploads\/2025\/05\/\u03c9\u03b1\u03c932-200x175.jpg 200w, https:\/\/www.i-rentacar.com\/wp-content\/uploads\/2025\/05\/\u03c9\u03b1\u03c932.jpg 400w\" data-sizes=\"auto\" \/><\/a><\/div><div class=\"awb-imageframe-caption-container\"><div class=\"awb-imageframe-caption\"><h2 class=\"awb-imageframe-caption-title\">Cefalonia Ionica<\/h2><\/div><\/div><\/div><\/div><div class=\"swiper-slide\"><div class=\"fusion-carousel-item-wrapper\"><div class=\"fusion-image-wrapper hover-type-none\"><a href=\"https:\/\/www.i-rentacar.com\/it\/noleggio-auto-per-skopelos-sporadi\/\" target=\"_self\"><img decoding=\"async\" width=\"400\" height=\"350\" src=\"https:\/\/www.i-rentacar.com\/wp-content\/uploads\/2025\/05\/\u03c3\u03ba\u03b3\u03bd\u03b1.jpg\" class=\"attachment-full size-full lazyload\" alt=\"\" srcset=\"data:image\/svg+xml,%3Csvg%20xmlns%3D%27http%3A%2F%2Fwww.w3.org%2F2000%2Fsvg%27%20width%3D%27400%27%20height%3D%27350%27%20viewBox%3D%270%200%20400%20350%27%3E%3Crect%20width%3D%27400%27%20height%3D%27350%27%20fill-opacity%3D%220%22%2F%3E%3C%2Fsvg%3E\" data-orig-src=\"https:\/\/www.i-rentacar.com\/wp-content\/uploads\/2025\/05\/\u03c3\u03ba\u03b3\u03bd\u03b1.jpg\" data-srcset=\"https:\/\/www.i-rentacar.com\/wp-content\/uploads\/2025\/05\/\u03c3\u03ba\u03b3\u03bd\u03b1-200x175.jpg 200w, https:\/\/www.i-rentacar.com\/wp-content\/uploads\/2025\/05\/\u03c3\u03ba\u03b3\u03bd\u03b1.jpg 400w\" data-sizes=\"auto\" \/><\/a><\/div><div class=\"awb-imageframe-caption-container\"><div class=\"awb-imageframe-caption\"><h2 class=\"awb-imageframe-caption-title\">Skopelos Sporadi<\/h2><\/div><\/div><\/div><\/div><div class=\"swiper-slide\"><div class=\"fusion-carousel-item-wrapper\"><div class=\"fusion-image-wrapper hover-type-none\"><a href=\"https:\/\/www.i-rentacar.com\/it\/noleggio-auto-a-volos\/\" target=\"_self\"><img decoding=\"async\" width=\"400\" height=\"350\" src=\"https:\/\/www.i-rentacar.com\/wp-content\/uploads\/2025\/05\/\u03b2\u03b2\u03b5\u03b2\u03c9\u03b5.jpg\" class=\"attachment-full size-full lazyload\" alt=\"\" srcset=\"data:image\/svg+xml,%3Csvg%20xmlns%3D%27http%3A%2F%2Fwww.w3.org%2F2000%2Fsvg%27%20width%3D%27400%27%20height%3D%27350%27%20viewBox%3D%270%200%20400%20350%27%3E%3Crect%20width%3D%27400%27%20height%3D%27350%27%20fill-opacity%3D%220%22%2F%3E%3C%2Fsvg%3E\" data-orig-src=\"https:\/\/www.i-rentacar.com\/wp-content\/uploads\/2025\/05\/\u03b2\u03b2\u03b5\u03b2\u03c9\u03b5.jpg\" data-srcset=\"https:\/\/www.i-rentacar.com\/wp-content\/uploads\/2025\/05\/\u03b2\u03b2\u03b5\u03b2\u03c9\u03b5-200x175.jpg 200w, https:\/\/www.i-rentacar.com\/wp-content\/uploads\/2025\/05\/\u03b2\u03b2\u03b5\u03b2\u03c9\u03b5.jpg 400w\" data-sizes=\"auto\" \/><\/a><\/div><div class=\"awb-imageframe-caption-container\"><div class=\"awb-imageframe-caption\"><h2 class=\"awb-imageframe-caption-title\">Volos<\/h2><\/div><\/div><\/div><\/div><div class=\"swiper-slide\"><div class=\"fusion-carousel-item-wrapper\"><div class=\"fusion-image-wrapper hover-type-none\"><a href=\"https:\/\/www.i-rentacar.com\/it\/noleggio-auto-per-kavala\/\" target=\"_self\"><img decoding=\"async\" width=\"400\" height=\"350\" src=\"https:\/\/www.i-rentacar.com\/wp-content\/uploads\/2025\/05\/\u03c4\u03b5\u03c1\u03bd\u03c4\u03bd.jpg\" class=\"attachment-full size-full lazyload\" alt=\"\u039a\u03b1\u03b2\u03ac\u03bb\u03b1\" srcset=\"data:image\/svg+xml,%3Csvg%20xmlns%3D%27http%3A%2F%2Fwww.w3.org%2F2000%2Fsvg%27%20width%3D%27400%27%20height%3D%27350%27%20viewBox%3D%270%200%20400%20350%27%3E%3Crect%20width%3D%27400%27%20height%3D%27350%27%20fill-opacity%3D%220%22%2F%3E%3C%2Fsvg%3E\" data-orig-src=\"https:\/\/www.i-rentacar.com\/wp-content\/uploads\/2025\/05\/\u03c4\u03b5\u03c1\u03bd\u03c4\u03bd.jpg\" data-srcset=\"https:\/\/www.i-rentacar.com\/wp-content\/uploads\/2025\/05\/\u03c4\u03b5\u03c1\u03bd\u03c4\u03bd-200x175.jpg 200w, https:\/\/www.i-rentacar.com\/wp-content\/uploads\/2025\/05\/\u03c4\u03b5\u03c1\u03bd\u03c4\u03bd.jpg 400w\" data-sizes=\"auto\" \/><\/a><\/div><div class=\"awb-imageframe-caption-container\"><div class=\"awb-imageframe-caption\"><h2 class=\"awb-imageframe-caption-title\">Kavala<\/h2><\/div><\/div><\/div><\/div><\/div><\/div><\/div><\/div><\/div><\/div><\/div><div class=\"fusion-fullwidth fullwidth-box fusion-builder-row-18 fusion-flex-container hundred-percent-fullwidth non-hundred-percent-height-scrolling\" style=\"--awb-border-radius-top-left:0px;--awb-border-radius-top-right:0px;--awb-border-radius-bottom-right:0px;--awb-border-radius-bottom-left:0px;--awb-margin-top:-1%;--awb-margin-bottom:-5%;--awb-min-height:5px;--awb-flex-wrap:wrap;\" ><div class=\"fusion-builder-row fusion-row fusion-flex-align-items-flex-start fusion-flex-content-wrap\" style=\"width:calc( 100% + 0px ) !important;max-width:calc( 100% + 0px ) !important;margin-left: calc(-0px \/ 2 );margin-right: calc(-0px \/ 2 );\"><div class=\"fusion-layout-column fusion_builder_column fusion-builder-column-33 fusion_builder_column_1_1 1_1 fusion-flex-column fusion-column-inner-bg-wrapper\" style=\"--awb-inner-bg-size:cover;--awb-width-large:100%;--awb-margin-top-large:0px;--awb-spacing-right-large:0px;--awb-margin-bottom-large:20px;--awb-spacing-left-large:0px;--awb-width-medium:100%;--awb-order-medium:0;--awb-spacing-right-medium:0px;--awb-spacing-left-medium:0px;--awb-width-small:100%;--awb-order-small:0;--awb-spacing-right-small:0px;--awb-spacing-left-small:0px;\"><span class=\"fusion-column-inner-bg hover-type-none\"><a class=\"fusion-column-anchor\" href=\"https:\/\/www.i-rentacar.com\/it\/flotta-rent-a-car\/\"><span class=\"fusion-column-inner-bg-image\"><\/span><\/a><\/span><div class=\"fusion-column-wrapper fusion-column-has-shadow fusion-flex-justify-content-flex-start fusion-content-layout-column\"><div class=\"fusion-text fusion-text-16\" style=\"--awb-margin-top:35px;\"><h5 style=\"text-align: center;\"><span style=\"color: #ffffff;\">Grazie per la tua preferenza e ti premiamo con<\/span><\/h5>\n<h4 style=\"text-align: center;\"><span style=\"color: #ffffff;\">SCONTO DEL 18% SU TUTTE LE AUTO<\/span><\/h4>\n<\/div><\/div><\/div><\/div><\/div><\/p>\n","protected":false},"excerpt":{"rendered":"","protected":false},"author":1,"featured_media":0,"parent":0,"menu_order":0,"comment_status":"closed","ping_status":"closed","template":"100-width.php","meta":{"footnotes":""},"class_list":["post-6205","page","type-page","status-publish","hentry"],"yoast_head":"<!-- This site is optimized with the Yoast SEO plugin v27.0 - https:\/\/yoast.com\/product\/yoast-seo-wordpress\/ -->\n<title>Noleggio auto Aeroporto di Salonicco Macedonia Skg<\/title>\n<meta name=\"description\" content=\"Noleggiate un&#039;auto a Salonicco in aeroporto. Prezzi bassi per il noleggio auto nel centro citt\u00e0. Prenotate la vostra auto. Numero di telefono 2317003400\" \/>\n<meta name=\"robots\" content=\"index, follow, max-snippet:-1, max-image-preview:large, max-video-preview:-1\" \/>\n<link rel=\"canonical\" href=\"https:\/\/www.i-rentacar.com\/it\/\" \/>\n<meta property=\"og:locale\" content=\"it_IT\" \/>\n<meta property=\"og:type\" content=\"article\" \/>\n<meta property=\"og:title\" content=\"Noleggio auto a Salonicco all&#039;aeroporto di Salonicco\" \/>\n<meta property=\"og:description\" content=\"Noleggiate un&#039;auto a Salonicco in aeroporto Mini Van, SUV, 4X4 ai migliori prezzi.\" \/>\n<meta property=\"og:url\" content=\"https:\/\/www.i-rentacar.com\/it\/\" \/>\n<meta property=\"og:site_name\" content=\"i-rentacar.com\" \/>\n<meta property=\"article:modified_time\" content=\"2025-06-01T10:49:23+00:00\" \/>\n<meta property=\"og:image\" content=\"https:\/\/www.i-rentacar.com\/wp-content\/uploads\/2021\/08\/cropped-logo-i-rent-a-car-com.jpg\" \/>\n<meta name=\"twitter:card\" content=\"summary_large_image\" \/>\n<meta name=\"twitter:label1\" content=\"Tempo di lettura stimato\" \/>\n\t<meta name=\"twitter:data1\" content=\"97 minuti\" \/>\n<script type=\"application\/ld+json\" class=\"yoast-schema-graph\">{\"@context\":\"https:\/\/schema.org\",\"@graph\":[{\"@type\":\"WebPage\",\"@id\":\"https:\/\/www.i-rentacar.com\/it\/\",\"url\":\"https:\/\/www.i-rentacar.com\/it\/\",\"name\":\"Noleggio auto Aeroporto di Salonicco Macedonia Skg\",\"isPartOf\":{\"@id\":\"https:\/\/www.i-rentacar.com\/it\/#website\"},\"primaryImageOfPage\":{\"@id\":\"https:\/\/www.i-rentacar.com\/it\/#primaryimage\"},\"image\":{\"@id\":\"https:\/\/www.i-rentacar.com\/it\/#primaryimage\"},\"thumbnailUrl\":\"https:\/\/www.i-rentacar.com\/wp-content\/uploads\/2021\/08\/elexos-oximaton-2.jpg\",\"datePublished\":\"2021-08-04T22:31:52+00:00\",\"dateModified\":\"2025-06-01T10:49:23+00:00\",\"description\":\"Noleggiate un'auto a Salonicco in aeroporto. Prezzi bassi per il noleggio auto nel centro citt\u00e0. Prenotate la vostra auto. Numero di telefono 2317003400\",\"breadcrumb\":{\"@id\":\"https:\/\/www.i-rentacar.com\/it\/#breadcrumb\"},\"inLanguage\":\"it-IT\",\"potentialAction\":[{\"@type\":\"ReadAction\",\"target\":[\"https:\/\/www.i-rentacar.com\/it\/\"]}]},{\"@type\":\"ImageObject\",\"inLanguage\":\"it-IT\",\"@id\":\"https:\/\/www.i-rentacar.com\/it\/#primaryimage\",\"url\":\"https:\/\/www.i-rentacar.com\/wp-content\/uploads\/2021\/08\/elexos-oximaton-2.jpg\",\"contentUrl\":\"https:\/\/www.i-rentacar.com\/wp-content\/uploads\/2021\/08\/elexos-oximaton-2.jpg\"},{\"@type\":\"BreadcrumbList\",\"@id\":\"https:\/\/www.i-rentacar.com\/it\/#breadcrumb\",\"itemListElement\":[{\"@type\":\"ListItem\",\"position\":1,\"name\":\"Home\",\"item\":\"https:\/\/www.i-rentacar.com\/it\/\"},{\"@type\":\"ListItem\",\"position\":2,\"name\":\"HOME\"}]},{\"@type\":\"WebSite\",\"@id\":\"https:\/\/www.i-rentacar.com\/it\/#website\",\"url\":\"https:\/\/www.i-rentacar.com\/it\/\",\"name\":\"i-rentacar.com\",\"description\":\"\u0395\u03bd\u03bf\u03b9\u03ba\u03b9\u03ac\u03c3\u03b5\u03b9\u03c2 \u0391\u03c5\u03c4\u03bf\u03ba\u03b9\u03bd\u03ae\u03c4\u03c9\u03bd \u0398\u03b5\u03c3\u03c3\u03b1\u03bb\u03bf\u03bd\u03af\u03ba\u03b7 minivan suv \u03b1\u03b5\u03c1\u03bf\u03b4\u03c1\u03cc\u03bc\u03b9\u03bf \u0398\u03b5\u03c3\u03c3\u03b1\u03bb\u03bf\u03bd\u03af\u03ba\u03b7, \u03b5\u03bd\u03bf\u03b9\u03ba\u03b9\u03ac\u03c3\u03b5\u03b9\u03c2 van \u0398\u03b5\u03c3\u03c3\u03b1\u03bb\u03bf\u03bd\u03af\u03ba\u03b7 \u03a7\u03b1\u03bb\u03ba\u03b9\u03b4\u03b9\u03ba\u03ae, rent a car Thessaloniki airport skg\",\"publisher\":{\"@id\":\"https:\/\/www.i-rentacar.com\/it\/#organization\"},\"potentialAction\":[{\"@type\":\"SearchAction\",\"target\":{\"@type\":\"EntryPoint\",\"urlTemplate\":\"https:\/\/www.i-rentacar.com\/it\/?s={search_term_string}\"},\"query-input\":{\"@type\":\"PropertyValueSpecification\",\"valueRequired\":true,\"valueName\":\"search_term_string\"}}],\"inLanguage\":\"it-IT\"},{\"@type\":\"Organization\",\"@id\":\"https:\/\/www.i-rentacar.com\/it\/#organization\",\"name\":\"i-rentacar.com\",\"url\":\"https:\/\/www.i-rentacar.com\/it\/\",\"logo\":{\"@type\":\"ImageObject\",\"inLanguage\":\"it-IT\",\"@id\":\"https:\/\/www.i-rentacar.com\/it\/#\/schema\/logo\/image\/\",\"url\":\"https:\/\/www.i-rentacar.com\/wp-content\/uploads\/2021\/08\/logo-i-rentacar-com-3.png\",\"contentUrl\":\"https:\/\/www.i-rentacar.com\/wp-content\/uploads\/2021\/08\/logo-i-rentacar-com-3.png\",\"width\":383,\"height\":150,\"caption\":\"i-rentacar.com\"},\"image\":{\"@id\":\"https:\/\/www.i-rentacar.com\/it\/#\/schema\/logo\/image\/\"}}]}<\/script>\n<!-- \/ Yoast SEO plugin. -->","yoast_head_json":{"title":"Noleggio auto Aeroporto di Salonicco Macedonia Skg","description":"Noleggiate un'auto a Salonicco in aeroporto. Prezzi bassi per il noleggio auto nel centro citt\u00e0. Prenotate la vostra auto. Numero di telefono 2317003400","robots":{"index":"index","follow":"follow","max-snippet":"max-snippet:-1","max-image-preview":"max-image-preview:large","max-video-preview":"max-video-preview:-1"},"canonical":"https:\/\/www.i-rentacar.com\/it\/","og_locale":"it_IT","og_type":"article","og_title":"Noleggio auto a Salonicco all'aeroporto di Salonicco","og_description":"Noleggiate un'auto a Salonicco in aeroporto Mini Van, SUV, 4X4 ai migliori prezzi.","og_url":"https:\/\/www.i-rentacar.com\/it\/","og_site_name":"i-rentacar.com","article_modified_time":"2025-06-01T10:49:23+00:00","og_image":[{"url":"https:\/\/www.i-rentacar.com\/wp-content\/uploads\/2021\/08\/cropped-logo-i-rent-a-car-com.jpg","type":"","width":"","height":""}],"twitter_card":"summary_large_image","twitter_misc":{"Tempo di lettura stimato":"97 minuti"},"schema":{"@context":"https:\/\/schema.org","@graph":[{"@type":"WebPage","@id":"https:\/\/www.i-rentacar.com\/it\/","url":"https:\/\/www.i-rentacar.com\/it\/","name":"Noleggio auto Aeroporto di Salonicco Macedonia Skg","isPartOf":{"@id":"https:\/\/www.i-rentacar.com\/it\/#website"},"primaryImageOfPage":{"@id":"https:\/\/www.i-rentacar.com\/it\/#primaryimage"},"image":{"@id":"https:\/\/www.i-rentacar.com\/it\/#primaryimage"},"thumbnailUrl":"https:\/\/www.i-rentacar.com\/wp-content\/uploads\/2021\/08\/elexos-oximaton-2.jpg","datePublished":"2021-08-04T22:31:52+00:00","dateModified":"2025-06-01T10:49:23+00:00","description":"Noleggiate un'auto a Salonicco in aeroporto. Prezzi bassi per il noleggio auto nel centro citt\u00e0. Prenotate la vostra auto. Numero di telefono 2317003400","breadcrumb":{"@id":"https:\/\/www.i-rentacar.com\/it\/#breadcrumb"},"inLanguage":"it-IT","potentialAction":[{"@type":"ReadAction","target":["https:\/\/www.i-rentacar.com\/it\/"]}]},{"@type":"ImageObject","inLanguage":"it-IT","@id":"https:\/\/www.i-rentacar.com\/it\/#primaryimage","url":"https:\/\/www.i-rentacar.com\/wp-content\/uploads\/2021\/08\/elexos-oximaton-2.jpg","contentUrl":"https:\/\/www.i-rentacar.com\/wp-content\/uploads\/2021\/08\/elexos-oximaton-2.jpg"},{"@type":"BreadcrumbList","@id":"https:\/\/www.i-rentacar.com\/it\/#breadcrumb","itemListElement":[{"@type":"ListItem","position":1,"name":"Home","item":"https:\/\/www.i-rentacar.com\/it\/"},{"@type":"ListItem","position":2,"name":"HOME"}]},{"@type":"WebSite","@id":"https:\/\/www.i-rentacar.com\/it\/#website","url":"https:\/\/www.i-rentacar.com\/it\/","name":"i-rentacar.com","description":"\u0395\u03bd\u03bf\u03b9\u03ba\u03b9\u03ac\u03c3\u03b5\u03b9\u03c2 \u0391\u03c5\u03c4\u03bf\u03ba\u03b9\u03bd\u03ae\u03c4\u03c9\u03bd \u0398\u03b5\u03c3\u03c3\u03b1\u03bb\u03bf\u03bd\u03af\u03ba\u03b7 minivan suv \u03b1\u03b5\u03c1\u03bf\u03b4\u03c1\u03cc\u03bc\u03b9\u03bf \u0398\u03b5\u03c3\u03c3\u03b1\u03bb\u03bf\u03bd\u03af\u03ba\u03b7, \u03b5\u03bd\u03bf\u03b9\u03ba\u03b9\u03ac\u03c3\u03b5\u03b9\u03c2 van \u0398\u03b5\u03c3\u03c3\u03b1\u03bb\u03bf\u03bd\u03af\u03ba\u03b7 \u03a7\u03b1\u03bb\u03ba\u03b9\u03b4\u03b9\u03ba\u03ae, rent a car Thessaloniki airport skg","publisher":{"@id":"https:\/\/www.i-rentacar.com\/it\/#organization"},"potentialAction":[{"@type":"SearchAction","target":{"@type":"EntryPoint","urlTemplate":"https:\/\/www.i-rentacar.com\/it\/?s={search_term_string}"},"query-input":{"@type":"PropertyValueSpecification","valueRequired":true,"valueName":"search_term_string"}}],"inLanguage":"it-IT"},{"@type":"Organization","@id":"https:\/\/www.i-rentacar.com\/it\/#organization","name":"i-rentacar.com","url":"https:\/\/www.i-rentacar.com\/it\/","logo":{"@type":"ImageObject","inLanguage":"it-IT","@id":"https:\/\/www.i-rentacar.com\/it\/#\/schema\/logo\/image\/","url":"https:\/\/www.i-rentacar.com\/wp-content\/uploads\/2021\/08\/logo-i-rentacar-com-3.png","contentUrl":"https:\/\/www.i-rentacar.com\/wp-content\/uploads\/2021\/08\/logo-i-rentacar-com-3.png","width":383,"height":150,"caption":"i-rentacar.com"},"image":{"@id":"https:\/\/www.i-rentacar.com\/it\/#\/schema\/logo\/image\/"}}]}},"_links":{"self":[{"href":"https:\/\/www.i-rentacar.com\/it\/wp-json\/wp\/v2\/pages\/6205","targetHints":{"allow":["GET"]}}],"collection":[{"href":"https:\/\/www.i-rentacar.com\/it\/wp-json\/wp\/v2\/pages"}],"about":[{"href":"https:\/\/www.i-rentacar.com\/it\/wp-json\/wp\/v2\/types\/page"}],"author":[{"embeddable":true,"href":"https:\/\/www.i-rentacar.com\/it\/wp-json\/wp\/v2\/users\/1"}],"replies":[{"embeddable":true,"href":"https:\/\/www.i-rentacar.com\/it\/wp-json\/wp\/v2\/comments?post=6205"}],"version-history":[{"count":173,"href":"https:\/\/www.i-rentacar.com\/it\/wp-json\/wp\/v2\/pages\/6205\/revisions"}],"predecessor-version":[{"id":10092,"href":"https:\/\/www.i-rentacar.com\/it\/wp-json\/wp\/v2\/pages\/6205\/revisions\/10092"}],"wp:attachment":[{"href":"https:\/\/www.i-rentacar.com\/it\/wp-json\/wp\/v2\/media?parent=6205"}],"curies":[{"name":"wp","href":"https:\/\/api.w.org\/{rel}","templated":true}]}}