{"id":10085,"date":"2025-05-31T18:56:45","date_gmt":"2025-05-31T15:56:45","guid":{"rendered":"https:\/\/www.i-rentacar.com\/?page_id=10085"},"modified":"2025-06-01T13:46:51","modified_gmt":"2025-06-01T10:46:51","slug":"noleggio-auto-a-volos","status":"publish","type":"page","link":"https:\/\/www.i-rentacar.com\/it\/noleggio-auto-a-volos\/","title":{"rendered":"Noleggio auto a Volos"},"content":{"rendered":"<div class=\"fusion-fullwidth fullwidth-box fusion-builder-row-1 fusion-flex-container has-pattern-background has-mask-background nonhundred-percent-fullwidth non-hundred-percent-height-scrolling\" style=\"--awb-border-radius-top-left:0px;--awb-border-radius-top-right:0px;--awb-border-radius-bottom-right:0px;--awb-border-radius-bottom-left:0px;--awb-flex-wrap:wrap;\" ><div class=\"fusion-builder-row fusion-row fusion-flex-align-items-flex-start fusion-flex-content-wrap\" style=\"max-width:1300px;margin-left: calc(-4% \/ 2 );margin-right: calc(-4% \/ 2 );\"><div class=\"fusion-layout-column fusion_builder_column fusion-builder-column-0 fusion_builder_column_1_1 1_1 fusion-flex-column\" style=\"--awb-bg-size:cover;--awb-width-large:100%;--awb-margin-top-large:0px;--awb-spacing-right-large:1.92%;--awb-margin-bottom-large:20px;--awb-spacing-left-large:1.92%;--awb-width-medium:100%;--awb-order-medium:0;--awb-spacing-right-medium:1.92%;--awb-spacing-left-medium:1.92%;--awb-width-small:100%;--awb-order-small:0;--awb-spacing-right-small:1.92%;--awb-spacing-left-small:1.92%;\"><div class=\"fusion-column-wrapper fusion-column-has-shadow fusion-flex-justify-content-flex-start fusion-content-layout-column\"><div class=\"fusion-image-element \" style=\"text-align:center;--awb-caption-title-font-family:var(--h2_typography-font-family);--awb-caption-title-font-weight:var(--h2_typography-font-weight);--awb-caption-title-font-style:var(--h2_typography-font-style);--awb-caption-title-size:var(--h2_typography-font-size);--awb-caption-title-transform:var(--h2_typography-text-transform);--awb-caption-title-line-height:var(--h2_typography-line-height);--awb-caption-title-letter-spacing:var(--h2_typography-letter-spacing);\"><span class=\" fusion-imageframe imageframe-none imageframe-1 hover-type-none\"><img decoding=\"async\" width=\"1200\" height=\"600\" title=\"\u03c9\u03bb\u03ba\u03bd\u03c9\u03c2\u03ba\u03bd\u03c9\u03c2\" src=\"https:\/\/www.i-rentacar.com\/wp-content\/uploads\/2025\/05\/\u03c9\u03bb\u03ba\u03bd\u03c9\u03c2\u03ba\u03bd\u03c9\u03c2.jpg\" data-orig-src=\"https:\/\/www.i-rentacar.com\/wp-content\/uploads\/2025\/05\/\u03c9\u03bb\u03ba\u03bd\u03c9\u03c2\u03ba\u03bd\u03c9\u03c2.jpg\" alt class=\"lazyload img-responsive wp-image-9945\" srcset=\"data:image\/svg+xml,%3Csvg%20xmlns%3D%27http%3A%2F%2Fwww.w3.org%2F2000%2Fsvg%27%20width%3D%271200%27%20height%3D%27600%27%20viewBox%3D%270%200%201200%20600%27%3E%3Crect%20width%3D%271200%27%20height%3D%27600%27%20fill-opacity%3D%220%22%2F%3E%3C%2Fsvg%3E\" data-srcset=\"https:\/\/www.i-rentacar.com\/wp-content\/uploads\/2025\/05\/\u03c9\u03bb\u03ba\u03bd\u03c9\u03c2\u03ba\u03bd\u03c9\u03c2-200x100.jpg 200w, https:\/\/www.i-rentacar.com\/wp-content\/uploads\/2025\/05\/\u03c9\u03bb\u03ba\u03bd\u03c9\u03c2\u03ba\u03bd\u03c9\u03c2-400x200.jpg 400w, https:\/\/www.i-rentacar.com\/wp-content\/uploads\/2025\/05\/\u03c9\u03bb\u03ba\u03bd\u03c9\u03c2\u03ba\u03bd\u03c9\u03c2-600x300.jpg 600w, https:\/\/www.i-rentacar.com\/wp-content\/uploads\/2025\/05\/\u03c9\u03bb\u03ba\u03bd\u03c9\u03c2\u03ba\u03bd\u03c9\u03c2-800x400.jpg 800w, https:\/\/www.i-rentacar.com\/wp-content\/uploads\/2025\/05\/\u03c9\u03bb\u03ba\u03bd\u03c9\u03c2\u03ba\u03bd\u03c9\u03c2.jpg 1200w\" data-sizes=\"auto\" data-orig-sizes=\"(max-width: 640px) 100vw, 1200px\" \/><\/span><\/div><div class=\"fusion-text fusion-text-1\"><h2 style=\"text-align: center;\" data-start=\"258\" data-end=\"334\">Volos \u2013 Partenza per fughe estive con comodit\u00e0 grazie a i-rentacar<\/h2>\n<p data-start=\"336\" data-end=\"636\">Volos \u00e8 una delle citt\u00e0 pi\u00f9 belle della Grecia, ideale per chi cerca una combinazione di <strong data-start=\"433\" data-end=\"490\">vita urbana, spiaggia, storia e bellezza naturale<\/strong>. Con lo sfondo del maestoso Pelio e vista sul golfo Pagasitico, offre al visitatore un&#8217;esperienza indimenticabile piena di immagini, sapori e percorsi.<\/p>\n<p data-start=\"638\" data-end=\"928\">Con l\u2019aiuto di <strong data-start=\"656\" data-end=\"670\">i-rentacar<\/strong>, puoi goderti Volos e le zone circostanti con completa libert\u00e0. Che tu sia qui per vacanze o per un breve city break, la tua auto a noleggio ti permette di vivere <strong data-start=\"874\" data-end=\"889\">di pi\u00f9<\/strong>, <strong data-start=\"891\" data-end=\"900\">comodamente<\/strong> e <strong data-start=\"905\" data-end=\"927\">senza limitazioni<\/strong>.<\/p>\n<h3 style=\"text-align: center;\" data-start=\"935\" data-end=\"978\">Volos ti aspetta per essere scoperta<\/h3>\n<p data-start=\"980\" data-end=\"1330\">La citt\u00e0 di Volos stessa \u00e8 piena di sorprese. Goditi una passeggiata sul lungomare con vista sulle barche a vela e il profumo del caff\u00e8 dai locali sul mare. Visita il <strong data-start=\"1149\" data-end=\"1173\">Museo Archeologico<\/strong>, la <strong data-start=\"1179\" data-end=\"1200\">Collina di Goritsa<\/strong> con vista panoramica o la <strong data-start=\"1228\" data-end=\"1258\">Taverna di Karantonis<\/strong> per conoscere la cultura autentica dello tsipouro e degli antipasti.<\/p>\n<p data-start=\"1332\" data-end=\"1593\">La <strong data-start=\"1334\" data-end=\"1349\">gastronomia<\/strong> \u00e8 di per s\u00e9 un motivo per visitare Volos. Le leggendarie taverne di tsipouro offrono tsipouro locale con una variet\u00e0 di antipasti che cambiano ad ogni giro. Frutti di mare, salsicce, involtini e piatti freschissimi che accompagnano perfettamente ogni bicchiere.<\/p>\n<h3 style=\"text-align: center;\" data-start=\"1600\" data-end=\"1661\">In auto verso il Paradiso \u2013 Dal porto al Pelio<\/h3>\n<p data-start=\"1663\" data-end=\"1812\">Volos non \u00e8 solo una destinazione \u2013 \u00e8 <strong data-start=\"1706\" data-end=\"1735\">un punto di partenza per esplorazioni<\/strong>. Con un\u2019auto a noleggio da <strong data-start=\"1773\" data-end=\"1787\">i-rentacar<\/strong>, puoi visitare:<\/p>\n<ul data-start=\"1814\" data-end=\"2441\">\n<li data-start=\"1814\" data-end=\"2071\">\n<p data-start=\"1816\" data-end=\"2071\">Il <strong data-start=\"1819\" data-end=\"1828\">Pelio<\/strong>, con i suoi villaggi verdeggianti come Makrinitsa, Milies e Tsagarada. In estate, puoi rinfrescarti nelle <strong data-start=\"1942\" data-end=\"1966\">spiagge del Mar Egeo<\/strong>, come Fakistra, Mylopotamos e Damouchari \u2013 tutte facilmente accessibili con il tuo veicolo.<\/p>\n<\/li>\n<li data-start=\"2072\" data-end=\"2207\">\n<p data-start=\"2074\" data-end=\"2207\">Le <strong data-start=\"2078\" data-end=\"2106\">spiagge del golfo Pagasitico<\/strong>, come Horto, Katigiorgis o Afissos, per acque pi\u00f9 calme e momenti in famiglia.<\/p>\n<\/li>\n<li data-start=\"2208\" data-end=\"2332\">\n<p data-start=\"2210\" data-end=\"2332\">Il <strong data-start=\"2213\" data-end=\"2242\">Teatro Antico di Demetria<\/strong> e l\u2019area di <strong data-start=\"2259\" data-end=\"2278\">Sesklo &#038; Dimini<\/strong>, per uno sguardo alle prime civilt\u00e0 europee.<\/p>\n<\/li>\n<li data-start=\"2333\" data-end=\"2441\">\n<p data-start=\"2335\" data-end=\"2441\">Agios Lavrentios, un borgo montano pieno di architettura tradizionale e tesori gastronomici.<\/p>\n<\/li>\n<\/ul>\n<p data-start=\"2443\" data-end=\"2577\">Con i-rentacar, tutti questi itinerari diventano piacevoli e flessibili. Sei tu a scegliere il tuo piano, senza attese o vincoli.<\/p>\n<\/div><div class=\"fusion-image-element \" style=\"text-align:center;--awb-caption-title-font-family:var(--h2_typography-font-family);--awb-caption-title-font-weight:var(--h2_typography-font-weight);--awb-caption-title-font-style:var(--h2_typography-font-style);--awb-caption-title-size:var(--h2_typography-font-size);--awb-caption-title-transform:var(--h2_typography-text-transform);--awb-caption-title-line-height:var(--h2_typography-line-height);--awb-caption-title-letter-spacing:var(--h2_typography-letter-spacing);\"><span class=\" fusion-imageframe imageframe-none imageframe-2 hover-type-none\"><img decoding=\"async\" width=\"1200\" height=\"600\" title=\"\u03bb\u03ba\u03b1\u03c9\u03b1\u0384\u03ba\u03bd\" src=\"https:\/\/www.i-rentacar.com\/wp-content\/uploads\/2025\/05\/\u03bb\u03ba\u03b1\u03c9\u03b1\u0384\u03ba\u03bd.jpg\" data-orig-src=\"https:\/\/www.i-rentacar.com\/wp-content\/uploads\/2025\/05\/\u03bb\u03ba\u03b1\u03c9\u03b1\u0384\u03ba\u03bd.jpg\" alt class=\"lazyload img-responsive wp-image-9940\" srcset=\"data:image\/svg+xml,%3Csvg%20xmlns%3D%27http%3A%2F%2Fwww.w3.org%2F2000%2Fsvg%27%20width%3D%271200%27%20height%3D%27600%27%20viewBox%3D%270%200%201200%20600%27%3E%3Crect%20width%3D%271200%27%20height%3D%27600%27%20fill-opacity%3D%220%22%2F%3E%3C%2Fsvg%3E\" data-srcset=\"https:\/\/www.i-rentacar.com\/wp-content\/uploads\/2025\/05\/\u03bb\u03ba\u03b1\u03c9\u03b1\u0384\u03ba\u03bd-200x100.jpg 200w, https:\/\/www.i-rentacar.com\/wp-content\/uploads\/2025\/05\/\u03bb\u03ba\u03b1\u03c9\u03b1\u0384\u03ba\u03bd-400x200.jpg 400w, https:\/\/www.i-rentacar.com\/wp-content\/uploads\/2025\/05\/\u03bb\u03ba\u03b1\u03c9\u03b1\u0384\u03ba\u03bd-600x300.jpg 600w, https:\/\/www.i-rentacar.com\/wp-content\/uploads\/2025\/05\/\u03bb\u03ba\u03b1\u03c9\u03b1\u0384\u03ba\u03bd-800x400.jpg 800w, https:\/\/www.i-rentacar.com\/wp-content\/uploads\/2025\/05\/\u03bb\u03ba\u03b1\u03c9\u03b1\u0384\u03ba\u03bd.jpg 1200w\" data-sizes=\"auto\" data-orig-sizes=\"(max-width: 640px) 100vw, 1200px\" \/><\/span><\/div><div class=\"fusion-text fusion-text-2\"><h3 style=\"text-align: center;\" data-start=\"2584\" data-end=\"2634\">Libert\u00e0 di movimento \u2013 Semplice, facile, chiaro<\/h3>\n<p data-start=\"2636\" data-end=\"2728\">i-rentacar ti offre la possibilit\u00e0 di scegliere il veicolo che soddisfa le tue esigenze:<\/p>\n<ul data-start=\"2730\" data-end=\"2913\">\n<li data-start=\"2730\" data-end=\"2787\">\n<p data-start=\"2732\" data-end=\"2787\">Auto piccole e agili per muoversi facilmente in citt\u00e0.<\/p>\n<\/li>\n<li data-start=\"2788\" data-end=\"2848\">\n<p data-start=\"2790\" data-end=\"2848\">SUV per escursioni al Pelio o per percorsi pi\u00f9 impegnativi.<\/p>\n<\/li>\n<li data-start=\"2849\" data-end=\"2913\">\n<p data-start=\"2851\" data-end=\"2913\">Auto familiari e automatiche per comfort e facilit\u00e0 durante le vacanze.<\/p>\n<\/li>\n<\/ul>\n<p data-start=\"2915\" data-end=\"3145\">Il ritiro avviene <strong data-start=\"2934\" data-end=\"2953\">dove ti \u00e8 pi\u00f9 comodo<\/strong> \u2013 al porto, alla stazione, o anche nel tuo hotel. Non ci sono <strong data-start=\"3024\" data-end=\"3043\">costi nascosti<\/strong> o condizioni complicate. Tutto \u00e8 <strong data-start=\"3073\" data-end=\"3084\">trasparente<\/strong>, <strong data-start=\"3086\" data-end=\"3098\">chiaro<\/strong> e <strong data-start=\"3103\" data-end=\"3144\">supportato dal nostro team 24\/7<\/strong>.<\/p>\n<h3 style=\"text-align: center;\" data-start=\"3152\" data-end=\"3194\">Perch\u00e9 Volos \u00e8 un must d\u2019estate?<\/h3>\n<ul data-start=\"3196\" data-end=\"3524\">\n<li data-start=\"3196\" data-end=\"3267\">\n<p data-start=\"3198\" data-end=\"3267\">Perch\u00e9 combina <strong data-start=\"3214\" data-end=\"3235\">mare e montagna<\/strong>, <strong data-start=\"3237\" data-end=\"3266\">tradizione e vita moderna<\/strong>.<\/p>\n<\/li>\n<li data-start=\"3268\" data-end=\"3358\">\n<p data-start=\"3270\" data-end=\"3358\">Perch\u00e9 offre <strong data-start=\"3281\" data-end=\"3300\">facile accesso<\/strong> ad alcuni dei villaggi e delle spiagge pi\u00f9 belli del paese.<\/p>\n<\/li>\n<li data-start=\"3359\" data-end=\"3439\">\n<p data-start=\"3361\" data-end=\"3439\">Perch\u00e9 garantisce <strong data-start=\"3377\" data-end=\"3397\">autentica ospitalit\u00e0<\/strong>, ricca cultura e sapori indimenticabili.<\/p>\n<\/li>\n<li data-start=\"3440\" data-end=\"3524\">\n<p data-start=\"3442\" data-end=\"3524\">E perch\u00e9 con <strong data-start=\"3459\" data-end=\"3473\">i-rentacar<\/strong>, i tuoi spostamenti diventano <strong data-start=\"3500\" data-end=\"3523\">parte del piacere<\/strong>.<\/p>\n<\/li>\n<\/ul>\n<h3 style=\"text-align: center;\" data-start=\"3531\" data-end=\"3565\">Inizia la tua esperienza oggi<\/h3>\n<p data-start=\"3567\" data-end=\"3744\">Visita <a class=\"\" href=\"https:\/\/www.i-rentacar.com\" target=\"_new\" rel=\"noopener\" data-start=\"3576\" data-end=\"3624\">www.i-rentacar.com<\/a>, prenota l\u2019auto che fa per te e goditi Volos e i dintorni al tuo ritmo.<\/p>\n<p data-start=\"3746\" data-end=\"3827\"><strong data-start=\"3746\" data-end=\"3827\">i-rentacar \u2013 Il tuo viaggio a Volos inizia con libert\u00e0, comfort e sicurezza.<\/strong><\/p>\n<\/div><div class=\"fusion-image-element \" style=\"text-align:center;--awb-caption-title-font-family:var(--h2_typography-font-family);--awb-caption-title-font-weight:var(--h2_typography-font-weight);--awb-caption-title-font-style:var(--h2_typography-font-style);--awb-caption-title-size:var(--h2_typography-font-size);--awb-caption-title-transform:var(--h2_typography-text-transform);--awb-caption-title-line-height:var(--h2_typography-line-height);--awb-caption-title-letter-spacing:var(--h2_typography-letter-spacing);\"><span class=\" fusion-imageframe imageframe-none imageframe-3 hover-type-none\"><img decoding=\"async\" width=\"1200\" height=\"600\" title=\"\u03b2\u03b5\u03b2\u03b532\" src=\"https:\/\/www.i-rentacar.com\/wp-content\/uploads\/2025\/05\/\u03b2\u03b5\u03b2\u03b532.jpg\" data-orig-src=\"https:\/\/www.i-rentacar.com\/wp-content\/uploads\/2025\/05\/\u03b2\u03b5\u03b2\u03b532.jpg\" alt class=\"lazyload img-responsive wp-image-9950\" srcset=\"data:image\/svg+xml,%3Csvg%20xmlns%3D%27http%3A%2F%2Fwww.w3.org%2F2000%2Fsvg%27%20width%3D%271200%27%20height%3D%27600%27%20viewBox%3D%270%200%201200%20600%27%3E%3Crect%20width%3D%271200%27%20height%3D%27600%27%20fill-opacity%3D%220%22%2F%3E%3C%2Fsvg%3E\" data-srcset=\"https:\/\/www.i-rentacar.com\/wp-content\/uploads\/2025\/05\/\u03b2\u03b5\u03b2\u03b532-200x100.jpg 200w, https:\/\/www.i-rentacar.com\/wp-content\/uploads\/2025\/05\/\u03b2\u03b5\u03b2\u03b532-400x200.jpg 400w, https:\/\/www.i-rentacar.com\/wp-content\/uploads\/2025\/05\/\u03b2\u03b5\u03b2\u03b532-600x300.jpg 600w, https:\/\/www.i-rentacar.com\/wp-content\/uploads\/2025\/05\/\u03b2\u03b5\u03b2\u03b532-800x400.jpg 800w, https:\/\/www.i-rentacar.com\/wp-content\/uploads\/2025\/05\/\u03b2\u03b5\u03b2\u03b532.jpg 1200w\" data-sizes=\"auto\" data-orig-sizes=\"(max-width: 640px) 100vw, 1200px\" \/><\/span><\/div><\/div><\/div><\/div><\/div>\n","protected":false},"excerpt":{"rendered":"","protected":false},"author":1,"featured_media":0,"parent":0,"menu_order":0,"comment_status":"closed","ping_status":"closed","template":"100-width.php","meta":{"footnotes":""},"class_list":["post-10085","page","type-page","status-publish","hentry"],"yoast_head":"<!-- This site is optimized with the Yoast SEO plugin v27.0 - https:\/\/yoast.com\/product\/yoast-seo-wordpress\/ -->\n<title>Noleggio auto a Volos | i-rentacar.com<\/title>\n<meta name=\"robots\" content=\"index, follow, max-snippet:-1, max-image-preview:large, max-video-preview:-1\" \/>\n<link rel=\"canonical\" href=\"https:\/\/www.i-rentacar.com\/it\/noleggio-auto-a-volos\/\" \/>\n<meta property=\"og:locale\" content=\"it_IT\" \/>\n<meta property=\"og:type\" content=\"article\" \/>\n<meta property=\"og:title\" content=\"Noleggio auto a Volos | i-rentacar.com\" \/>\n<meta property=\"og:url\" content=\"https:\/\/www.i-rentacar.com\/it\/noleggio-auto-a-volos\/\" \/>\n<meta property=\"og:site_name\" content=\"i-rentacar.com\" \/>\n<meta property=\"article:modified_time\" content=\"2025-06-01T10:46:51+00:00\" \/>\n<meta name=\"twitter:card\" content=\"summary_large_image\" \/>\n<meta name=\"twitter:label1\" content=\"Tempo di lettura stimato\" \/>\n\t<meta name=\"twitter:data1\" content=\"13 minuti\" \/>\n<script type=\"application\/ld+json\" class=\"yoast-schema-graph\">{\"@context\":\"https:\/\/schema.org\",\"@graph\":[{\"@type\":\"WebPage\",\"@id\":\"https:\/\/www.i-rentacar.com\/it\/noleggio-auto-a-volos\/\",\"url\":\"https:\/\/www.i-rentacar.com\/it\/noleggio-auto-a-volos\/\",\"name\":\"Noleggio auto a Volos | i-rentacar.com\",\"isPartOf\":{\"@id\":\"https:\/\/www.i-rentacar.com\/it\/#website\"},\"datePublished\":\"2025-05-31T15:56:45+00:00\",\"dateModified\":\"2025-06-01T10:46:51+00:00\",\"breadcrumb\":{\"@id\":\"https:\/\/www.i-rentacar.com\/it\/noleggio-auto-a-volos\/#breadcrumb\"},\"inLanguage\":\"it-IT\",\"potentialAction\":[{\"@type\":\"ReadAction\",\"target\":[\"https:\/\/www.i-rentacar.com\/it\/noleggio-auto-a-volos\/\"]}]},{\"@type\":\"BreadcrumbList\",\"@id\":\"https:\/\/www.i-rentacar.com\/it\/noleggio-auto-a-volos\/#breadcrumb\",\"itemListElement\":[{\"@type\":\"ListItem\",\"position\":1,\"name\":\"Home\",\"item\":\"https:\/\/www.i-rentacar.com\/it\/\"},{\"@type\":\"ListItem\",\"position\":2,\"name\":\"Noleggio auto a Volos\"}]},{\"@type\":\"WebSite\",\"@id\":\"https:\/\/www.i-rentacar.com\/it\/#website\",\"url\":\"https:\/\/www.i-rentacar.com\/it\/\",\"name\":\"i-rentacar.com\",\"description\":\"\u0395\u03bd\u03bf\u03b9\u03ba\u03b9\u03ac\u03c3\u03b5\u03b9\u03c2 \u0391\u03c5\u03c4\u03bf\u03ba\u03b9\u03bd\u03ae\u03c4\u03c9\u03bd \u0398\u03b5\u03c3\u03c3\u03b1\u03bb\u03bf\u03bd\u03af\u03ba\u03b7 minivan suv \u03b1\u03b5\u03c1\u03bf\u03b4\u03c1\u03cc\u03bc\u03b9\u03bf \u0398\u03b5\u03c3\u03c3\u03b1\u03bb\u03bf\u03bd\u03af\u03ba\u03b7, \u03b5\u03bd\u03bf\u03b9\u03ba\u03b9\u03ac\u03c3\u03b5\u03b9\u03c2 van \u0398\u03b5\u03c3\u03c3\u03b1\u03bb\u03bf\u03bd\u03af\u03ba\u03b7 \u03a7\u03b1\u03bb\u03ba\u03b9\u03b4\u03b9\u03ba\u03ae, rent a car Thessaloniki airport skg\",\"publisher\":{\"@id\":\"https:\/\/www.i-rentacar.com\/it\/#organization\"},\"potentialAction\":[{\"@type\":\"SearchAction\",\"target\":{\"@type\":\"EntryPoint\",\"urlTemplate\":\"https:\/\/www.i-rentacar.com\/it\/?s={search_term_string}\"},\"query-input\":{\"@type\":\"PropertyValueSpecification\",\"valueRequired\":true,\"valueName\":\"search_term_string\"}}],\"inLanguage\":\"it-IT\"},{\"@type\":\"Organization\",\"@id\":\"https:\/\/www.i-rentacar.com\/it\/#organization\",\"name\":\"i-rentacar.com\",\"url\":\"https:\/\/www.i-rentacar.com\/it\/\",\"logo\":{\"@type\":\"ImageObject\",\"inLanguage\":\"it-IT\",\"@id\":\"https:\/\/www.i-rentacar.com\/it\/#\/schema\/logo\/image\/\",\"url\":\"https:\/\/www.i-rentacar.com\/wp-content\/uploads\/2021\/08\/logo-i-rentacar-com-3.png\",\"contentUrl\":\"https:\/\/www.i-rentacar.com\/wp-content\/uploads\/2021\/08\/logo-i-rentacar-com-3.png\",\"width\":383,\"height\":150,\"caption\":\"i-rentacar.com\"},\"image\":{\"@id\":\"https:\/\/www.i-rentacar.com\/it\/#\/schema\/logo\/image\/\"}}]}<\/script>\n<!-- \/ Yoast SEO plugin. -->","yoast_head_json":{"title":"Noleggio auto a Volos | i-rentacar.com","robots":{"index":"index","follow":"follow","max-snippet":"max-snippet:-1","max-image-preview":"max-image-preview:large","max-video-preview":"max-video-preview:-1"},"canonical":"https:\/\/www.i-rentacar.com\/it\/noleggio-auto-a-volos\/","og_locale":"it_IT","og_type":"article","og_title":"Noleggio auto a Volos | i-rentacar.com","og_url":"https:\/\/www.i-rentacar.com\/it\/noleggio-auto-a-volos\/","og_site_name":"i-rentacar.com","article_modified_time":"2025-06-01T10:46:51+00:00","twitter_card":"summary_large_image","twitter_misc":{"Tempo di lettura stimato":"13 minuti"},"schema":{"@context":"https:\/\/schema.org","@graph":[{"@type":"WebPage","@id":"https:\/\/www.i-rentacar.com\/it\/noleggio-auto-a-volos\/","url":"https:\/\/www.i-rentacar.com\/it\/noleggio-auto-a-volos\/","name":"Noleggio auto a Volos | i-rentacar.com","isPartOf":{"@id":"https:\/\/www.i-rentacar.com\/it\/#website"},"datePublished":"2025-05-31T15:56:45+00:00","dateModified":"2025-06-01T10:46:51+00:00","breadcrumb":{"@id":"https:\/\/www.i-rentacar.com\/it\/noleggio-auto-a-volos\/#breadcrumb"},"inLanguage":"it-IT","potentialAction":[{"@type":"ReadAction","target":["https:\/\/www.i-rentacar.com\/it\/noleggio-auto-a-volos\/"]}]},{"@type":"BreadcrumbList","@id":"https:\/\/www.i-rentacar.com\/it\/noleggio-auto-a-volos\/#breadcrumb","itemListElement":[{"@type":"ListItem","position":1,"name":"Home","item":"https:\/\/www.i-rentacar.com\/it\/"},{"@type":"ListItem","position":2,"name":"Noleggio auto a Volos"}]},{"@type":"WebSite","@id":"https:\/\/www.i-rentacar.com\/it\/#website","url":"https:\/\/www.i-rentacar.com\/it\/","name":"i-rentacar.com","description":"\u0395\u03bd\u03bf\u03b9\u03ba\u03b9\u03ac\u03c3\u03b5\u03b9\u03c2 \u0391\u03c5\u03c4\u03bf\u03ba\u03b9\u03bd\u03ae\u03c4\u03c9\u03bd \u0398\u03b5\u03c3\u03c3\u03b1\u03bb\u03bf\u03bd\u03af\u03ba\u03b7 minivan suv \u03b1\u03b5\u03c1\u03bf\u03b4\u03c1\u03cc\u03bc\u03b9\u03bf \u0398\u03b5\u03c3\u03c3\u03b1\u03bb\u03bf\u03bd\u03af\u03ba\u03b7, \u03b5\u03bd\u03bf\u03b9\u03ba\u03b9\u03ac\u03c3\u03b5\u03b9\u03c2 van \u0398\u03b5\u03c3\u03c3\u03b1\u03bb\u03bf\u03bd\u03af\u03ba\u03b7 \u03a7\u03b1\u03bb\u03ba\u03b9\u03b4\u03b9\u03ba\u03ae, rent a car Thessaloniki airport skg","publisher":{"@id":"https:\/\/www.i-rentacar.com\/it\/#organization"},"potentialAction":[{"@type":"SearchAction","target":{"@type":"EntryPoint","urlTemplate":"https:\/\/www.i-rentacar.com\/it\/?s={search_term_string}"},"query-input":{"@type":"PropertyValueSpecification","valueRequired":true,"valueName":"search_term_string"}}],"inLanguage":"it-IT"},{"@type":"Organization","@id":"https:\/\/www.i-rentacar.com\/it\/#organization","name":"i-rentacar.com","url":"https:\/\/www.i-rentacar.com\/it\/","logo":{"@type":"ImageObject","inLanguage":"it-IT","@id":"https:\/\/www.i-rentacar.com\/it\/#\/schema\/logo\/image\/","url":"https:\/\/www.i-rentacar.com\/wp-content\/uploads\/2021\/08\/logo-i-rentacar-com-3.png","contentUrl":"https:\/\/www.i-rentacar.com\/wp-content\/uploads\/2021\/08\/logo-i-rentacar-com-3.png","width":383,"height":150,"caption":"i-rentacar.com"},"image":{"@id":"https:\/\/www.i-rentacar.com\/it\/#\/schema\/logo\/image\/"}}]}},"_links":{"self":[{"href":"https:\/\/www.i-rentacar.com\/it\/wp-json\/wp\/v2\/pages\/10085","targetHints":{"allow":["GET"]}}],"collection":[{"href":"https:\/\/www.i-rentacar.com\/it\/wp-json\/wp\/v2\/pages"}],"about":[{"href":"https:\/\/www.i-rentacar.com\/it\/wp-json\/wp\/v2\/types\/page"}],"author":[{"embeddable":true,"href":"https:\/\/www.i-rentacar.com\/it\/wp-json\/wp\/v2\/users\/1"}],"replies":[{"embeddable":true,"href":"https:\/\/www.i-rentacar.com\/it\/wp-json\/wp\/v2\/comments?post=10085"}],"version-history":[{"count":2,"href":"https:\/\/www.i-rentacar.com\/it\/wp-json\/wp\/v2\/pages\/10085\/revisions"}],"predecessor-version":[{"id":10087,"href":"https:\/\/www.i-rentacar.com\/it\/wp-json\/wp\/v2\/pages\/10085\/revisions\/10087"}],"wp:attachment":[{"href":"https:\/\/www.i-rentacar.com\/it\/wp-json\/wp\/v2\/media?parent=10085"}],"curies":[{"name":"wp","href":"https:\/\/api.w.org\/{rel}","templated":true}]}}