{"id":10075,"date":"2025-05-31T17:59:28","date_gmt":"2025-05-31T14:59:28","guid":{"rendered":"https:\/\/www.i-rentacar.com\/?page_id=10075"},"modified":"2025-06-01T13:38:07","modified_gmt":"2025-06-01T10:38:07","slug":"noleggio-auto-per-il-monte-athos-calcidica","status":"publish","type":"page","link":"https:\/\/www.i-rentacar.com\/it\/noleggio-auto-per-il-monte-athos-calcidica\/","title":{"rendered":"Noleggio auto per il Monte Athos Calcidica"},"content":{"rendered":"<div class=\"fusion-fullwidth fullwidth-box fusion-builder-row-1 fusion-flex-container has-pattern-background has-mask-background nonhundred-percent-fullwidth non-hundred-percent-height-scrolling\" style=\"--awb-border-radius-top-left:0px;--awb-border-radius-top-right:0px;--awb-border-radius-bottom-right:0px;--awb-border-radius-bottom-left:0px;--awb-flex-wrap:wrap;\" ><div class=\"fusion-builder-row fusion-row fusion-flex-align-items-flex-start fusion-flex-content-wrap\" style=\"max-width:1300px;margin-left: calc(-4% \/ 2 );margin-right: calc(-4% \/ 2 );\"><div class=\"fusion-layout-column fusion_builder_column fusion-builder-column-0 fusion_builder_column_1_1 1_1 fusion-flex-column\" style=\"--awb-bg-size:cover;--awb-width-large:100%;--awb-margin-top-large:0px;--awb-spacing-right-large:1.92%;--awb-margin-bottom-large:20px;--awb-spacing-left-large:1.92%;--awb-width-medium:100%;--awb-order-medium:0;--awb-spacing-right-medium:1.92%;--awb-spacing-left-medium:1.92%;--awb-width-small:100%;--awb-order-small:0;--awb-spacing-right-small:1.92%;--awb-spacing-left-small:1.92%;\"><div class=\"fusion-column-wrapper fusion-column-has-shadow fusion-flex-justify-content-flex-start fusion-content-layout-column\"><div class=\"fusion-image-element \" style=\"text-align:center;--awb-caption-title-font-family:var(--h2_typography-font-family);--awb-caption-title-font-weight:var(--h2_typography-font-weight);--awb-caption-title-font-style:var(--h2_typography-font-style);--awb-caption-title-size:var(--h2_typography-font-size);--awb-caption-title-transform:var(--h2_typography-text-transform);--awb-caption-title-line-height:var(--h2_typography-line-height);--awb-caption-title-letter-spacing:var(--h2_typography-letter-spacing);\"><span class=\" fusion-imageframe imageframe-none imageframe-1 hover-type-none\"><img decoding=\"async\" width=\"1200\" height=\"600\" alt=\"\u0386\u03b3\u03b9\u03bf\u03bd \u038c\u03c1\u03bf\u03c2 \u03a7\u03b1\u03bb\u03ba\u03b9\u03b4\u03b9\u03ba\u03ae\" title=\"\u03b1\u03ba\" src=\"https:\/\/www.i-rentacar.com\/wp-content\/uploads\/2025\/05\/\u03b1\u03ba.jpg\" data-orig-src=\"https:\/\/www.i-rentacar.com\/wp-content\/uploads\/2025\/05\/\u03b1\u03ba.jpg\" class=\"lazyload img-responsive wp-image-9889\" srcset=\"data:image\/svg+xml,%3Csvg%20xmlns%3D%27http%3A%2F%2Fwww.w3.org%2F2000%2Fsvg%27%20width%3D%271200%27%20height%3D%27600%27%20viewBox%3D%270%200%201200%20600%27%3E%3Crect%20width%3D%271200%27%20height%3D%27600%27%20fill-opacity%3D%220%22%2F%3E%3C%2Fsvg%3E\" data-srcset=\"https:\/\/www.i-rentacar.com\/wp-content\/uploads\/2025\/05\/\u03b1\u03ba-200x100.jpg 200w, https:\/\/www.i-rentacar.com\/wp-content\/uploads\/2025\/05\/\u03b1\u03ba-400x200.jpg 400w, https:\/\/www.i-rentacar.com\/wp-content\/uploads\/2025\/05\/\u03b1\u03ba-600x300.jpg 600w, https:\/\/www.i-rentacar.com\/wp-content\/uploads\/2025\/05\/\u03b1\u03ba-800x400.jpg 800w, https:\/\/www.i-rentacar.com\/wp-content\/uploads\/2025\/05\/\u03b1\u03ba.jpg 1200w\" data-sizes=\"auto\" data-orig-sizes=\"(max-width: 640px) 100vw, 1200px\" \/><\/span><\/div><div class=\"fusion-text fusion-text-1\"><h2 style=\"text-align: center;\" data-start=\"326\" data-end=\"431\">La Terza Punta della Calcidica: Monte Athos &amp; Ouranoupoli \u2013 Un Viaggio di Anima e Natura con i-rentacar<\/h2>\n<p data-start=\"433\" data-end=\"765\">La terza punta della Calcidica, la penisola del Monte Athos, \u00e8 un luogo diverso. Una destinazione dove natura, storia e spiritualit\u00e0 convivono in armonia. Con centro Ouranoupoli \u2013 la &#8220;porta&#8221; del Monte Athos \u2013 la zona offre un&#8217;esperienza unica: una combinazione di relax, avventura e ricerca interiore.<\/p>\n<p data-start=\"767\" data-end=\"1143\">Con un\u2019auto a noleggio da <strong data-start=\"807\" data-end=\"821\">i-rentacar<\/strong>, hai la possibilit\u00e0 di esplorare ogni angolo nascosto di questo luogo, muoverti con agilit\u00e0 e comfort, e organizzare la tua vacanza esattamente come la immagini. Dalla Ouranoupoli sul mare ai villaggi tradizionali della Calcidica orientale, l\u2019esperienza diventa unica quando hai il controllo del percorso.<\/p>\n<h3 style=\"text-align: center;\" data-start=\"1150\" data-end=\"1215\">Ouranoupoli: Dove finisce il mondo e inizia la tranquillit\u00e0<\/h3>\n<p data-start=\"1217\" data-end=\"1438\">Ouranoupoli \u00e8 l\u2019ultimo punto di accesso prima del Monte Athos \u2013 ma anche una splendida destinazione estiva. \u00c8 piena di case tradizionali, vicoli lastricati e taverne di pesce con vista sull\u2019azzurro infinito.<\/p>\n<p data-start=\"1440\" data-end=\"1460\">Da qui, puoi:<\/p>\n<ul data-start=\"1462\" data-end=\"1874\">\n<li data-start=\"1462\" data-end=\"1571\">\n<p data-start=\"1464\" data-end=\"1571\">Fare una <strong data-start=\"1471\" data-end=\"1495\">gita in barca di un giorno<\/strong> intorno alle coste del Monte Athos, ammirando i monasteri dal mare.<\/p>\n<\/li>\n<li data-start=\"1572\" data-end=\"1680\">\n<p data-start=\"1574\" data-end=\"1680\">Visitare le <strong data-start=\"1589\" data-end=\"1607\">isole Drenia<\/strong>, famose per le loro acque cristalline \u2013 perfette per nuotare e fare snorkeling.<\/p>\n<\/li>\n<li data-start=\"1681\" data-end=\"1779\">\n<p data-start=\"1683\" data-end=\"1779\">Nuotare in spiagge attrezzate come <strong data-start=\"1726\" data-end=\"1737\">Trypiti<\/strong>, <strong data-start=\"1741\" data-end=\"1752\">Kakavos<\/strong> o <strong data-start=\"1757\" data-end=\"1778\">la spiaggia di Komtsinis<\/strong>.<\/p>\n<\/li>\n<li data-start=\"1780\" data-end=\"1874\">\n<p data-start=\"1782\" data-end=\"1874\">Assaggiare prodotti locali come miele, vino e olio d\u2019oliva \u2013 tutti da produttori della zona.<\/p>\n<\/li>\n<\/ul>\n<p data-start=\"1876\" data-end=\"2019\">Con la libert\u00e0 che ti d\u00e0 l\u2019auto, puoi combinare spiaggia, visite turistiche e sapori locali in una giornata \u2013 senza limitazioni.<\/p>\n<h3 style=\"text-align: center;\" data-start=\"2026\" data-end=\"2077\">Il lato spirituale del viaggio: il Monte Athos<\/h3>\n<p data-start=\"2079\" data-end=\"2362\">Per i visitatori di sesso maschile che desiderano vivere un\u2019esperienza spirituale profonda, \u00e8 possibile visitare il Monte Athos, previa emissione di permessi di soggiorno. I monasteri del Monte Athos offrono non solo ospitalit\u00e0, ma una vera connessione con la storia, la fede e la pace interiore.<\/p>\n<p data-start=\"2364\" data-end=\"2580\">La <strong data-start=\"2366\" data-end=\"2380\">i-rentacar<\/strong> si occupa di consegnarti l\u2019auto nel luogo pi\u00f9 comodo per te \u2013 anche nel piccolo porto da dove parti per lo Stato Monastico di Athos \u2013 affinch\u00e9 il tuo viaggio sia semplice e organizzato sin dall\u2019inizio.<\/p>\n<\/div><div class=\"fusion-image-element \" style=\"text-align:center;--awb-caption-title-font-family:var(--h2_typography-font-family);--awb-caption-title-font-weight:var(--h2_typography-font-weight);--awb-caption-title-font-style:var(--h2_typography-font-style);--awb-caption-title-size:var(--h2_typography-font-size);--awb-caption-title-transform:var(--h2_typography-text-transform);--awb-caption-title-line-height:var(--h2_typography-line-height);--awb-caption-title-letter-spacing:var(--h2_typography-letter-spacing);\"><span class=\" fusion-imageframe imageframe-none imageframe-2 hover-type-none\"><img decoding=\"async\" width=\"1200\" height=\"600\" alt=\"\u0386\u03b3\u03b9\u03bf\u03bd \u038c\u03c1\u03bf\u03c2 \u03a7\u03b1\u03bb\u03ba\u03b9\u03b4\u03b9\u03ba\u03ae\" title=\"\u03ac\u03bc\u03b1\" src=\"https:\/\/www.i-rentacar.com\/wp-content\/uploads\/2025\/05\/\u03ac\u03bc\u03b1.jpg\" data-orig-src=\"https:\/\/www.i-rentacar.com\/wp-content\/uploads\/2025\/05\/\u03ac\u03bc\u03b1.jpg\" class=\"lazyload img-responsive wp-image-9894\" srcset=\"data:image\/svg+xml,%3Csvg%20xmlns%3D%27http%3A%2F%2Fwww.w3.org%2F2000%2Fsvg%27%20width%3D%271200%27%20height%3D%27600%27%20viewBox%3D%270%200%201200%20600%27%3E%3Crect%20width%3D%271200%27%20height%3D%27600%27%20fill-opacity%3D%220%22%2F%3E%3C%2Fsvg%3E\" data-srcset=\"https:\/\/www.i-rentacar.com\/wp-content\/uploads\/2025\/05\/\u03ac\u03bc\u03b1-200x100.jpg 200w, https:\/\/www.i-rentacar.com\/wp-content\/uploads\/2025\/05\/\u03ac\u03bc\u03b1-400x200.jpg 400w, https:\/\/www.i-rentacar.com\/wp-content\/uploads\/2025\/05\/\u03ac\u03bc\u03b1-600x300.jpg 600w, https:\/\/www.i-rentacar.com\/wp-content\/uploads\/2025\/05\/\u03ac\u03bc\u03b1-800x400.jpg 800w, https:\/\/www.i-rentacar.com\/wp-content\/uploads\/2025\/05\/\u03ac\u03bc\u03b1.jpg 1200w\" data-sizes=\"auto\" data-orig-sizes=\"(max-width: 640px) 100vw, 1200px\" \/><\/span><\/div><div class=\"fusion-text fusion-text-2\"><h3 style=\"text-align: center;\" data-start=\"2587\" data-end=\"2640\">Fuori dal Monte Athos: Natura, Storia e Tradizione<\/h3>\n<p data-start=\"2642\" data-end=\"2729\">La terza punta offre molto pi\u00f9 di Ouranoupoli e lo Stato Monastico del Monte Athos:<\/p>\n<ul data-start=\"2731\" data-end=\"3218\">\n<li data-start=\"2731\" data-end=\"2813\">\n<p data-start=\"2733\" data-end=\"2813\"><strong data-start=\"2733\" data-end=\"2745\">Ierissos<\/strong>: Citt\u00e0 costiera con eccellenti taverne e un\u2019atmosfera accogliente.<\/p>\n<\/li>\n<li data-start=\"2814\" data-end=\"2961\">\n<p data-start=\"2816\" data-end=\"2961\"><strong data-start=\"2816\" data-end=\"2839\">Stratoni &amp; Stagira<\/strong>: Il luogo di nascita di Aristotele, con il <strong data-start=\"2880\" data-end=\"2900\">Bosco di Aristotele<\/strong> che offre un\u2019esperienza interattiva per grandi e piccini.<\/p>\n<\/li>\n<li data-start=\"2962\" data-end=\"3064\">\n<p data-start=\"2964\" data-end=\"3064\"><strong data-start=\"2964\" data-end=\"2982\">Megali Panagia<\/strong>: Villaggio tradizionale con autentica architettura macedone e caff\u00e8 unici.<\/p>\n<\/li>\n<li data-start=\"3065\" data-end=\"3218\">\n<p data-start=\"3067\" data-end=\"3218\"><strong data-start=\"3067\" data-end=\"3081\">Ammouliani<\/strong>: L\u2019unica isola abitata della Calcidica \u2013 raggiungibile con ferry boat da Trypiti. Ideale per una gita di un giorno con l\u2019auto.<\/p>\n<\/li>\n<\/ul>\n<p data-start=\"3220\" data-end=\"3448\">Tutti questi luoghi sono ideali per escursioni giornaliere. Con un\u2019auto da <strong data-start=\"3303\" data-end=\"3317\">i-rentacar<\/strong>, puoi pianificare il viaggio al tuo ritmo e scoprire bellezze che non si vedono nelle brochure turistiche.<\/p>\n<h3 style=\"text-align: center;\" data-start=\"3455\" data-end=\"3524\">Perch\u00e9 scegliere i-rentacar per Sithonia &amp; il Monte Athos?<\/h3>\n<p data-start=\"3526\" data-end=\"3616\">Da <strong data-start=\"3531\" data-end=\"3545\">i-rentacar<\/strong> conosciamo le esigenze del viaggiatore moderno. Per questo offriamo:<\/p>\n<ul data-start=\"3618\" data-end=\"3978\">\n<li data-start=\"3618\" data-end=\"3668\">\n<p data-start=\"3620\" data-end=\"3668\">Prenotazione online facile in meno di 2 minuti.<\/p>\n<\/li>\n<li data-start=\"3669\" data-end=\"3746\">\n<p data-start=\"3671\" data-end=\"3746\">Consegna del veicolo a Ouranoupoli, Ierissos o dove preferisci.<\/p>\n<\/li>\n<li data-start=\"3747\" data-end=\"3817\">\n<p data-start=\"3749\" data-end=\"3817\">Veicoli per tutti: piccoli ed economici, SUV, 4&#215;4 per percorsi montani.<\/p>\n<\/li>\n<li data-start=\"3818\" data-end=\"3892\">\n<p data-start=\"3820\" data-end=\"3892\">Assicurazione completa, seggiolini per bambini, GPS e tutti gli extra di cui hai bisogno.<\/p>\n<\/li>\n<li data-start=\"3893\" data-end=\"3978\">\n<p data-start=\"3895\" data-end=\"3978\">Supporto immediato dal nostro team \u2013 prima, durante e dopo il noleggio.<\/p>\n<\/li>\n<\/ul>\n<h3 style=\"text-align: center;\" data-start=\"3985\" data-end=\"4021\">Il viaggio inizia dal percorso<\/h3>\n<p data-start=\"4023\" data-end=\"4247\">La terza punta della Calcidica non \u00e8 solo una destinazione \u2013 \u00e8 un\u2019esperienza di vita. \u00c8 tranquillit\u00e0, natura, mare e spiritualit\u00e0. Con <strong data-start=\"4166\" data-end=\"4180\">i-rentacar<\/strong>, hai la possibilit\u00e0 di scoprirla come merita davvero.<\/p>\n<p data-start=\"4249\" data-end=\"4454\">Entra ora su <a class=\"\" href=\"https:\/\/www.i-rentacar.com\" target=\"_new\" rel=\"noopener\" data-start=\"4263\" data-end=\"4311\">www.i-rentacar.com<\/a>, prenota la tua auto e preparati per un viaggio diverso. Non solo arriverai pi\u00f9 lontano \u2013 conoscerai un luogo che ti cambier\u00e0.<\/p>\n<p data-start=\"4456\" data-end=\"4516\"><strong data-start=\"4456\" data-end=\"4516\">i-rentacar \u2013 Tu guidi, noi ti apriamo la strada.<\/strong><\/p>\n<\/div><div class=\"fusion-image-element \" style=\"text-align:center;--awb-caption-title-font-family:var(--h2_typography-font-family);--awb-caption-title-font-weight:var(--h2_typography-font-weight);--awb-caption-title-font-style:var(--h2_typography-font-style);--awb-caption-title-size:var(--h2_typography-font-size);--awb-caption-title-transform:var(--h2_typography-text-transform);--awb-caption-title-line-height:var(--h2_typography-line-height);--awb-caption-title-letter-spacing:var(--h2_typography-letter-spacing);\"><span class=\" fusion-imageframe imageframe-none imageframe-3 hover-type-none\"><img decoding=\"async\" width=\"1200\" height=\"600\" alt=\"\u0386\u03b3\u03b9\u03bf\u03bd \u038c\u03c1\u03bf\u03c2 \u03a7\u03b1\u03bb\u03ba\u03b9\u03b4\u03b9\u03ba\u03ae\" title=\"\u03b5\u03ce\u03b5\u03c9\u03bc\u03ba\" src=\"https:\/\/www.i-rentacar.com\/wp-content\/uploads\/2025\/05\/\u03b5\u03ce\u03b5\u03c9\u03bc\u03ba.jpg\" data-orig-src=\"https:\/\/www.i-rentacar.com\/wp-content\/uploads\/2025\/05\/\u03b5\u03ce\u03b5\u03c9\u03bc\u03ba.jpg\" class=\"lazyload img-responsive wp-image-9899\" srcset=\"data:image\/svg+xml,%3Csvg%20xmlns%3D%27http%3A%2F%2Fwww.w3.org%2F2000%2Fsvg%27%20width%3D%271200%27%20height%3D%27600%27%20viewBox%3D%270%200%201200%20600%27%3E%3Crect%20width%3D%271200%27%20height%3D%27600%27%20fill-opacity%3D%220%22%2F%3E%3C%2Fsvg%3E\" data-srcset=\"https:\/\/www.i-rentacar.com\/wp-content\/uploads\/2025\/05\/\u03b5\u03ce\u03b5\u03c9\u03bc\u03ba-200x100.jpg 200w, https:\/\/www.i-rentacar.com\/wp-content\/uploads\/2025\/05\/\u03b5\u03ce\u03b5\u03c9\u03bc\u03ba-400x200.jpg 400w, https:\/\/www.i-rentacar.com\/wp-content\/uploads\/2025\/05\/\u03b5\u03ce\u03b5\u03c9\u03bc\u03ba-600x300.jpg 600w, https:\/\/www.i-rentacar.com\/wp-content\/uploads\/2025\/05\/\u03b5\u03ce\u03b5\u03c9\u03bc\u03ba-800x400.jpg 800w, https:\/\/www.i-rentacar.com\/wp-content\/uploads\/2025\/05\/\u03b5\u03ce\u03b5\u03c9\u03bc\u03ba.jpg 1200w\" data-sizes=\"auto\" data-orig-sizes=\"(max-width: 640px) 100vw, 1200px\" \/><\/span><\/div><\/div><\/div><\/div><\/div>\n","protected":false},"excerpt":{"rendered":"","protected":false},"author":1,"featured_media":0,"parent":0,"menu_order":0,"comment_status":"closed","ping_status":"closed","template":"100-width.php","meta":{"footnotes":""},"class_list":["post-10075","page","type-page","status-publish","hentry"],"yoast_head":"<!-- This site is optimized with the Yoast SEO plugin v27.0 - https:\/\/yoast.com\/product\/yoast-seo-wordpress\/ -->\n<title>Noleggio auto per il Monte Athos Calcidica | i-rentacar.com<\/title>\n<meta name=\"robots\" content=\"index, follow, max-snippet:-1, max-image-preview:large, max-video-preview:-1\" \/>\n<link rel=\"canonical\" href=\"https:\/\/www.i-rentacar.com\/it\/noleggio-auto-per-il-monte-athos-calcidica\/\" \/>\n<meta property=\"og:locale\" content=\"it_IT\" \/>\n<meta property=\"og:type\" content=\"article\" \/>\n<meta property=\"og:title\" content=\"Noleggio auto per il Monte Athos Calcidica | i-rentacar.com\" \/>\n<meta property=\"og:url\" content=\"https:\/\/www.i-rentacar.com\/it\/noleggio-auto-per-il-monte-athos-calcidica\/\" \/>\n<meta property=\"og:site_name\" content=\"i-rentacar.com\" \/>\n<meta property=\"article:modified_time\" content=\"2025-06-01T10:38:07+00:00\" \/>\n<meta name=\"twitter:card\" content=\"summary_large_image\" \/>\n<meta name=\"twitter:label1\" content=\"Tempo di lettura stimato\" \/>\n\t<meta name=\"twitter:data1\" content=\"13 minuti\" \/>\n<script type=\"application\/ld+json\" class=\"yoast-schema-graph\">{\"@context\":\"https:\/\/schema.org\",\"@graph\":[{\"@type\":\"WebPage\",\"@id\":\"https:\/\/www.i-rentacar.com\/it\/noleggio-auto-per-il-monte-athos-calcidica\/\",\"url\":\"https:\/\/www.i-rentacar.com\/it\/noleggio-auto-per-il-monte-athos-calcidica\/\",\"name\":\"Noleggio auto per il Monte Athos Calcidica | i-rentacar.com\",\"isPartOf\":{\"@id\":\"https:\/\/www.i-rentacar.com\/it\/#website\"},\"datePublished\":\"2025-05-31T14:59:28+00:00\",\"dateModified\":\"2025-06-01T10:38:07+00:00\",\"breadcrumb\":{\"@id\":\"https:\/\/www.i-rentacar.com\/it\/noleggio-auto-per-il-monte-athos-calcidica\/#breadcrumb\"},\"inLanguage\":\"it-IT\",\"potentialAction\":[{\"@type\":\"ReadAction\",\"target\":[\"https:\/\/www.i-rentacar.com\/it\/noleggio-auto-per-il-monte-athos-calcidica\/\"]}]},{\"@type\":\"BreadcrumbList\",\"@id\":\"https:\/\/www.i-rentacar.com\/it\/noleggio-auto-per-il-monte-athos-calcidica\/#breadcrumb\",\"itemListElement\":[{\"@type\":\"ListItem\",\"position\":1,\"name\":\"Home\",\"item\":\"https:\/\/www.i-rentacar.com\/it\/\"},{\"@type\":\"ListItem\",\"position\":2,\"name\":\"Noleggio auto per il Monte Athos Calcidica\"}]},{\"@type\":\"WebSite\",\"@id\":\"https:\/\/www.i-rentacar.com\/it\/#website\",\"url\":\"https:\/\/www.i-rentacar.com\/it\/\",\"name\":\"i-rentacar.com\",\"description\":\"\u0395\u03bd\u03bf\u03b9\u03ba\u03b9\u03ac\u03c3\u03b5\u03b9\u03c2 \u0391\u03c5\u03c4\u03bf\u03ba\u03b9\u03bd\u03ae\u03c4\u03c9\u03bd \u0398\u03b5\u03c3\u03c3\u03b1\u03bb\u03bf\u03bd\u03af\u03ba\u03b7 minivan suv \u03b1\u03b5\u03c1\u03bf\u03b4\u03c1\u03cc\u03bc\u03b9\u03bf \u0398\u03b5\u03c3\u03c3\u03b1\u03bb\u03bf\u03bd\u03af\u03ba\u03b7, \u03b5\u03bd\u03bf\u03b9\u03ba\u03b9\u03ac\u03c3\u03b5\u03b9\u03c2 van \u0398\u03b5\u03c3\u03c3\u03b1\u03bb\u03bf\u03bd\u03af\u03ba\u03b7 \u03a7\u03b1\u03bb\u03ba\u03b9\u03b4\u03b9\u03ba\u03ae, rent a car Thessaloniki airport skg\",\"publisher\":{\"@id\":\"https:\/\/www.i-rentacar.com\/it\/#organization\"},\"potentialAction\":[{\"@type\":\"SearchAction\",\"target\":{\"@type\":\"EntryPoint\",\"urlTemplate\":\"https:\/\/www.i-rentacar.com\/it\/?s={search_term_string}\"},\"query-input\":{\"@type\":\"PropertyValueSpecification\",\"valueRequired\":true,\"valueName\":\"search_term_string\"}}],\"inLanguage\":\"it-IT\"},{\"@type\":\"Organization\",\"@id\":\"https:\/\/www.i-rentacar.com\/it\/#organization\",\"name\":\"i-rentacar.com\",\"url\":\"https:\/\/www.i-rentacar.com\/it\/\",\"logo\":{\"@type\":\"ImageObject\",\"inLanguage\":\"it-IT\",\"@id\":\"https:\/\/www.i-rentacar.com\/it\/#\/schema\/logo\/image\/\",\"url\":\"https:\/\/www.i-rentacar.com\/wp-content\/uploads\/2021\/08\/logo-i-rentacar-com-3.png\",\"contentUrl\":\"https:\/\/www.i-rentacar.com\/wp-content\/uploads\/2021\/08\/logo-i-rentacar-com-3.png\",\"width\":383,\"height\":150,\"caption\":\"i-rentacar.com\"},\"image\":{\"@id\":\"https:\/\/www.i-rentacar.com\/it\/#\/schema\/logo\/image\/\"}}]}<\/script>\n<!-- \/ Yoast SEO plugin. -->","yoast_head_json":{"title":"Noleggio auto per il Monte Athos Calcidica | i-rentacar.com","robots":{"index":"index","follow":"follow","max-snippet":"max-snippet:-1","max-image-preview":"max-image-preview:large","max-video-preview":"max-video-preview:-1"},"canonical":"https:\/\/www.i-rentacar.com\/it\/noleggio-auto-per-il-monte-athos-calcidica\/","og_locale":"it_IT","og_type":"article","og_title":"Noleggio auto per il Monte Athos Calcidica | i-rentacar.com","og_url":"https:\/\/www.i-rentacar.com\/it\/noleggio-auto-per-il-monte-athos-calcidica\/","og_site_name":"i-rentacar.com","article_modified_time":"2025-06-01T10:38:07+00:00","twitter_card":"summary_large_image","twitter_misc":{"Tempo di lettura stimato":"13 minuti"},"schema":{"@context":"https:\/\/schema.org","@graph":[{"@type":"WebPage","@id":"https:\/\/www.i-rentacar.com\/it\/noleggio-auto-per-il-monte-athos-calcidica\/","url":"https:\/\/www.i-rentacar.com\/it\/noleggio-auto-per-il-monte-athos-calcidica\/","name":"Noleggio auto per il Monte Athos Calcidica | i-rentacar.com","isPartOf":{"@id":"https:\/\/www.i-rentacar.com\/it\/#website"},"datePublished":"2025-05-31T14:59:28+00:00","dateModified":"2025-06-01T10:38:07+00:00","breadcrumb":{"@id":"https:\/\/www.i-rentacar.com\/it\/noleggio-auto-per-il-monte-athos-calcidica\/#breadcrumb"},"inLanguage":"it-IT","potentialAction":[{"@type":"ReadAction","target":["https:\/\/www.i-rentacar.com\/it\/noleggio-auto-per-il-monte-athos-calcidica\/"]}]},{"@type":"BreadcrumbList","@id":"https:\/\/www.i-rentacar.com\/it\/noleggio-auto-per-il-monte-athos-calcidica\/#breadcrumb","itemListElement":[{"@type":"ListItem","position":1,"name":"Home","item":"https:\/\/www.i-rentacar.com\/it\/"},{"@type":"ListItem","position":2,"name":"Noleggio auto per il Monte Athos Calcidica"}]},{"@type":"WebSite","@id":"https:\/\/www.i-rentacar.com\/it\/#website","url":"https:\/\/www.i-rentacar.com\/it\/","name":"i-rentacar.com","description":"\u0395\u03bd\u03bf\u03b9\u03ba\u03b9\u03ac\u03c3\u03b5\u03b9\u03c2 \u0391\u03c5\u03c4\u03bf\u03ba\u03b9\u03bd\u03ae\u03c4\u03c9\u03bd \u0398\u03b5\u03c3\u03c3\u03b1\u03bb\u03bf\u03bd\u03af\u03ba\u03b7 minivan suv \u03b1\u03b5\u03c1\u03bf\u03b4\u03c1\u03cc\u03bc\u03b9\u03bf \u0398\u03b5\u03c3\u03c3\u03b1\u03bb\u03bf\u03bd\u03af\u03ba\u03b7, \u03b5\u03bd\u03bf\u03b9\u03ba\u03b9\u03ac\u03c3\u03b5\u03b9\u03c2 van \u0398\u03b5\u03c3\u03c3\u03b1\u03bb\u03bf\u03bd\u03af\u03ba\u03b7 \u03a7\u03b1\u03bb\u03ba\u03b9\u03b4\u03b9\u03ba\u03ae, rent a car Thessaloniki airport skg","publisher":{"@id":"https:\/\/www.i-rentacar.com\/it\/#organization"},"potentialAction":[{"@type":"SearchAction","target":{"@type":"EntryPoint","urlTemplate":"https:\/\/www.i-rentacar.com\/it\/?s={search_term_string}"},"query-input":{"@type":"PropertyValueSpecification","valueRequired":true,"valueName":"search_term_string"}}],"inLanguage":"it-IT"},{"@type":"Organization","@id":"https:\/\/www.i-rentacar.com\/it\/#organization","name":"i-rentacar.com","url":"https:\/\/www.i-rentacar.com\/it\/","logo":{"@type":"ImageObject","inLanguage":"it-IT","@id":"https:\/\/www.i-rentacar.com\/it\/#\/schema\/logo\/image\/","url":"https:\/\/www.i-rentacar.com\/wp-content\/uploads\/2021\/08\/logo-i-rentacar-com-3.png","contentUrl":"https:\/\/www.i-rentacar.com\/wp-content\/uploads\/2021\/08\/logo-i-rentacar-com-3.png","width":383,"height":150,"caption":"i-rentacar.com"},"image":{"@id":"https:\/\/www.i-rentacar.com\/it\/#\/schema\/logo\/image\/"}}]}},"_links":{"self":[{"href":"https:\/\/www.i-rentacar.com\/it\/wp-json\/wp\/v2\/pages\/10075","targetHints":{"allow":["GET"]}}],"collection":[{"href":"https:\/\/www.i-rentacar.com\/it\/wp-json\/wp\/v2\/pages"}],"about":[{"href":"https:\/\/www.i-rentacar.com\/it\/wp-json\/wp\/v2\/types\/page"}],"author":[{"embeddable":true,"href":"https:\/\/www.i-rentacar.com\/it\/wp-json\/wp\/v2\/users\/1"}],"replies":[{"embeddable":true,"href":"https:\/\/www.i-rentacar.com\/it\/wp-json\/wp\/v2\/comments?post=10075"}],"version-history":[{"count":2,"href":"https:\/\/www.i-rentacar.com\/it\/wp-json\/wp\/v2\/pages\/10075\/revisions"}],"predecessor-version":[{"id":10077,"href":"https:\/\/www.i-rentacar.com\/it\/wp-json\/wp\/v2\/pages\/10075\/revisions\/10077"}],"wp:attachment":[{"href":"https:\/\/www.i-rentacar.com\/it\/wp-json\/wp\/v2\/media?parent=10075"}],"curies":[{"name":"wp","href":"https:\/\/api.w.org\/{rel}","templated":true}]}}