{"id":8974,"date":"2024-12-29T13:38:03","date_gmt":"2024-12-29T11:38:03","guid":{"rendered":"https:\/\/www.i-rentacar.com\/?page_id=8974"},"modified":"2024-12-29T18:18:52","modified_gmt":"2024-12-29T16:18:52","slug":"location-de-voiture-gare-de-thessalonique","status":"publish","type":"page","link":"https:\/\/www.i-rentacar.com\/fr\/location-de-voiture-gare-de-thessalonique\/","title":{"rendered":"Location de voiture Gare de Thessalonique"},"content":{"rendered":"<div class=\"fusion-fullwidth fullwidth-box fusion-builder-row-1 fusion-flex-container has-pattern-background has-mask-background nonhundred-percent-fullwidth non-hundred-percent-height-scrolling\" style=\"--awb-border-radius-top-left:0px;--awb-border-radius-top-right:0px;--awb-border-radius-bottom-right:0px;--awb-border-radius-bottom-left:0px;--awb-flex-wrap:wrap;\" ><div class=\"fusion-builder-row fusion-row fusion-flex-align-items-flex-start fusion-flex-content-wrap\" style=\"max-width:1300px;margin-left: calc(-4% \/ 2 );margin-right: calc(-4% \/ 2 );\"><div class=\"fusion-layout-column fusion_builder_column fusion-builder-column-0 fusion_builder_column_1_1 1_1 fusion-flex-column\" style=\"--awb-bg-size:cover;--awb-width-large:100%;--awb-margin-top-large:0px;--awb-spacing-right-large:1.92%;--awb-margin-bottom-large:20px;--awb-spacing-left-large:1.92%;--awb-width-medium:100%;--awb-order-medium:0;--awb-spacing-right-medium:1.92%;--awb-spacing-left-medium:1.92%;--awb-width-small:100%;--awb-order-small:0;--awb-spacing-right-small:1.92%;--awb-spacing-left-small:1.92%;\"><div class=\"fusion-column-wrapper fusion-column-has-shadow fusion-flex-justify-content-flex-start fusion-content-layout-column\"><div class=\"fusion-text fusion-text-1\"><h1 style=\"text-align: center;\"><strong>Location de Voitures \u00e0 la Gare Ferroviaire de Thessalonique par i-rentacar<\/strong><\/h1>\n<p><strong>i-rentacar<\/strong> propose des services de location de voitures de qualit\u00e9 pr\u00e8s de la Gare Ferroviaire de Thessalonique, vous garantissant des d\u00e9placements confortables et s\u00fbrs. Si vous arrivez en train et avez besoin d\u2019un v\u00e9hicule fiable pour explorer la ville ou poursuivre votre voyage, notre emplacement, \u00e0 seulement quelques minutes de la gare, est id\u00e9al pour vous.<\/p>\n<h3 style=\"text-align: center;\"><strong>Service Rapide et Facile<\/strong><\/h3>\n<p>La Gare Ferroviaire de Thessalonique est l&rsquo;un des principaux hubs de transport de Gr\u00e8ce, desservant quotidiennement des milliers de voyageurs. <strong>i-rentacar<\/strong>, gr\u00e2ce \u00e0 son emplacement proche de la gare, facilite la prise en charge et la restitution de votre voiture, vous permettant de commencer votre voyage imm\u00e9diatement apr\u00e8s \u00eatre descendu du train.<\/p>\n<p>Que vous visitiez Thessalonique pour affaires ou pour le loisir, nos services sont con\u00e7us pour rendre vos d\u00e9placements agr\u00e9ables et confortables.<\/p>\n<\/div><div class=\"fusion-image-element \" style=\"text-align:center;--awb-caption-title-font-family:var(--h2_typography-font-family);--awb-caption-title-font-weight:var(--h2_typography-font-weight);--awb-caption-title-font-style:var(--h2_typography-font-style);--awb-caption-title-size:var(--h2_typography-font-size);--awb-caption-title-transform:var(--h2_typography-text-transform);--awb-caption-title-line-height:var(--h2_typography-line-height);--awb-caption-title-letter-spacing:var(--h2_typography-letter-spacing);\"><span class=\" fusion-imageframe imageframe-none imageframe-1 hover-type-none\"><img decoding=\"async\" width=\"600\" height=\"300\" alt=\"\u0395\u03bd\u03bf\u03b9\u03ba\u03af\u03b1\u03c3\u03b7 \u03b1\u03c5\u03c4\u03bf\u03ba\u03b9\u03bd\u03ae\u03c4\u03bf\u03c5 \u039f\u03a3\u0395 \u0398\u03b5\u03c3\u03c3\u03b1\u03bb\u03bf\u03bd\u03af\u03ba\u03b7\" title=\"\u03c3\u03b5\" src=\"https:\/\/www.i-rentacar.com\/wp-content\/uploads\/2024\/12\/\u03c3\u03b5.jpg\" data-orig-src=\"https:\/\/www.i-rentacar.com\/wp-content\/uploads\/2024\/12\/\u03c3\u03b5.jpg\" class=\"lazyload img-responsive wp-image-8848\" srcset=\"data:image\/svg+xml,%3Csvg%20xmlns%3D%27http%3A%2F%2Fwww.w3.org%2F2000%2Fsvg%27%20width%3D%27600%27%20height%3D%27300%27%20viewBox%3D%270%200%20600%20300%27%3E%3Crect%20width%3D%27600%27%20height%3D%27300%27%20fill-opacity%3D%220%22%2F%3E%3C%2Fsvg%3E\" data-srcset=\"https:\/\/www.i-rentacar.com\/wp-content\/uploads\/2024\/12\/\u03c3\u03b5-200x100.jpg 200w, https:\/\/www.i-rentacar.com\/wp-content\/uploads\/2024\/12\/\u03c3\u03b5-400x200.jpg 400w, https:\/\/www.i-rentacar.com\/wp-content\/uploads\/2024\/12\/\u03c3\u03b5.jpg 600w\" data-sizes=\"auto\" data-orig-sizes=\"(max-width: 640px) 100vw, 600px\" \/><\/span><\/div><div class=\"fusion-text fusion-text-2\"><h3 style=\"text-align: center;\"><strong>Vari\u00e9t\u00e9 de V\u00e9hicules pour Chaque Besoin<\/strong><\/h3>\n<p>Chez <strong>i-rentacar<\/strong>, nous comprenons que chaque voyageur a des besoins diff\u00e9rents. C&rsquo;est pourquoi nous proposons une large gamme de v\u00e9hicules pour vous permettre de choisir celui qui vous convient le mieux :<\/p>\n<ul>\n<li><strong>Voitures \u00e9conomiques<\/strong> : Pour une conduite \u00e9conomique et flexible en ville.<\/li>\n<li><strong>V\u00e9hicules familiaux<\/strong> : Espaces spacieux et confortables pour les familles et les bagages.<\/li>\n<li><strong>SUV et crossover<\/strong> : Id\u00e9aux pour les voyages hors de la ville ou les aventures en plein air.<\/li>\n<li><strong>Minibus<\/strong> : Id\u00e9aux pour les groupes ou les grandes r\u00e9unions d&rsquo;amis.<\/li>\n<li><strong>Voitures de luxe<\/strong> : Pour ceux qui souhaitent allier confort et style dans leurs d\u00e9placements.<\/li>\n<\/ul>\n<p>Tous nos v\u00e9hicules sont enti\u00e8rement \u00e9quip\u00e9s, avec des commodit\u00e9s modernes et des caract\u00e9ristiques de s\u00e9curit\u00e9 avanc\u00e9es, pour garantir une exp\u00e9rience de conduite confortable et sans tracas.<\/p>\n<h3 style=\"text-align: center;\"><strong>Forfaits de Location Flexibles<\/strong><\/h3>\n<p>Chez <strong>i-rentacar<\/strong>, nos services s&rsquo;adaptent \u00e0 vos besoins, avec des options pour tous types de voyages :<\/p>\n<ul>\n<li><strong>Location \u00e0 court terme<\/strong> : Id\u00e9ale pour des d\u00e9placements de quelques heures ou de quelques jours.<\/li>\n<li><strong>Location longue dur\u00e9e<\/strong> : Pour des voyages ou des obligations professionnelles de plus longue dur\u00e9e.<\/li>\n<li><strong>Forfaits sp\u00e9ciaux pour les touristes<\/strong> : Pour profiter de la ville et des destinations alentours sans restrictions.<\/li>\n<\/ul>\n<h3>Services de Haute Qualit\u00e9<\/h3>\n<p>Votre satisfaction est notre priorit\u00e9. C&rsquo;est pourquoi chez <strong>i-rentacar<\/strong>, nous offrons une gamme de services qui font la diff\u00e9rence :<\/p>\n<ul>\n<li><strong>Prise en charge et restitution pr\u00e8s de la Gare Ferroviaire de Thessalonique<\/strong>.<\/li>\n<li><strong>GPS<\/strong> : Pour explorer facilement la ville et ses environs.<\/li>\n<li><strong>Si\u00e8ges auto pour enfants<\/strong> : Pour la s\u00e9curit\u00e9 des jeunes passagers.<\/li>\n<li><strong>Assistance client\u00e8le 24\/7<\/strong> : Nous sommes toujours disponibles pour vous aider.<\/li>\n<li><strong>Assistance routi\u00e8re<\/strong> : Pour vous donner la tranquillit\u00e9 d&rsquo;esprit \u00e0 chaque trajet.<\/li>\n<\/ul>\n<\/div><div class=\"fusion-image-element \" style=\"text-align:center;--awb-caption-title-font-family:var(--h2_typography-font-family);--awb-caption-title-font-weight:var(--h2_typography-font-weight);--awb-caption-title-font-style:var(--h2_typography-font-style);--awb-caption-title-size:var(--h2_typography-font-size);--awb-caption-title-transform:var(--h2_typography-text-transform);--awb-caption-title-line-height:var(--h2_typography-line-height);--awb-caption-title-letter-spacing:var(--h2_typography-letter-spacing);\"><span class=\" fusion-imageframe imageframe-none imageframe-2 hover-type-none\"><img decoding=\"async\" width=\"600\" height=\"300\" alt=\"\u0395\u03bd\u03bf\u03b9\u03ba\u03af\u03b1\u03c3\u03b7 \u03b1\u03c5\u03c4\u03bf\u03ba\u03b9\u03bd\u03ae\u03c4\u03bf\u03c5 \u039f\u03a3\u0395 \u0398\u03b5\u03c3\u03c3\u03b1\u03bb\u03bf\u03bd\u03af\u03ba\u03b7\" title=\"vvvvvvvvvvvvvvvv\" src=\"https:\/\/www.i-rentacar.com\/wp-content\/uploads\/2024\/12\/vvvvvvvvvvvvvvvv.jpg\" data-orig-src=\"https:\/\/www.i-rentacar.com\/wp-content\/uploads\/2024\/12\/vvvvvvvvvvvvvvvv.jpg\" class=\"lazyload img-responsive wp-image-8853\" srcset=\"data:image\/svg+xml,%3Csvg%20xmlns%3D%27http%3A%2F%2Fwww.w3.org%2F2000%2Fsvg%27%20width%3D%27600%27%20height%3D%27300%27%20viewBox%3D%270%200%20600%20300%27%3E%3Crect%20width%3D%27600%27%20height%3D%27300%27%20fill-opacity%3D%220%22%2F%3E%3C%2Fsvg%3E\" data-srcset=\"https:\/\/www.i-rentacar.com\/wp-content\/uploads\/2024\/12\/vvvvvvvvvvvvvvvv-200x100.jpg 200w, https:\/\/www.i-rentacar.com\/wp-content\/uploads\/2024\/12\/vvvvvvvvvvvvvvvv-400x200.jpg 400w, https:\/\/www.i-rentacar.com\/wp-content\/uploads\/2024\/12\/vvvvvvvvvvvvvvvv.jpg 600w\" data-sizes=\"auto\" data-orig-sizes=\"(max-width: 640px) 100vw, 600px\" \/><\/span><\/div><div class=\"fusion-text fusion-text-3\"><h3 style=\"text-align: center;\"><strong>Explorez Thessalonique et les Destinations Voisines<\/strong><\/h3>\n<p>Avec la libert\u00e9 qu&rsquo;offre une voiture de <strong>i-rentacar<\/strong>, vous pouvez profiter de tout ce que Thessalonique et ses environs ont \u00e0 offrir.<\/p>\n<ul>\n<li><strong>Explorez le centre-ville<\/strong> : Visitez la Tour Blanche, la vieille ville et les mus\u00e9es.<\/li>\n<li><strong>Excursions d&rsquo;une journ\u00e9e<\/strong> : En Halkidiki, au Mont Olympe ou aux thermes de Pozar.<\/li>\n<li><strong>D\u00e9placements confortables<\/strong> : Dans les d\u00e9partements voisins de Mac\u00e9doine pour des raisons professionnelles ou personnelles.<\/li>\n<\/ul>\n<p>Avec la facilit\u00e9 et la s\u00e9curit\u00e9 qu&rsquo;offre <strong>i-rentacar<\/strong>, vous pouvez profiter de chaque instant de votre voyage sans restrictions.<\/p>\n<h3 style=\"text-align: center;\"><strong>Pourquoi Choisir i-rentacar<\/strong><\/h3>\n<ul>\n<li><strong>Emplacement id\u00e9al<\/strong> : \u00c0 quelques pas de la gare ferroviaire pour une commodit\u00e9 maximale.<\/li>\n<li><strong>Prix comp\u00e9titifs<\/strong> : Nous offrons des solutions \u00e9conomiques pour tous les budgets.<\/li>\n<li><strong>Large choix d&rsquo;options<\/strong> : Des voitures \u00e9conomiques aux minibus et SUV.<\/li>\n<li><strong>Service professionnel<\/strong> : Notre personnel amical et exp\u00e9riment\u00e9 est toujours pr\u00eat \u00e0 vous aider.<\/li>\n<\/ul>\n<\/div><div class=\"fusion-image-element \" style=\"text-align:center;--awb-caption-title-font-family:var(--h2_typography-font-family);--awb-caption-title-font-weight:var(--h2_typography-font-weight);--awb-caption-title-font-style:var(--h2_typography-font-style);--awb-caption-title-size:var(--h2_typography-font-size);--awb-caption-title-transform:var(--h2_typography-text-transform);--awb-caption-title-line-height:var(--h2_typography-line-height);--awb-caption-title-letter-spacing:var(--h2_typography-letter-spacing);\"><span class=\" fusion-imageframe imageframe-none imageframe-3 hover-type-none\"><img decoding=\"async\" width=\"600\" height=\"300\" alt=\"\u0395\u03bd\u03bf\u03b9\u03ba\u03af\u03b1\u03c3\u03b7 \u03b1\u03c5\u03c4\u03bf\u03ba\u03b9\u03bd\u03ae\u03c4\u03bf\u03c5 \u0398\u03b5\u03c3\u03c3\u03b1\u03bb\u03bf\u03bd\u03af\u03ba\u03b7 \u039f\u03a3\u0395\" title=\"ose-ue\" src=\"https:\/\/www.i-rentacar.com\/wp-content\/uploads\/2024\/12\/ose-ue.jpg\" data-orig-src=\"https:\/\/www.i-rentacar.com\/wp-content\/uploads\/2024\/12\/ose-ue.jpg\" class=\"lazyload img-responsive wp-image-8858\" srcset=\"data:image\/svg+xml,%3Csvg%20xmlns%3D%27http%3A%2F%2Fwww.w3.org%2F2000%2Fsvg%27%20width%3D%27600%27%20height%3D%27300%27%20viewBox%3D%270%200%20600%20300%27%3E%3Crect%20width%3D%27600%27%20height%3D%27300%27%20fill-opacity%3D%220%22%2F%3E%3C%2Fsvg%3E\" data-srcset=\"https:\/\/www.i-rentacar.com\/wp-content\/uploads\/2024\/12\/ose-ue-200x100.jpg 200w, https:\/\/www.i-rentacar.com\/wp-content\/uploads\/2024\/12\/ose-ue-400x200.jpg 400w, https:\/\/www.i-rentacar.com\/wp-content\/uploads\/2024\/12\/ose-ue.jpg 600w\" data-sizes=\"auto\" data-orig-sizes=\"(max-width: 640px) 100vw, 600px\" \/><\/span><\/div><div class=\"fusion-text fusion-text-4\"><div class=\"flex max-w-full flex-col flex-grow\">\n<div class=\"min-h-8 text-message flex w-full flex-col items-end gap-2 whitespace-normal break-words text-start &#091;.text-message+&amp;&#093;:mt-5\" dir=\"auto\" data-message-author-role=\"assistant\" data-message-id=\"33b77f74-6b75-4183-9443-c54bf74419ce\" data-message-model-slug=\"gpt-4o\">\n<div class=\"flex w-full flex-col gap-1 empty:hidden first:pt-&#091;3px&#093;\">\n<div class=\"markdown prose w-full break-words dark:prose-invert light\">\n<h3 style=\"text-align: center;\"><strong>R\u00e9servez Votre V\u00e9hicule Aujourd&rsquo;hui<\/strong><\/h3>\n<p>Ne laissez pas vos d\u00e9placements au hasard ! Contactez <strong>i-rentacar<\/strong> aujourd&rsquo;hui et r\u00e9servez le v\u00e9hicule id\u00e9al pour vos besoins.<\/p>\n<p>Avec <strong>i-rentacar<\/strong>, vos d\u00e9placements deviennent plus confortables, flexibles et s\u00fbrs. Faites-nous confiance pour votre prochaine location et profitez de l&rsquo;exp\u00e9rience d&rsquo;un v\u00e9hicule fiable et de haute qualit\u00e9.<\/p>\n<\/div>\n<\/div>\n<\/div>\n<\/div>\n<div class=\"mb-2 flex gap-3 empty:hidden -ml-2\">\n<div class=\"items-center justify-start rounded-xl p-1 flex\">\n<div class=\"flex items-center\">\n<div class=\"flex\"><\/div>\n<div class=\"flex items-center pb-0\"><\/div>\n<\/div>\n<\/div>\n<\/div>\n<\/div><div class=\"fusion-text fusion-text-5\" style=\"--awb-width:1250px;\"><p><iframe style=\"border: 0;\" src=\"https:\/\/www.google.com\/maps\/embed?pb=!1m18!1m12!1m3!1d3027.340074595527!2d22.9242925846933!3d40.644433397670745!2m3!1f0!2f0!3f0!3m2!1i1024!2i768!4f13.1!3m3!1m2!1s0x14a839b4753c074d%3A0x59f4dc0dda8123ac!2zzqPOuc60zrfPgc6_zrTPgc6_zrzOuc66z4zPgiDOo8-EzrHOuM68z4zPgiDOmM61z4PPg86xzrvOv869zq_Ous63z4I!5e0!3m2!1sel!2sgr!4v1735478199054!5m2!1sel!2sgr\" width=\"1250\" height=\"450\" allowfullscreen=\"allowfullscreen\" data-mce-fragment=\"1\"><span data-mce-type=\"bookmark\" style=\"display: inline-block; width: 0px; overflow: hidden; line-height: 0;\" class=\"mce_SELRES_start\">\ufeff<\/span><span data-mce-type=\"bookmark\" style=\"display: inline-block; width: 0px; overflow: hidden; line-height: 0;\" class=\"mce_SELRES_start\">\ufeff<\/span><span data-mce-type=\"bookmark\" style=\"display: inline-block; width: 0px; overflow: hidden; line-height: 0;\" class=\"mce_SELRES_start\">\ufeff<\/span><\/iframe><\/p>\n<\/div><\/div><\/div><\/div><\/div>\n","protected":false},"excerpt":{"rendered":"","protected":false},"author":1,"featured_media":0,"parent":0,"menu_order":0,"comment_status":"closed","ping_status":"closed","template":"100-width.php","meta":{"footnotes":""},"class_list":["post-8974","page","type-page","status-publish","hentry"],"yoast_head":"<!-- This site is optimized with the Yoast SEO plugin v27.0 - https:\/\/yoast.com\/product\/yoast-seo-wordpress\/ -->\n<title>Location de voiture Gare de Thessalonique | i-rentacar.com<\/title>\n<meta name=\"robots\" content=\"index, follow, max-snippet:-1, max-image-preview:large, max-video-preview:-1\" \/>\n<link rel=\"canonical\" href=\"https:\/\/www.i-rentacar.com\/fr\/location-de-voiture-gare-de-thessalonique\/\" \/>\n<meta property=\"og:locale\" content=\"fr_FR\" \/>\n<meta property=\"og:type\" content=\"article\" \/>\n<meta property=\"og:title\" content=\"Location de voiture Gare de Thessalonique | i-rentacar.com\" \/>\n<meta property=\"og:url\" content=\"https:\/\/www.i-rentacar.com\/fr\/location-de-voiture-gare-de-thessalonique\/\" \/>\n<meta property=\"og:site_name\" content=\"i-rentacar.com\" \/>\n<meta property=\"article:modified_time\" content=\"2024-12-29T16:18:52+00:00\" \/>\n<meta name=\"twitter:card\" content=\"summary_large_image\" \/>\n<meta name=\"twitter:label1\" content=\"Dur\u00e9e de lecture estim\u00e9e\" \/>\n\t<meta name=\"twitter:data1\" content=\"15 minutes\" \/>\n<script type=\"application\/ld+json\" class=\"yoast-schema-graph\">{\"@context\":\"https:\/\/schema.org\",\"@graph\":[{\"@type\":\"WebPage\",\"@id\":\"https:\/\/www.i-rentacar.com\/fr\/location-de-voiture-gare-de-thessalonique\/\",\"url\":\"https:\/\/www.i-rentacar.com\/fr\/location-de-voiture-gare-de-thessalonique\/\",\"name\":\"Location de voiture Gare de Thessalonique | i-rentacar.com\",\"isPartOf\":{\"@id\":\"https:\/\/www.i-rentacar.com\/fr\/#website\"},\"datePublished\":\"2024-12-29T11:38:03+00:00\",\"dateModified\":\"2024-12-29T16:18:52+00:00\",\"breadcrumb\":{\"@id\":\"https:\/\/www.i-rentacar.com\/fr\/location-de-voiture-gare-de-thessalonique\/#breadcrumb\"},\"inLanguage\":\"fr-FR\",\"potentialAction\":[{\"@type\":\"ReadAction\",\"target\":[\"https:\/\/www.i-rentacar.com\/fr\/location-de-voiture-gare-de-thessalonique\/\"]}]},{\"@type\":\"BreadcrumbList\",\"@id\":\"https:\/\/www.i-rentacar.com\/fr\/location-de-voiture-gare-de-thessalonique\/#breadcrumb\",\"itemListElement\":[{\"@type\":\"ListItem\",\"position\":1,\"name\":\"Home\",\"item\":\"https:\/\/www.i-rentacar.com\/fr\/\"},{\"@type\":\"ListItem\",\"position\":2,\"name\":\"Location de voiture Gare de Thessalonique\"}]},{\"@type\":\"WebSite\",\"@id\":\"https:\/\/www.i-rentacar.com\/fr\/#website\",\"url\":\"https:\/\/www.i-rentacar.com\/fr\/\",\"name\":\"i-rentacar.com\",\"description\":\"\u0395\u03bd\u03bf\u03b9\u03ba\u03b9\u03ac\u03c3\u03b5\u03b9\u03c2 \u0391\u03c5\u03c4\u03bf\u03ba\u03b9\u03bd\u03ae\u03c4\u03c9\u03bd \u0398\u03b5\u03c3\u03c3\u03b1\u03bb\u03bf\u03bd\u03af\u03ba\u03b7 minivan suv \u03b1\u03b5\u03c1\u03bf\u03b4\u03c1\u03cc\u03bc\u03b9\u03bf \u0398\u03b5\u03c3\u03c3\u03b1\u03bb\u03bf\u03bd\u03af\u03ba\u03b7, \u03b5\u03bd\u03bf\u03b9\u03ba\u03b9\u03ac\u03c3\u03b5\u03b9\u03c2 van \u0398\u03b5\u03c3\u03c3\u03b1\u03bb\u03bf\u03bd\u03af\u03ba\u03b7 \u03a7\u03b1\u03bb\u03ba\u03b9\u03b4\u03b9\u03ba\u03ae, rent a car Thessaloniki airport skg\",\"publisher\":{\"@id\":\"https:\/\/www.i-rentacar.com\/fr\/#organization\"},\"potentialAction\":[{\"@type\":\"SearchAction\",\"target\":{\"@type\":\"EntryPoint\",\"urlTemplate\":\"https:\/\/www.i-rentacar.com\/fr\/?s={search_term_string}\"},\"query-input\":{\"@type\":\"PropertyValueSpecification\",\"valueRequired\":true,\"valueName\":\"search_term_string\"}}],\"inLanguage\":\"fr-FR\"},{\"@type\":\"Organization\",\"@id\":\"https:\/\/www.i-rentacar.com\/fr\/#organization\",\"name\":\"i-rentacar.com\",\"url\":\"https:\/\/www.i-rentacar.com\/fr\/\",\"logo\":{\"@type\":\"ImageObject\",\"inLanguage\":\"fr-FR\",\"@id\":\"https:\/\/www.i-rentacar.com\/fr\/#\/schema\/logo\/image\/\",\"url\":\"https:\/\/www.i-rentacar.com\/wp-content\/uploads\/2021\/08\/logo-i-rentacar-com-3.png\",\"contentUrl\":\"https:\/\/www.i-rentacar.com\/wp-content\/uploads\/2021\/08\/logo-i-rentacar-com-3.png\",\"width\":383,\"height\":150,\"caption\":\"i-rentacar.com\"},\"image\":{\"@id\":\"https:\/\/www.i-rentacar.com\/fr\/#\/schema\/logo\/image\/\"}}]}<\/script>\n<!-- \/ Yoast SEO plugin. -->","yoast_head_json":{"title":"Location de voiture Gare de Thessalonique | i-rentacar.com","robots":{"index":"index","follow":"follow","max-snippet":"max-snippet:-1","max-image-preview":"max-image-preview:large","max-video-preview":"max-video-preview:-1"},"canonical":"https:\/\/www.i-rentacar.com\/fr\/location-de-voiture-gare-de-thessalonique\/","og_locale":"fr_FR","og_type":"article","og_title":"Location de voiture Gare de Thessalonique | i-rentacar.com","og_url":"https:\/\/www.i-rentacar.com\/fr\/location-de-voiture-gare-de-thessalonique\/","og_site_name":"i-rentacar.com","article_modified_time":"2024-12-29T16:18:52+00:00","twitter_card":"summary_large_image","twitter_misc":{"Dur\u00e9e de lecture estim\u00e9e":"15 minutes"},"schema":{"@context":"https:\/\/schema.org","@graph":[{"@type":"WebPage","@id":"https:\/\/www.i-rentacar.com\/fr\/location-de-voiture-gare-de-thessalonique\/","url":"https:\/\/www.i-rentacar.com\/fr\/location-de-voiture-gare-de-thessalonique\/","name":"Location de voiture Gare de Thessalonique | i-rentacar.com","isPartOf":{"@id":"https:\/\/www.i-rentacar.com\/fr\/#website"},"datePublished":"2024-12-29T11:38:03+00:00","dateModified":"2024-12-29T16:18:52+00:00","breadcrumb":{"@id":"https:\/\/www.i-rentacar.com\/fr\/location-de-voiture-gare-de-thessalonique\/#breadcrumb"},"inLanguage":"fr-FR","potentialAction":[{"@type":"ReadAction","target":["https:\/\/www.i-rentacar.com\/fr\/location-de-voiture-gare-de-thessalonique\/"]}]},{"@type":"BreadcrumbList","@id":"https:\/\/www.i-rentacar.com\/fr\/location-de-voiture-gare-de-thessalonique\/#breadcrumb","itemListElement":[{"@type":"ListItem","position":1,"name":"Home","item":"https:\/\/www.i-rentacar.com\/fr\/"},{"@type":"ListItem","position":2,"name":"Location de voiture Gare de Thessalonique"}]},{"@type":"WebSite","@id":"https:\/\/www.i-rentacar.com\/fr\/#website","url":"https:\/\/www.i-rentacar.com\/fr\/","name":"i-rentacar.com","description":"\u0395\u03bd\u03bf\u03b9\u03ba\u03b9\u03ac\u03c3\u03b5\u03b9\u03c2 \u0391\u03c5\u03c4\u03bf\u03ba\u03b9\u03bd\u03ae\u03c4\u03c9\u03bd \u0398\u03b5\u03c3\u03c3\u03b1\u03bb\u03bf\u03bd\u03af\u03ba\u03b7 minivan suv \u03b1\u03b5\u03c1\u03bf\u03b4\u03c1\u03cc\u03bc\u03b9\u03bf \u0398\u03b5\u03c3\u03c3\u03b1\u03bb\u03bf\u03bd\u03af\u03ba\u03b7, \u03b5\u03bd\u03bf\u03b9\u03ba\u03b9\u03ac\u03c3\u03b5\u03b9\u03c2 van \u0398\u03b5\u03c3\u03c3\u03b1\u03bb\u03bf\u03bd\u03af\u03ba\u03b7 \u03a7\u03b1\u03bb\u03ba\u03b9\u03b4\u03b9\u03ba\u03ae, rent a car Thessaloniki airport skg","publisher":{"@id":"https:\/\/www.i-rentacar.com\/fr\/#organization"},"potentialAction":[{"@type":"SearchAction","target":{"@type":"EntryPoint","urlTemplate":"https:\/\/www.i-rentacar.com\/fr\/?s={search_term_string}"},"query-input":{"@type":"PropertyValueSpecification","valueRequired":true,"valueName":"search_term_string"}}],"inLanguage":"fr-FR"},{"@type":"Organization","@id":"https:\/\/www.i-rentacar.com\/fr\/#organization","name":"i-rentacar.com","url":"https:\/\/www.i-rentacar.com\/fr\/","logo":{"@type":"ImageObject","inLanguage":"fr-FR","@id":"https:\/\/www.i-rentacar.com\/fr\/#\/schema\/logo\/image\/","url":"https:\/\/www.i-rentacar.com\/wp-content\/uploads\/2021\/08\/logo-i-rentacar-com-3.png","contentUrl":"https:\/\/www.i-rentacar.com\/wp-content\/uploads\/2021\/08\/logo-i-rentacar-com-3.png","width":383,"height":150,"caption":"i-rentacar.com"},"image":{"@id":"https:\/\/www.i-rentacar.com\/fr\/#\/schema\/logo\/image\/"}}]}},"_links":{"self":[{"href":"https:\/\/www.i-rentacar.com\/fr\/wp-json\/wp\/v2\/pages\/8974","targetHints":{"allow":["GET"]}}],"collection":[{"href":"https:\/\/www.i-rentacar.com\/fr\/wp-json\/wp\/v2\/pages"}],"about":[{"href":"https:\/\/www.i-rentacar.com\/fr\/wp-json\/wp\/v2\/types\/page"}],"author":[{"embeddable":true,"href":"https:\/\/www.i-rentacar.com\/fr\/wp-json\/wp\/v2\/users\/1"}],"replies":[{"embeddable":true,"href":"https:\/\/www.i-rentacar.com\/fr\/wp-json\/wp\/v2\/comments?post=8974"}],"version-history":[{"count":3,"href":"https:\/\/www.i-rentacar.com\/fr\/wp-json\/wp\/v2\/pages\/8974\/revisions"}],"predecessor-version":[{"id":8977,"href":"https:\/\/www.i-rentacar.com\/fr\/wp-json\/wp\/v2\/pages\/8974\/revisions\/8977"}],"wp:attachment":[{"href":"https:\/\/www.i-rentacar.com\/fr\/wp-json\/wp\/v2\/media?parent=8974"}],"curies":[{"name":"wp","href":"https:\/\/api.w.org\/{rel}","templated":true}]}}