{"id":8971,"date":"2024-12-28T19:01:16","date_gmt":"2024-12-28T17:01:16","guid":{"rendered":"https:\/\/www.i-rentacar.com\/?page_id=8971"},"modified":"2024-12-29T18:14:00","modified_gmt":"2024-12-29T16:14:00","slug":"location-de-voiture-ktel-macedoine","status":"publish","type":"page","link":"https:\/\/www.i-rentacar.com\/fr\/location-de-voiture-ktel-macedoine\/","title":{"rendered":"Location de voiture KTEL Mac\u00e9doine"},"content":{"rendered":"<div class=\"fusion-fullwidth fullwidth-box fusion-builder-row-1 fusion-flex-container has-pattern-background has-mask-background nonhundred-percent-fullwidth non-hundred-percent-height-scrolling\" style=\"--awb-border-radius-top-left:0px;--awb-border-radius-top-right:0px;--awb-border-radius-bottom-right:0px;--awb-border-radius-bottom-left:0px;--awb-flex-wrap:wrap;\" ><div class=\"fusion-builder-row fusion-row fusion-flex-align-items-flex-start fusion-flex-content-wrap\" style=\"max-width:1300px;margin-left: calc(-4% \/ 2 );margin-right: calc(-4% \/ 2 );\"><div class=\"fusion-layout-column fusion_builder_column fusion-builder-column-0 fusion_builder_column_1_1 1_1 fusion-flex-column\" style=\"--awb-bg-size:cover;--awb-width-large:100%;--awb-margin-top-large:0px;--awb-spacing-right-large:1.92%;--awb-margin-bottom-large:20px;--awb-spacing-left-large:1.92%;--awb-width-medium:100%;--awb-order-medium:0;--awb-spacing-right-medium:1.92%;--awb-spacing-left-medium:1.92%;--awb-width-small:100%;--awb-order-small:0;--awb-spacing-right-small:1.92%;--awb-spacing-left-small:1.92%;\"><div class=\"fusion-column-wrapper fusion-column-has-shadow fusion-flex-justify-content-flex-start fusion-content-layout-column\"><div class=\"fusion-text fusion-text-1\"><h2 style=\"text-align: center;\">Location de Voitures pr\u00e8s de la Station KTEL Mac\u00e9doine par i-rentacar<\/h2>\n<p><strong>i-rentacar<\/strong> propose des solutions compl\u00e8tes de location de voitures pr\u00e8s du <strong>KTEL Mac\u00e9doine<\/strong>, garantissant un acc\u00e8s rapide et pratique pour tous ceux qui voyagent vers ou depuis Thessalonique. Notre emplacement, \u00e0 proximit\u00e9 de la station, fait de nous le choix id\u00e9al pour les voyageurs ayant besoin d&rsquo;un v\u00e9hicule fiable pour leurs d\u00e9placements, que ce soit pour des raisons professionnelles ou pour des escapades personnelles.<\/p>\n<h3 style=\"text-align: center;\">Acc\u00e8s Facile pour Tous<\/h3>\n<p>Le <strong>KTEL Mac\u00e9doine<\/strong>, en tant que principale station de bus interurbains de Thessalonique, est un point central pour les voyageurs venant de toute la Gr\u00e8ce. Avec i-rentacar, vous pouvez r\u00e9cup\u00e9rer ou rendre votre v\u00e9hicule facilement, sans avoir \u00e0 vous \u00e9loigner de la station. Que vous veniez d&rsquo;arriver \u00e0 Thessalonique en bus ou que vous pr\u00e9voyiez votre d\u00e9part, notre \u00e9quipe est l\u00e0 pour vous servir rapidement.<\/p>\n<\/div><div class=\"fusion-image-element \" style=\"text-align:center;--awb-caption-title-font-family:var(--h2_typography-font-family);--awb-caption-title-font-weight:var(--h2_typography-font-weight);--awb-caption-title-font-style:var(--h2_typography-font-style);--awb-caption-title-size:var(--h2_typography-font-size);--awb-caption-title-transform:var(--h2_typography-text-transform);--awb-caption-title-line-height:var(--h2_typography-line-height);--awb-caption-title-letter-spacing:var(--h2_typography-letter-spacing);\"><span class=\" fusion-imageframe imageframe-none imageframe-1 hover-type-none\"><img decoding=\"async\" width=\"600\" height=\"300\" alt=\"\u0395\u03bd\u03bf\u03b9\u03ba\u03af\u03b1\u03c3\u03b7 \u03b1\u03c5\u03c4\u03bf\u03ba\u03b9\u03bd\u03ae\u03c4\u03bf\u03c5 \u039a\u03a4\u0395\u039b \u039c\u03b1\u03ba\u03b5\u03b4\u03bf\u03bd\u03af\u03b1\" title=\"ktel;\" src=\"https:\/\/www.i-rentacar.com\/wp-content\/uploads\/2024\/12\/ktel.jpg\" data-orig-src=\"https:\/\/www.i-rentacar.com\/wp-content\/uploads\/2024\/12\/ktel.jpg\" class=\"lazyload img-responsive wp-image-8820\" srcset=\"data:image\/svg+xml,%3Csvg%20xmlns%3D%27http%3A%2F%2Fwww.w3.org%2F2000%2Fsvg%27%20width%3D%27600%27%20height%3D%27300%27%20viewBox%3D%270%200%20600%20300%27%3E%3Crect%20width%3D%27600%27%20height%3D%27300%27%20fill-opacity%3D%220%22%2F%3E%3C%2Fsvg%3E\" data-srcset=\"https:\/\/www.i-rentacar.com\/wp-content\/uploads\/2024\/12\/ktel-200x100.jpg 200w, https:\/\/www.i-rentacar.com\/wp-content\/uploads\/2024\/12\/ktel-400x200.jpg 400w, https:\/\/www.i-rentacar.com\/wp-content\/uploads\/2024\/12\/ktel.jpg 600w\" data-sizes=\"auto\" data-orig-sizes=\"(max-width: 640px) 100vw, 600px\" \/><\/span><\/div><div class=\"fusion-text fusion-text-2\"><h3 style=\"text-align: center;\">Options Id\u00e9ales de V\u00e9hicules pour Chaque Besoin<\/h3>\n<p>Chez <strong>i-rentacar<\/strong>, nous comprenons que chaque client a des besoins diff\u00e9rents. C&rsquo;est pourquoi nous proposons une large gamme de v\u00e9hicules qui r\u00e9pond \u00e0 chaque pr\u00e9f\u00e9rence :<\/p>\n<ul>\n<li><strong>Voitures compactes et agiles<\/strong> : Id\u00e9ales pour une conduite facile et un stationnement dans la ville.<\/li>\n<li><strong>Voitures familiales<\/strong> : Spacieuses et confortables, pour les familles ou les grands groupes.<\/li>\n<li><strong>4&#215;4 et monospaces<\/strong> : Pour ceux qui ont besoin de plus d&rsquo;espace ou qui pr\u00e9voient de voyager en dehors de la ville.<\/li>\n<li><strong>Mod\u00e8les \u00e9conomiques<\/strong> : Un excellent choix pour ceux qui souhaitent un faible co\u00fbt sans compromis sur la qualit\u00e9.<\/li>\n<\/ul>\n<p>Tous nos v\u00e9hicules sont enti\u00e8rement \u00e9quip\u00e9s de commodit\u00e9s modernes et subissent des contr\u00f4les de maintenance stricts pour garantir leur s\u00e9curit\u00e9 et leur fiabilit\u00e9.<\/p>\n<h3 style=\"text-align: center;\">Offres Flexibles de Location<\/h3>\n<p>Nous proposons des options de location flexibles pour r\u00e9pondre \u00e0 vos besoins, que vous ayez besoin d&rsquo;une voiture pour quelques heures ou plusieurs jours. Parmi nos options populaires, vous trouverez :<\/p>\n<ul>\n<li><strong>Location \u00e0 la journ\u00e9e<\/strong> : Id\u00e9ale pour des trajets courts ou des besoins quotidiens.<\/li>\n<li><strong>Location longue dur\u00e9e<\/strong> : Des solutions \u00e9conomiques pour des vacances prolong\u00e9es ou des voyages professionnels.<\/li>\n<li><strong>Forfaits sp\u00e9ciaux pour les touristes<\/strong> : Explorez Thessalonique et ses environs avec confort et facilit\u00e9.<\/li>\n<\/ul>\n<\/div><div class=\"fusion-image-element \" style=\"text-align:center;--awb-caption-title-font-family:var(--h2_typography-font-family);--awb-caption-title-font-weight:var(--h2_typography-font-weight);--awb-caption-title-font-style:var(--h2_typography-font-style);--awb-caption-title-size:var(--h2_typography-font-size);--awb-caption-title-transform:var(--h2_typography-text-transform);--awb-caption-title-line-height:var(--h2_typography-line-height);--awb-caption-title-letter-spacing:var(--h2_typography-letter-spacing);\"><span class=\" fusion-imageframe imageframe-none imageframe-2 hover-type-none\"><img decoding=\"async\" width=\"600\" height=\"300\" alt=\"\u0395\u03bd\u03bf\u03b9\u03ba\u03af\u03b1\u03c3\u03b7 \u03b1\u03c5\u03c4\u03bf\u03ba\u03b9\u03bd\u03ae\u03c4\u03bf\u03c5 \u039a\u03a4\u0395\u039b \u039c\u03b1\u03ba\u03b5\u03b4\u03bf\u03bd\u03af\u03b1 \" title=\"ktel-mak\" src=\"https:\/\/www.i-rentacar.com\/wp-content\/uploads\/2024\/12\/ktel-mak.jpg\" data-orig-src=\"https:\/\/www.i-rentacar.com\/wp-content\/uploads\/2024\/12\/ktel-mak.jpg\" class=\"lazyload img-responsive wp-image-8825\" srcset=\"data:image\/svg+xml,%3Csvg%20xmlns%3D%27http%3A%2F%2Fwww.w3.org%2F2000%2Fsvg%27%20width%3D%27600%27%20height%3D%27300%27%20viewBox%3D%270%200%20600%20300%27%3E%3Crect%20width%3D%27600%27%20height%3D%27300%27%20fill-opacity%3D%220%22%2F%3E%3C%2Fsvg%3E\" data-srcset=\"https:\/\/www.i-rentacar.com\/wp-content\/uploads\/2024\/12\/ktel-mak-200x100.jpg 200w, https:\/\/www.i-rentacar.com\/wp-content\/uploads\/2024\/12\/ktel-mak-400x200.jpg 400w, https:\/\/www.i-rentacar.com\/wp-content\/uploads\/2024\/12\/ktel-mak.jpg 600w\" data-sizes=\"auto\" data-orig-sizes=\"(max-width: 640px) 100vw, 600px\" \/><\/span><\/div><div class=\"fusion-text fusion-text-3\"><h3 style=\"text-align: center;\">Support Complet pour une Exp\u00e9rience Confortable<\/h3>\n<p>Le service client est notre priorit\u00e9 chez <strong>i-rentacar<\/strong>. Nous proposons une gamme de services suppl\u00e9mentaires pour rendre votre exp\u00e9rience de location encore plus facile :<\/p>\n<ul>\n<li><strong>Si\u00e8ges auto pour enfants<\/strong> : Pour des trajets s\u00fbrs avec vos enfants.<\/li>\n<li><strong>GPS<\/strong> : Pour arriver \u00e0 destination sans stress.<\/li>\n<li><strong>Support 24\/7<\/strong> : Notre \u00e9quipe est toujours disponible pour vous aider en cas de besoin.<\/li>\n<\/ul>\n<p>De plus, nous pouvons livrer votre v\u00e9hicule directement \u00e0 la station KTEL Mac\u00e9doine, vous faisant ainsi gagner du temps et de l&rsquo;effort.<\/p>\n<h3 style=\"text-align: center;\">Explorez Thessalonique et Plus Encore<\/h3>\n<p>Avec un v\u00e9hicule de <strong>i-rentacar<\/strong>, vous avez la possibilit\u00e9 de d\u00e9couvrir tout ce que Thessalonique et ses environs ont \u00e0 offrir. Explorez le patrimoine culturel de la ville, les ruelles pittoresques de la vieille ville (Ano Poli), ses mus\u00e9es et ses march\u00e9s locaux.<\/p>\n<p>Si vous pr\u00e9voyez une excursion d&rsquo;une journ\u00e9e, des destinations proches telles que la Halkidiki, le Mont Olympe ou le Pilion ne sont qu&rsquo;\u00e0 quelques heures de route. Avec un v\u00e9hicule s\u00fbr et confortable, vous pouvez voyager en toute facilit\u00e9 et en toute s\u00e9curit\u00e9.<\/p>\n<\/div><div class=\"fusion-image-element \" style=\"text-align:center;--awb-caption-title-font-family:var(--h2_typography-font-family);--awb-caption-title-font-weight:var(--h2_typography-font-weight);--awb-caption-title-font-style:var(--h2_typography-font-style);--awb-caption-title-size:var(--h2_typography-font-size);--awb-caption-title-transform:var(--h2_typography-text-transform);--awb-caption-title-line-height:var(--h2_typography-line-height);--awb-caption-title-letter-spacing:var(--h2_typography-letter-spacing);\"><span class=\" fusion-imageframe imageframe-none imageframe-3 hover-type-none\"><img decoding=\"async\" width=\"600\" height=\"300\" alt=\"\u0395\u03bd\u03bf\u03b9\u03ba\u03af\u03b1\u03c3\u03b7 \u03b1\u03c5\u03c4\u03bf\u03ba\u03b9\u03bd\u03ae\u03c4\u03bf\u03c5 \u039a\u03a4\u0395\u039b \u039c\u03b1\u03ba\u03b5\u03b4\u03bf\u03bd\u03af\u03b1\" title=\"\u03ba\u03c4\u03b5\u03bb-\u03bc\u03b1\u03b5\" src=\"https:\/\/www.i-rentacar.com\/wp-content\/uploads\/2024\/12\/\u03ba\u03c4\u03b5\u03bb-\u03bc\u03b1\u03b5.jpg\" data-orig-src=\"https:\/\/www.i-rentacar.com\/wp-content\/uploads\/2024\/12\/\u03ba\u03c4\u03b5\u03bb-\u03bc\u03b1\u03b5.jpg\" class=\"lazyload img-responsive wp-image-8815\" srcset=\"data:image\/svg+xml,%3Csvg%20xmlns%3D%27http%3A%2F%2Fwww.w3.org%2F2000%2Fsvg%27%20width%3D%27600%27%20height%3D%27300%27%20viewBox%3D%270%200%20600%20300%27%3E%3Crect%20width%3D%27600%27%20height%3D%27300%27%20fill-opacity%3D%220%22%2F%3E%3C%2Fsvg%3E\" data-srcset=\"https:\/\/www.i-rentacar.com\/wp-content\/uploads\/2024\/12\/\u03ba\u03c4\u03b5\u03bb-\u03bc\u03b1\u03b5-200x100.jpg 200w, https:\/\/www.i-rentacar.com\/wp-content\/uploads\/2024\/12\/\u03ba\u03c4\u03b5\u03bb-\u03bc\u03b1\u03b5-400x200.jpg 400w, https:\/\/www.i-rentacar.com\/wp-content\/uploads\/2024\/12\/\u03ba\u03c4\u03b5\u03bb-\u03bc\u03b1\u03b5.jpg 600w\" data-sizes=\"auto\" data-orig-sizes=\"(max-width: 640px) 100vw, 600px\" \/><\/span><\/div><div class=\"fusion-text fusion-text-4\"><h3 style=\"text-align: center;\">Pourquoi Choisir i-rentacar<\/h3>\n<ul>\n<li><strong>Emplacement Central<\/strong> : Pr\u00e8s de la station KTEL Mac\u00e9doine pour un acc\u00e8s facile.<\/li>\n<li><strong>Prix Comp\u00e9titifs<\/strong> : Nous offrons des services de qualit\u00e9 \u00e0 des prix abordables.<\/li>\n<li><strong>V\u00e9hicules Fiables<\/strong> : Tous nos v\u00e9hicules sont bien entretenus et \u00e9quip\u00e9s de commodit\u00e9s modernes.<\/li>\n<li><strong>Excellente Service Client<\/strong> : Notre \u00e9quipe est toujours pr\u00eate \u00e0 vous aider avec courtoisie et professionnalisme.<\/li>\n<\/ul>\n<h3 style=\"text-align: center;\">R\u00e9servez Votre V\u00e9hicule Aujourd&rsquo;hui<\/h3>\n<p>Si vous recherchez une solution fiable et pratique pour vos d\u00e9placements \u00e0 Thessalonique, <strong>i-rentacar<\/strong> est le choix id\u00e9al. Contactez-nous ou visitez notre site web pour plus d&rsquo;informations et pour faire une r\u00e9servation.<\/p>\n<p>Avec i-rentacar, vos d\u00e9placements seront confortables, rapides et sans stress ! Faites-nous confiance pour votre prochaine location et profitez de la libert\u00e9 qu&rsquo;un v\u00e9hicule fiable vous offre.<\/p>\n<\/div><div class=\"fusion-text fusion-text-5\" style=\"--awb-width:1250px;\"><p><iframe style=\"border: 0;\" src=\"https:\/\/www.google.com\/maps\/embed?pb=!1m18!1m12!1m3!1d3026.8845525873703!2d22.897302184697015!3d40.65447519766541!2m3!1f0!2f0!3f0!3m2!1i1024!2i768!4f13.1!3m3!1m2!1s0x14a83a2646e50e5d%3A0xff16ef3a51fac3f9!2zzqPPhM6xzrjOvM-Mz4IgzqXPgM61z4HOsc-Dz4TOuc66z47OvSDOm861z4nPhs6_z4HOtc6vz4nOvSDOms6kzpXOmyDOmM61z4PPg86xzrvOv869zq_Ous63z4IgwqvOnM6xzrrOtc60zr_Ovc6vzrHCuw!5e0!3m2!1sel!2sgr!4v1735478067307!5m2!1sel!2sgr\" width=\"1250\" height=\"450\" allowfullscreen=\"allowfullscreen\" data-mce-fragment=\"1\"><span data-mce-type=\"bookmark\" style=\"display: inline-block; width: 0px; overflow: hidden; line-height: 0;\" class=\"mce_SELRES_start\">\ufeff<\/span><span data-mce-type=\"bookmark\" style=\"display: inline-block; width: 0px; overflow: hidden; line-height: 0;\" class=\"mce_SELRES_start\">\ufeff<\/span><span data-mce-type=\"bookmark\" style=\"display: inline-block; width: 0px; overflow: hidden; line-height: 0;\" class=\"mce_SELRES_start\">\ufeff<\/span><\/iframe><\/p>\n<\/div><\/div><\/div><\/div><\/div>\n","protected":false},"excerpt":{"rendered":"","protected":false},"author":1,"featured_media":0,"parent":0,"menu_order":0,"comment_status":"closed","ping_status":"closed","template":"100-width.php","meta":{"footnotes":""},"class_list":["post-8971","page","type-page","status-publish","hentry"],"yoast_head":"<!-- This site is optimized with the Yoast SEO plugin v27.0 - https:\/\/yoast.com\/product\/yoast-seo-wordpress\/ -->\n<title>Location de voiture KTEL Mac\u00e9doine | i-rentacar.com<\/title>\n<meta name=\"robots\" content=\"index, follow, max-snippet:-1, max-image-preview:large, max-video-preview:-1\" \/>\n<link rel=\"canonical\" href=\"https:\/\/www.i-rentacar.com\/fr\/location-de-voiture-ktel-macedoine\/\" \/>\n<meta property=\"og:locale\" content=\"fr_FR\" \/>\n<meta property=\"og:type\" content=\"article\" \/>\n<meta property=\"og:title\" content=\"Location de voiture KTEL Mac\u00e9doine | i-rentacar.com\" \/>\n<meta property=\"og:url\" content=\"https:\/\/www.i-rentacar.com\/fr\/location-de-voiture-ktel-macedoine\/\" \/>\n<meta property=\"og:site_name\" content=\"i-rentacar.com\" \/>\n<meta property=\"article:modified_time\" content=\"2024-12-29T16:14:00+00:00\" \/>\n<meta name=\"twitter:card\" content=\"summary_large_image\" \/>\n<meta name=\"twitter:label1\" content=\"Dur\u00e9e de lecture estim\u00e9e\" \/>\n\t<meta name=\"twitter:data1\" content=\"15 minutes\" \/>\n<script type=\"application\/ld+json\" class=\"yoast-schema-graph\">{\"@context\":\"https:\/\/schema.org\",\"@graph\":[{\"@type\":\"WebPage\",\"@id\":\"https:\/\/www.i-rentacar.com\/fr\/location-de-voiture-ktel-macedoine\/\",\"url\":\"https:\/\/www.i-rentacar.com\/fr\/location-de-voiture-ktel-macedoine\/\",\"name\":\"Location de voiture KTEL Mac\u00e9doine | i-rentacar.com\",\"isPartOf\":{\"@id\":\"https:\/\/www.i-rentacar.com\/fr\/#website\"},\"datePublished\":\"2024-12-28T17:01:16+00:00\",\"dateModified\":\"2024-12-29T16:14:00+00:00\",\"breadcrumb\":{\"@id\":\"https:\/\/www.i-rentacar.com\/fr\/location-de-voiture-ktel-macedoine\/#breadcrumb\"},\"inLanguage\":\"fr-FR\",\"potentialAction\":[{\"@type\":\"ReadAction\",\"target\":[\"https:\/\/www.i-rentacar.com\/fr\/location-de-voiture-ktel-macedoine\/\"]}]},{\"@type\":\"BreadcrumbList\",\"@id\":\"https:\/\/www.i-rentacar.com\/fr\/location-de-voiture-ktel-macedoine\/#breadcrumb\",\"itemListElement\":[{\"@type\":\"ListItem\",\"position\":1,\"name\":\"Home\",\"item\":\"https:\/\/www.i-rentacar.com\/fr\/\"},{\"@type\":\"ListItem\",\"position\":2,\"name\":\"Location de voiture KTEL Mac\u00e9doine\"}]},{\"@type\":\"WebSite\",\"@id\":\"https:\/\/www.i-rentacar.com\/fr\/#website\",\"url\":\"https:\/\/www.i-rentacar.com\/fr\/\",\"name\":\"i-rentacar.com\",\"description\":\"\u0395\u03bd\u03bf\u03b9\u03ba\u03b9\u03ac\u03c3\u03b5\u03b9\u03c2 \u0391\u03c5\u03c4\u03bf\u03ba\u03b9\u03bd\u03ae\u03c4\u03c9\u03bd \u0398\u03b5\u03c3\u03c3\u03b1\u03bb\u03bf\u03bd\u03af\u03ba\u03b7 minivan suv \u03b1\u03b5\u03c1\u03bf\u03b4\u03c1\u03cc\u03bc\u03b9\u03bf \u0398\u03b5\u03c3\u03c3\u03b1\u03bb\u03bf\u03bd\u03af\u03ba\u03b7, \u03b5\u03bd\u03bf\u03b9\u03ba\u03b9\u03ac\u03c3\u03b5\u03b9\u03c2 van \u0398\u03b5\u03c3\u03c3\u03b1\u03bb\u03bf\u03bd\u03af\u03ba\u03b7 \u03a7\u03b1\u03bb\u03ba\u03b9\u03b4\u03b9\u03ba\u03ae, rent a car Thessaloniki airport skg\",\"publisher\":{\"@id\":\"https:\/\/www.i-rentacar.com\/fr\/#organization\"},\"potentialAction\":[{\"@type\":\"SearchAction\",\"target\":{\"@type\":\"EntryPoint\",\"urlTemplate\":\"https:\/\/www.i-rentacar.com\/fr\/?s={search_term_string}\"},\"query-input\":{\"@type\":\"PropertyValueSpecification\",\"valueRequired\":true,\"valueName\":\"search_term_string\"}}],\"inLanguage\":\"fr-FR\"},{\"@type\":\"Organization\",\"@id\":\"https:\/\/www.i-rentacar.com\/fr\/#organization\",\"name\":\"i-rentacar.com\",\"url\":\"https:\/\/www.i-rentacar.com\/fr\/\",\"logo\":{\"@type\":\"ImageObject\",\"inLanguage\":\"fr-FR\",\"@id\":\"https:\/\/www.i-rentacar.com\/fr\/#\/schema\/logo\/image\/\",\"url\":\"https:\/\/www.i-rentacar.com\/wp-content\/uploads\/2021\/08\/logo-i-rentacar-com-3.png\",\"contentUrl\":\"https:\/\/www.i-rentacar.com\/wp-content\/uploads\/2021\/08\/logo-i-rentacar-com-3.png\",\"width\":383,\"height\":150,\"caption\":\"i-rentacar.com\"},\"image\":{\"@id\":\"https:\/\/www.i-rentacar.com\/fr\/#\/schema\/logo\/image\/\"}}]}<\/script>\n<!-- \/ Yoast SEO plugin. -->","yoast_head_json":{"title":"Location de voiture KTEL Mac\u00e9doine | i-rentacar.com","robots":{"index":"index","follow":"follow","max-snippet":"max-snippet:-1","max-image-preview":"max-image-preview:large","max-video-preview":"max-video-preview:-1"},"canonical":"https:\/\/www.i-rentacar.com\/fr\/location-de-voiture-ktel-macedoine\/","og_locale":"fr_FR","og_type":"article","og_title":"Location de voiture KTEL Mac\u00e9doine | i-rentacar.com","og_url":"https:\/\/www.i-rentacar.com\/fr\/location-de-voiture-ktel-macedoine\/","og_site_name":"i-rentacar.com","article_modified_time":"2024-12-29T16:14:00+00:00","twitter_card":"summary_large_image","twitter_misc":{"Dur\u00e9e de lecture estim\u00e9e":"15 minutes"},"schema":{"@context":"https:\/\/schema.org","@graph":[{"@type":"WebPage","@id":"https:\/\/www.i-rentacar.com\/fr\/location-de-voiture-ktel-macedoine\/","url":"https:\/\/www.i-rentacar.com\/fr\/location-de-voiture-ktel-macedoine\/","name":"Location de voiture KTEL Mac\u00e9doine | i-rentacar.com","isPartOf":{"@id":"https:\/\/www.i-rentacar.com\/fr\/#website"},"datePublished":"2024-12-28T17:01:16+00:00","dateModified":"2024-12-29T16:14:00+00:00","breadcrumb":{"@id":"https:\/\/www.i-rentacar.com\/fr\/location-de-voiture-ktel-macedoine\/#breadcrumb"},"inLanguage":"fr-FR","potentialAction":[{"@type":"ReadAction","target":["https:\/\/www.i-rentacar.com\/fr\/location-de-voiture-ktel-macedoine\/"]}]},{"@type":"BreadcrumbList","@id":"https:\/\/www.i-rentacar.com\/fr\/location-de-voiture-ktel-macedoine\/#breadcrumb","itemListElement":[{"@type":"ListItem","position":1,"name":"Home","item":"https:\/\/www.i-rentacar.com\/fr\/"},{"@type":"ListItem","position":2,"name":"Location de voiture KTEL Mac\u00e9doine"}]},{"@type":"WebSite","@id":"https:\/\/www.i-rentacar.com\/fr\/#website","url":"https:\/\/www.i-rentacar.com\/fr\/","name":"i-rentacar.com","description":"\u0395\u03bd\u03bf\u03b9\u03ba\u03b9\u03ac\u03c3\u03b5\u03b9\u03c2 \u0391\u03c5\u03c4\u03bf\u03ba\u03b9\u03bd\u03ae\u03c4\u03c9\u03bd \u0398\u03b5\u03c3\u03c3\u03b1\u03bb\u03bf\u03bd\u03af\u03ba\u03b7 minivan suv \u03b1\u03b5\u03c1\u03bf\u03b4\u03c1\u03cc\u03bc\u03b9\u03bf \u0398\u03b5\u03c3\u03c3\u03b1\u03bb\u03bf\u03bd\u03af\u03ba\u03b7, \u03b5\u03bd\u03bf\u03b9\u03ba\u03b9\u03ac\u03c3\u03b5\u03b9\u03c2 van \u0398\u03b5\u03c3\u03c3\u03b1\u03bb\u03bf\u03bd\u03af\u03ba\u03b7 \u03a7\u03b1\u03bb\u03ba\u03b9\u03b4\u03b9\u03ba\u03ae, rent a car Thessaloniki airport skg","publisher":{"@id":"https:\/\/www.i-rentacar.com\/fr\/#organization"},"potentialAction":[{"@type":"SearchAction","target":{"@type":"EntryPoint","urlTemplate":"https:\/\/www.i-rentacar.com\/fr\/?s={search_term_string}"},"query-input":{"@type":"PropertyValueSpecification","valueRequired":true,"valueName":"search_term_string"}}],"inLanguage":"fr-FR"},{"@type":"Organization","@id":"https:\/\/www.i-rentacar.com\/fr\/#organization","name":"i-rentacar.com","url":"https:\/\/www.i-rentacar.com\/fr\/","logo":{"@type":"ImageObject","inLanguage":"fr-FR","@id":"https:\/\/www.i-rentacar.com\/fr\/#\/schema\/logo\/image\/","url":"https:\/\/www.i-rentacar.com\/wp-content\/uploads\/2021\/08\/logo-i-rentacar-com-3.png","contentUrl":"https:\/\/www.i-rentacar.com\/wp-content\/uploads\/2021\/08\/logo-i-rentacar-com-3.png","width":383,"height":150,"caption":"i-rentacar.com"},"image":{"@id":"https:\/\/www.i-rentacar.com\/fr\/#\/schema\/logo\/image\/"}}]}},"_links":{"self":[{"href":"https:\/\/www.i-rentacar.com\/fr\/wp-json\/wp\/v2\/pages\/8971","targetHints":{"allow":["GET"]}}],"collection":[{"href":"https:\/\/www.i-rentacar.com\/fr\/wp-json\/wp\/v2\/pages"}],"about":[{"href":"https:\/\/www.i-rentacar.com\/fr\/wp-json\/wp\/v2\/types\/page"}],"author":[{"embeddable":true,"href":"https:\/\/www.i-rentacar.com\/fr\/wp-json\/wp\/v2\/users\/1"}],"replies":[{"embeddable":true,"href":"https:\/\/www.i-rentacar.com\/fr\/wp-json\/wp\/v2\/comments?post=8971"}],"version-history":[{"count":2,"href":"https:\/\/www.i-rentacar.com\/fr\/wp-json\/wp\/v2\/pages\/8971\/revisions"}],"predecessor-version":[{"id":8973,"href":"https:\/\/www.i-rentacar.com\/fr\/wp-json\/wp\/v2\/pages\/8971\/revisions\/8973"}],"wp:attachment":[{"href":"https:\/\/www.i-rentacar.com\/fr\/wp-json\/wp\/v2\/media?parent=8971"}],"curies":[{"name":"wp","href":"https:\/\/api.w.org\/{rel}","templated":true}]}}