{"id":8968,"date":"2024-12-28T18:51:01","date_gmt":"2024-12-28T16:51:01","guid":{"rendered":"https:\/\/www.i-rentacar.com\/?page_id=8968"},"modified":"2024-12-29T18:08:32","modified_gmt":"2024-12-29T16:08:32","slug":"centre-de-location-de-voitures-de-thessalonique","status":"publish","type":"page","link":"https:\/\/www.i-rentacar.com\/fr\/centre-de-location-de-voitures-de-thessalonique\/","title":{"rendered":"Centre de location de voitures de Thessalonique"},"content":{"rendered":"<div class=\"fusion-fullwidth fullwidth-box fusion-builder-row-1 fusion-flex-container has-pattern-background has-mask-background nonhundred-percent-fullwidth non-hundred-percent-height-scrolling\" style=\"--awb-border-radius-top-left:0px;--awb-border-radius-top-right:0px;--awb-border-radius-bottom-right:0px;--awb-border-radius-bottom-left:0px;--awb-flex-wrap:wrap;\" ><div class=\"fusion-builder-row fusion-row fusion-flex-align-items-flex-start fusion-flex-content-wrap\" style=\"max-width:1300px;margin-left: calc(-4% \/ 2 );margin-right: calc(-4% \/ 2 );\"><div class=\"fusion-layout-column fusion_builder_column fusion-builder-column-0 fusion_builder_column_1_1 1_1 fusion-flex-column\" style=\"--awb-bg-size:cover;--awb-width-large:100%;--awb-margin-top-large:0px;--awb-spacing-right-large:1.92%;--awb-margin-bottom-large:20px;--awb-spacing-left-large:1.92%;--awb-width-medium:100%;--awb-order-medium:0;--awb-spacing-right-medium:1.92%;--awb-spacing-left-medium:1.92%;--awb-width-small:100%;--awb-order-small:0;--awb-spacing-right-small:1.92%;--awb-spacing-left-small:1.92%;\"><div class=\"fusion-column-wrapper fusion-column-has-shadow fusion-flex-justify-content-flex-start fusion-content-layout-column\"><div class=\"fusion-text fusion-text-1\"><h2 style=\"text-align: center;\">Location de Voiture au Centre de Thessalonique par i-rentacar<\/h2>\n<p><a href=\"https:\/\/www.i-rentacar.com\/\"> <strong>i-rentacar<\/strong><\/a> est situ\u00e9e au c\u0153ur de Thessalonique, \u00e0 l&rsquo;adresse Angelaki 13, offrant des services de location de voitures qui r\u00e9pondent \u00e0 tous vos besoins de d\u00e9placement. Avec un accent sur le service client, la qualit\u00e9 et des prix comp\u00e9titifs, <a href=\"https:\/\/www.i-rentacar.com\/\"> i-rentacar<\/a> est le choix id\u00e9al pour ceux qui visitent la ville, que ce soit pour des raisons professionnelles ou pour le plaisir. Notre emplacement au centre de Thessalonique est extr\u00eamement pratique, facilitant la prise en charge et le retour des v\u00e9hicules.<\/p>\n<h3 style=\"text-align: center;\">Large Gamme de V\u00e9hicules<\/h3>\n<p>Chez <a href=\"https:\/\/www.i-rentacar.com\/\"><strong>i-rentacar<\/strong><\/a>, nous proposons une large vari\u00e9t\u00e9 de v\u00e9hicules pour satisfaire tous vos besoins et pr\u00e9f\u00e9rences. Des petites voitures compactes id\u00e9ales pour se d\u00e9placer en ville, aux SUV spacieux et aux minibus 9 places pour les familles, les groupes d&rsquo;amis ou les professionnels.<\/p>\n<p>Tous nos v\u00e9hicules sont modernes, enti\u00e8rement entretenus et \u00e9quip\u00e9s des derni\u00e8res technologies pour garantir un confort et une s\u00e9curit\u00e9 optimaux pendant la location. De plus, nous offrons des options de bo\u00eete de vitesses manuelle ou automatique, ainsi que des moteurs \u00e0 essence, diesel ou hybrides, offrant ainsi une flexibilit\u00e9 pour tout type de voyage.<\/p>\n<\/div><div class=\"fusion-image-element \" style=\"text-align:center;--awb-caption-title-font-family:var(--h2_typography-font-family);--awb-caption-title-font-weight:var(--h2_typography-font-weight);--awb-caption-title-font-style:var(--h2_typography-font-style);--awb-caption-title-size:var(--h2_typography-font-size);--awb-caption-title-transform:var(--h2_typography-text-transform);--awb-caption-title-line-height:var(--h2_typography-line-height);--awb-caption-title-letter-spacing:var(--h2_typography-letter-spacing);\"><span class=\" fusion-imageframe imageframe-none imageframe-1 hover-type-none\"><img decoding=\"async\" width=\"600\" height=\"300\" alt=\"\u0395\u03bd\u03bf\u03b9\u03ba\u03af\u03b1\u03c3\u03b7 \u03b1\u03c5\u03c4\u03bf\u03ba\u03b9\u03bd\u03ae\u03c4\u03bf\u03c5 \u0391\u03b3\u03b3\u03b5\u03bb\u03ac\u03ba\u03b7 13\" title=\"\u03b1\u03b3\u03b3\u03b5\u03bb\" src=\"https:\/\/www.i-rentacar.com\/wp-content\/uploads\/2024\/12\/\u03b1\u03b3\u03b3\u03b5\u03bb.jpg\" data-orig-src=\"https:\/\/www.i-rentacar.com\/wp-content\/uploads\/2024\/12\/\u03b1\u03b3\u03b3\u03b5\u03bb.jpg\" class=\"lazyload img-responsive wp-image-8799\" srcset=\"data:image\/svg+xml,%3Csvg%20xmlns%3D%27http%3A%2F%2Fwww.w3.org%2F2000%2Fsvg%27%20width%3D%27600%27%20height%3D%27300%27%20viewBox%3D%270%200%20600%20300%27%3E%3Crect%20width%3D%27600%27%20height%3D%27300%27%20fill-opacity%3D%220%22%2F%3E%3C%2Fsvg%3E\" data-srcset=\"https:\/\/www.i-rentacar.com\/wp-content\/uploads\/2024\/12\/\u03b1\u03b3\u03b3\u03b5\u03bb-200x100.jpg 200w, https:\/\/www.i-rentacar.com\/wp-content\/uploads\/2024\/12\/\u03b1\u03b3\u03b3\u03b5\u03bb-400x200.jpg 400w, https:\/\/www.i-rentacar.com\/wp-content\/uploads\/2024\/12\/\u03b1\u03b3\u03b3\u03b5\u03bb.jpg 600w\" data-sizes=\"auto\" data-orig-sizes=\"(max-width: 640px) 100vw, 600px\" \/><\/span><\/div><div class=\"fusion-text fusion-text-2\"><h3 style=\"text-align: center;\">Facilit\u00e9 et Service<\/h3>\n<p>Notre emplacement \u00e0 Angelaki 13, au centre de Thessalonique, vous permet de r\u00e9cup\u00e9rer et de retourner votre v\u00e9hicule facilement et rapidement, sans retards inutiles. Que vous commenciez votre journ\u00e9e pour des obligations professionnelles ou que vous planifiez une excursion dans les environs, <a href=\"https:\/\/www.i-rentacar.com\/\">i-rentacar<\/a> est l\u00e0 pour vous servir de la meilleure fa\u00e7on possible.<\/p>\n<p>Pour ceux qui s\u00e9journent dans des h\u00f4tels ou des appartements au centre-ville, nous proposons \u00e9galement un service de livraison du v\u00e9hicule directement \u00e0 votre emplacement, rendant le processus encore plus pratique.<\/p>\n<h3 style=\"text-align: center;\">Forfaits de Location Personnalis\u00e9s<\/h3>\n<p>Chez <strong>i-rentacar<\/strong>, nous comprenons que chaque voyageur a des besoins diff\u00e9rents. C\u2019est pourquoi nous proposons des forfaits de location flexibles qui peuvent \u00eatre adapt\u00e9s en fonction de la dur\u00e9e et des exigences de votre voyage.<\/p>\n<ul>\n<li>Pour de courts d\u00e9placements en ville, nous proposons des forfaits \u00e9conomiques de location \u00e0 la journ\u00e9e.<\/li>\n<li>Pour des vacances prolong\u00e9es ou des voyages d&rsquo;affaires, nous avons des offres avantageuses qui garantissent de meilleurs tarifs pour des locations de longue dur\u00e9e.<\/li>\n<\/ul>\n<p>De plus, les professionnels peuvent b\u00e9n\u00e9ficier de forfaits d\u2019entreprise sp\u00e9ciaux, id\u00e9aux pour les flottes de v\u00e9hicules ou les besoins de d\u00e9placements r\u00e9guliers.<\/p>\n<\/div><div class=\"fusion-image-element \" style=\"text-align:center;--awb-caption-title-font-family:var(--h2_typography-font-family);--awb-caption-title-font-weight:var(--h2_typography-font-weight);--awb-caption-title-font-style:var(--h2_typography-font-style);--awb-caption-title-size:var(--h2_typography-font-size);--awb-caption-title-transform:var(--h2_typography-text-transform);--awb-caption-title-line-height:var(--h2_typography-line-height);--awb-caption-title-letter-spacing:var(--h2_typography-letter-spacing);\"><span class=\" fusion-imageframe imageframe-none imageframe-2 hover-type-none\"><img decoding=\"async\" width=\"600\" height=\"300\" alt=\"\u0395\u03bd\u03bf\u03b9\u03ba\u03af\u03b1\u03c3\u03b7 \u03b1\u03c5\u03c4\u03bf\u03ba\u03b9\u03bd\u03ae\u03c4\u03bf\u03c5 \u0391\u03b3\u03b3\u03b5\u03bb\u03ac\u03ba\u03b7 13\" title=\"gagae\" src=\"https:\/\/www.i-rentacar.com\/wp-content\/uploads\/2024\/12\/gagae.jpg\" data-orig-src=\"https:\/\/www.i-rentacar.com\/wp-content\/uploads\/2024\/12\/gagae.jpg\" class=\"lazyload img-responsive wp-image-8804\" srcset=\"data:image\/svg+xml,%3Csvg%20xmlns%3D%27http%3A%2F%2Fwww.w3.org%2F2000%2Fsvg%27%20width%3D%27600%27%20height%3D%27300%27%20viewBox%3D%270%200%20600%20300%27%3E%3Crect%20width%3D%27600%27%20height%3D%27300%27%20fill-opacity%3D%220%22%2F%3E%3C%2Fsvg%3E\" data-srcset=\"https:\/\/www.i-rentacar.com\/wp-content\/uploads\/2024\/12\/gagae-200x100.jpg 200w, https:\/\/www.i-rentacar.com\/wp-content\/uploads\/2024\/12\/gagae-400x200.jpg 400w, https:\/\/www.i-rentacar.com\/wp-content\/uploads\/2024\/12\/gagae.jpg 600w\" data-sizes=\"auto\" data-orig-sizes=\"(max-width: 640px) 100vw, 600px\" \/><\/span><\/div><div class=\"fusion-text fusion-text-3\"><h3 style=\"text-align: center;\">Services Compl\u00e9mentaires<\/h3>\n<p><strong>i-rentacar<\/strong> ne propose pas seulement la location de voitures, mais aussi une s\u00e9rie de services suppl\u00e9mentaires pour am\u00e9liorer votre exp\u00e9rience :<\/p>\n<ul>\n<li><strong>GPS<\/strong>: Pour une navigation facile dans des zones inconnues.<\/li>\n<li><strong>Si\u00e8ges pour Enfants<\/strong>: Pour le transport s\u00e9curis\u00e9 des jeunes passagers.<\/li>\n<li><strong>Assurance Compl\u00e8te<\/strong>: Pour conduire sans souci sur tous vos trajets.<\/li>\n<\/ul>\n<p>De plus, notre \u00e9quipe est disponible 24h\/24 et 7j\/7 pour toute aide dont vous pourriez avoir besoin pendant la location, assurant un support continu.<\/p>\n<h3 style=\"text-align: center;\">Explorez Thessalonique en Toute Libert\u00e9<\/h3>\n<p>Avec une voiture de <strong>i-rentacar<\/strong>, vous pouvez explorer Thessalonique et ses environs avec une grande facilit\u00e9. Des monuments historiques de la ville, comme la Tour Blanche et la vieille ville, aux caf\u00e9s et restaurants pittoresques qui ornent le centre-ville, Thessalonique offre d&rsquo;innombrables options pour chaque visiteur.<\/p>\n<p>Si vous souhaitez voyager en dehors de la ville, les plages proches de la Chalcidique ou le Mont Olympe sont des choix id\u00e9aux pour une excursion d&rsquo;une journ\u00e9e. Avec le v\u00e9hicule adapt\u00e9 de <strong>i-rentacar<\/strong>, vous b\u00e9n\u00e9ficierez de la flexibilit\u00e9 de vous d\u00e9placer confortablement et en toute s\u00e9curit\u00e9, quel que soit votre destination.<\/p>\n<h3 style=\"text-align: center;\">Pourquoi Choisir <strong>i-rentacar<\/strong> ?<\/h3>\n<ul>\n<li><strong>Processus de R\u00e9servation Facile<\/strong>: R\u00e9servez facilement et rapidement via notre site Web ou par t\u00e9l\u00e9phone.<\/li>\n<li><strong>Tarifs Comp\u00e9titifs<\/strong>: Nous offrons des solutions \u00e9conomiques sans frais cach\u00e9s.<\/li>\n<li><strong>Service Client<\/strong>: Notre \u00e9quipe est toujours disponible pour vous servir avec courtoisie et professionnalisme.<\/li>\n<li><strong>V\u00e9hicules S\u00e9curis\u00e9s<\/strong>: Tous nos v\u00e9hicules sont r\u00e9guli\u00e8rement entretenus et r\u00e9pondent aux normes de s\u00e9curit\u00e9 les plus \u00e9lev\u00e9es.<\/li>\n<\/ul>\n<h3 style=\"text-align: center;\">R\u00e9servez Votre V\u00e9hicule D\u00e8s Aujourd&rsquo;hui<\/h3>\n<p>D\u00e9couvrez le confort et la flexibilit\u00e9 de la location de voiture avec <strong>i-rentacar<\/strong>. Venez nous rendre visite \u00e0 Angelaki 13 ou contactez-nous pour plus d&rsquo;informations. Nous sommes l\u00e0 pour rendre votre exp\u00e9rience de d\u00e9placement \u00e0 Thessalonique aussi agr\u00e9able et confortable que possible.<\/p>\n<p>Avec <strong>i-rentacar<\/strong>, vos d\u00e9placements en ville ou \u00e0 l\u2019ext\u00e9rieur deviennent simples, fiables et agr\u00e9ables !<\/p>\n<\/div><div class=\"fusion-text fusion-text-4\"><p><iframe src=\"https:\/\/www.google.com\/maps\/embed?pb=!1m18!1m12!1m3!1d3028.0634359987503!2d22.95046437583849!3d40.628482971406335!2m3!1f0!2f0!3f0!3m2!1i1024!2i768!4f13.1!3m3!1m2!1s0x14a83901f97d2c55%3A0xa877600451623abd!2zzpHOs86zzrXOu86szrrOtyAxMywgzpjOtc-Dz4POsc67zr_Ovc6vzrrOtyA1NDYgMjE!5e0!3m2!1sel!2sgr!4v1735477775496!5m2!1sel!2sgr\" width=\"1250\" height=\"450\" allowfullscreen=\"allowfullscreen\" data-mce-fragment=\"1\"><span data-mce-type=\"bookmark\" style=\"display: inline-block; width: 0px; overflow: hidden; line-height: 0;\" class=\"mce_SELRES_start\">\ufeff<\/span><span data-mce-type=\"bookmark\" style=\"display: inline-block; width: 0px; overflow: hidden; line-height: 0;\" class=\"mce_SELRES_start\">\ufeff<\/span><span data-mce-type=\"bookmark\" style=\"display: inline-block; width: 0px; overflow: hidden; line-height: 0;\" class=\"mce_SELRES_start\">\ufeff<\/span><span data-mce-type=\"bookmark\" style=\"display: inline-block; width: 0px; overflow: hidden; line-height: 0;\" class=\"mce_SELRES_start\">\ufeff<\/span><\/iframe><\/p>\n<\/div><\/div><\/div><\/div><\/div>\n","protected":false},"excerpt":{"rendered":"","protected":false},"author":1,"featured_media":0,"parent":0,"menu_order":0,"comment_status":"closed","ping_status":"closed","template":"100-width.php","meta":{"footnotes":""},"class_list":["post-8968","page","type-page","status-publish","hentry"],"yoast_head":"<!-- This site is optimized with the Yoast SEO plugin v27.0 - https:\/\/yoast.com\/product\/yoast-seo-wordpress\/ -->\n<title>Centre de location de voitures de Thessalonique | i-rentacar.com<\/title>\n<meta name=\"robots\" content=\"index, follow, max-snippet:-1, max-image-preview:large, max-video-preview:-1\" \/>\n<link rel=\"canonical\" href=\"https:\/\/www.i-rentacar.com\/fr\/centre-de-location-de-voitures-de-thessalonique\/\" \/>\n<meta property=\"og:locale\" content=\"fr_FR\" \/>\n<meta property=\"og:type\" content=\"article\" \/>\n<meta property=\"og:title\" content=\"Centre de location de voitures de Thessalonique | i-rentacar.com\" \/>\n<meta property=\"og:url\" content=\"https:\/\/www.i-rentacar.com\/fr\/centre-de-location-de-voitures-de-thessalonique\/\" \/>\n<meta property=\"og:site_name\" content=\"i-rentacar.com\" \/>\n<meta property=\"article:modified_time\" content=\"2024-12-29T16:08:32+00:00\" \/>\n<meta name=\"twitter:card\" content=\"summary_large_image\" \/>\n<meta name=\"twitter:label1\" content=\"Dur\u00e9e de lecture estim\u00e9e\" \/>\n\t<meta name=\"twitter:data1\" content=\"13 minutes\" \/>\n<script type=\"application\/ld+json\" class=\"yoast-schema-graph\">{\"@context\":\"https:\/\/schema.org\",\"@graph\":[{\"@type\":\"WebPage\",\"@id\":\"https:\/\/www.i-rentacar.com\/fr\/centre-de-location-de-voitures-de-thessalonique\/\",\"url\":\"https:\/\/www.i-rentacar.com\/fr\/centre-de-location-de-voitures-de-thessalonique\/\",\"name\":\"Centre de location de voitures de Thessalonique | i-rentacar.com\",\"isPartOf\":{\"@id\":\"https:\/\/www.i-rentacar.com\/fr\/#website\"},\"datePublished\":\"2024-12-28T16:51:01+00:00\",\"dateModified\":\"2024-12-29T16:08:32+00:00\",\"breadcrumb\":{\"@id\":\"https:\/\/www.i-rentacar.com\/fr\/centre-de-location-de-voitures-de-thessalonique\/#breadcrumb\"},\"inLanguage\":\"fr-FR\",\"potentialAction\":[{\"@type\":\"ReadAction\",\"target\":[\"https:\/\/www.i-rentacar.com\/fr\/centre-de-location-de-voitures-de-thessalonique\/\"]}]},{\"@type\":\"BreadcrumbList\",\"@id\":\"https:\/\/www.i-rentacar.com\/fr\/centre-de-location-de-voitures-de-thessalonique\/#breadcrumb\",\"itemListElement\":[{\"@type\":\"ListItem\",\"position\":1,\"name\":\"Home\",\"item\":\"https:\/\/www.i-rentacar.com\/fr\/\"},{\"@type\":\"ListItem\",\"position\":2,\"name\":\"Centre de location de voitures de Thessalonique\"}]},{\"@type\":\"WebSite\",\"@id\":\"https:\/\/www.i-rentacar.com\/fr\/#website\",\"url\":\"https:\/\/www.i-rentacar.com\/fr\/\",\"name\":\"i-rentacar.com\",\"description\":\"\u0395\u03bd\u03bf\u03b9\u03ba\u03b9\u03ac\u03c3\u03b5\u03b9\u03c2 \u0391\u03c5\u03c4\u03bf\u03ba\u03b9\u03bd\u03ae\u03c4\u03c9\u03bd \u0398\u03b5\u03c3\u03c3\u03b1\u03bb\u03bf\u03bd\u03af\u03ba\u03b7 minivan suv \u03b1\u03b5\u03c1\u03bf\u03b4\u03c1\u03cc\u03bc\u03b9\u03bf \u0398\u03b5\u03c3\u03c3\u03b1\u03bb\u03bf\u03bd\u03af\u03ba\u03b7, \u03b5\u03bd\u03bf\u03b9\u03ba\u03b9\u03ac\u03c3\u03b5\u03b9\u03c2 van \u0398\u03b5\u03c3\u03c3\u03b1\u03bb\u03bf\u03bd\u03af\u03ba\u03b7 \u03a7\u03b1\u03bb\u03ba\u03b9\u03b4\u03b9\u03ba\u03ae, rent a car Thessaloniki airport skg\",\"publisher\":{\"@id\":\"https:\/\/www.i-rentacar.com\/fr\/#organization\"},\"potentialAction\":[{\"@type\":\"SearchAction\",\"target\":{\"@type\":\"EntryPoint\",\"urlTemplate\":\"https:\/\/www.i-rentacar.com\/fr\/?s={search_term_string}\"},\"query-input\":{\"@type\":\"PropertyValueSpecification\",\"valueRequired\":true,\"valueName\":\"search_term_string\"}}],\"inLanguage\":\"fr-FR\"},{\"@type\":\"Organization\",\"@id\":\"https:\/\/www.i-rentacar.com\/fr\/#organization\",\"name\":\"i-rentacar.com\",\"url\":\"https:\/\/www.i-rentacar.com\/fr\/\",\"logo\":{\"@type\":\"ImageObject\",\"inLanguage\":\"fr-FR\",\"@id\":\"https:\/\/www.i-rentacar.com\/fr\/#\/schema\/logo\/image\/\",\"url\":\"https:\/\/www.i-rentacar.com\/wp-content\/uploads\/2021\/08\/logo-i-rentacar-com-3.png\",\"contentUrl\":\"https:\/\/www.i-rentacar.com\/wp-content\/uploads\/2021\/08\/logo-i-rentacar-com-3.png\",\"width\":383,\"height\":150,\"caption\":\"i-rentacar.com\"},\"image\":{\"@id\":\"https:\/\/www.i-rentacar.com\/fr\/#\/schema\/logo\/image\/\"}}]}<\/script>\n<!-- \/ Yoast SEO plugin. -->","yoast_head_json":{"title":"Centre de location de voitures de Thessalonique | i-rentacar.com","robots":{"index":"index","follow":"follow","max-snippet":"max-snippet:-1","max-image-preview":"max-image-preview:large","max-video-preview":"max-video-preview:-1"},"canonical":"https:\/\/www.i-rentacar.com\/fr\/centre-de-location-de-voitures-de-thessalonique\/","og_locale":"fr_FR","og_type":"article","og_title":"Centre de location de voitures de Thessalonique | i-rentacar.com","og_url":"https:\/\/www.i-rentacar.com\/fr\/centre-de-location-de-voitures-de-thessalonique\/","og_site_name":"i-rentacar.com","article_modified_time":"2024-12-29T16:08:32+00:00","twitter_card":"summary_large_image","twitter_misc":{"Dur\u00e9e de lecture estim\u00e9e":"13 minutes"},"schema":{"@context":"https:\/\/schema.org","@graph":[{"@type":"WebPage","@id":"https:\/\/www.i-rentacar.com\/fr\/centre-de-location-de-voitures-de-thessalonique\/","url":"https:\/\/www.i-rentacar.com\/fr\/centre-de-location-de-voitures-de-thessalonique\/","name":"Centre de location de voitures de Thessalonique | i-rentacar.com","isPartOf":{"@id":"https:\/\/www.i-rentacar.com\/fr\/#website"},"datePublished":"2024-12-28T16:51:01+00:00","dateModified":"2024-12-29T16:08:32+00:00","breadcrumb":{"@id":"https:\/\/www.i-rentacar.com\/fr\/centre-de-location-de-voitures-de-thessalonique\/#breadcrumb"},"inLanguage":"fr-FR","potentialAction":[{"@type":"ReadAction","target":["https:\/\/www.i-rentacar.com\/fr\/centre-de-location-de-voitures-de-thessalonique\/"]}]},{"@type":"BreadcrumbList","@id":"https:\/\/www.i-rentacar.com\/fr\/centre-de-location-de-voitures-de-thessalonique\/#breadcrumb","itemListElement":[{"@type":"ListItem","position":1,"name":"Home","item":"https:\/\/www.i-rentacar.com\/fr\/"},{"@type":"ListItem","position":2,"name":"Centre de location de voitures de Thessalonique"}]},{"@type":"WebSite","@id":"https:\/\/www.i-rentacar.com\/fr\/#website","url":"https:\/\/www.i-rentacar.com\/fr\/","name":"i-rentacar.com","description":"\u0395\u03bd\u03bf\u03b9\u03ba\u03b9\u03ac\u03c3\u03b5\u03b9\u03c2 \u0391\u03c5\u03c4\u03bf\u03ba\u03b9\u03bd\u03ae\u03c4\u03c9\u03bd \u0398\u03b5\u03c3\u03c3\u03b1\u03bb\u03bf\u03bd\u03af\u03ba\u03b7 minivan suv \u03b1\u03b5\u03c1\u03bf\u03b4\u03c1\u03cc\u03bc\u03b9\u03bf \u0398\u03b5\u03c3\u03c3\u03b1\u03bb\u03bf\u03bd\u03af\u03ba\u03b7, \u03b5\u03bd\u03bf\u03b9\u03ba\u03b9\u03ac\u03c3\u03b5\u03b9\u03c2 van \u0398\u03b5\u03c3\u03c3\u03b1\u03bb\u03bf\u03bd\u03af\u03ba\u03b7 \u03a7\u03b1\u03bb\u03ba\u03b9\u03b4\u03b9\u03ba\u03ae, rent a car Thessaloniki airport skg","publisher":{"@id":"https:\/\/www.i-rentacar.com\/fr\/#organization"},"potentialAction":[{"@type":"SearchAction","target":{"@type":"EntryPoint","urlTemplate":"https:\/\/www.i-rentacar.com\/fr\/?s={search_term_string}"},"query-input":{"@type":"PropertyValueSpecification","valueRequired":true,"valueName":"search_term_string"}}],"inLanguage":"fr-FR"},{"@type":"Organization","@id":"https:\/\/www.i-rentacar.com\/fr\/#organization","name":"i-rentacar.com","url":"https:\/\/www.i-rentacar.com\/fr\/","logo":{"@type":"ImageObject","inLanguage":"fr-FR","@id":"https:\/\/www.i-rentacar.com\/fr\/#\/schema\/logo\/image\/","url":"https:\/\/www.i-rentacar.com\/wp-content\/uploads\/2021\/08\/logo-i-rentacar-com-3.png","contentUrl":"https:\/\/www.i-rentacar.com\/wp-content\/uploads\/2021\/08\/logo-i-rentacar-com-3.png","width":383,"height":150,"caption":"i-rentacar.com"},"image":{"@id":"https:\/\/www.i-rentacar.com\/fr\/#\/schema\/logo\/image\/"}}]}},"_links":{"self":[{"href":"https:\/\/www.i-rentacar.com\/fr\/wp-json\/wp\/v2\/pages\/8968","targetHints":{"allow":["GET"]}}],"collection":[{"href":"https:\/\/www.i-rentacar.com\/fr\/wp-json\/wp\/v2\/pages"}],"about":[{"href":"https:\/\/www.i-rentacar.com\/fr\/wp-json\/wp\/v2\/types\/page"}],"author":[{"embeddable":true,"href":"https:\/\/www.i-rentacar.com\/fr\/wp-json\/wp\/v2\/users\/1"}],"replies":[{"embeddable":true,"href":"https:\/\/www.i-rentacar.com\/fr\/wp-json\/wp\/v2\/comments?post=8968"}],"version-history":[{"count":2,"href":"https:\/\/www.i-rentacar.com\/fr\/wp-json\/wp\/v2\/pages\/8968\/revisions"}],"predecessor-version":[{"id":8970,"href":"https:\/\/www.i-rentacar.com\/fr\/wp-json\/wp\/v2\/pages\/8968\/revisions\/8970"}],"wp:attachment":[{"href":"https:\/\/www.i-rentacar.com\/fr\/wp-json\/wp\/v2\/media?parent=8968"}],"curies":[{"name":"wp","href":"https:\/\/api.w.org\/{rel}","templated":true}]}}