{"id":10038,"date":"2025-05-31T18:16:53","date_gmt":"2025-05-31T15:16:53","guid":{"rendered":"https:\/\/www.i-rentacar.com\/?page_id=10038"},"modified":"2025-06-01T12:43:51","modified_gmt":"2025-06-01T09:43:51","slug":"location-de-voiture-pour-les-sporades-de-skopelos","status":"publish","type":"page","link":"https:\/\/www.i-rentacar.com\/fr\/location-de-voiture-pour-les-sporades-de-skopelos\/","title":{"rendered":"Location de voiture pour les Sporades de Skopelos"},"content":{"rendered":"<div class=\"fusion-fullwidth fullwidth-box fusion-builder-row-1 fusion-flex-container has-pattern-background has-mask-background nonhundred-percent-fullwidth non-hundred-percent-height-scrolling\" style=\"--awb-border-radius-top-left:0px;--awb-border-radius-top-right:0px;--awb-border-radius-bottom-right:0px;--awb-border-radius-bottom-left:0px;--awb-flex-wrap:wrap;\" ><div class=\"fusion-builder-row fusion-row fusion-flex-align-items-flex-start fusion-flex-content-wrap\" style=\"max-width:1300px;margin-left: calc(-4% \/ 2 );margin-right: calc(-4% \/ 2 );\"><div class=\"fusion-layout-column fusion_builder_column fusion-builder-column-0 fusion_builder_column_1_1 1_1 fusion-flex-column\" style=\"--awb-bg-size:cover;--awb-width-large:100%;--awb-margin-top-large:0px;--awb-spacing-right-large:1.92%;--awb-margin-bottom-large:20px;--awb-spacing-left-large:1.92%;--awb-width-medium:100%;--awb-order-medium:0;--awb-spacing-right-medium:1.92%;--awb-spacing-left-medium:1.92%;--awb-width-small:100%;--awb-order-small:0;--awb-spacing-right-small:1.92%;--awb-spacing-left-small:1.92%;\"><div class=\"fusion-column-wrapper fusion-column-has-shadow fusion-flex-justify-content-flex-start fusion-content-layout-column\"><div class=\"fusion-image-element \" style=\"text-align:center;--awb-caption-title-font-family:var(--h2_typography-font-family);--awb-caption-title-font-weight:var(--h2_typography-font-weight);--awb-caption-title-font-style:var(--h2_typography-font-style);--awb-caption-title-size:var(--h2_typography-font-size);--awb-caption-title-transform:var(--h2_typography-text-transform);--awb-caption-title-line-height:var(--h2_typography-line-height);--awb-caption-title-letter-spacing:var(--h2_typography-letter-spacing);\"><span class=\" fusion-imageframe imageframe-none imageframe-1 hover-type-none\"><img decoding=\"async\" width=\"1200\" height=\"600\" alt=\"\u03a3\u03ba\u03cc\u03c0\u03b5\u03bb\u03bf\u03c2 \u03a3\u03c0\u03bf\u03c1\u03ac\u03b4\u03b5\u03c2\" title=\"\u03be\u03b86\u03ba\" src=\"https:\/\/www.i-rentacar.com\/wp-content\/uploads\/2025\/05\/\u03be\u03b86\u03ba.jpg\" data-orig-src=\"https:\/\/www.i-rentacar.com\/wp-content\/uploads\/2025\/05\/\u03be\u03b86\u03ba.jpg\" class=\"lazyload img-responsive wp-image-9921\" srcset=\"data:image\/svg+xml,%3Csvg%20xmlns%3D%27http%3A%2F%2Fwww.w3.org%2F2000%2Fsvg%27%20width%3D%271200%27%20height%3D%27600%27%20viewBox%3D%270%200%201200%20600%27%3E%3Crect%20width%3D%271200%27%20height%3D%27600%27%20fill-opacity%3D%220%22%2F%3E%3C%2Fsvg%3E\" data-srcset=\"https:\/\/www.i-rentacar.com\/wp-content\/uploads\/2025\/05\/\u03be\u03b86\u03ba-200x100.jpg 200w, https:\/\/www.i-rentacar.com\/wp-content\/uploads\/2025\/05\/\u03be\u03b86\u03ba-400x200.jpg 400w, https:\/\/www.i-rentacar.com\/wp-content\/uploads\/2025\/05\/\u03be\u03b86\u03ba-600x300.jpg 600w, https:\/\/www.i-rentacar.com\/wp-content\/uploads\/2025\/05\/\u03be\u03b86\u03ba-800x400.jpg 800w, https:\/\/www.i-rentacar.com\/wp-content\/uploads\/2025\/05\/\u03be\u03b86\u03ba.jpg 1200w\" data-sizes=\"auto\" data-orig-sizes=\"(max-width: 640px) 100vw, 1200px\" \/><\/span><\/div><div class=\"fusion-text fusion-text-1\"><h3 data-start=\"302\" data-end=\"392\">Skopelos \u2013 Le r\u00eave vert et bleu des Sporades, avec la libert\u00e9 de i-rentacar<\/h3>\n<p data-start=\"394\" data-end=\"680\">Skopelos, la perle des Sporades, est un lieu qui semble tout droit sorti d\u2019un conte de f\u00e9es. Avec ses immenses for\u00eats de pins qui s\u2019\u00e9tendent jusqu\u2019\u00e0 la mer, ses eaux cristallines, ses villages pittoresques et ses plages paisibles, elle offre au visiteur des exp\u00e9riences authentiques, loin de la foule des grandes \u00eeles.<\/p>\n<p data-start=\"682\" data-end=\"922\">Avec une voiture de location chez <strong data-start=\"722\" data-end=\"736\">i-rentacar<\/strong>, tu peux d\u00e9couvrir la magie cach\u00e9e de Skopelos \u2013 des villages engloutis du pass\u00e9 aux d\u00e9cors du film <em data-start=\"872\" data-end=\"883\">Mamma Mia<\/em> qui ont fait sa renomm\u00e9e mondiale.<\/p>\n<hr data-start=\"924\" data-end=\"927\" \/>\n<h2 style=\"text-align: center;\" data-start=\"929\" data-end=\"978\">Exploration sans limites \u2013 L\u2019\u00eele entre tes mains<\/h2>\n<p data-start=\"980\" data-end=\"1107\">Skopelos n\u2019est pas une grande \u00eele, mais elle cache une richesse incroyable de paysages et d\u2019exp\u00e9riences. Avec ta propre voiture, tu peux facilement atteindre :<\/p>\n<ul data-start=\"1109\" data-end=\"1622\">\n<li data-start=\"1109\" data-end=\"1252\">\n<p data-start=\"1111\" data-end=\"1252\">La <strong data-start=\"1116\" data-end=\"1133\">ville de Skopelos<\/strong>, avec son architecture traditionnelle, ses ruelles pav\u00e9es, ses balcons couverts de jasmin et ses tavernes proposant des sp\u00e9cialit\u00e9s locales.<\/p>\n<\/li>\n<li data-start=\"1253\" data-end=\"1374\">\n<p data-start=\"1255\" data-end=\"1374\">Panormos, une baie prot\u00e9g\u00e9e avec des eaux magnifiques et une atmosph\u00e8re d\u00e9tendue, id\u00e9ale pour les familles et les couples.<\/p>\n<\/li>\n<li data-start=\"1375\" data-end=\"1480\">\n<p data-start=\"1377\" data-end=\"1480\">Glossa, le \u00ab balcon de la mer \u00c9g\u00e9e \u00bb, qui allie tranquillit\u00e9, vue magique et hospitalit\u00e9 authentique.<\/p>\n<\/li>\n<li data-start=\"1481\" data-end=\"1622\">\n<p data-start=\"1483\" data-end=\"1622\">Saint Jean au Kastr\u00ed, la chapelle impressionnante sur le rocher devenue c\u00e9l\u00e8bre gr\u00e2ce \u00e0 la sc\u00e8ne du mariage dans le film <em data-start=\"1610\" data-end=\"1621\">Mamma Mia<\/em>.<\/p>\n<\/li>\n<\/ul>\n<p data-start=\"1624\" data-end=\"1726\">Chaque trajet est une petite aventure, entre for\u00eats de pins, oliveraies et vues splendides sur la mer \u00c9g\u00e9e.<\/p>\n<h3 style=\"text-align: center;\" data-start=\"1733\" data-end=\"1801\">Plages pour chaque humeur \u2013 Relaxation totale ou libert\u00e9 absolue<\/h3>\n<p data-start=\"1803\" data-end=\"1882\">Avec <strong data-start=\"1809\" data-end=\"1837\">la nature qui domine partout<\/strong>, Skopelos propose des plages pour tous les go\u00fbts :<\/p>\n<ul data-start=\"1884\" data-end=\"2388\">\n<li data-start=\"1884\" data-end=\"1999\">\n<p data-start=\"1886\" data-end=\"1999\"><strong data-start=\"1886\" data-end=\"1895\">Milia<\/strong> \u2013 la plage la plus c\u00e9l\u00e8bre de l\u2019\u00eele, avec ses galets, ses eaux turquoise et son beach bar pour des moments de d\u00e9tente.<\/p>\n<\/li>\n<li data-start=\"2000\" data-end=\"2150\">\n<p data-start=\"2002\" data-end=\"2150\"><strong data-start=\"2002\" data-end=\"2013\">Kastani<\/strong> \u2013 la plage o\u00f9 de nombreuses sc\u00e8nes du film <em data-start=\"2068\" data-end=\"2079\">Mamma Mia<\/em> ont \u00e9t\u00e9 tourn\u00e9es. Paysage spectaculaire, organis\u00e9e tout en conservant la beaut\u00e9 naturelle.<\/p>\n<\/li>\n<li data-start=\"2151\" data-end=\"2244\">\n<p data-start=\"2153\" data-end=\"2244\"><strong data-start=\"2153\" data-end=\"2165\">Stafilos<\/strong> et <strong data-start=\"2170\" data-end=\"2181\">Velanio<\/strong> \u2013 proches de la ville, id\u00e9ales pour des excursions matinales et des baignades.<\/p>\n<\/li>\n<li data-start=\"2245\" data-end=\"2318\">\n<p data-start=\"2247\" data-end=\"2318\"><strong data-start=\"2247\" data-end=\"2257\">Hovolo<\/strong> \u2013 isol\u00e9e, avec ses falaises impressionnantes et son sable fin blanc.<\/p>\n<\/li>\n<li data-start=\"2319\" data-end=\"2388\">\n<p data-start=\"2321\" data-end=\"2388\"><strong data-start=\"2321\" data-end=\"2336\">Armenopetra<\/strong> \u2013 pour les amateurs de calme et d\u2019exploration.<\/p>\n<\/li>\n<\/ul>\n<p data-start=\"2390\" data-end=\"2545\">Avec ton v\u00e9hicule de <strong data-start=\"2419\" data-end=\"2433\">i-rentacar<\/strong>, tu peux facilement passer d\u2019une plage \u00e0 l\u2019autre, sans contraintes ni attentes. Tu organises ton programme comme tu l\u2019as imagin\u00e9.<\/p>\n<h3 style=\"text-align: center;\" data-start=\"2552\" data-end=\"2594\">Nature, saveurs et exp\u00e9riences authentiques<\/h3>\n<p data-start=\"2596\" data-end=\"2678\">Skopelos, ce n\u2019est pas que la mer. C\u2019est aussi <strong data-start=\"2641\" data-end=\"2677\">culture, tradition et saveurs<\/strong> :<\/p>\n<ul data-start=\"2680\" data-end=\"2992\">\n<li data-start=\"2680\" data-end=\"2773\">\n<p data-start=\"2682\" data-end=\"2773\">Promenades sur les <strong data-start=\"2696\" data-end=\"2720\">sentiers de l\u2019\u00eele<\/strong>, qui traversent for\u00eats, ruisseaux et chapelles oubli\u00e9es.<\/p>\n<\/li>\n<li data-start=\"2774\" data-end=\"2873\">\n<p data-start=\"2776\" data-end=\"2873\">Visites de monast\u00e8res, comme l\u2019<strong data-start=\"2809\" data-end=\"2826\">Evangelistria<\/strong> et Saint R\u00e9ginos, avec des vues \u00e0 couper le souffle.<\/p>\n<\/li>\n<li data-start=\"2874\" data-end=\"2992\">\n<p data-start=\"2876\" data-end=\"2992\">Voyages gastronomiques dans les tavernes locales avec <strong data-start=\"2920\" data-end=\"2935\">strapatsada<\/strong>, <strong data-start=\"2937\" data-end=\"2963\">fromage en p\u00e2te feuillet\u00e9e de Skopelos<\/strong> et <strong data-start=\"2968\" data-end=\"2991\">confitures maison<\/strong>.<\/p>\n<\/li>\n<\/ul>\n<p data-start=\"2994\" data-end=\"3127\">Une voiture de location rend ton trajet non seulement facile, mais aussi agr\u00e9able \u2013 car le voyage n\u2019est pas seulement la destination.<\/p>\n<\/div><div class=\"fusion-image-element \" style=\"text-align:center;--awb-caption-title-font-family:var(--h2_typography-font-family);--awb-caption-title-font-weight:var(--h2_typography-font-weight);--awb-caption-title-font-style:var(--h2_typography-font-style);--awb-caption-title-size:var(--h2_typography-font-size);--awb-caption-title-transform:var(--h2_typography-text-transform);--awb-caption-title-line-height:var(--h2_typography-line-height);--awb-caption-title-letter-spacing:var(--h2_typography-letter-spacing);\"><span class=\" fusion-imageframe imageframe-none imageframe-2 hover-type-none\"><img decoding=\"async\" width=\"1200\" height=\"600\" title=\"\u03ba\u03bb\u03be\u03c0\u03be\" src=\"https:\/\/www.i-rentacar.com\/wp-content\/uploads\/2025\/05\/\u03ba\u03bb\u03be\u03c0\u03be.jpg\" data-orig-src=\"https:\/\/www.i-rentacar.com\/wp-content\/uploads\/2025\/05\/\u03ba\u03bb\u03be\u03c0\u03be.jpg\" alt class=\"lazyload img-responsive wp-image-9926\" srcset=\"data:image\/svg+xml,%3Csvg%20xmlns%3D%27http%3A%2F%2Fwww.w3.org%2F2000%2Fsvg%27%20width%3D%271200%27%20height%3D%27600%27%20viewBox%3D%270%200%201200%20600%27%3E%3Crect%20width%3D%271200%27%20height%3D%27600%27%20fill-opacity%3D%220%22%2F%3E%3C%2Fsvg%3E\" data-srcset=\"https:\/\/www.i-rentacar.com\/wp-content\/uploads\/2025\/05\/\u03ba\u03bb\u03be\u03c0\u03be-200x100.jpg 200w, https:\/\/www.i-rentacar.com\/wp-content\/uploads\/2025\/05\/\u03ba\u03bb\u03be\u03c0\u03be-400x200.jpg 400w, https:\/\/www.i-rentacar.com\/wp-content\/uploads\/2025\/05\/\u03ba\u03bb\u03be\u03c0\u03be-600x300.jpg 600w, https:\/\/www.i-rentacar.com\/wp-content\/uploads\/2025\/05\/\u03ba\u03bb\u03be\u03c0\u03be-800x400.jpg 800w, https:\/\/www.i-rentacar.com\/wp-content\/uploads\/2025\/05\/\u03ba\u03bb\u03be\u03c0\u03be.jpg 1200w\" data-sizes=\"auto\" data-orig-sizes=\"(max-width: 640px) 100vw, 1200px\" \/><\/span><\/div><div class=\"fusion-text fusion-text-2\"><h3 style=\"text-align: center;\" data-start=\"3162\" data-end=\"3202\">Villages avec caract\u00e8re et authenticit\u00e9<\/h3>\n<p data-start=\"3204\" data-end=\"3276\">La C\u00e9phalonie n\u2019est pas seulement la mer. C\u2019est aussi son <strong data-start=\"3254\" data-end=\"3275\">c\u0153ur montagneux<\/strong> :<\/p>\n<ul data-start=\"3278\" data-end=\"3580\">\n<li data-start=\"3278\" data-end=\"3355\">\n<p data-start=\"3280\" data-end=\"3355\">Sami, avec son charme c\u00f4tier et sa proximit\u00e9 des grottes et des plages.<\/p>\n<\/li>\n<li data-start=\"3356\" data-end=\"3453\">\n<p data-start=\"3358\" data-end=\"3453\">Les villages de <strong data-start=\"3361\" data-end=\"3374\">Faraklata<\/strong>, <strong data-start=\"3376\" data-end=\"3388\">Dil\u00ednata<\/strong> et le <strong data-start=\"3396\" data-end=\"3429\">Monast\u00e8re de Saint G\u00e9rasime<\/strong> \u2013 le saint patron de l&rsquo;\u00eele.<\/p>\n<\/li>\n<li data-start=\"3454\" data-end=\"3509\">\n<p data-start=\"3456\" data-end=\"3509\">Lixouri, vibrant de vie, culture et d\u00e9tente.<\/p>\n<\/li>\n<li data-start=\"3510\" data-end=\"3580\">\n<p data-start=\"3512\" data-end=\"3580\">\u00c9risos, une r\u00e9gion de beaut\u00e9 naturelle intense et de rythme paisible.<\/p>\n<\/li>\n<\/ul>\n<p data-start=\"3582\" data-end=\"3671\">O\u00f9 que vous alliez, une exp\u00e9rience authentique vous attend, loin des clich\u00e9s touristiques.<\/p>\n<h3 style=\"text-align: center;\" data-start=\"3678\" data-end=\"3730\">Pourquoi choisir i-rentacar pour C\u00e9phalonie ?<\/h3>\n<p data-start=\"3732\" data-end=\"3808\">Chez <strong data-start=\"3737\" data-end=\"3751\">i-rentacar<\/strong>, nous veillons \u00e0 ce que vos vacances commencent sans stress :<\/p>\n<ul data-start=\"3810\" data-end=\"4228\">\n<li data-start=\"3810\" data-end=\"3877\">\n<p data-start=\"3812\" data-end=\"3877\">R\u00e9servation en ligne rapide et prix transparents sans frais cach\u00e9s.<\/p>\n<\/li>\n<li data-start=\"3878\" data-end=\"3995\">\n<p data-start=\"3880\" data-end=\"3995\">Livraison du v\u00e9hicule \u00e0 l\u2019<strong data-start=\"3906\" data-end=\"3931\">a\u00e9roport de C\u00e9phalonie<\/strong>, au <strong data-start=\"3936\" data-end=\"3946\">port<\/strong>, \u00e0 votre <strong data-start=\"3951\" data-end=\"3969\">h\u00f4tel<\/strong>, ou o\u00f9 vous en aurez besoin.<\/p>\n<\/li>\n<li data-start=\"3996\" data-end=\"4085\">\n<p data-start=\"3998\" data-end=\"4085\">Choix de <strong data-start=\"4011\" data-end=\"4036\">voitures \u00e9conomiques<\/strong> jusqu\u2019aux <strong data-start=\"4043\" data-end=\"4058\">SUV et 4&#215;4<\/strong> pour les routes de montagne.<\/p>\n<\/li>\n<li data-start=\"4086\" data-end=\"4162\">\n<p data-start=\"4088\" data-end=\"4162\">Si\u00e8ges enfants, Wi-Fi, GPS, assurance compl\u00e8te \u2013 tout disponible en un clic.<\/p>\n<\/li>\n<li data-start=\"4163\" data-end=\"4228\">\n<p data-start=\"4165\" data-end=\"4228\">Support de notre \u00e9quipe avant, pendant et apr\u00e8s la location.<\/p>\n<\/li>\n<\/ul>\n<h3 style=\"text-align: center;\" data-start=\"4235\" data-end=\"4307\">R\u00e9servez votre voiture maintenant et vivez C\u00e9phalonie comme il se doit<\/h3>\n<p data-start=\"4309\" data-end=\"4544\">Avec <strong data-start=\"4316\" data-end=\"4330\">i-rentacar<\/strong>, C\u00e9phalonie devient v\u00f4tre. Vous ne restez pas immobile, vous ne perdez pas de temps \u2013 vous conduisez l\u00e0 o\u00f9 les autres r\u00eavent d\u2019arriver. Organisez votre voyage, prenez le volant de l\u2019exp\u00e9rience, et profitez de chaque instant.<\/p>\n<p data-start=\"4546\" data-end=\"4683\">Visitez <a class=\"\" href=\"https:\/\/www.i-rentacar.com\" target=\"_new\" rel=\"noopener\" data-start=\"4555\" data-end=\"4603\">www.i-rentacar.com<\/a>, choisissez votre v\u00e9hicule et commencez votre voyage estival dans l\u2019envo\u00fbtant Ionien.<\/p>\n<p data-start=\"4685\" data-end=\"4742\"><strong data-start=\"4685\" data-end=\"4742\">i-rentacar \u2013 C\u00e9phalonie est \u00e0 vous. Conduisez-la.<\/strong><\/p>\n<\/div><div class=\"fusion-image-element \" style=\"text-align:center;--awb-caption-title-font-family:var(--h2_typography-font-family);--awb-caption-title-font-weight:var(--h2_typography-font-weight);--awb-caption-title-font-style:var(--h2_typography-font-style);--awb-caption-title-size:var(--h2_typography-font-size);--awb-caption-title-transform:var(--h2_typography-text-transform);--awb-caption-title-line-height:var(--h2_typography-line-height);--awb-caption-title-letter-spacing:var(--h2_typography-letter-spacing);\"><span class=\" fusion-imageframe imageframe-none imageframe-3 hover-type-none\"><img decoding=\"async\" width=\"1200\" height=\"600\" title=\"\u03ba\u03bb\u03bd\u03c1\u03bf\u03ba\u03bd\u03b2\" src=\"https:\/\/www.i-rentacar.com\/wp-content\/uploads\/2025\/05\/\u03ba\u03bb\u03bd\u03c1\u03bf\u03ba\u03bd\u03b2.jpg\" data-orig-src=\"https:\/\/www.i-rentacar.com\/wp-content\/uploads\/2025\/05\/\u03ba\u03bb\u03bd\u03c1\u03bf\u03ba\u03bd\u03b2.jpg\" alt class=\"lazyload img-responsive wp-image-9931\" srcset=\"data:image\/svg+xml,%3Csvg%20xmlns%3D%27http%3A%2F%2Fwww.w3.org%2F2000%2Fsvg%27%20width%3D%271200%27%20height%3D%27600%27%20viewBox%3D%270%200%201200%20600%27%3E%3Crect%20width%3D%271200%27%20height%3D%27600%27%20fill-opacity%3D%220%22%2F%3E%3C%2Fsvg%3E\" data-srcset=\"https:\/\/www.i-rentacar.com\/wp-content\/uploads\/2025\/05\/\u03ba\u03bb\u03bd\u03c1\u03bf\u03ba\u03bd\u03b2-200x100.jpg 200w, https:\/\/www.i-rentacar.com\/wp-content\/uploads\/2025\/05\/\u03ba\u03bb\u03bd\u03c1\u03bf\u03ba\u03bd\u03b2-400x200.jpg 400w, https:\/\/www.i-rentacar.com\/wp-content\/uploads\/2025\/05\/\u03ba\u03bb\u03bd\u03c1\u03bf\u03ba\u03bd\u03b2-600x300.jpg 600w, https:\/\/www.i-rentacar.com\/wp-content\/uploads\/2025\/05\/\u03ba\u03bb\u03bd\u03c1\u03bf\u03ba\u03bd\u03b2-800x400.jpg 800w, https:\/\/www.i-rentacar.com\/wp-content\/uploads\/2025\/05\/\u03ba\u03bb\u03bd\u03c1\u03bf\u03ba\u03bd\u03b2.jpg 1200w\" data-sizes=\"auto\" data-orig-sizes=\"(max-width: 640px) 100vw, 1200px\" \/><\/span><\/div><\/div><\/div><\/div><\/div>\n","protected":false},"excerpt":{"rendered":"","protected":false},"author":1,"featured_media":0,"parent":0,"menu_order":0,"comment_status":"closed","ping_status":"closed","template":"100-width.php","meta":{"footnotes":""},"class_list":["post-10038","page","type-page","status-publish","hentry"],"yoast_head":"<!-- This site is optimized with the Yoast SEO plugin v27.0 - https:\/\/yoast.com\/product\/yoast-seo-wordpress\/ -->\n<title>Location de voiture pour les Sporades de Skopelos | i-rentacar.com<\/title>\n<meta name=\"robots\" content=\"index, follow, max-snippet:-1, max-image-preview:large, max-video-preview:-1\" \/>\n<link rel=\"canonical\" href=\"https:\/\/www.i-rentacar.com\/fr\/location-de-voiture-pour-les-sporades-de-skopelos\/\" \/>\n<meta property=\"og:locale\" content=\"fr_FR\" \/>\n<meta property=\"og:type\" content=\"article\" \/>\n<meta property=\"og:title\" content=\"Location de voiture pour les Sporades de Skopelos | i-rentacar.com\" \/>\n<meta property=\"og:url\" content=\"https:\/\/www.i-rentacar.com\/fr\/location-de-voiture-pour-les-sporades-de-skopelos\/\" \/>\n<meta property=\"og:site_name\" content=\"i-rentacar.com\" \/>\n<meta property=\"article:modified_time\" content=\"2025-06-01T09:43:51+00:00\" \/>\n<meta name=\"twitter:card\" content=\"summary_large_image\" \/>\n<meta name=\"twitter:label1\" content=\"Dur\u00e9e de lecture estim\u00e9e\" \/>\n\t<meta name=\"twitter:data1\" content=\"14 minutes\" \/>\n<script type=\"application\/ld+json\" class=\"yoast-schema-graph\">{\"@context\":\"https:\/\/schema.org\",\"@graph\":[{\"@type\":\"WebPage\",\"@id\":\"https:\/\/www.i-rentacar.com\/fr\/location-de-voiture-pour-les-sporades-de-skopelos\/\",\"url\":\"https:\/\/www.i-rentacar.com\/fr\/location-de-voiture-pour-les-sporades-de-skopelos\/\",\"name\":\"Location de voiture pour les Sporades de Skopelos | i-rentacar.com\",\"isPartOf\":{\"@id\":\"https:\/\/www.i-rentacar.com\/fr\/#website\"},\"datePublished\":\"2025-05-31T15:16:53+00:00\",\"dateModified\":\"2025-06-01T09:43:51+00:00\",\"breadcrumb\":{\"@id\":\"https:\/\/www.i-rentacar.com\/fr\/location-de-voiture-pour-les-sporades-de-skopelos\/#breadcrumb\"},\"inLanguage\":\"fr-FR\",\"potentialAction\":[{\"@type\":\"ReadAction\",\"target\":[\"https:\/\/www.i-rentacar.com\/fr\/location-de-voiture-pour-les-sporades-de-skopelos\/\"]}]},{\"@type\":\"BreadcrumbList\",\"@id\":\"https:\/\/www.i-rentacar.com\/fr\/location-de-voiture-pour-les-sporades-de-skopelos\/#breadcrumb\",\"itemListElement\":[{\"@type\":\"ListItem\",\"position\":1,\"name\":\"Home\",\"item\":\"https:\/\/www.i-rentacar.com\/fr\/\"},{\"@type\":\"ListItem\",\"position\":2,\"name\":\"Location de voiture pour les Sporades de Skopelos\"}]},{\"@type\":\"WebSite\",\"@id\":\"https:\/\/www.i-rentacar.com\/fr\/#website\",\"url\":\"https:\/\/www.i-rentacar.com\/fr\/\",\"name\":\"i-rentacar.com\",\"description\":\"\u0395\u03bd\u03bf\u03b9\u03ba\u03b9\u03ac\u03c3\u03b5\u03b9\u03c2 \u0391\u03c5\u03c4\u03bf\u03ba\u03b9\u03bd\u03ae\u03c4\u03c9\u03bd \u0398\u03b5\u03c3\u03c3\u03b1\u03bb\u03bf\u03bd\u03af\u03ba\u03b7 minivan suv \u03b1\u03b5\u03c1\u03bf\u03b4\u03c1\u03cc\u03bc\u03b9\u03bf \u0398\u03b5\u03c3\u03c3\u03b1\u03bb\u03bf\u03bd\u03af\u03ba\u03b7, \u03b5\u03bd\u03bf\u03b9\u03ba\u03b9\u03ac\u03c3\u03b5\u03b9\u03c2 van \u0398\u03b5\u03c3\u03c3\u03b1\u03bb\u03bf\u03bd\u03af\u03ba\u03b7 \u03a7\u03b1\u03bb\u03ba\u03b9\u03b4\u03b9\u03ba\u03ae, rent a car Thessaloniki airport skg\",\"publisher\":{\"@id\":\"https:\/\/www.i-rentacar.com\/fr\/#organization\"},\"potentialAction\":[{\"@type\":\"SearchAction\",\"target\":{\"@type\":\"EntryPoint\",\"urlTemplate\":\"https:\/\/www.i-rentacar.com\/fr\/?s={search_term_string}\"},\"query-input\":{\"@type\":\"PropertyValueSpecification\",\"valueRequired\":true,\"valueName\":\"search_term_string\"}}],\"inLanguage\":\"fr-FR\"},{\"@type\":\"Organization\",\"@id\":\"https:\/\/www.i-rentacar.com\/fr\/#organization\",\"name\":\"i-rentacar.com\",\"url\":\"https:\/\/www.i-rentacar.com\/fr\/\",\"logo\":{\"@type\":\"ImageObject\",\"inLanguage\":\"fr-FR\",\"@id\":\"https:\/\/www.i-rentacar.com\/fr\/#\/schema\/logo\/image\/\",\"url\":\"https:\/\/www.i-rentacar.com\/wp-content\/uploads\/2021\/08\/logo-i-rentacar-com-3.png\",\"contentUrl\":\"https:\/\/www.i-rentacar.com\/wp-content\/uploads\/2021\/08\/logo-i-rentacar-com-3.png\",\"width\":383,\"height\":150,\"caption\":\"i-rentacar.com\"},\"image\":{\"@id\":\"https:\/\/www.i-rentacar.com\/fr\/#\/schema\/logo\/image\/\"}}]}<\/script>\n<!-- \/ Yoast SEO plugin. -->","yoast_head_json":{"title":"Location de voiture pour les Sporades de Skopelos | i-rentacar.com","robots":{"index":"index","follow":"follow","max-snippet":"max-snippet:-1","max-image-preview":"max-image-preview:large","max-video-preview":"max-video-preview:-1"},"canonical":"https:\/\/www.i-rentacar.com\/fr\/location-de-voiture-pour-les-sporades-de-skopelos\/","og_locale":"fr_FR","og_type":"article","og_title":"Location de voiture pour les Sporades de Skopelos | i-rentacar.com","og_url":"https:\/\/www.i-rentacar.com\/fr\/location-de-voiture-pour-les-sporades-de-skopelos\/","og_site_name":"i-rentacar.com","article_modified_time":"2025-06-01T09:43:51+00:00","twitter_card":"summary_large_image","twitter_misc":{"Dur\u00e9e de lecture estim\u00e9e":"14 minutes"},"schema":{"@context":"https:\/\/schema.org","@graph":[{"@type":"WebPage","@id":"https:\/\/www.i-rentacar.com\/fr\/location-de-voiture-pour-les-sporades-de-skopelos\/","url":"https:\/\/www.i-rentacar.com\/fr\/location-de-voiture-pour-les-sporades-de-skopelos\/","name":"Location de voiture pour les Sporades de Skopelos | i-rentacar.com","isPartOf":{"@id":"https:\/\/www.i-rentacar.com\/fr\/#website"},"datePublished":"2025-05-31T15:16:53+00:00","dateModified":"2025-06-01T09:43:51+00:00","breadcrumb":{"@id":"https:\/\/www.i-rentacar.com\/fr\/location-de-voiture-pour-les-sporades-de-skopelos\/#breadcrumb"},"inLanguage":"fr-FR","potentialAction":[{"@type":"ReadAction","target":["https:\/\/www.i-rentacar.com\/fr\/location-de-voiture-pour-les-sporades-de-skopelos\/"]}]},{"@type":"BreadcrumbList","@id":"https:\/\/www.i-rentacar.com\/fr\/location-de-voiture-pour-les-sporades-de-skopelos\/#breadcrumb","itemListElement":[{"@type":"ListItem","position":1,"name":"Home","item":"https:\/\/www.i-rentacar.com\/fr\/"},{"@type":"ListItem","position":2,"name":"Location de voiture pour les Sporades de Skopelos"}]},{"@type":"WebSite","@id":"https:\/\/www.i-rentacar.com\/fr\/#website","url":"https:\/\/www.i-rentacar.com\/fr\/","name":"i-rentacar.com","description":"\u0395\u03bd\u03bf\u03b9\u03ba\u03b9\u03ac\u03c3\u03b5\u03b9\u03c2 \u0391\u03c5\u03c4\u03bf\u03ba\u03b9\u03bd\u03ae\u03c4\u03c9\u03bd \u0398\u03b5\u03c3\u03c3\u03b1\u03bb\u03bf\u03bd\u03af\u03ba\u03b7 minivan suv \u03b1\u03b5\u03c1\u03bf\u03b4\u03c1\u03cc\u03bc\u03b9\u03bf \u0398\u03b5\u03c3\u03c3\u03b1\u03bb\u03bf\u03bd\u03af\u03ba\u03b7, \u03b5\u03bd\u03bf\u03b9\u03ba\u03b9\u03ac\u03c3\u03b5\u03b9\u03c2 van \u0398\u03b5\u03c3\u03c3\u03b1\u03bb\u03bf\u03bd\u03af\u03ba\u03b7 \u03a7\u03b1\u03bb\u03ba\u03b9\u03b4\u03b9\u03ba\u03ae, rent a car Thessaloniki airport skg","publisher":{"@id":"https:\/\/www.i-rentacar.com\/fr\/#organization"},"potentialAction":[{"@type":"SearchAction","target":{"@type":"EntryPoint","urlTemplate":"https:\/\/www.i-rentacar.com\/fr\/?s={search_term_string}"},"query-input":{"@type":"PropertyValueSpecification","valueRequired":true,"valueName":"search_term_string"}}],"inLanguage":"fr-FR"},{"@type":"Organization","@id":"https:\/\/www.i-rentacar.com\/fr\/#organization","name":"i-rentacar.com","url":"https:\/\/www.i-rentacar.com\/fr\/","logo":{"@type":"ImageObject","inLanguage":"fr-FR","@id":"https:\/\/www.i-rentacar.com\/fr\/#\/schema\/logo\/image\/","url":"https:\/\/www.i-rentacar.com\/wp-content\/uploads\/2021\/08\/logo-i-rentacar-com-3.png","contentUrl":"https:\/\/www.i-rentacar.com\/wp-content\/uploads\/2021\/08\/logo-i-rentacar-com-3.png","width":383,"height":150,"caption":"i-rentacar.com"},"image":{"@id":"https:\/\/www.i-rentacar.com\/fr\/#\/schema\/logo\/image\/"}}]}},"_links":{"self":[{"href":"https:\/\/www.i-rentacar.com\/fr\/wp-json\/wp\/v2\/pages\/10038","targetHints":{"allow":["GET"]}}],"collection":[{"href":"https:\/\/www.i-rentacar.com\/fr\/wp-json\/wp\/v2\/pages"}],"about":[{"href":"https:\/\/www.i-rentacar.com\/fr\/wp-json\/wp\/v2\/types\/page"}],"author":[{"embeddable":true,"href":"https:\/\/www.i-rentacar.com\/fr\/wp-json\/wp\/v2\/users\/1"}],"replies":[{"embeddable":true,"href":"https:\/\/www.i-rentacar.com\/fr\/wp-json\/wp\/v2\/comments?post=10038"}],"version-history":[{"count":2,"href":"https:\/\/www.i-rentacar.com\/fr\/wp-json\/wp\/v2\/pages\/10038\/revisions"}],"predecessor-version":[{"id":10040,"href":"https:\/\/www.i-rentacar.com\/fr\/wp-json\/wp\/v2\/pages\/10038\/revisions\/10040"}],"wp:attachment":[{"href":"https:\/\/www.i-rentacar.com\/fr\/wp-json\/wp\/v2\/media?parent=10038"}],"curies":[{"name":"wp","href":"https:\/\/api.w.org\/{rel}","templated":true}]}}