{"id":10034,"date":"2025-05-31T18:10:06","date_gmt":"2025-05-31T15:10:06","guid":{"rendered":"https:\/\/www.i-rentacar.com\/?page_id=10034"},"modified":"2025-06-01T12:41:24","modified_gmt":"2025-06-01T09:41:24","slug":"location-de-voiture-pour-cephalonie-ionienne","status":"publish","type":"page","link":"https:\/\/www.i-rentacar.com\/fr\/location-de-voiture-pour-cephalonie-ionienne\/","title":{"rendered":"Location de voiture pour C\u00e9phalonie Ionienne"},"content":{"rendered":"<div class=\"fusion-fullwidth fullwidth-box fusion-builder-row-1 fusion-flex-container has-pattern-background has-mask-background nonhundred-percent-fullwidth non-hundred-percent-height-scrolling\" style=\"--awb-border-radius-top-left:0px;--awb-border-radius-top-right:0px;--awb-border-radius-bottom-right:0px;--awb-border-radius-bottom-left:0px;--awb-flex-wrap:wrap;\" ><div class=\"fusion-builder-row fusion-row fusion-flex-align-items-flex-start fusion-flex-content-wrap\" style=\"max-width:1300px;margin-left: calc(-4% \/ 2 );margin-right: calc(-4% \/ 2 );\"><div class=\"fusion-layout-column fusion_builder_column fusion-builder-column-0 fusion_builder_column_1_1 1_1 fusion-flex-column\" style=\"--awb-bg-size:cover;--awb-width-large:100%;--awb-margin-top-large:0px;--awb-spacing-right-large:1.92%;--awb-margin-bottom-large:20px;--awb-spacing-left-large:1.92%;--awb-width-medium:100%;--awb-order-medium:0;--awb-spacing-right-medium:1.92%;--awb-spacing-left-medium:1.92%;--awb-width-small:100%;--awb-order-small:0;--awb-spacing-right-small:1.92%;--awb-spacing-left-small:1.92%;\"><div class=\"fusion-column-wrapper fusion-column-has-shadow fusion-flex-justify-content-flex-start fusion-content-layout-column\"><div class=\"fusion-image-element \" style=\"text-align:center;--awb-caption-title-font-family:var(--h2_typography-font-family);--awb-caption-title-font-weight:var(--h2_typography-font-weight);--awb-caption-title-font-style:var(--h2_typography-font-style);--awb-caption-title-size:var(--h2_typography-font-size);--awb-caption-title-transform:var(--h2_typography-text-transform);--awb-caption-title-line-height:var(--h2_typography-line-height);--awb-caption-title-letter-spacing:var(--h2_typography-letter-spacing);\"><span class=\" fusion-imageframe imageframe-none imageframe-1 hover-type-none\"><img decoding=\"async\" width=\"1200\" height=\"600\" alt=\"\u039a\u03b5\u03c6\u03b1\u03bb\u03bf\u03bd\u03b9\u03ac \u0399\u03cc\u03bd\u03b9\u03bf\" title=\"\u03c0\u03bc\u03c0\u03bd\u03bc\" src=\"https:\/\/www.i-rentacar.com\/wp-content\/uploads\/2025\/05\/\u03c0\u03bc\u03c0\u03bd\u03bc.jpg\" data-orig-src=\"https:\/\/www.i-rentacar.com\/wp-content\/uploads\/2025\/05\/\u03c0\u03bc\u03c0\u03bd\u03bc.jpg\" class=\"lazyload img-responsive wp-image-9904\" srcset=\"data:image\/svg+xml,%3Csvg%20xmlns%3D%27http%3A%2F%2Fwww.w3.org%2F2000%2Fsvg%27%20width%3D%271200%27%20height%3D%27600%27%20viewBox%3D%270%200%201200%20600%27%3E%3Crect%20width%3D%271200%27%20height%3D%27600%27%20fill-opacity%3D%220%22%2F%3E%3C%2Fsvg%3E\" data-srcset=\"https:\/\/www.i-rentacar.com\/wp-content\/uploads\/2025\/05\/\u03c0\u03bc\u03c0\u03bd\u03bc-200x100.jpg 200w, https:\/\/www.i-rentacar.com\/wp-content\/uploads\/2025\/05\/\u03c0\u03bc\u03c0\u03bd\u03bc-400x200.jpg 400w, https:\/\/www.i-rentacar.com\/wp-content\/uploads\/2025\/05\/\u03c0\u03bc\u03c0\u03bd\u03bc-600x300.jpg 600w, https:\/\/www.i-rentacar.com\/wp-content\/uploads\/2025\/05\/\u03c0\u03bc\u03c0\u03bd\u03bc-800x400.jpg 800w, https:\/\/www.i-rentacar.com\/wp-content\/uploads\/2025\/05\/\u03c0\u03bc\u03c0\u03bd\u03bc.jpg 1200w\" data-sizes=\"auto\" data-orig-sizes=\"(max-width: 640px) 100vw, 1200px\" \/><\/span><\/div><div class=\"fusion-text fusion-text-1\"><h2 style=\"text-align: center;\" data-start=\"329\" data-end=\"415\">C\u00e9phalonie \u2013 Le joyau des Ioniennes t\u2019attend pour \u00eatre d\u00e9couvert avec i-rentacar<\/h2>\n<p data-start=\"417\" data-end=\"706\">C\u00e9phalonie n\u2019est pas simplement une autre \u00eele des Ioniennes. C\u2019est une magnifique mosa\u00efque de plages turquoise, de montagnes \u00e9meraude, de villages pittoresques et de ph\u00e9nom\u00e8nes naturels uniques. Un lieu qui combine authenticit\u00e9 et aura cosmopolite, escapades paisibles et exp\u00e9riences inoubliables.<\/p>\n<p data-start=\"708\" data-end=\"956\">Avec une voiture de location de <strong data-start=\"748\" data-end=\"762\">i-rentacar<\/strong>, tu peux d\u00e9couvrir chaque coin cach\u00e9 de C\u00e9phalonie, atteindre des plages que les autres ne voient que sur des cartes postales, et vivre l\u2019\u00eele comme elle le m\u00e9rite \u2013 avec confort, ind\u00e9pendance et style.<\/p>\n<h3 style=\"text-align: center;\" data-start=\"963\" data-end=\"1024\">Fiskardo, Assos, Argostoli : Chaque trajet a son histoire<\/h3>\n<p data-start=\"1026\" data-end=\"1126\">La location de voiture \u00e0 C\u00e9phalonie te donne la possibilit\u00e9 de planifier ton propre itin\u00e9raire :<\/p>\n<ul data-start=\"1128\" data-end=\"1751\">\n<li data-start=\"1128\" data-end=\"1296\">\n<p data-start=\"1130\" data-end=\"1296\">Commence par <strong data-start=\"1144\" data-end=\"1157\">Argostoli<\/strong>, la capitale de l\u2019\u00eele. Prom\u00e8ne-toi sur la place, savoure un caf\u00e9 avec vue sur la baie, et visite le Lithostroto pour des balades et du shopping.<\/p>\n<\/li>\n<li data-start=\"1297\" data-end=\"1423\">\n<p data-start=\"1299\" data-end=\"1423\">Conduis vers <strong data-start=\"1315\" data-end=\"1324\">Lassi<\/strong>, connu pour les plages de <strong data-start=\"1350\" data-end=\"1360\">Makrys<\/strong> et <strong data-start=\"1365\" data-end=\"1382\">Platys Gialos<\/strong>, avec des infrastructures organis\u00e9es et du sable dor\u00e9.<\/p>\n<\/li>\n<li data-start=\"1424\" data-end=\"1547\">\n<p data-start=\"1426\" data-end=\"1547\">Passe par le romantique <strong data-start=\"1450\" data-end=\"1458\">Assos<\/strong>, un des villages les plus pittoresques de Gr\u00e8ce, avec son ch\u00e2teau v\u00e9nitien et ses maisons color\u00e9es.<\/p>\n<\/li>\n<li data-start=\"1548\" data-end=\"1751\">\n<p data-start=\"1550\" data-end=\"1751\">Et bien s\u00fbr, arrive \u00e0 <strong data-start=\"1572\" data-end=\"1584\">Fiskardo<\/strong>, le joyau du nord. L\u00e0, tu ressentiras l\u2019atmosph\u00e8re d\u2019une autre \u00e9poque \u2013 avec des yachts de luxe, des tavernes de poissons au bord de l\u2019eau, et des ruelles pav\u00e9es pleines de fleurs.<\/p>\n<\/li>\n<\/ul>\n<p data-start=\"1753\" data-end=\"1852\">Tout cela, \u00e0 port\u00e9e de main quand tu contr\u00f4les ton trajet avec un v\u00e9hicule de <strong data-start=\"1837\" data-end=\"1851\">i-rentacar<\/strong>.<\/p>\n<h3 style=\"text-align: center;\" data-start=\"1859\" data-end=\"1898\">Des plages qui n\u2019ont pas besoin de filtre<\/h3>\n<p data-start=\"1900\" data-end=\"1981\">C\u00e9phalonie est c\u00e9l\u00e8bre pour ses <strong data-start=\"1930\" data-end=\"1959\">plages de renomm\u00e9e mondiale<\/strong> \u00e0 couper le souffle :<\/p>\n<ul data-start=\"1983\" data-end=\"2307\">\n<li data-start=\"1983\" data-end=\"2108\">\n<p data-start=\"1985\" data-end=\"2108\">Le <strong data-start=\"1987\" data-end=\"1997\">Myrtos<\/strong>, avec ses pierres blanches et ses eaux bleu-vert profondes, est l\u2019une des plages les plus photographi\u00e9es d\u2019Europe.<\/p>\n<\/li>\n<li data-start=\"2109\" data-end=\"2167\">\n<p data-start=\"2111\" data-end=\"2167\">Le <strong data-start=\"2114\" data-end=\"2120\">Xi<\/strong> avec son sable rouge et ses bains de boue naturels.<\/p>\n<\/li>\n<li data-start=\"2168\" data-end=\"2232\">\n<p data-start=\"2170\" data-end=\"2232\">La isol\u00e9e <strong data-start=\"2184\" data-end=\"2200\">Platia Ammos<\/strong> pour aventure et calme \u00e0 la fois.<\/p>\n<\/li>\n<li data-start=\"2233\" data-end=\"2307\">\n<p data-start=\"2235\" data-end=\"2307\">Les <strong data-start=\"2238\" data-end=\"2249\">Petani<\/strong>, offrant un coucher de soleil spectaculaire et des eaux transparentes.<\/p>\n<\/li>\n<\/ul>\n<p data-start=\"2309\" data-end=\"2467\">Avec la libert\u00e9 de la voiture, tu peux aller l\u00e0 o\u00f9 les autres ne peuvent pas \u2013 te baigner dans des eaux loin de la foule et changer de plage chaque jour.<\/p>\n<h3 style=\"text-align: center;\" data-start=\"2474\" data-end=\"2530\">Ph\u00e9nom\u00e8nes naturels et grottes qui te surprendront<\/h3>\n<p data-start=\"2532\" data-end=\"2602\">C\u00e9phalonie poss\u00e8de des merveilles g\u00e9ologiques uniques qui valent la d\u00e9couverte :<\/p>\n<ul data-start=\"2604\" data-end=\"3039\">\n<li data-start=\"2604\" data-end=\"2790\">\n<p data-start=\"2606\" data-end=\"2790\">La <strong data-start=\"2609\" data-end=\"2631\">Grotte de Melissani<\/strong>, avec son lac int\u00e9rieur, est un ph\u00e9nom\u00e8ne naturel inoubliable. Le soleil p\u00e9n\u00e8tre par le plafond et illumine l\u2019eau d\u2019une mani\u00e8re magique.<\/p>\n<\/li>\n<li data-start=\"2791\" data-end=\"2892\">\n<p data-start=\"2793\" data-end=\"2892\">La <strong data-start=\"2796\" data-end=\"2819\">Grotte de Drogarati<\/strong>, avec ses stalactites et stalagmites, offre une sensation de mysticisme.<\/p>\n<\/li>\n<li data-start=\"2893\" data-end=\"3039\">\n<p data-start=\"2895\" data-end=\"3039\">Les <strong data-start=\"2898\" data-end=\"2912\">Katavothres<\/strong> pr\u00e8s d\u2019Argostoli, o\u00f9 l\u2019eau de mer \u00ab dispara\u00eet \u00bb sous la terre \u2013 un ph\u00e9nom\u00e8ne qui a intrigu\u00e9 les g\u00e9ologues pendant des ann\u00e9es.<\/p>\n<\/li>\n<\/ul>\n<p data-start=\"3041\" data-end=\"3155\">Tout cela est facilement accessible en voiture \u2013 pour que tu puisses organiser tes propres excursions avec facilit\u00e9 et confort.<\/p>\n<\/div><div class=\"fusion-image-element \" style=\"text-align:center;--awb-caption-title-font-family:var(--h2_typography-font-family);--awb-caption-title-font-weight:var(--h2_typography-font-weight);--awb-caption-title-font-style:var(--h2_typography-font-style);--awb-caption-title-size:var(--h2_typography-font-size);--awb-caption-title-transform:var(--h2_typography-text-transform);--awb-caption-title-line-height:var(--h2_typography-line-height);--awb-caption-title-letter-spacing:var(--h2_typography-letter-spacing);\"><span class=\" fusion-imageframe imageframe-none imageframe-2 hover-type-none\"><img decoding=\"async\" width=\"1200\" height=\"600\" title=\"\u03bd\u03bd\u03c1\u03bd\u03c143\" src=\"https:\/\/www.i-rentacar.com\/wp-content\/uploads\/2025\/05\/\u03bd\u03bd\u03c1\u03bd\u03c143.jpg\" data-orig-src=\"https:\/\/www.i-rentacar.com\/wp-content\/uploads\/2025\/05\/\u03bd\u03bd\u03c1\u03bd\u03c143.jpg\" alt class=\"lazyload img-responsive wp-image-9909\" srcset=\"data:image\/svg+xml,%3Csvg%20xmlns%3D%27http%3A%2F%2Fwww.w3.org%2F2000%2Fsvg%27%20width%3D%271200%27%20height%3D%27600%27%20viewBox%3D%270%200%201200%20600%27%3E%3Crect%20width%3D%271200%27%20height%3D%27600%27%20fill-opacity%3D%220%22%2F%3E%3C%2Fsvg%3E\" data-srcset=\"https:\/\/www.i-rentacar.com\/wp-content\/uploads\/2025\/05\/\u03bd\u03bd\u03c1\u03bd\u03c143-200x100.jpg 200w, https:\/\/www.i-rentacar.com\/wp-content\/uploads\/2025\/05\/\u03bd\u03bd\u03c1\u03bd\u03c143-400x200.jpg 400w, https:\/\/www.i-rentacar.com\/wp-content\/uploads\/2025\/05\/\u03bd\u03bd\u03c1\u03bd\u03c143-600x300.jpg 600w, https:\/\/www.i-rentacar.com\/wp-content\/uploads\/2025\/05\/\u03bd\u03bd\u03c1\u03bd\u03c143-800x400.jpg 800w, https:\/\/www.i-rentacar.com\/wp-content\/uploads\/2025\/05\/\u03bd\u03bd\u03c1\u03bd\u03c143.jpg 1200w\" data-sizes=\"auto\" data-orig-sizes=\"(max-width: 640px) 100vw, 1200px\" \/><\/span><\/div><div class=\"fusion-text fusion-text-2\"><h3 style=\"text-align: center;\" data-start=\"3162\" data-end=\"3202\">Villages au caract\u00e8re et \u00e0 l\u2019authenticit\u00e9<\/h3>\n<p data-start=\"3204\" data-end=\"3276\">C\u00e9phalonie ce n\u2019est pas seulement la mer. C\u2019est aussi le <strong data-start=\"3254\" data-end=\"3275\">c\u0153ur montagneux<\/strong> :<\/p>\n<ul data-start=\"3278\" data-end=\"3580\">\n<li data-start=\"3278\" data-end=\"3355\">\n<p data-start=\"3280\" data-end=\"3355\">Sami, avec son charme c\u00f4tier et \u00e0 proximit\u00e9 des grottes et plages.<\/p>\n<\/li>\n<li data-start=\"3356\" data-end=\"3453\">\n<p data-start=\"3358\" data-end=\"3453\">Les <strong data-start=\"3361\" data-end=\"3374\">Faraclata<\/strong>, <strong data-start=\"3376\" data-end=\"3388\">Dilinata<\/strong> et le <strong data-start=\"3396\" data-end=\"3429\">Monast\u00e8re de Saint G\u00e9rasime<\/strong> \u2013 le saint patron de l\u2019\u00eele.<\/p>\n<\/li>\n<li data-start=\"3454\" data-end=\"3509\">\n<p data-start=\"3456\" data-end=\"3509\">Lixouri, plein de vie, de culture et de d\u00e9tente.<\/p>\n<\/li>\n<li data-start=\"3510\" data-end=\"3580\">\n<p data-start=\"3512\" data-end=\"3580\">Erisos, une r\u00e9gion d\u2019une grande beaut\u00e9 naturelle et de rythme lent.<\/p>\n<\/li>\n<\/ul>\n<p data-start=\"3582\" data-end=\"3671\">Partout o\u00f9 tu iras, une exp\u00e9rience authentique t\u2019attend, loin des st\u00e9r\u00e9otypes touristiques.<\/p>\n<h3 style=\"text-align: center;\" data-start=\"3678\" data-end=\"3730\">Pourquoi choisir i-rentacar pour C\u00e9phalonie ?<\/h3>\n<p data-start=\"3732\" data-end=\"3808\">Chez <strong data-start=\"3737\" data-end=\"3751\">i-rentacar<\/strong>, nous veillons \u00e0 ce que tes vacances commencent sans stress :<\/p>\n<ul data-start=\"3810\" data-end=\"4228\">\n<li data-start=\"3810\" data-end=\"3877\">\n<p data-start=\"3812\" data-end=\"3877\">R\u00e9servation rapide en ligne et prix transparents sans frais cach\u00e9s.<\/p>\n<\/li>\n<li data-start=\"3878\" data-end=\"3995\">\n<p data-start=\"3880\" data-end=\"3995\">Livraison du v\u00e9hicule \u00e0 l\u2019<strong data-start=\"3906\" data-end=\"3931\">A\u00e9roport de C\u00e9phalonie<\/strong>, au <strong data-start=\"3936\" data-end=\"3946\">port<\/strong>, \u00e0 ton <strong data-start=\"3951\" data-end=\"3969\">h\u00f4tel<\/strong>, ou partout o\u00f9 tu en auras besoin.<\/p>\n<\/li>\n<li data-start=\"3996\" data-end=\"4085\">\n<p data-start=\"3998\" data-end=\"4085\">Choix allant des <strong data-start=\"4011\" data-end=\"4036\">voitures \u00e9conomiques<\/strong> aux <strong data-start=\"4043\" data-end=\"4058\">SUV et 4&#215;4<\/strong> pour les routes montagneuses.<\/p>\n<\/li>\n<li data-start=\"4086\" data-end=\"4162\">\n<p data-start=\"4088\" data-end=\"4162\">Si\u00e8ges enfants, Wi-Fi, GPS, assurance compl\u00e8te \u2013 tout disponible en un clic.<\/p>\n<\/li>\n<li data-start=\"4163\" data-end=\"4228\">\n<p data-start=\"4165\" data-end=\"4228\">Assistance de notre \u00e9quipe avant, pendant et apr\u00e8s la location.<\/p>\n<\/li>\n<\/ul>\n<h3 style=\"text-align: center;\" data-start=\"4235\" data-end=\"4307\">R\u00e9serve ta voiture maintenant et vis C\u00e9phalonie comme elle le m\u00e9rite<\/h3>\n<p data-start=\"4309\" data-end=\"4544\">Avec <strong data-start=\"4316\" data-end=\"4330\">i-rentacar<\/strong>, C\u00e9phalonie devient tienne. Tu ne restes pas immobile, tu ne perds pas de temps \u2013 tu conduis l\u00e0 o\u00f9 les autres r\u00eavent d\u2019arriver. Organise ton voyage, prends le volant de l\u2019exp\u00e9rience, et profite de chaque instant.<\/p>\n<p data-start=\"4546\" data-end=\"4683\">Va sur <a class=\"\" href=\"https:\/\/www.i-rentacar.com\" target=\"_new\" rel=\"noopener\" data-start=\"4555\" data-end=\"4603\">www.i-rentacar.com<\/a>, choisis ton v\u00e9hicule et commence ton voyage d\u2019\u00e9t\u00e9 dans les merveilleux \u00celes Ioniennes.<\/p>\n<p data-start=\"4685\" data-end=\"4742\"><strong data-start=\"4685\" data-end=\"4742\">i-rentacar \u2013 C\u00e9phalonie est \u00e0 toi. Conduis-la.<\/strong><\/p>\n<\/div><div class=\"fusion-image-element \" style=\"text-align:center;--awb-caption-title-font-family:var(--h2_typography-font-family);--awb-caption-title-font-weight:var(--h2_typography-font-weight);--awb-caption-title-font-style:var(--h2_typography-font-style);--awb-caption-title-size:var(--h2_typography-font-size);--awb-caption-title-transform:var(--h2_typography-text-transform);--awb-caption-title-line-height:var(--h2_typography-line-height);--awb-caption-title-letter-spacing:var(--h2_typography-letter-spacing);\"><span class=\" fusion-imageframe imageframe-none imageframe-3 hover-type-none\"><img decoding=\"async\" width=\"1200\" height=\"600\" title=\"\u03bb\u03be\u03be&rsquo;\" src=\"https:\/\/www.i-rentacar.com\/wp-content\/uploads\/2025\/05\/\u03bb\u03be\u03be.jpg\" data-orig-src=\"https:\/\/www.i-rentacar.com\/wp-content\/uploads\/2025\/05\/\u03bb\u03be\u03be.jpg\" alt class=\"lazyload img-responsive wp-image-9914\" srcset=\"data:image\/svg+xml,%3Csvg%20xmlns%3D%27http%3A%2F%2Fwww.w3.org%2F2000%2Fsvg%27%20width%3D%271200%27%20height%3D%27600%27%20viewBox%3D%270%200%201200%20600%27%3E%3Crect%20width%3D%271200%27%20height%3D%27600%27%20fill-opacity%3D%220%22%2F%3E%3C%2Fsvg%3E\" data-srcset=\"https:\/\/www.i-rentacar.com\/wp-content\/uploads\/2025\/05\/\u03bb\u03be\u03be-200x100.jpg 200w, https:\/\/www.i-rentacar.com\/wp-content\/uploads\/2025\/05\/\u03bb\u03be\u03be-400x200.jpg 400w, https:\/\/www.i-rentacar.com\/wp-content\/uploads\/2025\/05\/\u03bb\u03be\u03be-600x300.jpg 600w, https:\/\/www.i-rentacar.com\/wp-content\/uploads\/2025\/05\/\u03bb\u03be\u03be-800x400.jpg 800w, https:\/\/www.i-rentacar.com\/wp-content\/uploads\/2025\/05\/\u03bb\u03be\u03be.jpg 1200w\" data-sizes=\"auto\" data-orig-sizes=\"(max-width: 640px) 100vw, 1200px\" \/><\/span><\/div><\/div><\/div><\/div><\/div>\n","protected":false},"excerpt":{"rendered":"","protected":false},"author":1,"featured_media":0,"parent":0,"menu_order":0,"comment_status":"closed","ping_status":"closed","template":"100-width.php","meta":{"footnotes":""},"class_list":["post-10034","page","type-page","status-publish","hentry"],"yoast_head":"<!-- This site is optimized with the Yoast SEO plugin v27.0 - https:\/\/yoast.com\/product\/yoast-seo-wordpress\/ -->\n<title>Location de voiture pour C\u00e9phalonie Ionienne | i-rentacar.com<\/title>\n<meta name=\"robots\" content=\"index, follow, max-snippet:-1, max-image-preview:large, max-video-preview:-1\" \/>\n<link rel=\"canonical\" href=\"https:\/\/www.i-rentacar.com\/fr\/location-de-voiture-pour-cephalonie-ionienne\/\" \/>\n<meta property=\"og:locale\" content=\"fr_FR\" \/>\n<meta property=\"og:type\" content=\"article\" \/>\n<meta property=\"og:title\" content=\"Location de voiture pour C\u00e9phalonie Ionienne | i-rentacar.com\" \/>\n<meta property=\"og:url\" content=\"https:\/\/www.i-rentacar.com\/fr\/location-de-voiture-pour-cephalonie-ionienne\/\" \/>\n<meta property=\"og:site_name\" content=\"i-rentacar.com\" \/>\n<meta property=\"article:modified_time\" content=\"2025-06-01T09:41:24+00:00\" \/>\n<meta name=\"twitter:card\" content=\"summary_large_image\" \/>\n<meta name=\"twitter:label1\" content=\"Dur\u00e9e de lecture estim\u00e9e\" \/>\n\t<meta name=\"twitter:data1\" content=\"14 minutes\" \/>\n<script type=\"application\/ld+json\" class=\"yoast-schema-graph\">{\"@context\":\"https:\/\/schema.org\",\"@graph\":[{\"@type\":\"WebPage\",\"@id\":\"https:\/\/www.i-rentacar.com\/fr\/location-de-voiture-pour-cephalonie-ionienne\/\",\"url\":\"https:\/\/www.i-rentacar.com\/fr\/location-de-voiture-pour-cephalonie-ionienne\/\",\"name\":\"Location de voiture pour C\u00e9phalonie Ionienne | i-rentacar.com\",\"isPartOf\":{\"@id\":\"https:\/\/www.i-rentacar.com\/fr\/#website\"},\"datePublished\":\"2025-05-31T15:10:06+00:00\",\"dateModified\":\"2025-06-01T09:41:24+00:00\",\"breadcrumb\":{\"@id\":\"https:\/\/www.i-rentacar.com\/fr\/location-de-voiture-pour-cephalonie-ionienne\/#breadcrumb\"},\"inLanguage\":\"fr-FR\",\"potentialAction\":[{\"@type\":\"ReadAction\",\"target\":[\"https:\/\/www.i-rentacar.com\/fr\/location-de-voiture-pour-cephalonie-ionienne\/\"]}]},{\"@type\":\"BreadcrumbList\",\"@id\":\"https:\/\/www.i-rentacar.com\/fr\/location-de-voiture-pour-cephalonie-ionienne\/#breadcrumb\",\"itemListElement\":[{\"@type\":\"ListItem\",\"position\":1,\"name\":\"Home\",\"item\":\"https:\/\/www.i-rentacar.com\/fr\/\"},{\"@type\":\"ListItem\",\"position\":2,\"name\":\"Location de voiture pour C\u00e9phalonie Ionienne\"}]},{\"@type\":\"WebSite\",\"@id\":\"https:\/\/www.i-rentacar.com\/fr\/#website\",\"url\":\"https:\/\/www.i-rentacar.com\/fr\/\",\"name\":\"i-rentacar.com\",\"description\":\"\u0395\u03bd\u03bf\u03b9\u03ba\u03b9\u03ac\u03c3\u03b5\u03b9\u03c2 \u0391\u03c5\u03c4\u03bf\u03ba\u03b9\u03bd\u03ae\u03c4\u03c9\u03bd \u0398\u03b5\u03c3\u03c3\u03b1\u03bb\u03bf\u03bd\u03af\u03ba\u03b7 minivan suv \u03b1\u03b5\u03c1\u03bf\u03b4\u03c1\u03cc\u03bc\u03b9\u03bf \u0398\u03b5\u03c3\u03c3\u03b1\u03bb\u03bf\u03bd\u03af\u03ba\u03b7, \u03b5\u03bd\u03bf\u03b9\u03ba\u03b9\u03ac\u03c3\u03b5\u03b9\u03c2 van \u0398\u03b5\u03c3\u03c3\u03b1\u03bb\u03bf\u03bd\u03af\u03ba\u03b7 \u03a7\u03b1\u03bb\u03ba\u03b9\u03b4\u03b9\u03ba\u03ae, rent a car Thessaloniki airport skg\",\"publisher\":{\"@id\":\"https:\/\/www.i-rentacar.com\/fr\/#organization\"},\"potentialAction\":[{\"@type\":\"SearchAction\",\"target\":{\"@type\":\"EntryPoint\",\"urlTemplate\":\"https:\/\/www.i-rentacar.com\/fr\/?s={search_term_string}\"},\"query-input\":{\"@type\":\"PropertyValueSpecification\",\"valueRequired\":true,\"valueName\":\"search_term_string\"}}],\"inLanguage\":\"fr-FR\"},{\"@type\":\"Organization\",\"@id\":\"https:\/\/www.i-rentacar.com\/fr\/#organization\",\"name\":\"i-rentacar.com\",\"url\":\"https:\/\/www.i-rentacar.com\/fr\/\",\"logo\":{\"@type\":\"ImageObject\",\"inLanguage\":\"fr-FR\",\"@id\":\"https:\/\/www.i-rentacar.com\/fr\/#\/schema\/logo\/image\/\",\"url\":\"https:\/\/www.i-rentacar.com\/wp-content\/uploads\/2021\/08\/logo-i-rentacar-com-3.png\",\"contentUrl\":\"https:\/\/www.i-rentacar.com\/wp-content\/uploads\/2021\/08\/logo-i-rentacar-com-3.png\",\"width\":383,\"height\":150,\"caption\":\"i-rentacar.com\"},\"image\":{\"@id\":\"https:\/\/www.i-rentacar.com\/fr\/#\/schema\/logo\/image\/\"}}]}<\/script>\n<!-- \/ Yoast SEO plugin. -->","yoast_head_json":{"title":"Location de voiture pour C\u00e9phalonie Ionienne | i-rentacar.com","robots":{"index":"index","follow":"follow","max-snippet":"max-snippet:-1","max-image-preview":"max-image-preview:large","max-video-preview":"max-video-preview:-1"},"canonical":"https:\/\/www.i-rentacar.com\/fr\/location-de-voiture-pour-cephalonie-ionienne\/","og_locale":"fr_FR","og_type":"article","og_title":"Location de voiture pour C\u00e9phalonie Ionienne | i-rentacar.com","og_url":"https:\/\/www.i-rentacar.com\/fr\/location-de-voiture-pour-cephalonie-ionienne\/","og_site_name":"i-rentacar.com","article_modified_time":"2025-06-01T09:41:24+00:00","twitter_card":"summary_large_image","twitter_misc":{"Dur\u00e9e de lecture estim\u00e9e":"14 minutes"},"schema":{"@context":"https:\/\/schema.org","@graph":[{"@type":"WebPage","@id":"https:\/\/www.i-rentacar.com\/fr\/location-de-voiture-pour-cephalonie-ionienne\/","url":"https:\/\/www.i-rentacar.com\/fr\/location-de-voiture-pour-cephalonie-ionienne\/","name":"Location de voiture pour C\u00e9phalonie Ionienne | i-rentacar.com","isPartOf":{"@id":"https:\/\/www.i-rentacar.com\/fr\/#website"},"datePublished":"2025-05-31T15:10:06+00:00","dateModified":"2025-06-01T09:41:24+00:00","breadcrumb":{"@id":"https:\/\/www.i-rentacar.com\/fr\/location-de-voiture-pour-cephalonie-ionienne\/#breadcrumb"},"inLanguage":"fr-FR","potentialAction":[{"@type":"ReadAction","target":["https:\/\/www.i-rentacar.com\/fr\/location-de-voiture-pour-cephalonie-ionienne\/"]}]},{"@type":"BreadcrumbList","@id":"https:\/\/www.i-rentacar.com\/fr\/location-de-voiture-pour-cephalonie-ionienne\/#breadcrumb","itemListElement":[{"@type":"ListItem","position":1,"name":"Home","item":"https:\/\/www.i-rentacar.com\/fr\/"},{"@type":"ListItem","position":2,"name":"Location de voiture pour C\u00e9phalonie Ionienne"}]},{"@type":"WebSite","@id":"https:\/\/www.i-rentacar.com\/fr\/#website","url":"https:\/\/www.i-rentacar.com\/fr\/","name":"i-rentacar.com","description":"\u0395\u03bd\u03bf\u03b9\u03ba\u03b9\u03ac\u03c3\u03b5\u03b9\u03c2 \u0391\u03c5\u03c4\u03bf\u03ba\u03b9\u03bd\u03ae\u03c4\u03c9\u03bd \u0398\u03b5\u03c3\u03c3\u03b1\u03bb\u03bf\u03bd\u03af\u03ba\u03b7 minivan suv \u03b1\u03b5\u03c1\u03bf\u03b4\u03c1\u03cc\u03bc\u03b9\u03bf \u0398\u03b5\u03c3\u03c3\u03b1\u03bb\u03bf\u03bd\u03af\u03ba\u03b7, \u03b5\u03bd\u03bf\u03b9\u03ba\u03b9\u03ac\u03c3\u03b5\u03b9\u03c2 van \u0398\u03b5\u03c3\u03c3\u03b1\u03bb\u03bf\u03bd\u03af\u03ba\u03b7 \u03a7\u03b1\u03bb\u03ba\u03b9\u03b4\u03b9\u03ba\u03ae, rent a car Thessaloniki airport skg","publisher":{"@id":"https:\/\/www.i-rentacar.com\/fr\/#organization"},"potentialAction":[{"@type":"SearchAction","target":{"@type":"EntryPoint","urlTemplate":"https:\/\/www.i-rentacar.com\/fr\/?s={search_term_string}"},"query-input":{"@type":"PropertyValueSpecification","valueRequired":true,"valueName":"search_term_string"}}],"inLanguage":"fr-FR"},{"@type":"Organization","@id":"https:\/\/www.i-rentacar.com\/fr\/#organization","name":"i-rentacar.com","url":"https:\/\/www.i-rentacar.com\/fr\/","logo":{"@type":"ImageObject","inLanguage":"fr-FR","@id":"https:\/\/www.i-rentacar.com\/fr\/#\/schema\/logo\/image\/","url":"https:\/\/www.i-rentacar.com\/wp-content\/uploads\/2021\/08\/logo-i-rentacar-com-3.png","contentUrl":"https:\/\/www.i-rentacar.com\/wp-content\/uploads\/2021\/08\/logo-i-rentacar-com-3.png","width":383,"height":150,"caption":"i-rentacar.com"},"image":{"@id":"https:\/\/www.i-rentacar.com\/fr\/#\/schema\/logo\/image\/"}}]}},"_links":{"self":[{"href":"https:\/\/www.i-rentacar.com\/fr\/wp-json\/wp\/v2\/pages\/10034","targetHints":{"allow":["GET"]}}],"collection":[{"href":"https:\/\/www.i-rentacar.com\/fr\/wp-json\/wp\/v2\/pages"}],"about":[{"href":"https:\/\/www.i-rentacar.com\/fr\/wp-json\/wp\/v2\/types\/page"}],"author":[{"embeddable":true,"href":"https:\/\/www.i-rentacar.com\/fr\/wp-json\/wp\/v2\/users\/1"}],"replies":[{"embeddable":true,"href":"https:\/\/www.i-rentacar.com\/fr\/wp-json\/wp\/v2\/comments?post=10034"}],"version-history":[{"count":3,"href":"https:\/\/www.i-rentacar.com\/fr\/wp-json\/wp\/v2\/pages\/10034\/revisions"}],"predecessor-version":[{"id":10037,"href":"https:\/\/www.i-rentacar.com\/fr\/wp-json\/wp\/v2\/pages\/10034\/revisions\/10037"}],"wp:attachment":[{"href":"https:\/\/www.i-rentacar.com\/fr\/wp-json\/wp\/v2\/media?parent=10034"}],"curies":[{"name":"wp","href":"https:\/\/api.w.org\/{rel}","templated":true}]}}