{"id":10031,"date":"2025-05-31T17:59:28","date_gmt":"2025-05-31T14:59:28","guid":{"rendered":"https:\/\/www.i-rentacar.com\/?page_id=10031"},"modified":"2025-06-01T12:38:44","modified_gmt":"2025-06-01T09:38:44","slug":"location-de-voiture-pour-le-mont-athos-halkidiki","status":"publish","type":"page","link":"https:\/\/www.i-rentacar.com\/fr\/location-de-voiture-pour-le-mont-athos-halkidiki\/","title":{"rendered":"Location de voiture pour le Mont Athos Halkidiki"},"content":{"rendered":"<div class=\"fusion-fullwidth fullwidth-box fusion-builder-row-1 fusion-flex-container has-pattern-background has-mask-background nonhundred-percent-fullwidth non-hundred-percent-height-scrolling\" style=\"--awb-border-radius-top-left:0px;--awb-border-radius-top-right:0px;--awb-border-radius-bottom-right:0px;--awb-border-radius-bottom-left:0px;--awb-flex-wrap:wrap;\" ><div class=\"fusion-builder-row fusion-row fusion-flex-align-items-flex-start fusion-flex-content-wrap\" style=\"max-width:1300px;margin-left: calc(-4% \/ 2 );margin-right: calc(-4% \/ 2 );\"><div class=\"fusion-layout-column fusion_builder_column fusion-builder-column-0 fusion_builder_column_1_1 1_1 fusion-flex-column\" style=\"--awb-bg-size:cover;--awb-width-large:100%;--awb-margin-top-large:0px;--awb-spacing-right-large:1.92%;--awb-margin-bottom-large:20px;--awb-spacing-left-large:1.92%;--awb-width-medium:100%;--awb-order-medium:0;--awb-spacing-right-medium:1.92%;--awb-spacing-left-medium:1.92%;--awb-width-small:100%;--awb-order-small:0;--awb-spacing-right-small:1.92%;--awb-spacing-left-small:1.92%;\"><div class=\"fusion-column-wrapper fusion-column-has-shadow fusion-flex-justify-content-flex-start fusion-content-layout-column\"><div class=\"fusion-image-element \" style=\"text-align:center;--awb-caption-title-font-family:var(--h2_typography-font-family);--awb-caption-title-font-weight:var(--h2_typography-font-weight);--awb-caption-title-font-style:var(--h2_typography-font-style);--awb-caption-title-size:var(--h2_typography-font-size);--awb-caption-title-transform:var(--h2_typography-text-transform);--awb-caption-title-line-height:var(--h2_typography-line-height);--awb-caption-title-letter-spacing:var(--h2_typography-letter-spacing);\"><span class=\" fusion-imageframe imageframe-none imageframe-1 hover-type-none\"><img decoding=\"async\" width=\"1200\" height=\"600\" alt=\"\u0386\u03b3\u03b9\u03bf\u03bd \u038c\u03c1\u03bf\u03c2 \u03a7\u03b1\u03bb\u03ba\u03b9\u03b4\u03b9\u03ba\u03ae\" title=\"\u03b1\u03ba\" src=\"https:\/\/www.i-rentacar.com\/wp-content\/uploads\/2025\/05\/\u03b1\u03ba.jpg\" data-orig-src=\"https:\/\/www.i-rentacar.com\/wp-content\/uploads\/2025\/05\/\u03b1\u03ba.jpg\" class=\"lazyload img-responsive wp-image-9887\" srcset=\"data:image\/svg+xml,%3Csvg%20xmlns%3D%27http%3A%2F%2Fwww.w3.org%2F2000%2Fsvg%27%20width%3D%271200%27%20height%3D%27600%27%20viewBox%3D%270%200%201200%20600%27%3E%3Crect%20width%3D%271200%27%20height%3D%27600%27%20fill-opacity%3D%220%22%2F%3E%3C%2Fsvg%3E\" data-srcset=\"https:\/\/www.i-rentacar.com\/wp-content\/uploads\/2025\/05\/\u03b1\u03ba-200x100.jpg 200w, https:\/\/www.i-rentacar.com\/wp-content\/uploads\/2025\/05\/\u03b1\u03ba-400x200.jpg 400w, https:\/\/www.i-rentacar.com\/wp-content\/uploads\/2025\/05\/\u03b1\u03ba-600x300.jpg 600w, https:\/\/www.i-rentacar.com\/wp-content\/uploads\/2025\/05\/\u03b1\u03ba-800x400.jpg 800w, https:\/\/www.i-rentacar.com\/wp-content\/uploads\/2025\/05\/\u03b1\u03ba.jpg 1200w\" data-sizes=\"auto\" data-orig-sizes=\"(max-width: 640px) 100vw, 1200px\" \/><\/span><\/div><div class=\"fusion-text fusion-text-1\"><h2 style=\"text-align: center;\" data-start=\"326\" data-end=\"431\">La Troisi\u00e8me Jambe de Chalcidique : Mont Athos &amp; Ouranoupoli \u2013 Un Voyage de l\u2019\u00c2me et de la Nature avec i-rentacar<\/h2>\n<p data-start=\"433\" data-end=\"765\">La troisi\u00e8me jambe de Chalcidique, la p\u00e9ninsule d\u2019Athos, est un lieu diff\u00e9rent. Une destination o\u00f9 la nature, l\u2019histoire et la spiritualit\u00e9 coexistent harmonieusement. Centr\u00e9e sur Ouranoupoli \u2013 la \u00ab porte \u00bb du Mont Athos \u2013 la r\u00e9gion offre une exp\u00e9rience unique : un m\u00e9lange de d\u00e9tente, d\u2019aventure et de qu\u00eate int\u00e9rieure.<\/p>\n<p data-start=\"767\" data-end=\"1143\">Avec une voiture de location de <strong data-start=\"807\" data-end=\"821\">i-rentacar<\/strong>, vous avez la possibilit\u00e9 d\u2019explorer chaque recoin cach\u00e9 de cet endroit, de vous d\u00e9placer avec souplesse et confort, et d\u2019organiser vos vacances exactement comme vous les imaginez. De la station baln\u00e9aire d\u2019Ouranoupoli aux villages traditionnels de l\u2019Est de la Chalcidique, l\u2019exp\u00e9rience devient unique lorsque vous contr\u00f4lez votre itin\u00e9raire.<\/p>\n<h3 style=\"text-align: center;\" data-start=\"1150\" data-end=\"1215\">Ouranoupoli : L\u00e0 o\u00f9 le monde se termine et o\u00f9 commence la s\u00e9r\u00e9nit\u00e9<\/h3>\n<p data-start=\"1217\" data-end=\"1438\">Ouranoupoli est le dernier point d\u2019acc\u00e8s avant le Mont Athos \u2013 mais aussi une excellente destination estivale. Elle regorge de demeures traditionnelles, de ruelles pav\u00e9es et de tavernes de poisson avec vue sur l\u2019immensit\u00e9 bleue.<\/p>\n<p data-start=\"1440\" data-end=\"1460\">Depuis ici, vous pouvez :<\/p>\n<ul data-start=\"1462\" data-end=\"1874\">\n<li data-start=\"1462\" data-end=\"1571\">\n<p data-start=\"1464\" data-end=\"1571\">Faire une <strong data-start=\"1471\" data-end=\"1495\">excursion d\u2019une journ\u00e9e<\/strong> autour des c\u00f4tes du Mont Athos, en voyant les monast\u00e8res depuis la mer.<\/p>\n<\/li>\n<li data-start=\"1572\" data-end=\"1680\">\n<p data-start=\"1574\" data-end=\"1680\">Visiter les <strong data-start=\"1589\" data-end=\"1607\">\u00eelots Drenia<\/strong>, connus pour leurs eaux turquoise \u2013 parfaits pour la baignade et le snorkeling.<\/p>\n<\/li>\n<li data-start=\"1681\" data-end=\"1779\">\n<p data-start=\"1683\" data-end=\"1779\">Nager sur des plages organis\u00e9es comme <strong data-start=\"1726\" data-end=\"1737\">Trypiti<\/strong>, <strong data-start=\"1741\" data-end=\"1752\">Kakavos<\/strong> ou la <strong data-start=\"1757\" data-end=\"1778\">plage de Komtsinis<\/strong>.<\/p>\n<\/li>\n<li data-start=\"1780\" data-end=\"1874\">\n<p data-start=\"1782\" data-end=\"1874\">Go\u00fbter des produits locaux tels que miel, vin et huile d\u2019olive \u2013 tous issus de producteurs de la r\u00e9gion.<\/p>\n<\/li>\n<\/ul>\n<p data-start=\"1876\" data-end=\"2019\">Avec la libert\u00e9 que vous offre la voiture, vous pouvez combiner plage, visites et saveurs locales en une seule journ\u00e9e \u2013 sans contraintes.<\/p>\n<h3 style=\"text-align: center;\" data-start=\"2026\" data-end=\"2077\">Le c\u00f4t\u00e9 spirituel du voyage : Le Mont Athos<\/h3>\n<p data-start=\"2079\" data-end=\"2362\">Pour les visiteurs masculins souhaitant vivre une exp\u00e9rience spirituelle profonde, il est possible de visiter le Mont Athos, apr\u00e8s obtention d\u2019un permis de s\u00e9jour. Les monast\u00e8res d\u2019Athos offrent non seulement l\u2019hospitalit\u00e9, mais une v\u00e9ritable connexion avec l\u2019histoire, la foi et la s\u00e9r\u00e9nit\u00e9.<\/p>\n<p data-start=\"2364\" data-end=\"2580\">La <strong data-start=\"2366\" data-end=\"2380\">i-rentacar<\/strong> s\u2019occupe de vous livrer la voiture \u00e0 l\u2019endroit qui vous convient \u2013 m\u00eame au petit port d\u2019o\u00f9 vous partez pour la R\u00e9publique monastique d\u2019Athos \u2013 afin que votre voyage soit simple et organis\u00e9 d\u00e8s le d\u00e9but.<\/p>\n<\/div><div class=\"fusion-image-element \" style=\"text-align:center;--awb-caption-title-font-family:var(--h2_typography-font-family);--awb-caption-title-font-weight:var(--h2_typography-font-weight);--awb-caption-title-font-style:var(--h2_typography-font-style);--awb-caption-title-size:var(--h2_typography-font-size);--awb-caption-title-transform:var(--h2_typography-text-transform);--awb-caption-title-line-height:var(--h2_typography-line-height);--awb-caption-title-letter-spacing:var(--h2_typography-letter-spacing);\"><span class=\" fusion-imageframe imageframe-none imageframe-2 hover-type-none\"><img decoding=\"async\" width=\"1200\" height=\"600\" alt=\"\u0386\u03b3\u03b9\u03bf\u03bd \u038c\u03c1\u03bf\u03c2 \u03a7\u03b1\u03bb\u03ba\u03b9\u03b4\u03b9\u03ba\u03ae\" title=\"\u03ac\u03bc\u03b1\" src=\"https:\/\/www.i-rentacar.com\/wp-content\/uploads\/2025\/05\/\u03ac\u03bc\u03b1.jpg\" data-orig-src=\"https:\/\/www.i-rentacar.com\/wp-content\/uploads\/2025\/05\/\u03ac\u03bc\u03b1.jpg\" class=\"lazyload img-responsive wp-image-9892\" srcset=\"data:image\/svg+xml,%3Csvg%20xmlns%3D%27http%3A%2F%2Fwww.w3.org%2F2000%2Fsvg%27%20width%3D%271200%27%20height%3D%27600%27%20viewBox%3D%270%200%201200%20600%27%3E%3Crect%20width%3D%271200%27%20height%3D%27600%27%20fill-opacity%3D%220%22%2F%3E%3C%2Fsvg%3E\" data-srcset=\"https:\/\/www.i-rentacar.com\/wp-content\/uploads\/2025\/05\/\u03ac\u03bc\u03b1-200x100.jpg 200w, https:\/\/www.i-rentacar.com\/wp-content\/uploads\/2025\/05\/\u03ac\u03bc\u03b1-400x200.jpg 400w, https:\/\/www.i-rentacar.com\/wp-content\/uploads\/2025\/05\/\u03ac\u03bc\u03b1-600x300.jpg 600w, https:\/\/www.i-rentacar.com\/wp-content\/uploads\/2025\/05\/\u03ac\u03bc\u03b1-800x400.jpg 800w, https:\/\/www.i-rentacar.com\/wp-content\/uploads\/2025\/05\/\u03ac\u03bc\u03b1.jpg 1200w\" data-sizes=\"auto\" data-orig-sizes=\"(max-width: 640px) 100vw, 1200px\" \/><\/span><\/div><div class=\"fusion-text fusion-text-2\"><h3 style=\"text-align: center;\" data-start=\"2587\" data-end=\"2640\">Au-del\u00e0 du Mont Athos : Nature, Histoire et Tradition<\/h3>\n<p data-start=\"2642\" data-end=\"2729\">La troisi\u00e8me jambe offre bien plus que Ouranoupoli et la R\u00e9publique monastique :<\/p>\n<ul data-start=\"2731\" data-end=\"3218\">\n<li data-start=\"2731\" data-end=\"2813\">\n<p data-start=\"2733\" data-end=\"2813\"><strong data-start=\"2733\" data-end=\"2745\">Ierissos<\/strong> : Ville c\u00f4ti\u00e8re avec d\u2019excellentes tavernes et une ambiance accueillante.<\/p>\n<\/li>\n<li data-start=\"2814\" data-end=\"2961\">\n<p data-start=\"2816\" data-end=\"2961\"><strong data-start=\"2816\" data-end=\"2839\">Stratoni &amp; Stagira<\/strong> : Le lieu de naissance d\u2019Aristote, avec le <strong data-start=\"2880\" data-end=\"2900\">Bosquet d\u2019Aristote<\/strong> qui offre une exp\u00e9rience interactive pour petits et grands.<\/p>\n<\/li>\n<li data-start=\"2962\" data-end=\"3064\">\n<p data-start=\"2964\" data-end=\"3064\"><strong data-start=\"2964\" data-end=\"2982\">Megali Panagia<\/strong> : Village traditionnel avec une architecture mac\u00e9donienne authentique et des caf\u00e9s uniques.<\/p>\n<\/li>\n<li data-start=\"3065\" data-end=\"3218\">\n<p data-start=\"3067\" data-end=\"3218\"><strong data-start=\"3067\" data-end=\"3081\">Ammouliani<\/strong> : La seule \u00eele habit\u00e9e de Chalcidique \u2013 accessible par ferry depuis Trypiti. Id\u00e9ale pour une excursion d\u2019une journ\u00e9e en voiture.<\/p>\n<\/li>\n<\/ul>\n<p data-start=\"3220\" data-end=\"3448\">Tous ces endroits sont parfaits pour des excursions d\u2019une journ\u00e9e. Avec une voiture de <strong data-start=\"3303\" data-end=\"3317\">i-rentacar<\/strong>, tu peux planifier ton voyage \u00e0 ton rythme et d\u00e9couvrir des beaut\u00e9s qui ne figurent pas dans les brochures touristiques.<\/p>\n<h3 style=\"text-align: center;\" data-start=\"3455\" data-end=\"3524\">Pourquoi choisir i-rentacar pour Sithonia &amp; le Mont Athos ?<\/h3>\n<p data-start=\"3526\" data-end=\"3616\">Chez <strong data-start=\"3531\" data-end=\"3545\">i-rentacar<\/strong>, nous connaissons les besoins du voyageur moderne. C\u2019est pourquoi nous offrons :<\/p>\n<ul data-start=\"3618\" data-end=\"3978\">\n<li data-start=\"3618\" data-end=\"3668\">\n<p data-start=\"3620\" data-end=\"3668\">Facilit\u00e9 de r\u00e9servation en ligne en moins de 2 minutes.<\/p>\n<\/li>\n<li data-start=\"3669\" data-end=\"3746\">\n<p data-start=\"3671\" data-end=\"3746\">Possibilit\u00e9 de livraison du v\u00e9hicule \u00e0 Ouranoupoli, Ierissos ou o\u00f9 tu souhaites.<\/p>\n<\/li>\n<li data-start=\"3747\" data-end=\"3817\">\n<p data-start=\"3749\" data-end=\"3817\">V\u00e9hicules pour tous : petits \u00e9conomiques, SUV, 4&#215;4 pour les routes montagneuses.<\/p>\n<\/li>\n<li data-start=\"3818\" data-end=\"3892\">\n<p data-start=\"3820\" data-end=\"3892\">Assurance compl\u00e8te, si\u00e8ges enfant, GPS, et tous les extras dont tu as besoin.<\/p>\n<\/li>\n<li data-start=\"3893\" data-end=\"3978\">\n<p data-start=\"3895\" data-end=\"3978\">Support imm\u00e9diat par notre \u00e9quipe \u2013 avant, pendant et apr\u00e8s la location.<\/p>\n<\/li>\n<\/ul>\n<h3 style=\"text-align: center;\" data-start=\"3985\" data-end=\"4021\">Le voyage commence par le trajet<\/h3>\n<p data-start=\"4023\" data-end=\"4247\">La troisi\u00e8me jambe de Chalcidique n\u2019est pas simplement une destination \u2013 c\u2019est une exp\u00e9rience de vie. C\u2019est la paix, la nature, la mer et la spiritualit\u00e9. Avec <strong data-start=\"4166\" data-end=\"4180\">i-rentacar<\/strong>, tu as la possibilit\u00e9 de la d\u00e9couvrir comme elle le m\u00e9rite vraiment.<\/p>\n<p data-start=\"4249\" data-end=\"4454\">Connecte-toi d\u00e8s maintenant sur <a class=\"\" href=\"https:\/\/www.i-rentacar.com\" target=\"_new\" rel=\"noopener\" data-start=\"4263\" data-end=\"4311\">www.i-rentacar.com<\/a>, r\u00e9serve ta voiture et pr\u00e9pare-toi pour un voyage diff\u00e9rent. Non seulement tu iras plus loin \u2013 tu d\u00e9couvriras un lieu qui te transformera.<\/p>\n<p data-start=\"4456\" data-end=\"4516\"><strong data-start=\"4456\" data-end=\"4516\">i-rentacar \u2013 Tu conduis, nous t\u2019ouvrons la route.<\/strong><\/p>\n<\/div><div class=\"fusion-image-element \" style=\"text-align:center;--awb-caption-title-font-family:var(--h2_typography-font-family);--awb-caption-title-font-weight:var(--h2_typography-font-weight);--awb-caption-title-font-style:var(--h2_typography-font-style);--awb-caption-title-size:var(--h2_typography-font-size);--awb-caption-title-transform:var(--h2_typography-text-transform);--awb-caption-title-line-height:var(--h2_typography-line-height);--awb-caption-title-letter-spacing:var(--h2_typography-letter-spacing);\"><span class=\" fusion-imageframe imageframe-none imageframe-3 hover-type-none\"><img decoding=\"async\" width=\"1200\" height=\"600\" alt=\"\u0386\u03b3\u03b9\u03bf\u03bd \u038c\u03c1\u03bf\u03c2 \u03a7\u03b1\u03bb\u03ba\u03b9\u03b4\u03b9\u03ba\u03ae\" title=\"\u03b5\u03ce\u03b5\u03c9\u03bc\u03ba\" src=\"https:\/\/www.i-rentacar.com\/wp-content\/uploads\/2025\/05\/\u03b5\u03ce\u03b5\u03c9\u03bc\u03ba.jpg\" data-orig-src=\"https:\/\/www.i-rentacar.com\/wp-content\/uploads\/2025\/05\/\u03b5\u03ce\u03b5\u03c9\u03bc\u03ba.jpg\" class=\"lazyload img-responsive wp-image-9897\" srcset=\"data:image\/svg+xml,%3Csvg%20xmlns%3D%27http%3A%2F%2Fwww.w3.org%2F2000%2Fsvg%27%20width%3D%271200%27%20height%3D%27600%27%20viewBox%3D%270%200%201200%20600%27%3E%3Crect%20width%3D%271200%27%20height%3D%27600%27%20fill-opacity%3D%220%22%2F%3E%3C%2Fsvg%3E\" data-srcset=\"https:\/\/www.i-rentacar.com\/wp-content\/uploads\/2025\/05\/\u03b5\u03ce\u03b5\u03c9\u03bc\u03ba-200x100.jpg 200w, https:\/\/www.i-rentacar.com\/wp-content\/uploads\/2025\/05\/\u03b5\u03ce\u03b5\u03c9\u03bc\u03ba-400x200.jpg 400w, https:\/\/www.i-rentacar.com\/wp-content\/uploads\/2025\/05\/\u03b5\u03ce\u03b5\u03c9\u03bc\u03ba-600x300.jpg 600w, https:\/\/www.i-rentacar.com\/wp-content\/uploads\/2025\/05\/\u03b5\u03ce\u03b5\u03c9\u03bc\u03ba-800x400.jpg 800w, https:\/\/www.i-rentacar.com\/wp-content\/uploads\/2025\/05\/\u03b5\u03ce\u03b5\u03c9\u03bc\u03ba.jpg 1200w\" data-sizes=\"auto\" data-orig-sizes=\"(max-width: 640px) 100vw, 1200px\" \/><\/span><\/div><\/div><\/div><\/div><\/div>\n","protected":false},"excerpt":{"rendered":"","protected":false},"author":1,"featured_media":0,"parent":0,"menu_order":0,"comment_status":"closed","ping_status":"closed","template":"100-width.php","meta":{"footnotes":""},"class_list":["post-10031","page","type-page","status-publish","hentry"],"yoast_head":"<!-- This site is optimized with the Yoast SEO plugin v27.0 - https:\/\/yoast.com\/product\/yoast-seo-wordpress\/ -->\n<title>Location de voiture pour le Mont Athos Halkidiki | i-rentacar.com<\/title>\n<meta name=\"robots\" content=\"index, follow, max-snippet:-1, max-image-preview:large, max-video-preview:-1\" \/>\n<link rel=\"canonical\" href=\"https:\/\/www.i-rentacar.com\/fr\/location-de-voiture-pour-le-mont-athos-halkidiki\/\" \/>\n<meta property=\"og:locale\" content=\"fr_FR\" \/>\n<meta property=\"og:type\" content=\"article\" \/>\n<meta property=\"og:title\" content=\"Location de voiture pour le Mont Athos Halkidiki | i-rentacar.com\" \/>\n<meta property=\"og:url\" content=\"https:\/\/www.i-rentacar.com\/fr\/location-de-voiture-pour-le-mont-athos-halkidiki\/\" \/>\n<meta property=\"og:site_name\" content=\"i-rentacar.com\" \/>\n<meta property=\"article:modified_time\" content=\"2025-06-01T09:38:44+00:00\" \/>\n<meta name=\"twitter:card\" content=\"summary_large_image\" \/>\n<meta name=\"twitter:label1\" content=\"Dur\u00e9e de lecture estim\u00e9e\" \/>\n\t<meta name=\"twitter:data1\" content=\"14 minutes\" \/>\n<script type=\"application\/ld+json\" class=\"yoast-schema-graph\">{\"@context\":\"https:\/\/schema.org\",\"@graph\":[{\"@type\":\"WebPage\",\"@id\":\"https:\/\/www.i-rentacar.com\/fr\/location-de-voiture-pour-le-mont-athos-halkidiki\/\",\"url\":\"https:\/\/www.i-rentacar.com\/fr\/location-de-voiture-pour-le-mont-athos-halkidiki\/\",\"name\":\"Location de voiture pour le Mont Athos Halkidiki | i-rentacar.com\",\"isPartOf\":{\"@id\":\"https:\/\/www.i-rentacar.com\/fr\/#website\"},\"datePublished\":\"2025-05-31T14:59:28+00:00\",\"dateModified\":\"2025-06-01T09:38:44+00:00\",\"breadcrumb\":{\"@id\":\"https:\/\/www.i-rentacar.com\/fr\/location-de-voiture-pour-le-mont-athos-halkidiki\/#breadcrumb\"},\"inLanguage\":\"fr-FR\",\"potentialAction\":[{\"@type\":\"ReadAction\",\"target\":[\"https:\/\/www.i-rentacar.com\/fr\/location-de-voiture-pour-le-mont-athos-halkidiki\/\"]}]},{\"@type\":\"BreadcrumbList\",\"@id\":\"https:\/\/www.i-rentacar.com\/fr\/location-de-voiture-pour-le-mont-athos-halkidiki\/#breadcrumb\",\"itemListElement\":[{\"@type\":\"ListItem\",\"position\":1,\"name\":\"Home\",\"item\":\"https:\/\/www.i-rentacar.com\/fr\/\"},{\"@type\":\"ListItem\",\"position\":2,\"name\":\"Location de voiture pour le Mont Athos Halkidiki\"}]},{\"@type\":\"WebSite\",\"@id\":\"https:\/\/www.i-rentacar.com\/fr\/#website\",\"url\":\"https:\/\/www.i-rentacar.com\/fr\/\",\"name\":\"i-rentacar.com\",\"description\":\"\u0395\u03bd\u03bf\u03b9\u03ba\u03b9\u03ac\u03c3\u03b5\u03b9\u03c2 \u0391\u03c5\u03c4\u03bf\u03ba\u03b9\u03bd\u03ae\u03c4\u03c9\u03bd \u0398\u03b5\u03c3\u03c3\u03b1\u03bb\u03bf\u03bd\u03af\u03ba\u03b7 minivan suv \u03b1\u03b5\u03c1\u03bf\u03b4\u03c1\u03cc\u03bc\u03b9\u03bf \u0398\u03b5\u03c3\u03c3\u03b1\u03bb\u03bf\u03bd\u03af\u03ba\u03b7, \u03b5\u03bd\u03bf\u03b9\u03ba\u03b9\u03ac\u03c3\u03b5\u03b9\u03c2 van \u0398\u03b5\u03c3\u03c3\u03b1\u03bb\u03bf\u03bd\u03af\u03ba\u03b7 \u03a7\u03b1\u03bb\u03ba\u03b9\u03b4\u03b9\u03ba\u03ae, rent a car Thessaloniki airport skg\",\"publisher\":{\"@id\":\"https:\/\/www.i-rentacar.com\/fr\/#organization\"},\"potentialAction\":[{\"@type\":\"SearchAction\",\"target\":{\"@type\":\"EntryPoint\",\"urlTemplate\":\"https:\/\/www.i-rentacar.com\/fr\/?s={search_term_string}\"},\"query-input\":{\"@type\":\"PropertyValueSpecification\",\"valueRequired\":true,\"valueName\":\"search_term_string\"}}],\"inLanguage\":\"fr-FR\"},{\"@type\":\"Organization\",\"@id\":\"https:\/\/www.i-rentacar.com\/fr\/#organization\",\"name\":\"i-rentacar.com\",\"url\":\"https:\/\/www.i-rentacar.com\/fr\/\",\"logo\":{\"@type\":\"ImageObject\",\"inLanguage\":\"fr-FR\",\"@id\":\"https:\/\/www.i-rentacar.com\/fr\/#\/schema\/logo\/image\/\",\"url\":\"https:\/\/www.i-rentacar.com\/wp-content\/uploads\/2021\/08\/logo-i-rentacar-com-3.png\",\"contentUrl\":\"https:\/\/www.i-rentacar.com\/wp-content\/uploads\/2021\/08\/logo-i-rentacar-com-3.png\",\"width\":383,\"height\":150,\"caption\":\"i-rentacar.com\"},\"image\":{\"@id\":\"https:\/\/www.i-rentacar.com\/fr\/#\/schema\/logo\/image\/\"}}]}<\/script>\n<!-- \/ Yoast SEO plugin. -->","yoast_head_json":{"title":"Location de voiture pour le Mont Athos Halkidiki | i-rentacar.com","robots":{"index":"index","follow":"follow","max-snippet":"max-snippet:-1","max-image-preview":"max-image-preview:large","max-video-preview":"max-video-preview:-1"},"canonical":"https:\/\/www.i-rentacar.com\/fr\/location-de-voiture-pour-le-mont-athos-halkidiki\/","og_locale":"fr_FR","og_type":"article","og_title":"Location de voiture pour le Mont Athos Halkidiki | i-rentacar.com","og_url":"https:\/\/www.i-rentacar.com\/fr\/location-de-voiture-pour-le-mont-athos-halkidiki\/","og_site_name":"i-rentacar.com","article_modified_time":"2025-06-01T09:38:44+00:00","twitter_card":"summary_large_image","twitter_misc":{"Dur\u00e9e de lecture estim\u00e9e":"14 minutes"},"schema":{"@context":"https:\/\/schema.org","@graph":[{"@type":"WebPage","@id":"https:\/\/www.i-rentacar.com\/fr\/location-de-voiture-pour-le-mont-athos-halkidiki\/","url":"https:\/\/www.i-rentacar.com\/fr\/location-de-voiture-pour-le-mont-athos-halkidiki\/","name":"Location de voiture pour le Mont Athos Halkidiki | i-rentacar.com","isPartOf":{"@id":"https:\/\/www.i-rentacar.com\/fr\/#website"},"datePublished":"2025-05-31T14:59:28+00:00","dateModified":"2025-06-01T09:38:44+00:00","breadcrumb":{"@id":"https:\/\/www.i-rentacar.com\/fr\/location-de-voiture-pour-le-mont-athos-halkidiki\/#breadcrumb"},"inLanguage":"fr-FR","potentialAction":[{"@type":"ReadAction","target":["https:\/\/www.i-rentacar.com\/fr\/location-de-voiture-pour-le-mont-athos-halkidiki\/"]}]},{"@type":"BreadcrumbList","@id":"https:\/\/www.i-rentacar.com\/fr\/location-de-voiture-pour-le-mont-athos-halkidiki\/#breadcrumb","itemListElement":[{"@type":"ListItem","position":1,"name":"Home","item":"https:\/\/www.i-rentacar.com\/fr\/"},{"@type":"ListItem","position":2,"name":"Location de voiture pour le Mont Athos Halkidiki"}]},{"@type":"WebSite","@id":"https:\/\/www.i-rentacar.com\/fr\/#website","url":"https:\/\/www.i-rentacar.com\/fr\/","name":"i-rentacar.com","description":"\u0395\u03bd\u03bf\u03b9\u03ba\u03b9\u03ac\u03c3\u03b5\u03b9\u03c2 \u0391\u03c5\u03c4\u03bf\u03ba\u03b9\u03bd\u03ae\u03c4\u03c9\u03bd \u0398\u03b5\u03c3\u03c3\u03b1\u03bb\u03bf\u03bd\u03af\u03ba\u03b7 minivan suv \u03b1\u03b5\u03c1\u03bf\u03b4\u03c1\u03cc\u03bc\u03b9\u03bf \u0398\u03b5\u03c3\u03c3\u03b1\u03bb\u03bf\u03bd\u03af\u03ba\u03b7, \u03b5\u03bd\u03bf\u03b9\u03ba\u03b9\u03ac\u03c3\u03b5\u03b9\u03c2 van \u0398\u03b5\u03c3\u03c3\u03b1\u03bb\u03bf\u03bd\u03af\u03ba\u03b7 \u03a7\u03b1\u03bb\u03ba\u03b9\u03b4\u03b9\u03ba\u03ae, rent a car Thessaloniki airport skg","publisher":{"@id":"https:\/\/www.i-rentacar.com\/fr\/#organization"},"potentialAction":[{"@type":"SearchAction","target":{"@type":"EntryPoint","urlTemplate":"https:\/\/www.i-rentacar.com\/fr\/?s={search_term_string}"},"query-input":{"@type":"PropertyValueSpecification","valueRequired":true,"valueName":"search_term_string"}}],"inLanguage":"fr-FR"},{"@type":"Organization","@id":"https:\/\/www.i-rentacar.com\/fr\/#organization","name":"i-rentacar.com","url":"https:\/\/www.i-rentacar.com\/fr\/","logo":{"@type":"ImageObject","inLanguage":"fr-FR","@id":"https:\/\/www.i-rentacar.com\/fr\/#\/schema\/logo\/image\/","url":"https:\/\/www.i-rentacar.com\/wp-content\/uploads\/2021\/08\/logo-i-rentacar-com-3.png","contentUrl":"https:\/\/www.i-rentacar.com\/wp-content\/uploads\/2021\/08\/logo-i-rentacar-com-3.png","width":383,"height":150,"caption":"i-rentacar.com"},"image":{"@id":"https:\/\/www.i-rentacar.com\/fr\/#\/schema\/logo\/image\/"}}]}},"_links":{"self":[{"href":"https:\/\/www.i-rentacar.com\/fr\/wp-json\/wp\/v2\/pages\/10031","targetHints":{"allow":["GET"]}}],"collection":[{"href":"https:\/\/www.i-rentacar.com\/fr\/wp-json\/wp\/v2\/pages"}],"about":[{"href":"https:\/\/www.i-rentacar.com\/fr\/wp-json\/wp\/v2\/types\/page"}],"author":[{"embeddable":true,"href":"https:\/\/www.i-rentacar.com\/fr\/wp-json\/wp\/v2\/users\/1"}],"replies":[{"embeddable":true,"href":"https:\/\/www.i-rentacar.com\/fr\/wp-json\/wp\/v2\/comments?post=10031"}],"version-history":[{"count":2,"href":"https:\/\/www.i-rentacar.com\/fr\/wp-json\/wp\/v2\/pages\/10031\/revisions"}],"predecessor-version":[{"id":10033,"href":"https:\/\/www.i-rentacar.com\/fr\/wp-json\/wp\/v2\/pages\/10031\/revisions\/10033"}],"wp:attachment":[{"href":"https:\/\/www.i-rentacar.com\/fr\/wp-json\/wp\/v2\/media?parent=10031"}],"curies":[{"name":"wp","href":"https:\/\/api.w.org\/{rel}","templated":true}]}}