{"id":9488,"date":"2025-01-18T16:39:24","date_gmt":"2025-01-18T14:39:24","guid":{"rendered":"https:\/\/www.i-rentacar.com\/?page_id=9488"},"modified":"2025-02-01T14:57:16","modified_gmt":"2025-02-01T12:57:16","slug":"autovermietung-meteora","status":"publish","type":"page","link":"https:\/\/www.i-rentacar.com\/de\/autovermietung-meteora\/","title":{"rendered":"Autovermietung Meteora"},"content":{"rendered":"<div class=\"fusion-fullwidth fullwidth-box fusion-builder-row-1 fusion-flex-container has-pattern-background has-mask-background nonhundred-percent-fullwidth non-hundred-percent-height-scrolling\" style=\"--awb-border-radius-top-left:0px;--awb-border-radius-top-right:0px;--awb-border-radius-bottom-right:0px;--awb-border-radius-bottom-left:0px;--awb-flex-wrap:wrap;\" ><div class=\"fusion-builder-row fusion-row fusion-flex-align-items-flex-start fusion-flex-content-wrap\" style=\"max-width:1300px;margin-left: calc(-4% \/ 2 );margin-right: calc(-4% \/ 2 );\"><div class=\"fusion-layout-column fusion_builder_column fusion-builder-column-0 fusion_builder_column_1_1 1_1 fusion-flex-column\" style=\"--awb-bg-size:cover;--awb-width-large:100%;--awb-margin-top-large:0px;--awb-spacing-right-large:1.92%;--awb-margin-bottom-large:20px;--awb-spacing-left-large:1.92%;--awb-width-medium:100%;--awb-order-medium:0;--awb-spacing-right-medium:1.92%;--awb-spacing-left-medium:1.92%;--awb-width-small:100%;--awb-order-small:0;--awb-spacing-right-small:1.92%;--awb-spacing-left-small:1.92%;\"><div class=\"fusion-column-wrapper fusion-column-has-shadow fusion-flex-justify-content-flex-start fusion-content-layout-column\"><div class=\"fusion-image-element \" style=\"text-align:center;--awb-caption-title-font-family:var(--h2_typography-font-family);--awb-caption-title-font-weight:var(--h2_typography-font-weight);--awb-caption-title-font-style:var(--h2_typography-font-style);--awb-caption-title-size:var(--h2_typography-font-size);--awb-caption-title-transform:var(--h2_typography-text-transform);--awb-caption-title-line-height:var(--h2_typography-line-height);--awb-caption-title-letter-spacing:var(--h2_typography-letter-spacing);\"><span class=\" fusion-imageframe imageframe-none imageframe-1 hover-type-none\"><img decoding=\"async\" width=\"1200\" height=\"600\" alt=\"\u039c\u03b5\u03c4\u03ad\u03c9\u03c1\u03b1\" title=\"\u039c\u03b5\u03c4\u03ad\u03c9\u03c1\u03b1-23\" src=\"https:\/\/www.i-rentacar.com\/wp-content\/uploads\/2025\/01\/\u039c\u03b5\u03c4\u03ad\u03c9\u03c1\u03b1-23.jpg\" data-orig-src=\"https:\/\/www.i-rentacar.com\/wp-content\/uploads\/2025\/01\/\u039c\u03b5\u03c4\u03ad\u03c9\u03c1\u03b1-23.jpg\" class=\"lazyload img-responsive wp-image-9317\" srcset=\"data:image\/svg+xml,%3Csvg%20xmlns%3D%27http%3A%2F%2Fwww.w3.org%2F2000%2Fsvg%27%20width%3D%271200%27%20height%3D%27600%27%20viewBox%3D%270%200%201200%20600%27%3E%3Crect%20width%3D%271200%27%20height%3D%27600%27%20fill-opacity%3D%220%22%2F%3E%3C%2Fsvg%3E\" data-srcset=\"https:\/\/www.i-rentacar.com\/wp-content\/uploads\/2025\/01\/\u039c\u03b5\u03c4\u03ad\u03c9\u03c1\u03b1-23-200x100.jpg 200w, https:\/\/www.i-rentacar.com\/wp-content\/uploads\/2025\/01\/\u039c\u03b5\u03c4\u03ad\u03c9\u03c1\u03b1-23-400x200.jpg 400w, https:\/\/www.i-rentacar.com\/wp-content\/uploads\/2025\/01\/\u039c\u03b5\u03c4\u03ad\u03c9\u03c1\u03b1-23-600x300.jpg 600w, https:\/\/www.i-rentacar.com\/wp-content\/uploads\/2025\/01\/\u039c\u03b5\u03c4\u03ad\u03c9\u03c1\u03b1-23-800x400.jpg 800w, https:\/\/www.i-rentacar.com\/wp-content\/uploads\/2025\/01\/\u039c\u03b5\u03c4\u03ad\u03c9\u03c1\u03b1-23.jpg 1200w\" data-sizes=\"auto\" data-orig-sizes=\"(max-width: 640px) 100vw, 1200px\" \/><\/span><\/div><div class=\"fusion-text fusion-text-1\"><h3 style=\"text-align: center;\"><strong>Was man in Meteora sehen sollte<\/strong><\/h3>\n<p>Meteora ist ein Ort au\u00dfergew\u00f6hnlicher Sch\u00f6nheit und spiritueller Bedeutung:<\/p>\n<ul data-spread=\"false\">\n<li><strong>Die Meteora-Kl\u00f6ster<\/strong>: Erkunden Sie die beeindruckenden Kl\u00f6ster, die auf hoch aufragenden Felsen thront.<\/li>\n<li><strong>Das Dorf Kastraki<\/strong>: Ein ruhiges Dorf am Fu\u00df der Felsen, ideal f\u00fcr einen entspannenden Spaziergang.<\/li>\n<li><strong>Die Naturwanderwege<\/strong>: Entdecken Sie Wanderwege durch die atemberaubende Natur rund um Meteora.<\/li>\n<li><strong>Die Meteora-Felsenformationen<\/strong>: Erleben Sie die atemberaubenden Ausblicke und Landschaften der Felsenformationen.<\/li>\n<\/ul>\n<h3 style=\"text-align: center;\"><strong>Empfehlungen f\u00fcr Essen und lokale Delikatessen<\/strong><\/h3>\n<p>In Meteora finden Sie <strong>traditionelle Tavernen<\/strong>, die k\u00f6stliche lokale Gerichte wie <strong>Moussaka, Souvlaki, lokale K\u00e4sesorten und griechische Salate<\/strong> anbieten. Genie\u00dfen Sie ein herzhaftes Mahl mit Blick auf die majest\u00e4tischen Felsenformationen.<\/p>\n<h3 style=\"text-align: center;\"><strong>Tipps f\u00fcr die Autovermietung<\/strong><\/h3>\n<ul data-spread=\"false\">\n<li><strong>Fr\u00fch buchen<\/strong>: Besonders wenn Sie w\u00e4hrend der Hochsaison wie Fr\u00fchling oder Herbst reisen.<\/li>\n<li><strong>W\u00e4hlen Sie das richtige Fahrzeug<\/strong>: F\u00fcr die Erkundung bergiger Strecken wird ein SUV oder 4&#215;4 empfohlen.<\/li>\n<li><strong>\u00dcberpr\u00fcfen Sie die Tankregelung<\/strong>: Die meisten Unternehmen liefern das Auto mit vollem Tank.<\/li>\n<\/ul>\n<h3 style=\"text-align: center;\"><strong>Fazit<\/strong><\/h3>\n<p><strong>Autovermietung in Meteora<\/strong> von <strong>i-rentacar<\/strong> ist die ideale M\u00f6glichkeit, dieses einzigartige Reiseziel mit Komfort und Flexibilit\u00e4t zu erkunden. Planen Sie Ihre Reise, w\u00e4hlen Sie das richtige Fahrzeug und entdecken Sie die nat\u00fcrliche Sch\u00f6nheit und den spirituellen Charme von Meteora!<\/p>\n<\/div><div class=\"fusion-image-element \" style=\"text-align:center;--awb-caption-title-font-family:var(--h2_typography-font-family);--awb-caption-title-font-weight:var(--h2_typography-font-weight);--awb-caption-title-font-style:var(--h2_typography-font-style);--awb-caption-title-size:var(--h2_typography-font-size);--awb-caption-title-transform:var(--h2_typography-text-transform);--awb-caption-title-line-height:var(--h2_typography-line-height);--awb-caption-title-letter-spacing:var(--h2_typography-letter-spacing);\"><span class=\" fusion-imageframe imageframe-none imageframe-2 hover-type-none\"><img decoding=\"async\" width=\"1200\" height=\"600\" alt=\"\u039c\u03b5\u03c4\u03ad\u03c9\u03c1\u03b1\" title=\"\u039c\u03b5\u03c4\u03ad\u03c9\u03c1\u03b1-212\" src=\"https:\/\/www.i-rentacar.com\/wp-content\/uploads\/2025\/01\/\u039c\u03b5\u03c4\u03ad\u03c9\u03c1\u03b1-212.jpg\" data-orig-src=\"https:\/\/www.i-rentacar.com\/wp-content\/uploads\/2025\/01\/\u039c\u03b5\u03c4\u03ad\u03c9\u03c1\u03b1-212.jpg\" class=\"lazyload img-responsive wp-image-9322\" srcset=\"data:image\/svg+xml,%3Csvg%20xmlns%3D%27http%3A%2F%2Fwww.w3.org%2F2000%2Fsvg%27%20width%3D%271200%27%20height%3D%27600%27%20viewBox%3D%270%200%201200%20600%27%3E%3Crect%20width%3D%271200%27%20height%3D%27600%27%20fill-opacity%3D%220%22%2F%3E%3C%2Fsvg%3E\" data-srcset=\"https:\/\/www.i-rentacar.com\/wp-content\/uploads\/2025\/01\/\u039c\u03b5\u03c4\u03ad\u03c9\u03c1\u03b1-212-200x100.jpg 200w, https:\/\/www.i-rentacar.com\/wp-content\/uploads\/2025\/01\/\u039c\u03b5\u03c4\u03ad\u03c9\u03c1\u03b1-212-400x200.jpg 400w, https:\/\/www.i-rentacar.com\/wp-content\/uploads\/2025\/01\/\u039c\u03b5\u03c4\u03ad\u03c9\u03c1\u03b1-212-600x300.jpg 600w, https:\/\/www.i-rentacar.com\/wp-content\/uploads\/2025\/01\/\u039c\u03b5\u03c4\u03ad\u03c9\u03c1\u03b1-212-800x400.jpg 800w, https:\/\/www.i-rentacar.com\/wp-content\/uploads\/2025\/01\/\u039c\u03b5\u03c4\u03ad\u03c9\u03c1\u03b1-212.jpg 1200w\" data-sizes=\"auto\" data-orig-sizes=\"(max-width: 640px) 100vw, 1200px\" \/><\/span><\/div><div class=\"fusion-text fusion-text-2\"><h3 style=\"text-align: center;\"><strong>Was man in Meteora sehen sollte<\/strong><\/h3>\n<p>Meteora bietet fesselnde Sehensw\u00fcrdigkeiten, die Sie in Erstaunen versetzen werden:<\/p>\n<ul data-spread=\"false\">\n<li><strong>Die Meteora-Kl\u00f6ster<\/strong>: Von den sechs besuchbaren Kl\u00f6stern sollten Sie <strong>Great Meteoro<\/strong>, <strong>Varlaam-Kloster<\/strong> und <strong>Rousanou-Kloster<\/strong> nicht verpassen.<\/li>\n<li><strong>Das Dorf Kastraki<\/strong>: Ein malerisches Dorf am Fu\u00dfe der Felsen mit traditioneller Architektur.<\/li>\n<li><strong>Kalambaka<\/strong>: Eine wundersch\u00f6ne Stadt mit Gesch\u00e4ften, Caf\u00e9s und Restaurants, ideal zum Entspannen.<\/li>\n<li><strong>Die Meteora-Wanderwege<\/strong>: Erkunden Sie die Wanderwege, die atemberaubende Ausblicke auf die Felsen und Kl\u00f6ster bieten.<\/li>\n<\/ul>\n<h3 style=\"text-align: center;\"><strong>Empfehlungen f\u00fcr Essen und lokale Delikatessen<\/strong><\/h3>\n<p>In der Region k\u00f6nnen Sie <strong>traditionelle griechische Gerichte<\/strong> wie Kontosouvli, Lamm am Spie\u00df und ber\u00fchmte Epirus-Pasteten genie\u00dfen. Lokale Weine und Spirituosen sind ebenfalls eine ausgezeichnete Wahl, um Ihr Essen zu begleiten.<\/p>\n<h3 style=\"text-align: center;\"><strong>Tipps f\u00fcr die Autovermietung<\/strong><\/h3>\n<ul data-spread=\"false\">\n<li><strong>Fr\u00fch buchen<\/strong>: Meteora ist ein beliebtes Reiseziel, also stellen Sie sicher, dass Sie Ihr Fahrzeug im Voraus sichern.<\/li>\n<li><strong>W\u00e4hlen Sie das richtige Fahrzeug<\/strong>: Wenn Sie in bergigen Gegenden fahren m\u00f6chten, bietet ein SUV mehr Komfort.<\/li>\n<li><strong>\u00dcberpr\u00fcfen Sie die Tankregelung<\/strong>: Die meisten Unternehmen liefern das Fahrzeug mit vollem Tank.<\/li>\n<\/ul>\n<h3 style=\"text-align: center;\"><strong>Fazit<\/strong><\/h3>\n<p><strong>Autovermietung in Meteora<\/strong> von <strong>i-rentacar<\/strong> ist die beste Wahl, um die Sch\u00f6nheit und Geschichte der Region ohne Einschr\u00e4nkungen zu genie\u00dfen. Planen Sie Ihre Reise, w\u00e4hlen Sie das perfekte Fahrzeug und erkunden Sie Meteora mit Komfort und Sicherheit!<\/p>\n<\/div><\/div><\/div><\/div><\/div>\n","protected":false},"excerpt":{"rendered":"","protected":false},"author":1,"featured_media":0,"parent":0,"menu_order":0,"comment_status":"closed","ping_status":"closed","template":"100-width.php","meta":{"footnotes":""},"class_list":["post-9488","page","type-page","status-publish","hentry"],"yoast_head":"<!-- This site is optimized with the Yoast SEO plugin v27.0 - https:\/\/yoast.com\/product\/yoast-seo-wordpress\/ -->\n<title>Autovermietung Meteora | i-rentacar.com<\/title>\n<meta name=\"description\" content=\"Autovermietung Meteora\" \/>\n<meta name=\"robots\" content=\"index, follow, max-snippet:-1, max-image-preview:large, max-video-preview:-1\" \/>\n<link rel=\"canonical\" href=\"https:\/\/www.i-rentacar.com\/de\/autovermietung-meteora\/\" \/>\n<meta property=\"og:locale\" content=\"de_DE\" \/>\n<meta property=\"og:type\" content=\"article\" \/>\n<meta property=\"og:title\" content=\"Autovermietung Meteora | i-rentacar.com\" \/>\n<meta property=\"og:description\" content=\"Autovermietung Meteora\" \/>\n<meta property=\"og:url\" content=\"https:\/\/www.i-rentacar.com\/de\/autovermietung-meteora\/\" \/>\n<meta property=\"og:site_name\" content=\"i-rentacar.com\" \/>\n<meta property=\"article:modified_time\" content=\"2025-02-01T12:57:16+00:00\" \/>\n<meta name=\"twitter:card\" content=\"summary_large_image\" \/>\n<meta name=\"twitter:label1\" content=\"Gesch\u00e4tzte Lesezeit\" \/>\n\t<meta name=\"twitter:data1\" content=\"11\u00a0Minuten\" \/>\n<script type=\"application\/ld+json\" class=\"yoast-schema-graph\">{\"@context\":\"https:\/\/schema.org\",\"@graph\":[{\"@type\":\"WebPage\",\"@id\":\"https:\/\/www.i-rentacar.com\/de\/autovermietung-meteora\/\",\"url\":\"https:\/\/www.i-rentacar.com\/de\/autovermietung-meteora\/\",\"name\":\"Autovermietung Meteora | i-rentacar.com\",\"isPartOf\":{\"@id\":\"https:\/\/www.i-rentacar.com\/de\/#website\"},\"datePublished\":\"2025-01-18T14:39:24+00:00\",\"dateModified\":\"2025-02-01T12:57:16+00:00\",\"description\":\"Autovermietung Meteora\",\"breadcrumb\":{\"@id\":\"https:\/\/www.i-rentacar.com\/de\/autovermietung-meteora\/#breadcrumb\"},\"inLanguage\":\"de\",\"potentialAction\":[{\"@type\":\"ReadAction\",\"target\":[\"https:\/\/www.i-rentacar.com\/de\/autovermietung-meteora\/\"]}]},{\"@type\":\"BreadcrumbList\",\"@id\":\"https:\/\/www.i-rentacar.com\/de\/autovermietung-meteora\/#breadcrumb\",\"itemListElement\":[{\"@type\":\"ListItem\",\"position\":1,\"name\":\"Home\",\"item\":\"https:\/\/www.i-rentacar.com\/de\/\"},{\"@type\":\"ListItem\",\"position\":2,\"name\":\"Autovermietung Meteora\"}]},{\"@type\":\"WebSite\",\"@id\":\"https:\/\/www.i-rentacar.com\/de\/#website\",\"url\":\"https:\/\/www.i-rentacar.com\/de\/\",\"name\":\"i-rentacar.com\",\"description\":\"Autovermietung Thessaloniki, Minibus, Gel\u00e4ndewagen, Flughafen Thessaloniki, Mietwagen Thessaloniki Halkidiki, Mietwagen Thessaloniki Flughafen skg\",\"publisher\":{\"@id\":\"https:\/\/www.i-rentacar.com\/de\/#organization\"},\"potentialAction\":[{\"@type\":\"SearchAction\",\"target\":{\"@type\":\"EntryPoint\",\"urlTemplate\":\"https:\/\/www.i-rentacar.com\/de\/?s={search_term_string}\"},\"query-input\":{\"@type\":\"PropertyValueSpecification\",\"valueRequired\":true,\"valueName\":\"search_term_string\"}}],\"inLanguage\":\"de\"},{\"@type\":\"Organization\",\"@id\":\"https:\/\/www.i-rentacar.com\/de\/#organization\",\"name\":\"i-rentacar.com\",\"url\":\"https:\/\/www.i-rentacar.com\/de\/\",\"logo\":{\"@type\":\"ImageObject\",\"inLanguage\":\"de\",\"@id\":\"https:\/\/www.i-rentacar.com\/de\/#\/schema\/logo\/image\/\",\"url\":\"https:\/\/www.i-rentacar.com\/wp-content\/uploads\/2021\/08\/logo-i-rentacar-com-3.png\",\"contentUrl\":\"https:\/\/www.i-rentacar.com\/wp-content\/uploads\/2021\/08\/logo-i-rentacar-com-3.png\",\"width\":383,\"height\":150,\"caption\":\"i-rentacar.com\"},\"image\":{\"@id\":\"https:\/\/www.i-rentacar.com\/de\/#\/schema\/logo\/image\/\"}}]}<\/script>\n<!-- \/ Yoast SEO plugin. -->","yoast_head_json":{"title":"Autovermietung Meteora | i-rentacar.com","description":"Autovermietung Meteora","robots":{"index":"index","follow":"follow","max-snippet":"max-snippet:-1","max-image-preview":"max-image-preview:large","max-video-preview":"max-video-preview:-1"},"canonical":"https:\/\/www.i-rentacar.com\/de\/autovermietung-meteora\/","og_locale":"de_DE","og_type":"article","og_title":"Autovermietung Meteora | i-rentacar.com","og_description":"Autovermietung Meteora","og_url":"https:\/\/www.i-rentacar.com\/de\/autovermietung-meteora\/","og_site_name":"i-rentacar.com","article_modified_time":"2025-02-01T12:57:16+00:00","twitter_card":"summary_large_image","twitter_misc":{"Gesch\u00e4tzte Lesezeit":"11\u00a0Minuten"},"schema":{"@context":"https:\/\/schema.org","@graph":[{"@type":"WebPage","@id":"https:\/\/www.i-rentacar.com\/de\/autovermietung-meteora\/","url":"https:\/\/www.i-rentacar.com\/de\/autovermietung-meteora\/","name":"Autovermietung Meteora | i-rentacar.com","isPartOf":{"@id":"https:\/\/www.i-rentacar.com\/de\/#website"},"datePublished":"2025-01-18T14:39:24+00:00","dateModified":"2025-02-01T12:57:16+00:00","description":"Autovermietung Meteora","breadcrumb":{"@id":"https:\/\/www.i-rentacar.com\/de\/autovermietung-meteora\/#breadcrumb"},"inLanguage":"de","potentialAction":[{"@type":"ReadAction","target":["https:\/\/www.i-rentacar.com\/de\/autovermietung-meteora\/"]}]},{"@type":"BreadcrumbList","@id":"https:\/\/www.i-rentacar.com\/de\/autovermietung-meteora\/#breadcrumb","itemListElement":[{"@type":"ListItem","position":1,"name":"Home","item":"https:\/\/www.i-rentacar.com\/de\/"},{"@type":"ListItem","position":2,"name":"Autovermietung Meteora"}]},{"@type":"WebSite","@id":"https:\/\/www.i-rentacar.com\/de\/#website","url":"https:\/\/www.i-rentacar.com\/de\/","name":"i-rentacar.com","description":"Autovermietung Thessaloniki, Minibus, Gel\u00e4ndewagen, Flughafen Thessaloniki, Mietwagen Thessaloniki Halkidiki, Mietwagen Thessaloniki Flughafen skg","publisher":{"@id":"https:\/\/www.i-rentacar.com\/de\/#organization"},"potentialAction":[{"@type":"SearchAction","target":{"@type":"EntryPoint","urlTemplate":"https:\/\/www.i-rentacar.com\/de\/?s={search_term_string}"},"query-input":{"@type":"PropertyValueSpecification","valueRequired":true,"valueName":"search_term_string"}}],"inLanguage":"de"},{"@type":"Organization","@id":"https:\/\/www.i-rentacar.com\/de\/#organization","name":"i-rentacar.com","url":"https:\/\/www.i-rentacar.com\/de\/","logo":{"@type":"ImageObject","inLanguage":"de","@id":"https:\/\/www.i-rentacar.com\/de\/#\/schema\/logo\/image\/","url":"https:\/\/www.i-rentacar.com\/wp-content\/uploads\/2021\/08\/logo-i-rentacar-com-3.png","contentUrl":"https:\/\/www.i-rentacar.com\/wp-content\/uploads\/2021\/08\/logo-i-rentacar-com-3.png","width":383,"height":150,"caption":"i-rentacar.com"},"image":{"@id":"https:\/\/www.i-rentacar.com\/de\/#\/schema\/logo\/image\/"}}]}},"_links":{"self":[{"href":"https:\/\/www.i-rentacar.com\/de\/wp-json\/wp\/v2\/pages\/9488","targetHints":{"allow":["GET"]}}],"collection":[{"href":"https:\/\/www.i-rentacar.com\/de\/wp-json\/wp\/v2\/pages"}],"about":[{"href":"https:\/\/www.i-rentacar.com\/de\/wp-json\/wp\/v2\/types\/page"}],"author":[{"embeddable":true,"href":"https:\/\/www.i-rentacar.com\/de\/wp-json\/wp\/v2\/users\/1"}],"replies":[{"embeddable":true,"href":"https:\/\/www.i-rentacar.com\/de\/wp-json\/wp\/v2\/comments?post=9488"}],"version-history":[{"count":2,"href":"https:\/\/www.i-rentacar.com\/de\/wp-json\/wp\/v2\/pages\/9488\/revisions"}],"predecessor-version":[{"id":9490,"href":"https:\/\/www.i-rentacar.com\/de\/wp-json\/wp\/v2\/pages\/9488\/revisions\/9490"}],"wp:attachment":[{"href":"https:\/\/www.i-rentacar.com\/de\/wp-json\/wp\/v2\/media?parent=9488"}],"curies":[{"name":"wp","href":"https:\/\/api.w.org\/{rel}","templated":true}]}}