{"id":9473,"date":"2025-01-18T15:31:59","date_gmt":"2025-01-18T13:31:59","guid":{"rendered":"https:\/\/www.i-rentacar.com\/?page_id=9473"},"modified":"2025-02-01T14:18:07","modified_gmt":"2025-02-01T12:18:07","slug":"lake-kerkini-car-rental","status":"publish","type":"page","link":"https:\/\/www.i-rentacar.com\/de\/lake-kerkini-car-rental\/","title":{"rendered":"Lake Kerkini car rental"},"content":{"rendered":"<div class=\"fusion-fullwidth fullwidth-box fusion-builder-row-1 fusion-flex-container has-pattern-background has-mask-background nonhundred-percent-fullwidth non-hundred-percent-height-scrolling\" style=\"--awb-border-radius-top-left:0px;--awb-border-radius-top-right:0px;--awb-border-radius-bottom-right:0px;--awb-border-radius-bottom-left:0px;--awb-flex-wrap:wrap;\" ><div class=\"fusion-builder-row fusion-row fusion-flex-align-items-flex-start fusion-flex-content-wrap\" style=\"max-width:1300px;margin-left: calc(-4% \/ 2 );margin-right: calc(-4% \/ 2 );\"><div class=\"fusion-layout-column fusion_builder_column fusion-builder-column-0 fusion_builder_column_1_1 1_1 fusion-flex-column\" style=\"--awb-bg-size:cover;--awb-width-large:100%;--awb-margin-top-large:0px;--awb-spacing-right-large:1.92%;--awb-margin-bottom-large:20px;--awb-spacing-left-large:1.92%;--awb-width-medium:100%;--awb-order-medium:0;--awb-spacing-right-medium:1.92%;--awb-spacing-left-medium:1.92%;--awb-width-small:100%;--awb-order-small:0;--awb-spacing-right-small:1.92%;--awb-spacing-left-small:1.92%;\"><div class=\"fusion-column-wrapper fusion-column-has-shadow fusion-flex-justify-content-flex-start fusion-content-layout-column\"><div class=\"fusion-image-element \" style=\"text-align:center;--awb-caption-title-font-family:var(--h2_typography-font-family);--awb-caption-title-font-weight:var(--h2_typography-font-weight);--awb-caption-title-font-style:var(--h2_typography-font-style);--awb-caption-title-size:var(--h2_typography-font-size);--awb-caption-title-transform:var(--h2_typography-text-transform);--awb-caption-title-line-height:var(--h2_typography-line-height);--awb-caption-title-letter-spacing:var(--h2_typography-letter-spacing);\"><span class=\" fusion-imageframe imageframe-none imageframe-1 hover-type-none\"><img decoding=\"async\" width=\"1200\" height=\"600\" alt=\"\u03a6\u03bb\u03b1\u03bc\u03af\u03bd\u03b3\u03ba\u03bf \u039b\u03af\u03bc\u03bd\u03b7 \u039a\u03b5\u03c1\u03ba\u03af\u03bd\u03b7\" title=\"\u03a6\u03bb\u03b1\u03bc\u03af\u03bd\u03b3\u03ba\u03bf-\u039b\u03af\u03bc\u03bd\u03b7-\u039a\u03b5\u03c1\u03ba\u03af\u03bd\u03b7\" src=\"https:\/\/www.i-rentacar.com\/wp-content\/uploads\/2025\/01\/\u03a6\u03bb\u03b1\u03bc\u03af\u03bd\u03b3\u03ba\u03bf-\u039b\u03af\u03bc\u03bd\u03b7-\u039a\u03b5\u03c1\u03ba\u03af\u03bd\u03b7.jpg\" data-orig-src=\"https:\/\/www.i-rentacar.com\/wp-content\/uploads\/2025\/01\/\u03a6\u03bb\u03b1\u03bc\u03af\u03bd\u03b3\u03ba\u03bf-\u039b\u03af\u03bc\u03bd\u03b7-\u039a\u03b5\u03c1\u03ba\u03af\u03bd\u03b7.jpg\" class=\"lazyload img-responsive wp-image-9277\" srcset=\"data:image\/svg+xml,%3Csvg%20xmlns%3D%27http%3A%2F%2Fwww.w3.org%2F2000%2Fsvg%27%20width%3D%271200%27%20height%3D%27600%27%20viewBox%3D%270%200%201200%20600%27%3E%3Crect%20width%3D%271200%27%20height%3D%27600%27%20fill-opacity%3D%220%22%2F%3E%3C%2Fsvg%3E\" data-srcset=\"https:\/\/www.i-rentacar.com\/wp-content\/uploads\/2025\/01\/\u03a6\u03bb\u03b1\u03bc\u03af\u03bd\u03b3\u03ba\u03bf-\u039b\u03af\u03bc\u03bd\u03b7-\u039a\u03b5\u03c1\u03ba\u03af\u03bd\u03b7-200x100.jpg 200w, https:\/\/www.i-rentacar.com\/wp-content\/uploads\/2025\/01\/\u03a6\u03bb\u03b1\u03bc\u03af\u03bd\u03b3\u03ba\u03bf-\u039b\u03af\u03bc\u03bd\u03b7-\u039a\u03b5\u03c1\u03ba\u03af\u03bd\u03b7-400x200.jpg 400w, https:\/\/www.i-rentacar.com\/wp-content\/uploads\/2025\/01\/\u03a6\u03bb\u03b1\u03bc\u03af\u03bd\u03b3\u03ba\u03bf-\u039b\u03af\u03bc\u03bd\u03b7-\u039a\u03b5\u03c1\u03ba\u03af\u03bd\u03b7-600x300.jpg 600w, https:\/\/www.i-rentacar.com\/wp-content\/uploads\/2025\/01\/\u03a6\u03bb\u03b1\u03bc\u03af\u03bd\u03b3\u03ba\u03bf-\u039b\u03af\u03bc\u03bd\u03b7-\u039a\u03b5\u03c1\u03ba\u03af\u03bd\u03b7-800x400.jpg 800w, https:\/\/www.i-rentacar.com\/wp-content\/uploads\/2025\/01\/\u03a6\u03bb\u03b1\u03bc\u03af\u03bd\u03b3\u03ba\u03bf-\u039b\u03af\u03bc\u03bd\u03b7-\u039a\u03b5\u03c1\u03ba\u03af\u03bd\u03b7.jpg 1200w\" data-sizes=\"auto\" data-orig-sizes=\"(max-width: 640px) 100vw, 1200px\" \/><\/span><\/div><div class=\"fusion-text fusion-text-1\"><h1 style=\"text-align: center;\" data-pm-slice=\"1 1 &#091;&#093;\"><strong>Autovermietung und Besuch des Kerkini-Sees<\/strong><\/h1>\n<p><strong>Der Kerkini-See<\/strong> ist eines der beeindruckendsten Feuchtgebiete in Griechenland und bietet einzigartige Erlebnisse f\u00fcr Naturliebhaber, Fotografen und Reisende, die Entspannung suchen. Bekannt f\u00fcr seine reiche Flora und Fauna ist Kerkini ein ideales Ziel f\u00fcr diejenigen, die die Natur und Outdoor-Aktivit\u00e4ten lieben. Um Ihre Reise ohne Einschr\u00e4nkungen voll zu genie\u00dfen, ist <strong>die Autovermietung am Kerkini-See<\/strong> von <strong>i-rentacar<\/strong> die beste Wahl, da sie Ihnen erm\u00f6glicht, die Gegend mit Komfort und Freiheit zu erkunden.<\/p>\n<h3 style=\"text-align: center;\"><strong>Route zum Kerkini-See<\/strong><\/h3>\n<p>Der Kerkini-See liegt etwa <strong>100 Kilometer von Thessaloniki<\/strong> entfernt, eine Strecke, die mit dem Auto in etwa <strong>1,5 Stunden<\/strong> zur\u00fcckgelegt wird. Die Route ist landschaftlich reizvoll und f\u00fchrt durch malerische D\u00f6rfer und \u00fcppige Landschaften. Mit <strong>der Autovermietung von i-rentacar<\/strong> k\u00f6nnen Sie komfortabel reisen, f\u00fcr eine Pause anhalten und Ihre Reise stressfrei genie\u00dfen.<\/p>\n<h3 style=\"text-align: center;\"><strong>Warum die Autovermietung am Kerkini-See w\u00e4hlen<\/strong><\/h3>\n<ol start=\"1\" data-spread=\"false\">\n<li><strong>Komfort und Bequemlichkeit<\/strong>: Vermeiden Sie die Unannehmlichkeiten des \u00f6ffentlichen Verkehrs und reisen Sie in Ihrem eigenen Tempo.<\/li>\n<li><strong>Zugang zu verschiedenen Orten<\/strong>: Mit Ihrem eigenen Auto k\u00f6nnen Sie die besten Orte rund um den See besuchen, wie das <strong>Vogelschutz-Observatorium<\/strong>, das <strong>Kerkini-Staudamm<\/strong> und das <strong>Dorf Lithotopos<\/strong>.<\/li>\n<li><strong>Ideal f\u00fcr Familien und Gruppen<\/strong>: Wenn Sie mit Freunden oder der Familie reisen, ist die Anmietung eines Autos die bequemste und wirtschaftlichste L\u00f6sung.<\/li>\n<li><strong>Erkundung der Umgebung<\/strong>: Neben dem See k\u00f6nnen Sie den <strong>Mount Belles<\/strong>, die <strong>Thermalquellen von Sidirokastro<\/strong> und die <strong>Roupel-Festung<\/strong> besuchen.<\/li>\n<\/ol>\n<\/div><div class=\"fusion-image-element \" style=\"text-align:center;--awb-caption-title-font-family:var(--h2_typography-font-family);--awb-caption-title-font-weight:var(--h2_typography-font-weight);--awb-caption-title-font-style:var(--h2_typography-font-style);--awb-caption-title-size:var(--h2_typography-font-size);--awb-caption-title-transform:var(--h2_typography-text-transform);--awb-caption-title-line-height:var(--h2_typography-line-height);--awb-caption-title-letter-spacing:var(--h2_typography-letter-spacing);\"><span class=\" fusion-imageframe imageframe-none imageframe-2 hover-type-none\"><img decoding=\"async\" width=\"1200\" height=\"600\" alt=\"\u03a6\u03bb\u03b1\u03bc\u03af\u03bd\u03b3\u03ba\u03bf \u039b\u03af\u03bc\u03bd\u03b7 \u039a\u03b5\u03c1\u03ba\u03af\u03bd\u03b7 \" title=\"\u039b\u03b9\u03bc\u03bd\u03be-\u03ba\" src=\"https:\/\/www.i-rentacar.com\/wp-content\/uploads\/2025\/01\/\u039b\u03b9\u03bc\u03bd\u03be-\u03ba.jpg\" data-orig-src=\"https:\/\/www.i-rentacar.com\/wp-content\/uploads\/2025\/01\/\u039b\u03b9\u03bc\u03bd\u03be-\u03ba.jpg\" class=\"lazyload img-responsive wp-image-9283\" srcset=\"data:image\/svg+xml,%3Csvg%20xmlns%3D%27http%3A%2F%2Fwww.w3.org%2F2000%2Fsvg%27%20width%3D%271200%27%20height%3D%27600%27%20viewBox%3D%270%200%201200%20600%27%3E%3Crect%20width%3D%271200%27%20height%3D%27600%27%20fill-opacity%3D%220%22%2F%3E%3C%2Fsvg%3E\" data-srcset=\"https:\/\/www.i-rentacar.com\/wp-content\/uploads\/2025\/01\/\u039b\u03b9\u03bc\u03bd\u03be-\u03ba-200x100.jpg 200w, https:\/\/www.i-rentacar.com\/wp-content\/uploads\/2025\/01\/\u039b\u03b9\u03bc\u03bd\u03be-\u03ba-400x200.jpg 400w, https:\/\/www.i-rentacar.com\/wp-content\/uploads\/2025\/01\/\u039b\u03b9\u03bc\u03bd\u03be-\u03ba-600x300.jpg 600w, https:\/\/www.i-rentacar.com\/wp-content\/uploads\/2025\/01\/\u039b\u03b9\u03bc\u03bd\u03be-\u03ba-800x400.jpg 800w, https:\/\/www.i-rentacar.com\/wp-content\/uploads\/2025\/01\/\u039b\u03b9\u03bc\u03bd\u03be-\u03ba.jpg 1200w\" data-sizes=\"auto\" data-orig-sizes=\"(max-width: 640px) 100vw, 1200px\" \/><\/span><\/div><div class=\"fusion-text fusion-text-2\"><h3 style=\"text-align: center;\"><strong>Was man am Kerkini-See sehen kann<\/strong><\/h3>\n<p>Kerkini bietet einzigartige Erlebnisse f\u00fcr alle Besucher:<\/p>\n<ul data-spread=\"false\">\n<li><strong>Vogelbeobachtung<\/strong>: Das Feuchtgebiet beheimatet \u00fcber <strong>300 Vogelarten<\/strong>, darunter rosa Pelikane und Kormorane.<\/li>\n<li><strong>Bootfahren auf dem See<\/strong>: Erkunden Sie Kerkini mit traditionellen Booten und genie\u00dfen Sie die ruhige Landschaft.<\/li>\n<li><strong>Reiten und Wandern<\/strong>: Das Gebiet bietet wundersch\u00f6ne Wanderwege f\u00fcr Naturliebhaber und Abenteuerlustige.<\/li>\n<li><strong>Lokale D\u00f6rfer<\/strong>: Besuchen Sie <strong>Akritohori<\/strong> und <strong>Kerkini<\/strong>, um lokale K\u00f6stlichkeiten und traditionelle Produkte zu probieren.<\/li>\n<\/ul>\n<h3 style=\"text-align: center;\"><strong>Essens- und Unterhaltungsempfehlungen<\/strong><\/h3>\n<p>In der Umgebung finden Sie ausgezeichnete Tavernen, in denen Sie <strong>B\u00fcffelfleisch<\/strong>, frischen Fisch aus dem See und traditionelle mazedonische Gerichte probieren k\u00f6nnen. Besonders in den Tavernen von Lithotopos wird das Essen von einem wunderbaren Blick auf den See begleitet.<\/p>\n<h3 style=\"text-align: center;\"><strong>Tipps f\u00fcr die Autovermietung<\/strong><\/h3>\n<ul data-spread=\"false\">\n<li><strong>Fr\u00fch buchen<\/strong>: Besonders wenn Sie Kerkini im Fr\u00fchling oder Herbst besuchen, da dies die besten Jahreszeiten sind.<\/li>\n<li><strong>W\u00e4hlen Sie das richtige Fahrzeug<\/strong>: Wenn Sie planen, auf Schotterstra\u00dfen zu fahren, ist ein SUV m\u00f6glicherweise die beste Wahl.<\/li>\n<li><strong>Pr\u00fcfen Sie die Kraftstoffrichtlinien<\/strong>: Die meisten Unternehmen liefern das Fahrzeug mit einem vollen Tank.<\/li>\n<\/ul>\n<h3 style=\"text-align: center;\"><strong>Fazit<\/strong><\/h3>\n<p><strong>Die Autovermietung am Kerkini-See<\/strong> von <strong>i-rentacar<\/strong> ist die ideale Wahl, um diese bezaubernde Gegend mit Komfort und Flexibilit\u00e4t zu erkunden. Planen Sie Ihre Reise, w\u00e4hlen Sie das richtige Fahrzeug und genie\u00dfen Sie ein einzigartiges Erlebnis in der Natur von Kerkini!<\/p>\n<\/div><div class=\"fusion-image-element \" style=\"text-align:center;--awb-caption-title-font-family:var(--h2_typography-font-family);--awb-caption-title-font-weight:var(--h2_typography-font-weight);--awb-caption-title-font-style:var(--h2_typography-font-style);--awb-caption-title-size:var(--h2_typography-font-size);--awb-caption-title-transform:var(--h2_typography-text-transform);--awb-caption-title-line-height:var(--h2_typography-line-height);--awb-caption-title-letter-spacing:var(--h2_typography-letter-spacing);\"><span class=\" fusion-imageframe imageframe-none imageframe-3 hover-type-none\"><img decoding=\"async\" width=\"1200\" height=\"600\" alt=\"\u0395\u03bd\u03bf\u03b9\u03ba\u03af\u03b1\u03c3\u03b7 \u03b1\u03c5\u03c4\u03bf\u03ba\u03b9\u03bd\u03ae\u03c4\u03bf\u03c5 \u039b\u03af\u03bc\u03bd\u03b7 \u039a\u03b5\u03c1\u03ba\u03af\u03bd\u03b7\" title=\"\u039b\u03b9\u03bc\u03bd\u03b7-\u03ba\u03b5\u03c1\u03ba\u03b9\u03bd\u03b7\" src=\"https:\/\/www.i-rentacar.com\/wp-content\/uploads\/2025\/01\/\u039b\u03b9\u03bc\u03bd\u03b7-\u03ba\u03b5\u03c1\u03ba\u03b9\u03bd\u03b7.jpg\" data-orig-src=\"https:\/\/www.i-rentacar.com\/wp-content\/uploads\/2025\/01\/\u039b\u03b9\u03bc\u03bd\u03b7-\u03ba\u03b5\u03c1\u03ba\u03b9\u03bd\u03b7.jpg\" class=\"lazyload img-responsive wp-image-9224\" srcset=\"data:image\/svg+xml,%3Csvg%20xmlns%3D%27http%3A%2F%2Fwww.w3.org%2F2000%2Fsvg%27%20width%3D%271200%27%20height%3D%27600%27%20viewBox%3D%270%200%201200%20600%27%3E%3Crect%20width%3D%271200%27%20height%3D%27600%27%20fill-opacity%3D%220%22%2F%3E%3C%2Fsvg%3E\" data-srcset=\"https:\/\/www.i-rentacar.com\/wp-content\/uploads\/2025\/01\/\u039b\u03b9\u03bc\u03bd\u03b7-\u03ba\u03b5\u03c1\u03ba\u03b9\u03bd\u03b7-200x100.jpg 200w, https:\/\/www.i-rentacar.com\/wp-content\/uploads\/2025\/01\/\u039b\u03b9\u03bc\u03bd\u03b7-\u03ba\u03b5\u03c1\u03ba\u03b9\u03bd\u03b7-400x200.jpg 400w, https:\/\/www.i-rentacar.com\/wp-content\/uploads\/2025\/01\/\u039b\u03b9\u03bc\u03bd\u03b7-\u03ba\u03b5\u03c1\u03ba\u03b9\u03bd\u03b7-600x300.jpg 600w, https:\/\/www.i-rentacar.com\/wp-content\/uploads\/2025\/01\/\u039b\u03b9\u03bc\u03bd\u03b7-\u03ba\u03b5\u03c1\u03ba\u03b9\u03bd\u03b7-800x400.jpg 800w, https:\/\/www.i-rentacar.com\/wp-content\/uploads\/2025\/01\/\u039b\u03b9\u03bc\u03bd\u03b7-\u03ba\u03b5\u03c1\u03ba\u03b9\u03bd\u03b7.jpg 1200w\" data-sizes=\"auto\" data-orig-sizes=\"(max-width: 640px) 100vw, 1200px\" \/><\/span><\/div><\/div><\/div><\/div><\/div>\n","protected":false},"excerpt":{"rendered":"","protected":false},"author":1,"featured_media":0,"parent":0,"menu_order":0,"comment_status":"closed","ping_status":"closed","template":"100-width.php","meta":{"footnotes":""},"class_list":["post-9473","page","type-page","status-publish","hentry"],"yoast_head":"<!-- This site is optimized with the Yoast SEO plugin v27.0 - https:\/\/yoast.com\/product\/yoast-seo-wordpress\/ -->\n<title>Lake Kerkini car rental | i-rentacar.com<\/title>\n<meta name=\"robots\" content=\"index, follow, max-snippet:-1, max-image-preview:large, max-video-preview:-1\" \/>\n<link rel=\"canonical\" href=\"https:\/\/www.i-rentacar.com\/de\/lake-kerkini-car-rental\/\" \/>\n<meta property=\"og:locale\" content=\"de_DE\" \/>\n<meta property=\"og:type\" content=\"article\" \/>\n<meta property=\"og:title\" content=\"Lake Kerkini car rental | i-rentacar.com\" \/>\n<meta property=\"og:url\" content=\"https:\/\/www.i-rentacar.com\/de\/lake-kerkini-car-rental\/\" \/>\n<meta property=\"og:site_name\" content=\"i-rentacar.com\" \/>\n<meta property=\"article:modified_time\" content=\"2025-02-01T12:18:07+00:00\" \/>\n<meta name=\"twitter:card\" content=\"summary_large_image\" \/>\n<meta name=\"twitter:label1\" content=\"Gesch\u00e4tzte Lesezeit\" \/>\n\t<meta name=\"twitter:data1\" content=\"12\u00a0Minuten\" \/>\n<script type=\"application\/ld+json\" class=\"yoast-schema-graph\">{\"@context\":\"https:\/\/schema.org\",\"@graph\":[{\"@type\":\"WebPage\",\"@id\":\"https:\/\/www.i-rentacar.com\/de\/lake-kerkini-car-rental\/\",\"url\":\"https:\/\/www.i-rentacar.com\/de\/lake-kerkini-car-rental\/\",\"name\":\"Lake Kerkini car rental | i-rentacar.com\",\"isPartOf\":{\"@id\":\"https:\/\/www.i-rentacar.com\/de\/#website\"},\"datePublished\":\"2025-01-18T13:31:59+00:00\",\"dateModified\":\"2025-02-01T12:18:07+00:00\",\"breadcrumb\":{\"@id\":\"https:\/\/www.i-rentacar.com\/de\/lake-kerkini-car-rental\/#breadcrumb\"},\"inLanguage\":\"de\",\"potentialAction\":[{\"@type\":\"ReadAction\",\"target\":[\"https:\/\/www.i-rentacar.com\/de\/lake-kerkini-car-rental\/\"]}]},{\"@type\":\"BreadcrumbList\",\"@id\":\"https:\/\/www.i-rentacar.com\/de\/lake-kerkini-car-rental\/#breadcrumb\",\"itemListElement\":[{\"@type\":\"ListItem\",\"position\":1,\"name\":\"Home\",\"item\":\"https:\/\/www.i-rentacar.com\/de\/\"},{\"@type\":\"ListItem\",\"position\":2,\"name\":\"Lake Kerkini car rental\"}]},{\"@type\":\"WebSite\",\"@id\":\"https:\/\/www.i-rentacar.com\/de\/#website\",\"url\":\"https:\/\/www.i-rentacar.com\/de\/\",\"name\":\"i-rentacar.com\",\"description\":\"Autovermietung Thessaloniki, Minibus, Gel\u00e4ndewagen, Flughafen Thessaloniki, Mietwagen Thessaloniki Halkidiki, Mietwagen Thessaloniki Flughafen skg\",\"publisher\":{\"@id\":\"https:\/\/www.i-rentacar.com\/de\/#organization\"},\"potentialAction\":[{\"@type\":\"SearchAction\",\"target\":{\"@type\":\"EntryPoint\",\"urlTemplate\":\"https:\/\/www.i-rentacar.com\/de\/?s={search_term_string}\"},\"query-input\":{\"@type\":\"PropertyValueSpecification\",\"valueRequired\":true,\"valueName\":\"search_term_string\"}}],\"inLanguage\":\"de\"},{\"@type\":\"Organization\",\"@id\":\"https:\/\/www.i-rentacar.com\/de\/#organization\",\"name\":\"i-rentacar.com\",\"url\":\"https:\/\/www.i-rentacar.com\/de\/\",\"logo\":{\"@type\":\"ImageObject\",\"inLanguage\":\"de\",\"@id\":\"https:\/\/www.i-rentacar.com\/de\/#\/schema\/logo\/image\/\",\"url\":\"https:\/\/www.i-rentacar.com\/wp-content\/uploads\/2021\/08\/logo-i-rentacar-com-3.png\",\"contentUrl\":\"https:\/\/www.i-rentacar.com\/wp-content\/uploads\/2021\/08\/logo-i-rentacar-com-3.png\",\"width\":383,\"height\":150,\"caption\":\"i-rentacar.com\"},\"image\":{\"@id\":\"https:\/\/www.i-rentacar.com\/de\/#\/schema\/logo\/image\/\"}}]}<\/script>\n<!-- \/ Yoast SEO plugin. -->","yoast_head_json":{"title":"Lake Kerkini car rental | i-rentacar.com","robots":{"index":"index","follow":"follow","max-snippet":"max-snippet:-1","max-image-preview":"max-image-preview:large","max-video-preview":"max-video-preview:-1"},"canonical":"https:\/\/www.i-rentacar.com\/de\/lake-kerkini-car-rental\/","og_locale":"de_DE","og_type":"article","og_title":"Lake Kerkini car rental | i-rentacar.com","og_url":"https:\/\/www.i-rentacar.com\/de\/lake-kerkini-car-rental\/","og_site_name":"i-rentacar.com","article_modified_time":"2025-02-01T12:18:07+00:00","twitter_card":"summary_large_image","twitter_misc":{"Gesch\u00e4tzte Lesezeit":"12\u00a0Minuten"},"schema":{"@context":"https:\/\/schema.org","@graph":[{"@type":"WebPage","@id":"https:\/\/www.i-rentacar.com\/de\/lake-kerkini-car-rental\/","url":"https:\/\/www.i-rentacar.com\/de\/lake-kerkini-car-rental\/","name":"Lake Kerkini car rental | i-rentacar.com","isPartOf":{"@id":"https:\/\/www.i-rentacar.com\/de\/#website"},"datePublished":"2025-01-18T13:31:59+00:00","dateModified":"2025-02-01T12:18:07+00:00","breadcrumb":{"@id":"https:\/\/www.i-rentacar.com\/de\/lake-kerkini-car-rental\/#breadcrumb"},"inLanguage":"de","potentialAction":[{"@type":"ReadAction","target":["https:\/\/www.i-rentacar.com\/de\/lake-kerkini-car-rental\/"]}]},{"@type":"BreadcrumbList","@id":"https:\/\/www.i-rentacar.com\/de\/lake-kerkini-car-rental\/#breadcrumb","itemListElement":[{"@type":"ListItem","position":1,"name":"Home","item":"https:\/\/www.i-rentacar.com\/de\/"},{"@type":"ListItem","position":2,"name":"Lake Kerkini car rental"}]},{"@type":"WebSite","@id":"https:\/\/www.i-rentacar.com\/de\/#website","url":"https:\/\/www.i-rentacar.com\/de\/","name":"i-rentacar.com","description":"Autovermietung Thessaloniki, Minibus, Gel\u00e4ndewagen, Flughafen Thessaloniki, Mietwagen Thessaloniki Halkidiki, Mietwagen Thessaloniki Flughafen skg","publisher":{"@id":"https:\/\/www.i-rentacar.com\/de\/#organization"},"potentialAction":[{"@type":"SearchAction","target":{"@type":"EntryPoint","urlTemplate":"https:\/\/www.i-rentacar.com\/de\/?s={search_term_string}"},"query-input":{"@type":"PropertyValueSpecification","valueRequired":true,"valueName":"search_term_string"}}],"inLanguage":"de"},{"@type":"Organization","@id":"https:\/\/www.i-rentacar.com\/de\/#organization","name":"i-rentacar.com","url":"https:\/\/www.i-rentacar.com\/de\/","logo":{"@type":"ImageObject","inLanguage":"de","@id":"https:\/\/www.i-rentacar.com\/de\/#\/schema\/logo\/image\/","url":"https:\/\/www.i-rentacar.com\/wp-content\/uploads\/2021\/08\/logo-i-rentacar-com-3.png","contentUrl":"https:\/\/www.i-rentacar.com\/wp-content\/uploads\/2021\/08\/logo-i-rentacar-com-3.png","width":383,"height":150,"caption":"i-rentacar.com"},"image":{"@id":"https:\/\/www.i-rentacar.com\/de\/#\/schema\/logo\/image\/"}}]}},"_links":{"self":[{"href":"https:\/\/www.i-rentacar.com\/de\/wp-json\/wp\/v2\/pages\/9473","targetHints":{"allow":["GET"]}}],"collection":[{"href":"https:\/\/www.i-rentacar.com\/de\/wp-json\/wp\/v2\/pages"}],"about":[{"href":"https:\/\/www.i-rentacar.com\/de\/wp-json\/wp\/v2\/types\/page"}],"author":[{"embeddable":true,"href":"https:\/\/www.i-rentacar.com\/de\/wp-json\/wp\/v2\/users\/1"}],"replies":[{"embeddable":true,"href":"https:\/\/www.i-rentacar.com\/de\/wp-json\/wp\/v2\/comments?post=9473"}],"version-history":[{"count":2,"href":"https:\/\/www.i-rentacar.com\/de\/wp-json\/wp\/v2\/pages\/9473\/revisions"}],"predecessor-version":[{"id":9475,"href":"https:\/\/www.i-rentacar.com\/de\/wp-json\/wp\/v2\/pages\/9473\/revisions\/9475"}],"wp:attachment":[{"href":"https:\/\/www.i-rentacar.com\/de\/wp-json\/wp\/v2\/media?parent=9473"}],"curies":[{"name":"wp","href":"https:\/\/api.w.org\/{rel}","templated":true}]}}