{"id":9470,"date":"2025-01-18T15:25:34","date_gmt":"2025-01-18T13:25:34","guid":{"rendered":"https:\/\/www.i-rentacar.com\/?page_id=9470"},"modified":"2025-02-01T14:15:10","modified_gmt":"2025-02-01T12:15:10","slug":"autovermietung-naoussa","status":"publish","type":"page","link":"https:\/\/www.i-rentacar.com\/de\/autovermietung-naoussa\/","title":{"rendered":"Autovermietung Naoussa"},"content":{"rendered":"<div class=\"fusion-fullwidth fullwidth-box fusion-builder-row-1 fusion-flex-container has-pattern-background has-mask-background nonhundred-percent-fullwidth non-hundred-percent-height-scrolling\" style=\"--awb-border-radius-top-left:0px;--awb-border-radius-top-right:0px;--awb-border-radius-bottom-right:0px;--awb-border-radius-bottom-left:0px;--awb-flex-wrap:wrap;\" ><div class=\"fusion-builder-row fusion-row fusion-flex-align-items-flex-start fusion-flex-content-wrap\" style=\"max-width:1300px;margin-left: calc(-4% \/ 2 );margin-right: calc(-4% \/ 2 );\"><div class=\"fusion-layout-column fusion_builder_column fusion-builder-column-0 fusion_builder_column_1_1 1_1 fusion-flex-column\" style=\"--awb-bg-size:cover;--awb-width-large:100%;--awb-margin-top-large:0px;--awb-spacing-right-large:1.92%;--awb-margin-bottom-large:20px;--awb-spacing-left-large:1.92%;--awb-width-medium:100%;--awb-order-medium:0;--awb-spacing-right-medium:1.92%;--awb-spacing-left-medium:1.92%;--awb-width-small:100%;--awb-order-small:0;--awb-spacing-right-small:1.92%;--awb-spacing-left-small:1.92%;\"><div class=\"fusion-column-wrapper fusion-column-has-shadow fusion-flex-justify-content-flex-start fusion-content-layout-column\"><div class=\"fusion-image-element \" style=\"text-align:center;--awb-caption-title-font-family:var(--h2_typography-font-family);--awb-caption-title-font-weight:var(--h2_typography-font-weight);--awb-caption-title-font-style:var(--h2_typography-font-style);--awb-caption-title-size:var(--h2_typography-font-size);--awb-caption-title-transform:var(--h2_typography-text-transform);--awb-caption-title-line-height:var(--h2_typography-line-height);--awb-caption-title-letter-spacing:var(--h2_typography-letter-spacing);\"><span class=\" fusion-imageframe imageframe-none imageframe-1 hover-type-none\"><img decoding=\"async\" width=\"1200\" height=\"600\" alt=\"\u0395\u03bd\u03bf\u03b9\u03ba\u03af\u03b1\u03c3\u03b7-\u03b1\u03c5\u03c4\u03bf\u03ba\u03b9\u03bd\u03ae\u03c4\u03bf\u03c5-\u039d\u03ac\u03bf\u03c5\u03c3\u03b1\" title=\"\u0395\u03bd\u03bf\u03b9\u03ba\u03af\u03b1\u03c3\u03b7-\u03b1\u03c5\u03c4\u03bf\u03ba\u03b9\u03bd\u03ae\u03c4\u03bf\u03c5-\u039d\u03ac\u03bf\u03c5\u03c3\u03b1\" src=\"https:\/\/www.i-rentacar.com\/wp-content\/uploads\/2025\/01\/\u0395\u03bd\u03bf\u03b9\u03ba\u03af\u03b1\u03c3\u03b7-\u03b1\u03c5\u03c4\u03bf\u03ba\u03b9\u03bd\u03ae\u03c4\u03bf\u03c5-\u039d\u03ac\u03bf\u03c5\u03c3\u03b1.jpg\" data-orig-src=\"https:\/\/www.i-rentacar.com\/wp-content\/uploads\/2025\/01\/\u0395\u03bd\u03bf\u03b9\u03ba\u03af\u03b1\u03c3\u03b7-\u03b1\u03c5\u03c4\u03bf\u03ba\u03b9\u03bd\u03ae\u03c4\u03bf\u03c5-\u039d\u03ac\u03bf\u03c5\u03c3\u03b1.jpg\" class=\"lazyload img-responsive wp-image-9212\" srcset=\"data:image\/svg+xml,%3Csvg%20xmlns%3D%27http%3A%2F%2Fwww.w3.org%2F2000%2Fsvg%27%20width%3D%271200%27%20height%3D%27600%27%20viewBox%3D%270%200%201200%20600%27%3E%3Crect%20width%3D%271200%27%20height%3D%27600%27%20fill-opacity%3D%220%22%2F%3E%3C%2Fsvg%3E\" data-srcset=\"https:\/\/www.i-rentacar.com\/wp-content\/uploads\/2025\/01\/\u0395\u03bd\u03bf\u03b9\u03ba\u03af\u03b1\u03c3\u03b7-\u03b1\u03c5\u03c4\u03bf\u03ba\u03b9\u03bd\u03ae\u03c4\u03bf\u03c5-\u039d\u03ac\u03bf\u03c5\u03c3\u03b1-200x100.jpg 200w, https:\/\/www.i-rentacar.com\/wp-content\/uploads\/2025\/01\/\u0395\u03bd\u03bf\u03b9\u03ba\u03af\u03b1\u03c3\u03b7-\u03b1\u03c5\u03c4\u03bf\u03ba\u03b9\u03bd\u03ae\u03c4\u03bf\u03c5-\u039d\u03ac\u03bf\u03c5\u03c3\u03b1-400x200.jpg 400w, https:\/\/www.i-rentacar.com\/wp-content\/uploads\/2025\/01\/\u0395\u03bd\u03bf\u03b9\u03ba\u03af\u03b1\u03c3\u03b7-\u03b1\u03c5\u03c4\u03bf\u03ba\u03b9\u03bd\u03ae\u03c4\u03bf\u03c5-\u039d\u03ac\u03bf\u03c5\u03c3\u03b1-600x300.jpg 600w, https:\/\/www.i-rentacar.com\/wp-content\/uploads\/2025\/01\/\u0395\u03bd\u03bf\u03b9\u03ba\u03af\u03b1\u03c3\u03b7-\u03b1\u03c5\u03c4\u03bf\u03ba\u03b9\u03bd\u03ae\u03c4\u03bf\u03c5-\u039d\u03ac\u03bf\u03c5\u03c3\u03b1-800x400.jpg 800w, https:\/\/www.i-rentacar.com\/wp-content\/uploads\/2025\/01\/\u0395\u03bd\u03bf\u03b9\u03ba\u03af\u03b1\u03c3\u03b7-\u03b1\u03c5\u03c4\u03bf\u03ba\u03b9\u03bd\u03ae\u03c4\u03bf\u03c5-\u039d\u03ac\u03bf\u03c5\u03c3\u03b1.jpg 1200w\" data-sizes=\"auto\" data-orig-sizes=\"(max-width: 640px) 100vw, 1200px\" \/><\/span><\/div><div class=\"fusion-text fusion-text-1\"><h1 style=\"text-align: center;\" data-pm-slice=\"1 1 &#091;&#093;\"><strong>Autovermietung und Besuch in Naoussa<\/strong><\/h1>\n<p><strong>Naoussa<\/strong> ist eines der sch\u00f6nsten Reiseziele in Makedonien, bekannt f\u00fcr seine \u00fcppigen Landschaften, reichen historischen Monumente und renommierten lokalen Weine. Die Stadt bietet den Besuchern ein einzigartiges Erlebnis, sei es zur Entspannung oder zur Erkundung der Natur und des kulturellen Erbes. Um das Beste aus Ihrer Reise herauszuholen, ist die <strong>Autovermietung in Naoussa<\/strong> von <strong>i-rentacar<\/strong> die beste Option, da sie Komfort und Flexibilit\u00e4t bei Ihren Reisen bietet.<\/p>\n<h3 style=\"text-align: center;\"><strong>Route nach Naoussa<\/strong><\/h3>\n<p>Naoussa liegt etwa <strong>90 Kilometer von Thessaloniki<\/strong> entfernt und ist somit ein ideales Ziel f\u00fcr einen Tagesausflug oder ein Wochenendtrip. Die Route ist angenehm und bietet wundersch\u00f6ne Landschaften und vielf\u00e4ltige Ausblicke. Mit der <strong>Autovermietung von i-rentacar<\/strong> k\u00f6nnen Sie bequem reisen, in malerischen D\u00f6rfern anhalten und die Reise in Ihrem eigenen Tempo genie\u00dfen.<\/p>\n<h3 style=\"text-align: center;\"><strong>Warum sollten Sie sich f\u00fcr eine Autovermietung in Naoussa entscheiden?<\/strong><\/h3>\n<ol start=\"1\" data-spread=\"false\">\n<li><strong>Komfort und Bequemlichkeit<\/strong>: Vermeiden Sie die Einschr\u00e4nkungen des \u00f6ffentlichen Verkehrs und bewegen Sie sich frei.<\/li>\n<li><strong>Die Region erkunden<\/strong>: Besuchen Sie nicht nur die Stadt, sondern auch nahegelegene Sehensw\u00fcrdigkeiten wie den <strong>Agios Nikolaos Park<\/strong>, die Weinberge von Naoussa und das arch\u00e4ologische Gel\u00e4nde von Mieza.<\/li>\n<li><strong>Kosteng\u00fcnstig und praktisch<\/strong>: Wenn Sie mit Freunden oder der Familie reisen, ist das Mieten eines Autos eine wirtschaftliche Wahl.<\/li>\n<li><strong>Einfache Erreichbarkeit<\/strong>: Die Stra\u00dfen in der Gegend sind fahrerfreundlich, was das Reisen bequem macht.<\/li>\n<\/ol>\n<\/div><div class=\"fusion-image-element \" style=\"text-align:center;--awb-caption-title-font-family:var(--h2_typography-font-family);--awb-caption-title-font-weight:var(--h2_typography-font-weight);--awb-caption-title-font-style:var(--h2_typography-font-style);--awb-caption-title-size:var(--h2_typography-font-size);--awb-caption-title-transform:var(--h2_typography-text-transform);--awb-caption-title-line-height:var(--h2_typography-line-height);--awb-caption-title-letter-spacing:var(--h2_typography-letter-spacing);\"><span class=\" fusion-imageframe imageframe-none imageframe-2 hover-type-none\"><img decoding=\"async\" width=\"1200\" height=\"600\" alt=\"\u0395\u03bd\u03bf\u03b9\u03ba\u03af\u03b1\u03c3\u03b7 \u03b1\u03c5\u03c4\u03bf\u03ba\u03b9\u03bd\u03ae\u03c4\u03bf\u03c5 \u039d\u03ac\u03bf\u03c5\u03c3\u03b1\" title=\"\u039d\u03ac\u03bf\u03c5\u03c3\u03b1\" src=\"data:image\/svg+xml,%3Csvg%20xmlns%3D%27http%3A%2F%2Fwww.w3.org%2F2000%2Fsvg%27%20width%3D%271200%27%20height%3D%27600%27%20viewBox%3D%270%200%201200%20600%27%3E%3Crect%20width%3D%271200%27%20height%3D%27600%27%20fill-opacity%3D%220%22%2F%3E%3C%2Fsvg%3E\" data-orig-src=\"https:\/\/www.i-rentacar.com\/wp-content\/uploads\/2025\/01\/\u039d\u03b1\u03bf\u03c5\u03c3\u03b1.jpg\" class=\"lazyload img-responsive wp-image-9217\"\/><\/span><\/div><div class=\"fusion-text fusion-text-2\"><h3 style=\"text-align: center;\"><strong>Was man in Naoussa sehen sollte<\/strong><\/h3>\n<p>Naoussa ist bekannt f\u00fcr seine nat\u00fcrliche Sch\u00f6nheit und bedeutenden historischen Sehensw\u00fcrdigkeiten. Einige der wichtigsten Orte, die einen Besuch wert sind, sind:<\/p>\n<ul data-spread=\"false\">\n<li><strong>Agios Nikolaos Grove<\/strong>: Ein \u00fcppiger Park mit B\u00e4chen und alten Platanen, ideal zum Entspannen und Wandern.<\/li>\n<li><strong>Arch\u00e4ologische St\u00e4tte der Schule von Aristoteles<\/strong>: Der Ort, an dem der Philosoph Alexander den Gro\u00dfen unterrichtete.<\/li>\n<li><strong>Die ber\u00fchmten Weinberge von Naoussa<\/strong>: Perfekt f\u00fcr Weinliebhaber, mit Weing\u00fctern, die Verkostungen lokaler Sorten anbieten.<\/li>\n<li><strong>Altstadt und historisches Zentrum<\/strong>: Traditionelle mazedonische Herrenh\u00e4user und gepflasterte Stra\u00dfen schaffen eine einzigartige Atmosph\u00e4re.<\/li>\n<\/ul>\n<h3 style=\"text-align: center;\"><strong>Essens- und Freizeitvorschl\u00e4ge<\/strong><\/h3>\n<p>Naoussa ist ber\u00fchmt f\u00fcr seine lokale K\u00fcche. In traditionellen Tavernen und modernen Restaurants k\u00f6nnen Sie <strong>lokales Spie\u00dflamm, traditionelle Pies, lokale K\u00e4sesorten und den renommierten Xinomavro-Wein<\/strong> genie\u00dfen.<\/p>\n<h3 style=\"text-align: center;\"><strong>Autovermietung Tipps<\/strong><\/h3>\n<ul data-spread=\"false\">\n<li><strong>Buchen Sie fr\u00fchzeitig<\/strong>: Besonders wenn Sie Naoussa w\u00e4hrend der Ferienzeit oder des Weinfestes besuchen.<\/li>\n<li><strong>W\u00e4hlen Sie das richtige Fahrzeug<\/strong>: Wenn Sie Naturausfl\u00fcge planen, entscheiden Sie sich f\u00fcr ein SUV oder ein komfortableres Fahrzeug.<\/li>\n<li><strong>\u00dcberpr\u00fcfen Sie die Kraftstoffrichtlinien<\/strong>: Die meisten Unternehmen stellen Fahrzeuge mit vollem Tank zur Verf\u00fcgung.<\/li>\n<\/ul>\n<h3 style=\"text-align: center;\"><strong>Fazit<\/strong><\/h3>\n<p><strong>Autovermietung in Naoussa<\/strong> von <strong>i-rentacar<\/strong> ist die beste Wahl f\u00fcr eine komfortable und angenehme Erkundung dieser wundersch\u00f6nen Gegend. Mit Ihrem eigenen Fahrzeug k\u00f6nnen Sie sich frei bewegen, die lokale Kultur erleben und ein einzigartiges Reiseerlebnis genie\u00dfen. Planen Sie Ihre Reise, w\u00e4hlen Sie das richtige Auto und entdecken Sie Naoussa mit absoluter Leichtigkeit und Komfort!<\/p>\n<\/div><\/div><\/div><\/div><\/div>\n","protected":false},"excerpt":{"rendered":"","protected":false},"author":1,"featured_media":0,"parent":0,"menu_order":0,"comment_status":"closed","ping_status":"closed","template":"100-width.php","meta":{"footnotes":""},"class_list":["post-9470","page","type-page","status-publish","hentry"],"yoast_head":"<!-- This site is optimized with the Yoast SEO plugin v27.0 - https:\/\/yoast.com\/product\/yoast-seo-wordpress\/ -->\n<title>Autovermietung Naoussa | i-rentacar.com<\/title>\n<meta name=\"description\" content=\"Autovermietung Naoussa\" \/>\n<meta name=\"robots\" content=\"index, follow, max-snippet:-1, max-image-preview:large, max-video-preview:-1\" \/>\n<link rel=\"canonical\" href=\"https:\/\/www.i-rentacar.com\/de\/autovermietung-naoussa\/\" \/>\n<meta property=\"og:locale\" content=\"de_DE\" \/>\n<meta property=\"og:type\" content=\"article\" \/>\n<meta property=\"og:title\" content=\"Autovermietung Naoussa | i-rentacar.com\" \/>\n<meta property=\"og:description\" content=\"Autovermietung Naoussa\" \/>\n<meta property=\"og:url\" content=\"https:\/\/www.i-rentacar.com\/de\/autovermietung-naoussa\/\" \/>\n<meta property=\"og:site_name\" content=\"i-rentacar.com\" \/>\n<meta property=\"article:modified_time\" content=\"2025-02-01T12:15:10+00:00\" \/>\n<meta name=\"twitter:card\" content=\"summary_large_image\" \/>\n<meta name=\"twitter:label1\" content=\"Gesch\u00e4tzte Lesezeit\" \/>\n\t<meta name=\"twitter:data1\" content=\"13\u00a0Minuten\" \/>\n<script type=\"application\/ld+json\" class=\"yoast-schema-graph\">{\"@context\":\"https:\/\/schema.org\",\"@graph\":[{\"@type\":\"WebPage\",\"@id\":\"https:\/\/www.i-rentacar.com\/de\/autovermietung-naoussa\/\",\"url\":\"https:\/\/www.i-rentacar.com\/de\/autovermietung-naoussa\/\",\"name\":\"Autovermietung Naoussa | i-rentacar.com\",\"isPartOf\":{\"@id\":\"https:\/\/www.i-rentacar.com\/de\/#website\"},\"datePublished\":\"2025-01-18T13:25:34+00:00\",\"dateModified\":\"2025-02-01T12:15:10+00:00\",\"description\":\"Autovermietung Naoussa\",\"breadcrumb\":{\"@id\":\"https:\/\/www.i-rentacar.com\/de\/autovermietung-naoussa\/#breadcrumb\"},\"inLanguage\":\"de\",\"potentialAction\":[{\"@type\":\"ReadAction\",\"target\":[\"https:\/\/www.i-rentacar.com\/de\/autovermietung-naoussa\/\"]}]},{\"@type\":\"BreadcrumbList\",\"@id\":\"https:\/\/www.i-rentacar.com\/de\/autovermietung-naoussa\/#breadcrumb\",\"itemListElement\":[{\"@type\":\"ListItem\",\"position\":1,\"name\":\"Home\",\"item\":\"https:\/\/www.i-rentacar.com\/de\/\"},{\"@type\":\"ListItem\",\"position\":2,\"name\":\"Autovermietung Naoussa\"}]},{\"@type\":\"WebSite\",\"@id\":\"https:\/\/www.i-rentacar.com\/de\/#website\",\"url\":\"https:\/\/www.i-rentacar.com\/de\/\",\"name\":\"i-rentacar.com\",\"description\":\"Autovermietung Thessaloniki, Minibus, Gel\u00e4ndewagen, Flughafen Thessaloniki, Mietwagen Thessaloniki Halkidiki, Mietwagen Thessaloniki Flughafen skg\",\"publisher\":{\"@id\":\"https:\/\/www.i-rentacar.com\/de\/#organization\"},\"potentialAction\":[{\"@type\":\"SearchAction\",\"target\":{\"@type\":\"EntryPoint\",\"urlTemplate\":\"https:\/\/www.i-rentacar.com\/de\/?s={search_term_string}\"},\"query-input\":{\"@type\":\"PropertyValueSpecification\",\"valueRequired\":true,\"valueName\":\"search_term_string\"}}],\"inLanguage\":\"de\"},{\"@type\":\"Organization\",\"@id\":\"https:\/\/www.i-rentacar.com\/de\/#organization\",\"name\":\"i-rentacar.com\",\"url\":\"https:\/\/www.i-rentacar.com\/de\/\",\"logo\":{\"@type\":\"ImageObject\",\"inLanguage\":\"de\",\"@id\":\"https:\/\/www.i-rentacar.com\/de\/#\/schema\/logo\/image\/\",\"url\":\"https:\/\/www.i-rentacar.com\/wp-content\/uploads\/2021\/08\/logo-i-rentacar-com-3.png\",\"contentUrl\":\"https:\/\/www.i-rentacar.com\/wp-content\/uploads\/2021\/08\/logo-i-rentacar-com-3.png\",\"width\":383,\"height\":150,\"caption\":\"i-rentacar.com\"},\"image\":{\"@id\":\"https:\/\/www.i-rentacar.com\/de\/#\/schema\/logo\/image\/\"}}]}<\/script>\n<!-- \/ Yoast SEO plugin. -->","yoast_head_json":{"title":"Autovermietung Naoussa | i-rentacar.com","description":"Autovermietung Naoussa","robots":{"index":"index","follow":"follow","max-snippet":"max-snippet:-1","max-image-preview":"max-image-preview:large","max-video-preview":"max-video-preview:-1"},"canonical":"https:\/\/www.i-rentacar.com\/de\/autovermietung-naoussa\/","og_locale":"de_DE","og_type":"article","og_title":"Autovermietung Naoussa | i-rentacar.com","og_description":"Autovermietung Naoussa","og_url":"https:\/\/www.i-rentacar.com\/de\/autovermietung-naoussa\/","og_site_name":"i-rentacar.com","article_modified_time":"2025-02-01T12:15:10+00:00","twitter_card":"summary_large_image","twitter_misc":{"Gesch\u00e4tzte Lesezeit":"13\u00a0Minuten"},"schema":{"@context":"https:\/\/schema.org","@graph":[{"@type":"WebPage","@id":"https:\/\/www.i-rentacar.com\/de\/autovermietung-naoussa\/","url":"https:\/\/www.i-rentacar.com\/de\/autovermietung-naoussa\/","name":"Autovermietung Naoussa | i-rentacar.com","isPartOf":{"@id":"https:\/\/www.i-rentacar.com\/de\/#website"},"datePublished":"2025-01-18T13:25:34+00:00","dateModified":"2025-02-01T12:15:10+00:00","description":"Autovermietung Naoussa","breadcrumb":{"@id":"https:\/\/www.i-rentacar.com\/de\/autovermietung-naoussa\/#breadcrumb"},"inLanguage":"de","potentialAction":[{"@type":"ReadAction","target":["https:\/\/www.i-rentacar.com\/de\/autovermietung-naoussa\/"]}]},{"@type":"BreadcrumbList","@id":"https:\/\/www.i-rentacar.com\/de\/autovermietung-naoussa\/#breadcrumb","itemListElement":[{"@type":"ListItem","position":1,"name":"Home","item":"https:\/\/www.i-rentacar.com\/de\/"},{"@type":"ListItem","position":2,"name":"Autovermietung Naoussa"}]},{"@type":"WebSite","@id":"https:\/\/www.i-rentacar.com\/de\/#website","url":"https:\/\/www.i-rentacar.com\/de\/","name":"i-rentacar.com","description":"Autovermietung Thessaloniki, Minibus, Gel\u00e4ndewagen, Flughafen Thessaloniki, Mietwagen Thessaloniki Halkidiki, Mietwagen Thessaloniki Flughafen skg","publisher":{"@id":"https:\/\/www.i-rentacar.com\/de\/#organization"},"potentialAction":[{"@type":"SearchAction","target":{"@type":"EntryPoint","urlTemplate":"https:\/\/www.i-rentacar.com\/de\/?s={search_term_string}"},"query-input":{"@type":"PropertyValueSpecification","valueRequired":true,"valueName":"search_term_string"}}],"inLanguage":"de"},{"@type":"Organization","@id":"https:\/\/www.i-rentacar.com\/de\/#organization","name":"i-rentacar.com","url":"https:\/\/www.i-rentacar.com\/de\/","logo":{"@type":"ImageObject","inLanguage":"de","@id":"https:\/\/www.i-rentacar.com\/de\/#\/schema\/logo\/image\/","url":"https:\/\/www.i-rentacar.com\/wp-content\/uploads\/2021\/08\/logo-i-rentacar-com-3.png","contentUrl":"https:\/\/www.i-rentacar.com\/wp-content\/uploads\/2021\/08\/logo-i-rentacar-com-3.png","width":383,"height":150,"caption":"i-rentacar.com"},"image":{"@id":"https:\/\/www.i-rentacar.com\/de\/#\/schema\/logo\/image\/"}}]}},"_links":{"self":[{"href":"https:\/\/www.i-rentacar.com\/de\/wp-json\/wp\/v2\/pages\/9470","targetHints":{"allow":["GET"]}}],"collection":[{"href":"https:\/\/www.i-rentacar.com\/de\/wp-json\/wp\/v2\/pages"}],"about":[{"href":"https:\/\/www.i-rentacar.com\/de\/wp-json\/wp\/v2\/types\/page"}],"author":[{"embeddable":true,"href":"https:\/\/www.i-rentacar.com\/de\/wp-json\/wp\/v2\/users\/1"}],"replies":[{"embeddable":true,"href":"https:\/\/www.i-rentacar.com\/de\/wp-json\/wp\/v2\/comments?post=9470"}],"version-history":[{"count":2,"href":"https:\/\/www.i-rentacar.com\/de\/wp-json\/wp\/v2\/pages\/9470\/revisions"}],"predecessor-version":[{"id":9472,"href":"https:\/\/www.i-rentacar.com\/de\/wp-json\/wp\/v2\/pages\/9470\/revisions\/9472"}],"wp:attachment":[{"href":"https:\/\/www.i-rentacar.com\/de\/wp-json\/wp\/v2\/media?parent=9470"}],"curies":[{"name":"wp","href":"https:\/\/api.w.org\/{rel}","templated":true}]}}