{"id":9464,"date":"2025-01-18T14:50:32","date_gmt":"2025-01-18T12:50:32","guid":{"rendered":"https:\/\/www.i-rentacar.com\/?page_id=9464"},"modified":"2025-02-01T14:10:08","modified_gmt":"2025-02-01T12:10:08","slug":"autovermietung-loutra-pozar-loutra-aridea","status":"publish","type":"page","link":"https:\/\/www.i-rentacar.com\/de\/autovermietung-loutra-pozar-loutra-aridea\/","title":{"rendered":"Autovermietung Loutra Pozar (Loutra Aridea)"},"content":{"rendered":"<div class=\"fusion-fullwidth fullwidth-box fusion-builder-row-1 fusion-flex-container has-pattern-background has-mask-background nonhundred-percent-fullwidth non-hundred-percent-height-scrolling\" style=\"--awb-border-radius-top-left:0px;--awb-border-radius-top-right:0px;--awb-border-radius-bottom-right:0px;--awb-border-radius-bottom-left:0px;--awb-flex-wrap:wrap;\" ><div class=\"fusion-builder-row fusion-row fusion-flex-align-items-flex-start fusion-flex-content-wrap\" style=\"max-width:1300px;margin-left: calc(-4% \/ 2 );margin-right: calc(-4% \/ 2 );\"><div class=\"fusion-layout-column fusion_builder_column fusion-builder-column-0 fusion_builder_column_1_1 1_1 fusion-flex-column\" style=\"--awb-bg-size:cover;--awb-width-large:100%;--awb-margin-top-large:0px;--awb-spacing-right-large:1.92%;--awb-margin-bottom-large:20px;--awb-spacing-left-large:1.92%;--awb-width-medium:100%;--awb-order-medium:0;--awb-spacing-right-medium:1.92%;--awb-spacing-left-medium:1.92%;--awb-width-small:100%;--awb-order-small:0;--awb-spacing-right-small:1.92%;--awb-spacing-left-small:1.92%;\"><div class=\"fusion-column-wrapper fusion-column-has-shadow fusion-flex-justify-content-flex-start fusion-content-layout-column\"><div class=\"fusion-image-element \" style=\"text-align:center;--awb-caption-title-font-family:var(--h2_typography-font-family);--awb-caption-title-font-weight:var(--h2_typography-font-weight);--awb-caption-title-font-style:var(--h2_typography-font-style);--awb-caption-title-size:var(--h2_typography-font-size);--awb-caption-title-transform:var(--h2_typography-text-transform);--awb-caption-title-line-height:var(--h2_typography-line-height);--awb-caption-title-letter-spacing:var(--h2_typography-letter-spacing);\"><span class=\" fusion-imageframe imageframe-none imageframe-1 hover-type-none\"><img decoding=\"async\" width=\"1200\" height=\"600\" alt=\"\u0395\u03bd\u03bf\u03b9\u03ba\u03af\u03b1\u03c3\u03b7 \u03b1\u03c5\u03c4\u03bf\u03ba\u03b9\u03bd\u03ae\u03c4\u03bf\u03c5 \u039b\u03bf\u03c5\u03c4\u03c1\u03ac \u03a0\u03cc\u03b6\u03b1\u03c1\" title=\"\u039b\u03bf\u03c5\u03c4\u03c1\u03ac-\u03a0\u03cc\u03b6\u03b1\u03c1\" src=\"https:\/\/www.i-rentacar.com\/wp-content\/uploads\/2025\/01\/\u039b\u03bf\u03c5\u03c4\u03c1\u03ac-\u03a0\u03cc\u03b6\u03b1\u03c1.jpg\" data-orig-src=\"https:\/\/www.i-rentacar.com\/wp-content\/uploads\/2025\/01\/\u039b\u03bf\u03c5\u03c4\u03c1\u03ac-\u03a0\u03cc\u03b6\u03b1\u03c1.jpg\" class=\"lazyload img-responsive wp-image-9177\" srcset=\"data:image\/svg+xml,%3Csvg%20xmlns%3D%27http%3A%2F%2Fwww.w3.org%2F2000%2Fsvg%27%20width%3D%271200%27%20height%3D%27600%27%20viewBox%3D%270%200%201200%20600%27%3E%3Crect%20width%3D%271200%27%20height%3D%27600%27%20fill-opacity%3D%220%22%2F%3E%3C%2Fsvg%3E\" data-srcset=\"https:\/\/www.i-rentacar.com\/wp-content\/uploads\/2025\/01\/\u039b\u03bf\u03c5\u03c4\u03c1\u03ac-\u03a0\u03cc\u03b6\u03b1\u03c1-200x100.jpg 200w, https:\/\/www.i-rentacar.com\/wp-content\/uploads\/2025\/01\/\u039b\u03bf\u03c5\u03c4\u03c1\u03ac-\u03a0\u03cc\u03b6\u03b1\u03c1-400x200.jpg 400w, https:\/\/www.i-rentacar.com\/wp-content\/uploads\/2025\/01\/\u039b\u03bf\u03c5\u03c4\u03c1\u03ac-\u03a0\u03cc\u03b6\u03b1\u03c1-600x300.jpg 600w, https:\/\/www.i-rentacar.com\/wp-content\/uploads\/2025\/01\/\u039b\u03bf\u03c5\u03c4\u03c1\u03ac-\u03a0\u03cc\u03b6\u03b1\u03c1-800x400.jpg 800w, https:\/\/www.i-rentacar.com\/wp-content\/uploads\/2025\/01\/\u039b\u03bf\u03c5\u03c4\u03c1\u03ac-\u03a0\u03cc\u03b6\u03b1\u03c1.jpg 1200w\" data-sizes=\"auto\" data-orig-sizes=\"(max-width: 640px) 100vw, 1200px\" \/><\/span><\/div><div class=\"fusion-text fusion-text-1\"><div class=\"flex-shrink-0 flex flex-col relative items-end\">\n<div class=\"pt-0\">\n<div class=\"gizmo-bot-avatar flex h-8 w-8 items-center justify-center overflow-hidden rounded-full\">\n<h1 class=\"relative p-1 rounded-sm flex items-center justify-center bg-token-main-surface-primary text-token-text-primary h-8 w-8\" style=\"text-align: center;\"><strong>Autovermietung Loutra Pozar<\/strong><\/h1>\n<\/div>\n<\/div>\n<\/div>\n<div class=\"group\/conversation-turn relative flex w-full min-w-0 flex-col agent-turn\">\n<div class=\"flex-col gap-1 md:gap-3\">\n<div class=\"flex max-w-full flex-col flex-grow\">\n<div class=\"min-h-8 text-message flex w-full flex-col items-end gap-2 whitespace-normal break-words text-start &#091;.text-message+&amp;&#093;:mt-5\" dir=\"auto\" data-message-author-role=\"assistant\" data-message-id=\"1899b6f4-bf5f-4e31-ae37-9d4a8759fdd7\" data-message-model-slug=\"gpt-4o\">\n<div class=\"flex w-full flex-col gap-1 empty:hidden first:pt-&#091;3px&#093;\">\n<div class=\"markdown prose w-full break-words dark:prose-invert light\">\n<p>Ein Besuch in Loutra Pozar ist ein einzigartiges Wellness- und Entspannungserlebnis, und die Autovermietung von R-Rentacar macht es Ihnen einfacher, dieses bezaubernde Ziel zu erreichen. Die Autovermietung in Loutra Pozar erm\u00f6glicht es Ihnen, die Gegend mit Komfort und Flexibilit\u00e4t zu erkunden, dabei Landschaften von unvergleichlicher Sch\u00f6nheit zu genie\u00dfen und die heilenden Eigenschaften der Thermalquellen zu nutzen.<\/p>\n<h3 style=\"text-align: center;\"><strong>Planung Ihres Besuchs in Loutra Pozar<\/strong><\/h3>\n<p>Loutra Pozar liegt am Fu\u00dfe des Berges Voras (Kaimaktsalan), etwa 13 Kilometer westlich von Aridaia, 40 Kilometer von Edessa und 100 Kilometer von Thessaloniki entfernt. Die Gegend ist bekannt f\u00fcr ihre Thermalquellen mit einer konstanten Temperatur von 37 \u00b0C, die vorteilhafte Eigenschaften f\u00fcr K\u00f6rper und Geist bieten.<\/p>\n<\/div>\n<\/div>\n<\/div>\n<\/div>\n<\/div>\n<\/div>\n<\/div><div class=\"fusion-image-element \" style=\"text-align:center;--awb-caption-title-font-family:var(--h2_typography-font-family);--awb-caption-title-font-weight:var(--h2_typography-font-weight);--awb-caption-title-font-style:var(--h2_typography-font-style);--awb-caption-title-size:var(--h2_typography-font-size);--awb-caption-title-transform:var(--h2_typography-text-transform);--awb-caption-title-line-height:var(--h2_typography-line-height);--awb-caption-title-letter-spacing:var(--h2_typography-letter-spacing);\"><span class=\" fusion-imageframe imageframe-none imageframe-2 hover-type-none\"><img decoding=\"async\" width=\"1200\" height=\"600\" alt=\"\u0395\u03bd\u03bf\u03b9\u03ba\u03af\u03b1\u03c3\u03b7 \u03b1\u03c5\u03c4\u03bf\u03ba\u03b9\u03bd\u03ae\u03c4\u03bf\u03c5 \u039b\u03bf\u03c5\u03c4\u03c1\u03ac \u03a0\u03cc\u03b6\u03b1\u03c1\" title=\"\u03c221\" src=\"https:\/\/www.i-rentacar.com\/wp-content\/uploads\/2025\/01\/\u03c221.jpg\" data-orig-src=\"https:\/\/www.i-rentacar.com\/wp-content\/uploads\/2025\/01\/\u03c221.jpg\" class=\"lazyload img-responsive wp-image-9182\" srcset=\"data:image\/svg+xml,%3Csvg%20xmlns%3D%27http%3A%2F%2Fwww.w3.org%2F2000%2Fsvg%27%20width%3D%271200%27%20height%3D%27600%27%20viewBox%3D%270%200%201200%20600%27%3E%3Crect%20width%3D%271200%27%20height%3D%27600%27%20fill-opacity%3D%220%22%2F%3E%3C%2Fsvg%3E\" data-srcset=\"https:\/\/www.i-rentacar.com\/wp-content\/uploads\/2025\/01\/\u03c221-200x100.jpg 200w, https:\/\/www.i-rentacar.com\/wp-content\/uploads\/2025\/01\/\u03c221-400x200.jpg 400w, https:\/\/www.i-rentacar.com\/wp-content\/uploads\/2025\/01\/\u03c221-600x300.jpg 600w, https:\/\/www.i-rentacar.com\/wp-content\/uploads\/2025\/01\/\u03c221-800x400.jpg 800w, https:\/\/www.i-rentacar.com\/wp-content\/uploads\/2025\/01\/\u03c221.jpg 1200w\" data-sizes=\"auto\" data-orig-sizes=\"(max-width: 640px) 100vw, 1200px\" \/><\/span><\/div><div class=\"fusion-text fusion-text-2\"><h3 style=\"text-align: center;\"><strong>Autovermietung von I-Rentacar<\/strong><\/h3>\n<p>R-Rentacar bietet zuverl\u00e4ssige Autovermietungsdienste, mit denen Sie bequem von Thessaloniki oder anderen Gebieten nach Loutra Pozar reisen k\u00f6nnen. Mit einem Mietwagen haben Sie die Freiheit, Ihren Besuchsplan anzupassen, in malerischen D\u00f6rfern anzuhalten und lokale Aromen entlang des Weges zu genie\u00dfen.<\/p>\n<h3 style=\"text-align: center;\"><strong>Route nach Loutra Pozar (Loutra Aridaias)<\/strong><\/h3>\n<p>Die Fahrt von Thessaloniki nach Loutra Pozar dauert etwa 1,5 Stunden und erstreckt sich \u00fcber etwa 100 Kilometer. Die Stra\u00dfe ist gut ausgebaut und bietet wundersch\u00f6ne Ausblicke auf die makedonische Landschaft. Mit GPS k\u00f6nnen Sie der Route problemlos folgen.<\/p>\n<h3 style=\"text-align: center;\"><strong>Einrichtungen und Aktivit\u00e4ten in Loutra Pozar (Loutra Aridaias)<\/strong><\/h3>\n<p>In Loutra Pozar finden Sie sowohl Innen- als auch Au\u00dfenpools mit Thermalwasser, die ideal f\u00fcr Hydrotherapie und Entspannung sind. Zu den Einrichtungen geh\u00f6ren auch Hammams und Spas, die ein komplettes Wellness-Erlebnis bieten. F\u00fcr Naturliebhaber bietet die Region Wanderwege, H\u00f6hlenforscher-Touren und M\u00f6glichkeiten zum Bergsteigen.<\/p>\n<h3 style=\"text-align: center;\"><strong>Lokale Aromen und Kultur<\/strong><\/h3>\n<p>Die Gegend rund um Loutra Pozar ist reich an lokalen Produkten und traditionellen Aromen. W\u00e4hrend Ihres Besuchs sollten Sie die Gelegenheit nutzen, lokale Weine und Delikatessen in traditionellen Tavernen in den umliegenden D\u00f6rfern zu probieren. Die Anmietung eines Autos gibt Ihnen die Flexibilit\u00e4t, diese Orte bequem zu besuchen und Ihr Reiseerlebnis zu bereichern. Besuchen Sie die Dionysos Taverne im Dorf Orma, um lokale Gerichte (Spie\u00dfe, gegrilltes Fleisch und Wild) zu probieren. Zus\u00e4tzlich bietet Dionysos eine gro\u00dfe Auswahl an Weinen, die Sie zu Ihrer Mahlzeit oder auch alleine genie\u00dfen k\u00f6nnen.<\/p>\n<\/div><div class=\"fusion-image-element \" style=\"text-align:center;--awb-caption-title-font-family:var(--h2_typography-font-family);--awb-caption-title-font-weight:var(--h2_typography-font-weight);--awb-caption-title-font-style:var(--h2_typography-font-style);--awb-caption-title-size:var(--h2_typography-font-size);--awb-caption-title-transform:var(--h2_typography-text-transform);--awb-caption-title-line-height:var(--h2_typography-line-height);--awb-caption-title-letter-spacing:var(--h2_typography-letter-spacing);\"><span class=\" fusion-imageframe imageframe-none imageframe-3 hover-type-none\"><img decoding=\"async\" width=\"1200\" height=\"600\" alt=\"\u0395\u03bd\u03bf\u03b9\u03ba\u03af\u03b1\u03c3\u03b7 \u03b1\u03c5\u03c4\u03bf\u03ba\u03b9\u03bd\u03ae\u03c4\u03bf\u03c5 \u039b\u03bf\u03c5\u03c4\u03c1\u03ac \u03a0\u03cc\u03b6\u03b1\u03c1\" title=\"\u039b\u03bf\u03c5\u03c4\u03c1\u03b1-\u03c0\u03cc\u03b6\u03b1\u03c1-23\" src=\"https:\/\/www.i-rentacar.com\/wp-content\/uploads\/2025\/01\/\u039b\u03bf\u03c5\u03c4\u03c1\u03b1-\u03c0\u03cc\u03b6\u03b1\u03c1-23.jpg\" data-orig-src=\"https:\/\/www.i-rentacar.com\/wp-content\/uploads\/2025\/01\/\u039b\u03bf\u03c5\u03c4\u03c1\u03b1-\u03c0\u03cc\u03b6\u03b1\u03c1-23.jpg\" class=\"lazyload img-responsive wp-image-9187\" srcset=\"data:image\/svg+xml,%3Csvg%20xmlns%3D%27http%3A%2F%2Fwww.w3.org%2F2000%2Fsvg%27%20width%3D%271200%27%20height%3D%27600%27%20viewBox%3D%270%200%201200%20600%27%3E%3Crect%20width%3D%271200%27%20height%3D%27600%27%20fill-opacity%3D%220%22%2F%3E%3C%2Fsvg%3E\" data-srcset=\"https:\/\/www.i-rentacar.com\/wp-content\/uploads\/2025\/01\/\u039b\u03bf\u03c5\u03c4\u03c1\u03b1-\u03c0\u03cc\u03b6\u03b1\u03c1-23-200x100.jpg 200w, https:\/\/www.i-rentacar.com\/wp-content\/uploads\/2025\/01\/\u039b\u03bf\u03c5\u03c4\u03c1\u03b1-\u03c0\u03cc\u03b6\u03b1\u03c1-23-400x200.jpg 400w, https:\/\/www.i-rentacar.com\/wp-content\/uploads\/2025\/01\/\u039b\u03bf\u03c5\u03c4\u03c1\u03b1-\u03c0\u03cc\u03b6\u03b1\u03c1-23-600x300.jpg 600w, https:\/\/www.i-rentacar.com\/wp-content\/uploads\/2025\/01\/\u039b\u03bf\u03c5\u03c4\u03c1\u03b1-\u03c0\u03cc\u03b6\u03b1\u03c1-23-800x400.jpg 800w, https:\/\/www.i-rentacar.com\/wp-content\/uploads\/2025\/01\/\u039b\u03bf\u03c5\u03c4\u03c1\u03b1-\u03c0\u03cc\u03b6\u03b1\u03c1-23.jpg 1200w\" data-sizes=\"auto\" data-orig-sizes=\"(max-width: 640px) 100vw, 1200px\" \/><\/span><\/div><div class=\"fusion-text fusion-text-3\"><h3 style=\"text-align: center;\"><strong>Tipps f\u00fcr ein komfortables Erlebnis<\/strong><\/h3>\n<ul>\n<li><strong>Autobuchung<\/strong>: Es wird empfohlen, Ihr Auto im Voraus zu buchen, insbesondere in der Hochsaison, um die Verf\u00fcgbarkeit des Fahrzeugs Ihrer Wahl zu gew\u00e4hrleisten.<\/li>\n<li><strong>Ausr\u00fcstung<\/strong>: Wenn Sie die Gegend im Winter besuchen m\u00f6chten, stellen Sie sicher, dass Ihr Fahrzeug mit geeigneten Reifen oder Schneeketten ausgestattet ist, da die Wetterbedingungen herausfordernd sein k\u00f6nnen.<\/li>\n<li><strong>\u00d6ffnungszeiten<\/strong>: \u00dcberpr\u00fcfen Sie die \u00d6ffnungszeiten der Einrichtungen in Loutra Pozar, bevor Sie Ihren Besuch planen, um Ihren Tag effizient zu gestalten.<\/li>\n<\/ul>\n<h3 style=\"text-align: center;\"><strong>Fazit<\/strong><\/h3>\n<p>Ein Auto von R-Rentacar f\u00fcr Ihren Besuch in Loutra Pozar zu mieten, ist eine ausgezeichnete Wahl, die Ihnen Bewegungsfreiheit und Komfort bietet. Genie\u00dfen Sie die heilenden Eigenschaften der Thermalquellen, erkunden Sie die atemberaubende Natur der Region und entdecken Sie die lokalen Aromen, um Erinnerungen zu schaffen, die ein Leben lang bleiben.<\/p>\n<\/div><\/div><\/div><\/div><\/div>\n","protected":false},"excerpt":{"rendered":"","protected":false},"author":1,"featured_media":0,"parent":0,"menu_order":0,"comment_status":"closed","ping_status":"closed","template":"100-width.php","meta":{"footnotes":""},"class_list":["post-9464","page","type-page","status-publish","hentry"],"yoast_head":"<!-- This site is optimized with the Yoast SEO plugin v27.0 - https:\/\/yoast.com\/product\/yoast-seo-wordpress\/ -->\n<title>Autovermietung Loutra Pozar (Loutra Aridea) | i-rentacar.com<\/title>\n<meta name=\"description\" content=\"Autovermietung Loutra Pozar\" \/>\n<meta name=\"robots\" content=\"index, follow, max-snippet:-1, max-image-preview:large, max-video-preview:-1\" \/>\n<link rel=\"canonical\" href=\"https:\/\/www.i-rentacar.com\/de\/autovermietung-loutra-pozar-loutra-aridea\/\" \/>\n<meta property=\"og:locale\" content=\"de_DE\" \/>\n<meta property=\"og:type\" content=\"article\" \/>\n<meta property=\"og:title\" content=\"Autovermietung Loutra Pozar (Loutra Aridea) | i-rentacar.com\" \/>\n<meta property=\"og:description\" content=\"Autovermietung Loutra Pozar\" \/>\n<meta property=\"og:url\" content=\"https:\/\/www.i-rentacar.com\/de\/autovermietung-loutra-pozar-loutra-aridea\/\" \/>\n<meta property=\"og:site_name\" content=\"i-rentacar.com\" \/>\n<meta property=\"article:modified_time\" content=\"2025-02-01T12:10:08+00:00\" \/>\n<meta name=\"twitter:card\" content=\"summary_large_image\" \/>\n<meta name=\"twitter:label1\" content=\"Gesch\u00e4tzte Lesezeit\" \/>\n\t<meta name=\"twitter:data1\" content=\"13\u00a0Minuten\" \/>\n<script type=\"application\/ld+json\" class=\"yoast-schema-graph\">{\"@context\":\"https:\/\/schema.org\",\"@graph\":[{\"@type\":\"WebPage\",\"@id\":\"https:\/\/www.i-rentacar.com\/de\/autovermietung-loutra-pozar-loutra-aridea\/\",\"url\":\"https:\/\/www.i-rentacar.com\/de\/autovermietung-loutra-pozar-loutra-aridea\/\",\"name\":\"Autovermietung Loutra Pozar (Loutra Aridea) | i-rentacar.com\",\"isPartOf\":{\"@id\":\"https:\/\/www.i-rentacar.com\/de\/#website\"},\"datePublished\":\"2025-01-18T12:50:32+00:00\",\"dateModified\":\"2025-02-01T12:10:08+00:00\",\"description\":\"Autovermietung Loutra Pozar\",\"breadcrumb\":{\"@id\":\"https:\/\/www.i-rentacar.com\/de\/autovermietung-loutra-pozar-loutra-aridea\/#breadcrumb\"},\"inLanguage\":\"de\",\"potentialAction\":[{\"@type\":\"ReadAction\",\"target\":[\"https:\/\/www.i-rentacar.com\/de\/autovermietung-loutra-pozar-loutra-aridea\/\"]}]},{\"@type\":\"BreadcrumbList\",\"@id\":\"https:\/\/www.i-rentacar.com\/de\/autovermietung-loutra-pozar-loutra-aridea\/#breadcrumb\",\"itemListElement\":[{\"@type\":\"ListItem\",\"position\":1,\"name\":\"Home\",\"item\":\"https:\/\/www.i-rentacar.com\/de\/\"},{\"@type\":\"ListItem\",\"position\":2,\"name\":\"Autovermietung Loutra Pozar (Loutra Aridea)\"}]},{\"@type\":\"WebSite\",\"@id\":\"https:\/\/www.i-rentacar.com\/de\/#website\",\"url\":\"https:\/\/www.i-rentacar.com\/de\/\",\"name\":\"i-rentacar.com\",\"description\":\"Autovermietung Thessaloniki, Minibus, Gel\u00e4ndewagen, Flughafen Thessaloniki, Mietwagen Thessaloniki Halkidiki, Mietwagen Thessaloniki Flughafen skg\",\"publisher\":{\"@id\":\"https:\/\/www.i-rentacar.com\/de\/#organization\"},\"potentialAction\":[{\"@type\":\"SearchAction\",\"target\":{\"@type\":\"EntryPoint\",\"urlTemplate\":\"https:\/\/www.i-rentacar.com\/de\/?s={search_term_string}\"},\"query-input\":{\"@type\":\"PropertyValueSpecification\",\"valueRequired\":true,\"valueName\":\"search_term_string\"}}],\"inLanguage\":\"de\"},{\"@type\":\"Organization\",\"@id\":\"https:\/\/www.i-rentacar.com\/de\/#organization\",\"name\":\"i-rentacar.com\",\"url\":\"https:\/\/www.i-rentacar.com\/de\/\",\"logo\":{\"@type\":\"ImageObject\",\"inLanguage\":\"de\",\"@id\":\"https:\/\/www.i-rentacar.com\/de\/#\/schema\/logo\/image\/\",\"url\":\"https:\/\/www.i-rentacar.com\/wp-content\/uploads\/2021\/08\/logo-i-rentacar-com-3.png\",\"contentUrl\":\"https:\/\/www.i-rentacar.com\/wp-content\/uploads\/2021\/08\/logo-i-rentacar-com-3.png\",\"width\":383,\"height\":150,\"caption\":\"i-rentacar.com\"},\"image\":{\"@id\":\"https:\/\/www.i-rentacar.com\/de\/#\/schema\/logo\/image\/\"}}]}<\/script>\n<!-- \/ Yoast SEO plugin. -->","yoast_head_json":{"title":"Autovermietung Loutra Pozar (Loutra Aridea) | i-rentacar.com","description":"Autovermietung Loutra Pozar","robots":{"index":"index","follow":"follow","max-snippet":"max-snippet:-1","max-image-preview":"max-image-preview:large","max-video-preview":"max-video-preview:-1"},"canonical":"https:\/\/www.i-rentacar.com\/de\/autovermietung-loutra-pozar-loutra-aridea\/","og_locale":"de_DE","og_type":"article","og_title":"Autovermietung Loutra Pozar (Loutra Aridea) | i-rentacar.com","og_description":"Autovermietung Loutra Pozar","og_url":"https:\/\/www.i-rentacar.com\/de\/autovermietung-loutra-pozar-loutra-aridea\/","og_site_name":"i-rentacar.com","article_modified_time":"2025-02-01T12:10:08+00:00","twitter_card":"summary_large_image","twitter_misc":{"Gesch\u00e4tzte Lesezeit":"13\u00a0Minuten"},"schema":{"@context":"https:\/\/schema.org","@graph":[{"@type":"WebPage","@id":"https:\/\/www.i-rentacar.com\/de\/autovermietung-loutra-pozar-loutra-aridea\/","url":"https:\/\/www.i-rentacar.com\/de\/autovermietung-loutra-pozar-loutra-aridea\/","name":"Autovermietung Loutra Pozar (Loutra Aridea) | i-rentacar.com","isPartOf":{"@id":"https:\/\/www.i-rentacar.com\/de\/#website"},"datePublished":"2025-01-18T12:50:32+00:00","dateModified":"2025-02-01T12:10:08+00:00","description":"Autovermietung Loutra Pozar","breadcrumb":{"@id":"https:\/\/www.i-rentacar.com\/de\/autovermietung-loutra-pozar-loutra-aridea\/#breadcrumb"},"inLanguage":"de","potentialAction":[{"@type":"ReadAction","target":["https:\/\/www.i-rentacar.com\/de\/autovermietung-loutra-pozar-loutra-aridea\/"]}]},{"@type":"BreadcrumbList","@id":"https:\/\/www.i-rentacar.com\/de\/autovermietung-loutra-pozar-loutra-aridea\/#breadcrumb","itemListElement":[{"@type":"ListItem","position":1,"name":"Home","item":"https:\/\/www.i-rentacar.com\/de\/"},{"@type":"ListItem","position":2,"name":"Autovermietung Loutra Pozar (Loutra Aridea)"}]},{"@type":"WebSite","@id":"https:\/\/www.i-rentacar.com\/de\/#website","url":"https:\/\/www.i-rentacar.com\/de\/","name":"i-rentacar.com","description":"Autovermietung Thessaloniki, Minibus, Gel\u00e4ndewagen, Flughafen Thessaloniki, Mietwagen Thessaloniki Halkidiki, Mietwagen Thessaloniki Flughafen skg","publisher":{"@id":"https:\/\/www.i-rentacar.com\/de\/#organization"},"potentialAction":[{"@type":"SearchAction","target":{"@type":"EntryPoint","urlTemplate":"https:\/\/www.i-rentacar.com\/de\/?s={search_term_string}"},"query-input":{"@type":"PropertyValueSpecification","valueRequired":true,"valueName":"search_term_string"}}],"inLanguage":"de"},{"@type":"Organization","@id":"https:\/\/www.i-rentacar.com\/de\/#organization","name":"i-rentacar.com","url":"https:\/\/www.i-rentacar.com\/de\/","logo":{"@type":"ImageObject","inLanguage":"de","@id":"https:\/\/www.i-rentacar.com\/de\/#\/schema\/logo\/image\/","url":"https:\/\/www.i-rentacar.com\/wp-content\/uploads\/2021\/08\/logo-i-rentacar-com-3.png","contentUrl":"https:\/\/www.i-rentacar.com\/wp-content\/uploads\/2021\/08\/logo-i-rentacar-com-3.png","width":383,"height":150,"caption":"i-rentacar.com"},"image":{"@id":"https:\/\/www.i-rentacar.com\/de\/#\/schema\/logo\/image\/"}}]}},"_links":{"self":[{"href":"https:\/\/www.i-rentacar.com\/de\/wp-json\/wp\/v2\/pages\/9464","targetHints":{"allow":["GET"]}}],"collection":[{"href":"https:\/\/www.i-rentacar.com\/de\/wp-json\/wp\/v2\/pages"}],"about":[{"href":"https:\/\/www.i-rentacar.com\/de\/wp-json\/wp\/v2\/types\/page"}],"author":[{"embeddable":true,"href":"https:\/\/www.i-rentacar.com\/de\/wp-json\/wp\/v2\/users\/1"}],"replies":[{"embeddable":true,"href":"https:\/\/www.i-rentacar.com\/de\/wp-json\/wp\/v2\/comments?post=9464"}],"version-history":[{"count":2,"href":"https:\/\/www.i-rentacar.com\/de\/wp-json\/wp\/v2\/pages\/9464\/revisions"}],"predecessor-version":[{"id":9466,"href":"https:\/\/www.i-rentacar.com\/de\/wp-json\/wp\/v2\/pages\/9464\/revisions\/9466"}],"wp:attachment":[{"href":"https:\/\/www.i-rentacar.com\/de\/wp-json\/wp\/v2\/media?parent=9464"}],"curies":[{"name":"wp","href":"https:\/\/api.w.org\/{rel}","templated":true}]}}