{"id":9004,"date":"2024-12-29T13:47:46","date_gmt":"2024-12-29T11:47:46","guid":{"rendered":"https:\/\/www.i-rentacar.com\/?page_id=9004"},"modified":"2024-12-29T18:43:17","modified_gmt":"2024-12-29T16:43:17","slug":"chalkidiki-ktel-autovermietung","status":"publish","type":"page","link":"https:\/\/www.i-rentacar.com\/de\/chalkidiki-ktel-autovermietung\/","title":{"rendered":"Chalkidiki KTEL Autovermietung"},"content":{"rendered":"<div class=\"fusion-fullwidth fullwidth-box fusion-builder-row-1 fusion-flex-container has-pattern-background has-mask-background nonhundred-percent-fullwidth non-hundred-percent-height-scrolling\" style=\"--awb-border-radius-top-left:0px;--awb-border-radius-top-right:0px;--awb-border-radius-bottom-right:0px;--awb-border-radius-bottom-left:0px;--awb-flex-wrap:wrap;\" ><div class=\"fusion-builder-row fusion-row fusion-flex-align-items-flex-start fusion-flex-content-wrap\" style=\"max-width:1300px;margin-left: calc(-4% \/ 2 );margin-right: calc(-4% \/ 2 );\"><div class=\"fusion-layout-column fusion_builder_column fusion-builder-column-0 fusion_builder_column_1_1 1_1 fusion-flex-column\" style=\"--awb-bg-size:cover;--awb-width-large:100%;--awb-margin-top-large:0px;--awb-spacing-right-large:1.92%;--awb-margin-bottom-large:20px;--awb-spacing-left-large:1.92%;--awb-width-medium:100%;--awb-order-medium:0;--awb-spacing-right-medium:1.92%;--awb-spacing-left-medium:1.92%;--awb-width-small:100%;--awb-order-small:0;--awb-spacing-right-small:1.92%;--awb-spacing-left-small:1.92%;\"><div class=\"fusion-column-wrapper fusion-column-has-shadow fusion-flex-justify-content-flex-start fusion-content-layout-column\"><div class=\"fusion-text fusion-text-1\"><h1 style=\"text-align: center;\"><strong>Autovermietung in der N\u00e4he des KTEL Chalkidikis von i-rentacar<\/strong><\/h1>\n<p><strong>i-rentacar<\/strong> ist hier, um all Ihre Bed\u00fcrfnisse in der Autovermietung zu erf\u00fcllen und bietet ihre Dienstleistungen an einem \u00e4u\u00dferst praktischen Standort in der N\u00e4he des <strong>KTEL Chalkidikis<\/strong>. Egal, ob Sie aus Freizeit- oder beruflichen Gr\u00fcnden reisen, i-rentacar gibt Ihnen die M\u00f6glichkeit, Ihre Reise mit Komfort und Leichtigkeit sofort nach Ihrer Ankunft am Bahnhof zu beginnen.<\/p>\n<h3 style=\"text-align: center;\"><strong>Bequemer und Einfache Service<\/strong><\/h3>\n<p>Das KTEL Chalkidikis ist ein zentraler Punkt f\u00fcr die Abreise und Ankunft von Tausenden von Passagieren, die zu den sch\u00f6nen Str\u00e4nden von Chalkidiki und den umliegenden Gebieten reisen. Dank unserer Lage in der N\u00e4he des Bahnhofs gew\u00e4hrleistet <strong>i-rentacar<\/strong> eine schnelle Abholung und R\u00fcckgabe Ihres F<\/p>\n<\/div><div class=\"fusion-image-element \" style=\"text-align:center;--awb-caption-title-font-family:var(--h2_typography-font-family);--awb-caption-title-font-weight:var(--h2_typography-font-weight);--awb-caption-title-font-style:var(--h2_typography-font-style);--awb-caption-title-size:var(--h2_typography-font-size);--awb-caption-title-transform:var(--h2_typography-text-transform);--awb-caption-title-line-height:var(--h2_typography-line-height);--awb-caption-title-letter-spacing:var(--h2_typography-letter-spacing);\"><span class=\" fusion-imageframe imageframe-none imageframe-1 hover-type-none\"><img decoding=\"async\" width=\"600\" height=\"300\" alt=\"\u0395\u03bd\u03bf\u03b9\u03ba\u03af\u03b1\u03c3\u03b7 \u03b1\u03c5\u03c4\u03bf\u03ba\u03b9\u03bd\u03ae\u03c4\u03bf\u03c5 \u039a\u03a4\u0395\u039b \u03a7\u03b1\u03bb\u03ba\u03b9\u03b4\u03b9\u03ba\u03ae\u03c2 \" title=\"\u039a\u03a4\u0395\u039b-\u03a7\u0391\u039b\u039a\" src=\"https:\/\/www.i-rentacar.com\/wp-content\/uploads\/2024\/12\/\u039a\u03a4\u0395\u039b-\u03a7\u0391\u039b\u039a.jpg\" data-orig-src=\"https:\/\/www.i-rentacar.com\/wp-content\/uploads\/2024\/12\/\u039a\u03a4\u0395\u039b-\u03a7\u0391\u039b\u039a.jpg\" class=\"lazyload img-responsive wp-image-8867\" srcset=\"data:image\/svg+xml,%3Csvg%20xmlns%3D%27http%3A%2F%2Fwww.w3.org%2F2000%2Fsvg%27%20width%3D%27600%27%20height%3D%27300%27%20viewBox%3D%270%200%20600%20300%27%3E%3Crect%20width%3D%27600%27%20height%3D%27300%27%20fill-opacity%3D%220%22%2F%3E%3C%2Fsvg%3E\" data-srcset=\"https:\/\/www.i-rentacar.com\/wp-content\/uploads\/2024\/12\/\u039a\u03a4\u0395\u039b-\u03a7\u0391\u039b\u039a-200x100.jpg 200w, https:\/\/www.i-rentacar.com\/wp-content\/uploads\/2024\/12\/\u039a\u03a4\u0395\u039b-\u03a7\u0391\u039b\u039a-400x200.jpg 400w, https:\/\/www.i-rentacar.com\/wp-content\/uploads\/2024\/12\/\u039a\u03a4\u0395\u039b-\u03a7\u0391\u039b\u039a.jpg 600w\" data-sizes=\"auto\" data-orig-sizes=\"(max-width: 640px) 100vw, 600px\" \/><\/span><\/div><div class=\"fusion-text fusion-text-2\"><h3 style=\"text-align: center;\"><strong>Gro\u00dfe Auswahl an Fahrzeugen<\/strong><\/h3>\n<p><strong>i-rentacar<\/strong> bietet eine umfangreiche Flotte von Fahrzeugen, die auf die Bed\u00fcrfnisse jedes Reisenden abgestimmt ist:<\/p>\n<ul>\n<li><strong>Economy-Fahrzeuge<\/strong>: F\u00fcr komfortable Fahrten zu niedrigen Kosten.<\/li>\n<li><strong>Familienfahrzeuge<\/strong>: Ideal f\u00fcr Familien mit ausreichend Platz f\u00fcr Passagiere und Gep\u00e4ck.<\/li>\n<li><strong>SUVs und Crossovers<\/strong>: F\u00fcr Reisen auf anspruchsvolleren Stra\u00dfen oder au\u00dferhalb der Stadt.<\/li>\n<li><strong>Minivans<\/strong>: F\u00fcr gro\u00dfe Gruppen oder Teams, die mehr Platz ben\u00f6tigen.<\/li>\n<li><strong>Luxusautos<\/strong>: F\u00fcr diejenigen, die in Komfort und Stil reisen m\u00f6chten.<\/li>\n<\/ul>\n<p>Alle Fahrzeuge sind modern, gut gewartet und mit den fortschrittlichsten Sicherheitssystemen ausgestattet, um ein angenehmes Fahrerlebnis zu gew\u00e4hrleisten.<\/p>\n<h3 style=\"text-align: center;\"><strong>Flexible Mietpakete<\/strong><\/h3>\n<p>Bei <strong>i-rentacar<\/strong> finden Sie das ideale Mietpaket, unabh\u00e4ngig von der Dauer oder dem Zweck Ihrer Reise:<\/p>\n<ul>\n<li><strong>Kurzmiete<\/strong>: F\u00fcr wenige Stunden oder Tage, ideal f\u00fcr kurze Fahrten.<\/li>\n<li><strong>Langzeitmiete<\/strong>: F\u00fcr l\u00e4ngerfristige Bed\u00fcrfnisse, sei es gesch\u00e4ftlich oder privat.<\/li>\n<li><strong>Spezielle Touristenpakete<\/strong>: Um Chalkidiki und die umliegenden Regionen stressfrei zu erkunden.<\/li>\n<\/ul>\n<\/div><div class=\"fusion-image-element \" style=\"text-align:center;--awb-caption-title-font-family:var(--h2_typography-font-family);--awb-caption-title-font-weight:var(--h2_typography-font-weight);--awb-caption-title-font-style:var(--h2_typography-font-style);--awb-caption-title-size:var(--h2_typography-font-size);--awb-caption-title-transform:var(--h2_typography-text-transform);--awb-caption-title-line-height:var(--h2_typography-line-height);--awb-caption-title-letter-spacing:var(--h2_typography-letter-spacing);\"><span class=\" fusion-imageframe imageframe-none imageframe-2 hover-type-none\"><img decoding=\"async\" width=\"600\" height=\"300\" alt=\"\u0395\u03bd\u03bf\u03b9\u03ba\u03af\u03b1\u03c3\u03b7 \u03b1\u03c5\u03c4\u03bf\u03ba\u03b9\u03bd\u03ae\u03c4\u03bf\u03c5 \u039a\u03a4\u0395\u039b \u03a7\u03b1\u03bb\u03ba\u03b9\u03b4\u03b9\u03ba\u03ae\u03c2\" title=\"\u03be\u03b5\u03ba2\" src=\"https:\/\/www.i-rentacar.com\/wp-content\/uploads\/2024\/12\/\u03be\u03b5\u03ba2.jpg\" data-orig-src=\"https:\/\/www.i-rentacar.com\/wp-content\/uploads\/2024\/12\/\u03be\u03b5\u03ba2.jpg\" class=\"lazyload img-responsive wp-image-8872\" srcset=\"data:image\/svg+xml,%3Csvg%20xmlns%3D%27http%3A%2F%2Fwww.w3.org%2F2000%2Fsvg%27%20width%3D%27600%27%20height%3D%27300%27%20viewBox%3D%270%200%20600%20300%27%3E%3Crect%20width%3D%27600%27%20height%3D%27300%27%20fill-opacity%3D%220%22%2F%3E%3C%2Fsvg%3E\" data-srcset=\"https:\/\/www.i-rentacar.com\/wp-content\/uploads\/2024\/12\/\u03be\u03b5\u03ba2-200x100.jpg 200w, https:\/\/www.i-rentacar.com\/wp-content\/uploads\/2024\/12\/\u03be\u03b5\u03ba2-400x200.jpg 400w, https:\/\/www.i-rentacar.com\/wp-content\/uploads\/2024\/12\/\u03be\u03b5\u03ba2.jpg 600w\" data-sizes=\"auto\" data-orig-sizes=\"(max-width: 640px) 100vw, 600px\" \/><\/span><\/div><div class=\"fusion-text fusion-text-3\"><h3 style=\"text-align: center;\"><strong>Serviceleistungen, die auf Ihre Bed\u00fcrfnisse zugeschnitten sind<\/strong><\/h3>\n<p>i-rentacar bietet nicht nur Fahrzeuge, sondern auch herausragende Dienstleistungen, die den Unterschied ausmachen:<\/p>\n<ul>\n<li><strong>Abholung und R\u00fcckgabe in der N\u00e4he des KTEL Chalkidiki<\/strong>.<\/li>\n<li><strong>GPS-Navigation<\/strong>: F\u00fcr eine einfache Erkundung der Str\u00e4nde und Ziele in Chalkidiki.<\/li>\n<li><strong>Kindersitze<\/strong>: F\u00fcr die Sicherheit Ihrer Kleinen.<\/li>\n<li><strong>24\/7 telefonischer Support<\/strong>: F\u00fcr alle Fragen oder Bed\u00fcrfnisse w\u00e4hrend der Mietdauer.<\/li>\n<li><strong>Pannenhilfe<\/strong>: Damit Sie mit Sicherheit jede Strecke zur\u00fccklegen k\u00f6nnen.<\/li>\n<\/ul>\n<h3 style=\"text-align: center;\"><strong>Erkunden Sie Chalkidiki und die umliegenden Regionen<\/strong><\/h3>\n<p>Mit einem Mietwagen von <strong>i-rentacar<\/strong> haben Sie die Flexibilit\u00e4t, all die einzigartigen Orte zu entdecken, die Chalkidiki und die umliegenden Regionen zu bieten haben:<\/p>\n<ul>\n<li><strong>Erster Finger von Chalkidiki<\/strong>: Mit den organisierten Str\u00e4nden und dem Nachtleben.<\/li>\n<li><strong>Zweiter Finger von Chalkidiki<\/strong>: Ideal f\u00fcr ruhigere und naturbelassene Ausfl\u00fcge.<\/li>\n<li><strong>Mount Athos<\/strong>: Ein einzigartiges religi\u00f6ses und nat\u00fcrliches Ziel.<\/li>\n<li><strong>Sehensw\u00fcrdigkeiten von Thessaloniki<\/strong>: Wenn Sie von Chalkidiki aus starten, bietet die Stadt viele kulturelle Erlebnisse.<\/li>\n<\/ul>\n<p>Mit einem Auto von <strong>i-rentacar<\/strong> k\u00f6nnen Sie frei unterwegs sein, ohne sich an die Fahrpl\u00e4ne der Busse anpassen zu m\u00fcssen.<\/p>\n<h3 style=\"text-align: center;\"><strong>Warum sollten Sie sich f\u00fcr i-rentacar entscheiden?<\/strong><\/h3>\n<ul>\n<li><strong>Sofortige Bedienung<\/strong>: In der N\u00e4he des KTEL Chalkidiki, f\u00fcr einfache Abholung und R\u00fcckgabe.<\/li>\n<li><strong>Wettbewerbsf\u00e4hige Preise<\/strong>: Wir bieten kosteng\u00fcnstige L\u00f6sungen f\u00fcr jeden Reisenden.<\/li>\n<li><strong>Gro\u00dfe Fahrzeugauswahl<\/strong>: Vom kleinen Stadtauto bis zum ger\u00e4umigen Minivan.<\/li>\n<li><strong>Zuverl\u00e4ssigkeit und Sicherheit<\/strong>: Alle Fahrzeuge befinden sich in einwandfreiem Zustand und werden regelm\u00e4\u00dfig gepr\u00fcft.<\/li>\n<li><strong>Freundlicher Service<\/strong>: Unser Team ist immer bereit, Ihnen zu helfen.<\/li>\n<\/ul>\n<h3 style=\"text-align: center;\"><strong>Buchen Sie Ihr Fahrzeug noch heute<\/strong><\/h3>\n<p>Wenn Sie Chalkidiki oder die umliegenden Regionen besuchen m\u00f6chten, ist <strong>i-rentacar<\/strong> Ihr zuverl\u00e4ssiger Partner f\u00fcr Ihre Fahrten. Buchen Sie noch heute Ihr Auto und genie\u00dfen Sie Komfort, Flexibilit\u00e4t und Sicherheit bei jeder Fahrt.<\/p>\n<p>Mit <strong>i-rentacar<\/strong> beginnt Ihre Reise auf die beste Weise!<\/p>\n<\/div><div class=\"fusion-text fusion-text-4\"><p><iframe style=\"border: 0;\" src=\"https:\/\/www.google.com\/maps\/embed?pb=!1m18!1m12!1m3!1d3030.497196432944!2d22.980610475835597!3d40.57477947141459!2m3!1f0!2f0!3f0!3m2!1i1024!2i768!4f13.1!3m3!1m2!1s0x14a83f46a19a65f9%3A0x3a837f7f89c79fbd!2zzprOpM6VzpsgzqfOsc67zrrOuc60zrnOus6uz4IgzqPPhM6xzrjOvM-Mz4IgzpjOtc-Dz4POsc67zr_Ovc6vzrrOt8-C!5e0!3m2!1sel!2sgr!4v1735478262421!5m2!1sel!2sgr\" width=\"1250\" height=\"450\" allowfullscreen=\"allowfullscreen\"><span data-mce-type=\"bookmark\" style=\"display: inline-block; width: 0px; overflow: hidden; line-height: 0;\" class=\"mce_SELRES_start\">\ufeff<\/span><span data-mce-type=\"bookmark\" style=\"display: inline-block; width: 0px; overflow: hidden; line-height: 0;\" class=\"mce_SELRES_start\">\ufeff<\/span><span data-mce-type=\"bookmark\" style=\"display: inline-block; width: 0px; overflow: hidden; line-height: 0;\" class=\"mce_SELRES_start\">\ufeff<\/span><\/iframe><\/p>\n<\/div><\/div><\/div><\/div><\/div>\n","protected":false},"excerpt":{"rendered":"","protected":false},"author":1,"featured_media":0,"parent":0,"menu_order":0,"comment_status":"closed","ping_status":"closed","template":"100-width.php","meta":{"footnotes":""},"class_list":["post-9004","page","type-page","status-publish","hentry"],"yoast_head":"<!-- This site is optimized with the Yoast SEO plugin v27.0 - https:\/\/yoast.com\/product\/yoast-seo-wordpress\/ -->\n<title>Chalkidiki KTEL Autovermietung | i-rentacar.com<\/title>\n<meta name=\"robots\" content=\"index, follow, max-snippet:-1, max-image-preview:large, max-video-preview:-1\" \/>\n<link rel=\"canonical\" href=\"https:\/\/www.i-rentacar.com\/de\/chalkidiki-ktel-autovermietung\/\" \/>\n<meta property=\"og:locale\" content=\"de_DE\" \/>\n<meta property=\"og:type\" content=\"article\" \/>\n<meta property=\"og:title\" content=\"Chalkidiki KTEL Autovermietung | i-rentacar.com\" \/>\n<meta property=\"og:url\" content=\"https:\/\/www.i-rentacar.com\/de\/chalkidiki-ktel-autovermietung\/\" \/>\n<meta property=\"og:site_name\" content=\"i-rentacar.com\" \/>\n<meta property=\"article:modified_time\" content=\"2024-12-29T16:43:17+00:00\" \/>\n<meta name=\"twitter:card\" content=\"summary_large_image\" \/>\n<meta name=\"twitter:label1\" content=\"Gesch\u00e4tzte Lesezeit\" \/>\n\t<meta name=\"twitter:data1\" content=\"13\u00a0Minuten\" \/>\n<script type=\"application\/ld+json\" class=\"yoast-schema-graph\">{\"@context\":\"https:\/\/schema.org\",\"@graph\":[{\"@type\":\"WebPage\",\"@id\":\"https:\/\/www.i-rentacar.com\/de\/chalkidiki-ktel-autovermietung\/\",\"url\":\"https:\/\/www.i-rentacar.com\/de\/chalkidiki-ktel-autovermietung\/\",\"name\":\"Chalkidiki KTEL Autovermietung | i-rentacar.com\",\"isPartOf\":{\"@id\":\"https:\/\/www.i-rentacar.com\/de\/#website\"},\"datePublished\":\"2024-12-29T11:47:46+00:00\",\"dateModified\":\"2024-12-29T16:43:17+00:00\",\"breadcrumb\":{\"@id\":\"https:\/\/www.i-rentacar.com\/de\/chalkidiki-ktel-autovermietung\/#breadcrumb\"},\"inLanguage\":\"de\",\"potentialAction\":[{\"@type\":\"ReadAction\",\"target\":[\"https:\/\/www.i-rentacar.com\/de\/chalkidiki-ktel-autovermietung\/\"]}]},{\"@type\":\"BreadcrumbList\",\"@id\":\"https:\/\/www.i-rentacar.com\/de\/chalkidiki-ktel-autovermietung\/#breadcrumb\",\"itemListElement\":[{\"@type\":\"ListItem\",\"position\":1,\"name\":\"Home\",\"item\":\"https:\/\/www.i-rentacar.com\/de\/\"},{\"@type\":\"ListItem\",\"position\":2,\"name\":\"Chalkidiki KTEL Autovermietung\"}]},{\"@type\":\"WebSite\",\"@id\":\"https:\/\/www.i-rentacar.com\/de\/#website\",\"url\":\"https:\/\/www.i-rentacar.com\/de\/\",\"name\":\"i-rentacar.com\",\"description\":\"Autovermietung Thessaloniki, Minibus, Gel\u00e4ndewagen, Flughafen Thessaloniki, Mietwagen Thessaloniki Halkidiki, Mietwagen Thessaloniki Flughafen skg\",\"publisher\":{\"@id\":\"https:\/\/www.i-rentacar.com\/de\/#organization\"},\"potentialAction\":[{\"@type\":\"SearchAction\",\"target\":{\"@type\":\"EntryPoint\",\"urlTemplate\":\"https:\/\/www.i-rentacar.com\/de\/?s={search_term_string}\"},\"query-input\":{\"@type\":\"PropertyValueSpecification\",\"valueRequired\":true,\"valueName\":\"search_term_string\"}}],\"inLanguage\":\"de\"},{\"@type\":\"Organization\",\"@id\":\"https:\/\/www.i-rentacar.com\/de\/#organization\",\"name\":\"i-rentacar.com\",\"url\":\"https:\/\/www.i-rentacar.com\/de\/\",\"logo\":{\"@type\":\"ImageObject\",\"inLanguage\":\"de\",\"@id\":\"https:\/\/www.i-rentacar.com\/de\/#\/schema\/logo\/image\/\",\"url\":\"https:\/\/www.i-rentacar.com\/wp-content\/uploads\/2021\/08\/logo-i-rentacar-com-3.png\",\"contentUrl\":\"https:\/\/www.i-rentacar.com\/wp-content\/uploads\/2021\/08\/logo-i-rentacar-com-3.png\",\"width\":383,\"height\":150,\"caption\":\"i-rentacar.com\"},\"image\":{\"@id\":\"https:\/\/www.i-rentacar.com\/de\/#\/schema\/logo\/image\/\"}}]}<\/script>\n<!-- \/ Yoast SEO plugin. -->","yoast_head_json":{"title":"Chalkidiki KTEL Autovermietung | i-rentacar.com","robots":{"index":"index","follow":"follow","max-snippet":"max-snippet:-1","max-image-preview":"max-image-preview:large","max-video-preview":"max-video-preview:-1"},"canonical":"https:\/\/www.i-rentacar.com\/de\/chalkidiki-ktel-autovermietung\/","og_locale":"de_DE","og_type":"article","og_title":"Chalkidiki KTEL Autovermietung | i-rentacar.com","og_url":"https:\/\/www.i-rentacar.com\/de\/chalkidiki-ktel-autovermietung\/","og_site_name":"i-rentacar.com","article_modified_time":"2024-12-29T16:43:17+00:00","twitter_card":"summary_large_image","twitter_misc":{"Gesch\u00e4tzte Lesezeit":"13\u00a0Minuten"},"schema":{"@context":"https:\/\/schema.org","@graph":[{"@type":"WebPage","@id":"https:\/\/www.i-rentacar.com\/de\/chalkidiki-ktel-autovermietung\/","url":"https:\/\/www.i-rentacar.com\/de\/chalkidiki-ktel-autovermietung\/","name":"Chalkidiki KTEL Autovermietung | i-rentacar.com","isPartOf":{"@id":"https:\/\/www.i-rentacar.com\/de\/#website"},"datePublished":"2024-12-29T11:47:46+00:00","dateModified":"2024-12-29T16:43:17+00:00","breadcrumb":{"@id":"https:\/\/www.i-rentacar.com\/de\/chalkidiki-ktel-autovermietung\/#breadcrumb"},"inLanguage":"de","potentialAction":[{"@type":"ReadAction","target":["https:\/\/www.i-rentacar.com\/de\/chalkidiki-ktel-autovermietung\/"]}]},{"@type":"BreadcrumbList","@id":"https:\/\/www.i-rentacar.com\/de\/chalkidiki-ktel-autovermietung\/#breadcrumb","itemListElement":[{"@type":"ListItem","position":1,"name":"Home","item":"https:\/\/www.i-rentacar.com\/de\/"},{"@type":"ListItem","position":2,"name":"Chalkidiki KTEL Autovermietung"}]},{"@type":"WebSite","@id":"https:\/\/www.i-rentacar.com\/de\/#website","url":"https:\/\/www.i-rentacar.com\/de\/","name":"i-rentacar.com","description":"Autovermietung Thessaloniki, Minibus, Gel\u00e4ndewagen, Flughafen Thessaloniki, Mietwagen Thessaloniki Halkidiki, Mietwagen Thessaloniki Flughafen skg","publisher":{"@id":"https:\/\/www.i-rentacar.com\/de\/#organization"},"potentialAction":[{"@type":"SearchAction","target":{"@type":"EntryPoint","urlTemplate":"https:\/\/www.i-rentacar.com\/de\/?s={search_term_string}"},"query-input":{"@type":"PropertyValueSpecification","valueRequired":true,"valueName":"search_term_string"}}],"inLanguage":"de"},{"@type":"Organization","@id":"https:\/\/www.i-rentacar.com\/de\/#organization","name":"i-rentacar.com","url":"https:\/\/www.i-rentacar.com\/de\/","logo":{"@type":"ImageObject","inLanguage":"de","@id":"https:\/\/www.i-rentacar.com\/de\/#\/schema\/logo\/image\/","url":"https:\/\/www.i-rentacar.com\/wp-content\/uploads\/2021\/08\/logo-i-rentacar-com-3.png","contentUrl":"https:\/\/www.i-rentacar.com\/wp-content\/uploads\/2021\/08\/logo-i-rentacar-com-3.png","width":383,"height":150,"caption":"i-rentacar.com"},"image":{"@id":"https:\/\/www.i-rentacar.com\/de\/#\/schema\/logo\/image\/"}}]}},"_links":{"self":[{"href":"https:\/\/www.i-rentacar.com\/de\/wp-json\/wp\/v2\/pages\/9004","targetHints":{"allow":["GET"]}}],"collection":[{"href":"https:\/\/www.i-rentacar.com\/de\/wp-json\/wp\/v2\/pages"}],"about":[{"href":"https:\/\/www.i-rentacar.com\/de\/wp-json\/wp\/v2\/types\/page"}],"author":[{"embeddable":true,"href":"https:\/\/www.i-rentacar.com\/de\/wp-json\/wp\/v2\/users\/1"}],"replies":[{"embeddable":true,"href":"https:\/\/www.i-rentacar.com\/de\/wp-json\/wp\/v2\/comments?post=9004"}],"version-history":[{"count":2,"href":"https:\/\/www.i-rentacar.com\/de\/wp-json\/wp\/v2\/pages\/9004\/revisions"}],"predecessor-version":[{"id":9006,"href":"https:\/\/www.i-rentacar.com\/de\/wp-json\/wp\/v2\/pages\/9004\/revisions\/9006"}],"wp:attachment":[{"href":"https:\/\/www.i-rentacar.com\/de\/wp-json\/wp\/v2\/media?parent=9004"}],"curies":[{"name":"wp","href":"https:\/\/api.w.org\/{rel}","templated":true}]}}