{"id":8999,"date":"2024-12-28T19:01:16","date_gmt":"2024-12-28T17:01:16","guid":{"rendered":"https:\/\/www.i-rentacar.com\/?page_id=8999"},"modified":"2024-12-29T18:40:46","modified_gmt":"2024-12-29T16:40:46","slug":"autovermietung-ktel-mazedonien","status":"publish","type":"page","link":"https:\/\/www.i-rentacar.com\/de\/autovermietung-ktel-mazedonien\/","title":{"rendered":"Autovermietung KTEL Mazedonien"},"content":{"rendered":"<div class=\"fusion-fullwidth fullwidth-box fusion-builder-row-1 fusion-flex-container has-pattern-background has-mask-background nonhundred-percent-fullwidth non-hundred-percent-height-scrolling\" style=\"--awb-border-radius-top-left:0px;--awb-border-radius-top-right:0px;--awb-border-radius-bottom-right:0px;--awb-border-radius-bottom-left:0px;--awb-flex-wrap:wrap;\" ><div class=\"fusion-builder-row fusion-row fusion-flex-align-items-flex-start fusion-flex-content-wrap\" style=\"max-width:1300px;margin-left: calc(-4% \/ 2 );margin-right: calc(-4% \/ 2 );\"><div class=\"fusion-layout-column fusion_builder_column fusion-builder-column-0 fusion_builder_column_1_1 1_1 fusion-flex-column\" style=\"--awb-bg-size:cover;--awb-width-large:100%;--awb-margin-top-large:0px;--awb-spacing-right-large:1.92%;--awb-margin-bottom-large:20px;--awb-spacing-left-large:1.92%;--awb-width-medium:100%;--awb-order-medium:0;--awb-spacing-right-medium:1.92%;--awb-spacing-left-medium:1.92%;--awb-width-small:100%;--awb-order-small:0;--awb-spacing-right-small:1.92%;--awb-spacing-left-small:1.92%;\"><div class=\"fusion-column-wrapper fusion-column-has-shadow fusion-flex-justify-content-flex-start fusion-content-layout-column\"><div class=\"fusion-text fusion-text-1\"><h2 style=\"text-align: center;\">Autovermietung nahe dem KTEL Macedonia von i-rentacar<\/h2>\n<p><strong>i-rentacar<\/strong> bietet umfassende Autovermietungsdienste in der N\u00e4he des <strong>KTEL Macedonia<\/strong> und gew\u00e4hrleistet einen bequemen und schnellen Zugang f\u00fcr alle, die nach Thessaloniki reisen oder von dort abfahren. Unsere Lage, in unmittelbarer N\u00e4he des Bahnhofs, macht uns zur idealen Wahl f\u00fcr Reisende, die ein zuverl\u00e4ssiges Fahrzeug f\u00fcr ihre Mobilit\u00e4t ben\u00f6tigen, sei es aus gesch\u00e4ftlichen oder privaten Gr\u00fcnden.<\/p>\n<h3 style=\"text-align: center;\">Einfache Zug\u00e4nglichkeit f\u00fcr Alle<\/h3>\n<p>Das <strong>KTEL Macedonia<\/strong>, als zentraler Fernbusbahnhof von Thessaloniki, ist ein Knotenpunkt f\u00fcr Reisende aus ganz Griechenland. Mit i-rentacar k\u00f6nnen Sie Ihr Fahrzeug bequem abholen oder zur\u00fcckgeben, ohne den Bahnhof weit verlassen zu m\u00fcssen. Egal, ob Sie gerade mit dem Bus in Thessaloniki angekommen sind oder Ihre Abreise planen, unser Team steht bereit, um Ihnen sofort zu helfen.<\/p>\n<\/div><div class=\"fusion-image-element \" style=\"text-align:center;--awb-caption-title-font-family:var(--h2_typography-font-family);--awb-caption-title-font-weight:var(--h2_typography-font-weight);--awb-caption-title-font-style:var(--h2_typography-font-style);--awb-caption-title-size:var(--h2_typography-font-size);--awb-caption-title-transform:var(--h2_typography-text-transform);--awb-caption-title-line-height:var(--h2_typography-line-height);--awb-caption-title-letter-spacing:var(--h2_typography-letter-spacing);\"><span class=\" fusion-imageframe imageframe-none imageframe-1 hover-type-none\"><img decoding=\"async\" width=\"600\" height=\"300\" alt=\"\u0395\u03bd\u03bf\u03b9\u03ba\u03af\u03b1\u03c3\u03b7 \u03b1\u03c5\u03c4\u03bf\u03ba\u03b9\u03bd\u03ae\u03c4\u03bf\u03c5 \u039a\u03a4\u0395\u039b \u039c\u03b1\u03ba\u03b5\u03b4\u03bf\u03bd\u03af\u03b1\" title=\"ktel;\" src=\"https:\/\/www.i-rentacar.com\/wp-content\/uploads\/2024\/12\/ktel.jpg\" data-orig-src=\"https:\/\/www.i-rentacar.com\/wp-content\/uploads\/2024\/12\/ktel.jpg\" class=\"lazyload img-responsive wp-image-8821\" srcset=\"data:image\/svg+xml,%3Csvg%20xmlns%3D%27http%3A%2F%2Fwww.w3.org%2F2000%2Fsvg%27%20width%3D%27600%27%20height%3D%27300%27%20viewBox%3D%270%200%20600%20300%27%3E%3Crect%20width%3D%27600%27%20height%3D%27300%27%20fill-opacity%3D%220%22%2F%3E%3C%2Fsvg%3E\" data-srcset=\"https:\/\/www.i-rentacar.com\/wp-content\/uploads\/2024\/12\/ktel-200x100.jpg 200w, https:\/\/www.i-rentacar.com\/wp-content\/uploads\/2024\/12\/ktel-400x200.jpg 400w, https:\/\/www.i-rentacar.com\/wp-content\/uploads\/2024\/12\/ktel.jpg 600w\" data-sizes=\"auto\" data-orig-sizes=\"(max-width: 640px) 100vw, 600px\" \/><\/span><\/div><div class=\"fusion-text fusion-text-2\"><h3 style=\"text-align: center;\">Ideale Fahrzeugoptionen f\u00fcr jeden Bedarf<\/h3>\n<p>Bei <strong>i-rentacar<\/strong> verstehen wir, dass jeder Kunde unterschiedliche Bed\u00fcrfnisse hat. Aus diesem Grund bieten wir eine breite Palette an Fahrzeugen, die allen Vorlieben gerecht werden:<\/p>\n<ul>\n<li><strong>Kleine und wendige Autos<\/strong>: Ideal f\u00fcr einfaches Fahren und Parken in der Stadt.<\/li>\n<li><strong>Familienautos<\/strong>: Ger\u00e4umig und komfortabel f\u00fcr Familien oder gr\u00f6\u00dfere Gruppen.<\/li>\n<li><strong>SUVs und Minivans<\/strong>: F\u00fcr diejenigen, die mehr Platz ben\u00f6tigen oder au\u00dferhalb der Stadt reisen m\u00f6chten.<\/li>\n<li><strong>Wirtschaftliche Modelle<\/strong>: Eine ausgezeichnete Wahl f\u00fcr alle, die niedrige Kosten ohne Kompromisse bei der Qualit\u00e4t w\u00fcnschen.<\/li>\n<\/ul>\n<p>Alle unsere Fahrzeuge sind mit modernen Annehmlichkeiten ausgestattet und unterliegen strengen Wartungskontrollen, um deren Sicherheit und Zuverl\u00e4ssigkeit zu gew\u00e4hrleisten.<\/p>\n<h3 style=\"text-align: center;\">Flexible Mietpakete<\/h3>\n<p>Wir bieten flexible Mietoptionen, die auf Ihre Bed\u00fcrfnisse abgestimmt sind, egal ob Sie ein Auto f\u00fcr ein paar Stunden oder f\u00fcr mehrere Tage ben\u00f6tigen. Einige unserer beliebten Optionen sind:<\/p>\n<ul>\n<li><strong>Tagesmiete<\/strong>: Ideal f\u00fcr kurze Fahrten oder allt\u00e4gliche Bed\u00fcrfnisse.<\/li>\n<li><strong>Langzeitmiete<\/strong>: Wirtschaftliche L\u00f6sungen f\u00fcr l\u00e4ngere Urlaubs- oder Gesch\u00e4ftsreisen.<\/li>\n<li><strong>Spezielle Pakete f\u00fcr Touristen<\/strong>: Erkunden Sie Thessaloniki und die umliegenden Regionen mit Komfort und Leichtigkeit.<\/li>\n<\/ul>\n<\/div><div class=\"fusion-image-element \" style=\"text-align:center;--awb-caption-title-font-family:var(--h2_typography-font-family);--awb-caption-title-font-weight:var(--h2_typography-font-weight);--awb-caption-title-font-style:var(--h2_typography-font-style);--awb-caption-title-size:var(--h2_typography-font-size);--awb-caption-title-transform:var(--h2_typography-text-transform);--awb-caption-title-line-height:var(--h2_typography-line-height);--awb-caption-title-letter-spacing:var(--h2_typography-letter-spacing);\"><span class=\" fusion-imageframe imageframe-none imageframe-2 hover-type-none\"><img decoding=\"async\" width=\"600\" height=\"300\" alt=\"\u0395\u03bd\u03bf\u03b9\u03ba\u03af\u03b1\u03c3\u03b7 \u03b1\u03c5\u03c4\u03bf\u03ba\u03b9\u03bd\u03ae\u03c4\u03bf\u03c5 \u039a\u03a4\u0395\u039b \u039c\u03b1\u03ba\u03b5\u03b4\u03bf\u03bd\u03af\u03b1 \" title=\"ktel-mak\" src=\"https:\/\/www.i-rentacar.com\/wp-content\/uploads\/2024\/12\/ktel-mak.jpg\" data-orig-src=\"https:\/\/www.i-rentacar.com\/wp-content\/uploads\/2024\/12\/ktel-mak.jpg\" class=\"lazyload img-responsive wp-image-8826\" srcset=\"data:image\/svg+xml,%3Csvg%20xmlns%3D%27http%3A%2F%2Fwww.w3.org%2F2000%2Fsvg%27%20width%3D%27600%27%20height%3D%27300%27%20viewBox%3D%270%200%20600%20300%27%3E%3Crect%20width%3D%27600%27%20height%3D%27300%27%20fill-opacity%3D%220%22%2F%3E%3C%2Fsvg%3E\" data-srcset=\"https:\/\/www.i-rentacar.com\/wp-content\/uploads\/2024\/12\/ktel-mak-200x100.jpg 200w, https:\/\/www.i-rentacar.com\/wp-content\/uploads\/2024\/12\/ktel-mak-400x200.jpg 400w, https:\/\/www.i-rentacar.com\/wp-content\/uploads\/2024\/12\/ktel-mak.jpg 600w\" data-sizes=\"auto\" data-orig-sizes=\"(max-width: 640px) 100vw, 600px\" \/><\/span><\/div><div class=\"fusion-text fusion-text-3\"><h3 style=\"text-align: center;\">Vollst\u00e4ndige Unterst\u00fctzung f\u00fcr eine angenehme Erfahrung<\/h3>\n<p>Kundendienst hat bei i-rentacar oberste Priorit\u00e4t. Wir bieten eine Reihe zus\u00e4tzlicher Dienstleistungen, die das Mieten noch einfacher machen:<\/p>\n<ul>\n<li><strong>Kindersitze<\/strong>: F\u00fcr sichere Fahrten mit Ihren Kindern.<\/li>\n<li><strong>GPS<\/strong>: Damit Sie Ihr Ziel stressfrei erreichen.<\/li>\n<li><strong>24\/7 Unterst\u00fctzung<\/strong>: Unser Team ist immer verf\u00fcgbar, um Ihnen bei Bedarf zu helfen.<\/li>\n<\/ul>\n<p>Au\u00dferdem k\u00f6nnen wir Ihr Fahrzeug direkt am KTEL Makedonia liefern, sodass Sie Zeit und M\u00fche sparen.<\/p>\n<h3 style=\"text-align: center;\">Erkunden Sie Thessaloniki und mehr<\/h3>\n<p>Mit einem Auto von <strong>i-rentacar<\/strong> haben Sie die M\u00f6glichkeit, alles zu entdecken, was Thessaloniki und die Umgebung zu bieten haben. Entdecken Sie das kulturelle Erbe der Stadt, die malerischen Gassen der oberen Stadt, die Museen und die lokalen M\u00e4rkte.<\/p>\n<p>Wenn Sie einen Tagesausflug planen, sind nahe Ziele wie Chalkidiki, Pilion oder der Olymp nur wenige Stunden entfernt. Mit einem sicheren und komfortablen Fahrzeug k\u00f6nnen Sie ganz einfach und sicher reisen.<\/p>\n<\/div><div class=\"fusion-image-element \" style=\"text-align:center;--awb-caption-title-font-family:var(--h2_typography-font-family);--awb-caption-title-font-weight:var(--h2_typography-font-weight);--awb-caption-title-font-style:var(--h2_typography-font-style);--awb-caption-title-size:var(--h2_typography-font-size);--awb-caption-title-transform:var(--h2_typography-text-transform);--awb-caption-title-line-height:var(--h2_typography-line-height);--awb-caption-title-letter-spacing:var(--h2_typography-letter-spacing);\"><span class=\" fusion-imageframe imageframe-none imageframe-3 hover-type-none\"><img decoding=\"async\" width=\"600\" height=\"300\" alt=\"\u0395\u03bd\u03bf\u03b9\u03ba\u03af\u03b1\u03c3\u03b7 \u03b1\u03c5\u03c4\u03bf\u03ba\u03b9\u03bd\u03ae\u03c4\u03bf\u03c5 \u039a\u03a4\u0395\u039b \u039c\u03b1\u03ba\u03b5\u03b4\u03bf\u03bd\u03af\u03b1\" title=\"\u03ba\u03c4\u03b5\u03bb-\u03bc\u03b1\u03b5\" src=\"https:\/\/www.i-rentacar.com\/wp-content\/uploads\/2024\/12\/\u03ba\u03c4\u03b5\u03bb-\u03bc\u03b1\u03b5.jpg\" data-orig-src=\"https:\/\/www.i-rentacar.com\/wp-content\/uploads\/2024\/12\/\u03ba\u03c4\u03b5\u03bb-\u03bc\u03b1\u03b5.jpg\" class=\"lazyload img-responsive wp-image-8816\" srcset=\"data:image\/svg+xml,%3Csvg%20xmlns%3D%27http%3A%2F%2Fwww.w3.org%2F2000%2Fsvg%27%20width%3D%27600%27%20height%3D%27300%27%20viewBox%3D%270%200%20600%20300%27%3E%3Crect%20width%3D%27600%27%20height%3D%27300%27%20fill-opacity%3D%220%22%2F%3E%3C%2Fsvg%3E\" data-srcset=\"https:\/\/www.i-rentacar.com\/wp-content\/uploads\/2024\/12\/\u03ba\u03c4\u03b5\u03bb-\u03bc\u03b1\u03b5-200x100.jpg 200w, https:\/\/www.i-rentacar.com\/wp-content\/uploads\/2024\/12\/\u03ba\u03c4\u03b5\u03bb-\u03bc\u03b1\u03b5-400x200.jpg 400w, https:\/\/www.i-rentacar.com\/wp-content\/uploads\/2024\/12\/\u03ba\u03c4\u03b5\u03bb-\u03bc\u03b1\u03b5.jpg 600w\" data-sizes=\"auto\" data-orig-sizes=\"(max-width: 640px) 100vw, 600px\" \/><\/span><\/div><div class=\"fusion-text fusion-text-4\"><h3 style=\"text-align: center;\">Warum i-rentacar w\u00e4hlen?<\/h3>\n<ul>\n<li><strong>Zentrale Lage<\/strong>: In der N\u00e4he des KTEL Makedonia f\u00fcr einfachen Zugang.<\/li>\n<li><strong>Wettbewerbsf\u00e4hige Preise<\/strong>: Wir bieten qualitativ hochwertige Dienstleistungen zu erschwinglichen Preisen.<\/li>\n<li><strong>Zuverl\u00e4ssige Fahrzeuge<\/strong>: Alle unsere Autos sind hervorragend gewartet und mit modernen Annehmlichkeiten ausgestattet.<\/li>\n<li><strong>Exzellenter Service<\/strong>: Unser Team ist immer bereit, Ihnen mit Freundlichkeit und Professionalit\u00e4t zu helfen.<\/li>\n<\/ul>\n<h3 style=\"text-align: center;\">Buchen Sie Ihr Fahrzeug noch heute<\/h3>\n<p>Wenn Sie nach einer zuverl\u00e4ssigen und einfachen L\u00f6sung f\u00fcr Ihre Fortbewegung in Thessaloniki suchen, ist <strong>i-rentacar<\/strong> die ideale Wahl. Kontaktieren Sie uns oder besuchen Sie unsere Website f\u00fcr weitere Informationen und Buchungen.<\/p>\n<p>Mit i-rentacar wird Ihre Fortbewegung komfortabel, schnell und stressfrei! Vertrauen Sie uns f\u00fcr Ihre n\u00e4chste Autovermietung und genie\u00dfen Sie die Freiheit, die Ihnen ein zuverl\u00e4ssiges Fahrzeug bietet.<\/p>\n<\/div><div class=\"fusion-text fusion-text-5\" style=\"--awb-width:1250px;\"><p><iframe style=\"border: 0;\" src=\"https:\/\/www.google.com\/maps\/embed?pb=!1m18!1m12!1m3!1d3026.8845525873703!2d22.897302184697015!3d40.65447519766541!2m3!1f0!2f0!3f0!3m2!1i1024!2i768!4f13.1!3m3!1m2!1s0x14a83a2646e50e5d%3A0xff16ef3a51fac3f9!2zzqPPhM6xzrjOvM-Mz4IgzqXPgM61z4HOsc-Dz4TOuc66z47OvSDOm861z4nPhs6_z4HOtc6vz4nOvSDOms6kzpXOmyDOmM61z4PPg86xzrvOv869zq_Ous63z4IgwqvOnM6xzrrOtc60zr_Ovc6vzrHCuw!5e0!3m2!1sel!2sgr!4v1735478067307!5m2!1sel!2sgr\" width=\"1250\" height=\"450\" allowfullscreen=\"allowfullscreen\"><span data-mce-type=\"bookmark\" style=\"display: inline-block; width: 0px; overflow: hidden; line-height: 0;\" class=\"mce_SELRES_start\">\ufeff<\/span><span data-mce-type=\"bookmark\" style=\"display: inline-block; width: 0px; overflow: hidden; line-height: 0;\" class=\"mce_SELRES_start\">\ufeff<\/span><span data-mce-type=\"bookmark\" style=\"display: inline-block; width: 0px; overflow: hidden; line-height: 0;\" class=\"mce_SELRES_start\">\ufeff<\/span><\/iframe><\/p>\n<\/div><\/div><\/div><\/div><\/div>\n","protected":false},"excerpt":{"rendered":"","protected":false},"author":1,"featured_media":0,"parent":0,"menu_order":0,"comment_status":"closed","ping_status":"closed","template":"100-width.php","meta":{"footnotes":""},"class_list":["post-8999","page","type-page","status-publish","hentry"],"yoast_head":"<!-- This site is optimized with the Yoast SEO plugin v27.0 - https:\/\/yoast.com\/product\/yoast-seo-wordpress\/ -->\n<title>Autovermietung KTEL Mazedonien | i-rentacar.com<\/title>\n<meta name=\"robots\" content=\"index, follow, max-snippet:-1, max-image-preview:large, max-video-preview:-1\" \/>\n<link rel=\"canonical\" href=\"https:\/\/www.i-rentacar.com\/de\/autovermietung-ktel-mazedonien\/\" \/>\n<meta property=\"og:locale\" content=\"de_DE\" \/>\n<meta property=\"og:type\" content=\"article\" \/>\n<meta property=\"og:title\" content=\"Autovermietung KTEL Mazedonien | i-rentacar.com\" \/>\n<meta property=\"og:url\" content=\"https:\/\/www.i-rentacar.com\/de\/autovermietung-ktel-mazedonien\/\" \/>\n<meta property=\"og:site_name\" content=\"i-rentacar.com\" \/>\n<meta property=\"article:modified_time\" content=\"2024-12-29T16:40:46+00:00\" \/>\n<meta name=\"twitter:card\" content=\"summary_large_image\" \/>\n<meta name=\"twitter:label1\" content=\"Gesch\u00e4tzte Lesezeit\" \/>\n\t<meta name=\"twitter:data1\" content=\"15\u00a0Minuten\" \/>\n<script type=\"application\/ld+json\" class=\"yoast-schema-graph\">{\"@context\":\"https:\/\/schema.org\",\"@graph\":[{\"@type\":\"WebPage\",\"@id\":\"https:\/\/www.i-rentacar.com\/de\/autovermietung-ktel-mazedonien\/\",\"url\":\"https:\/\/www.i-rentacar.com\/de\/autovermietung-ktel-mazedonien\/\",\"name\":\"Autovermietung KTEL Mazedonien | i-rentacar.com\",\"isPartOf\":{\"@id\":\"https:\/\/www.i-rentacar.com\/de\/#website\"},\"datePublished\":\"2024-12-28T17:01:16+00:00\",\"dateModified\":\"2024-12-29T16:40:46+00:00\",\"breadcrumb\":{\"@id\":\"https:\/\/www.i-rentacar.com\/de\/autovermietung-ktel-mazedonien\/#breadcrumb\"},\"inLanguage\":\"de\",\"potentialAction\":[{\"@type\":\"ReadAction\",\"target\":[\"https:\/\/www.i-rentacar.com\/de\/autovermietung-ktel-mazedonien\/\"]}]},{\"@type\":\"BreadcrumbList\",\"@id\":\"https:\/\/www.i-rentacar.com\/de\/autovermietung-ktel-mazedonien\/#breadcrumb\",\"itemListElement\":[{\"@type\":\"ListItem\",\"position\":1,\"name\":\"Home\",\"item\":\"https:\/\/www.i-rentacar.com\/de\/\"},{\"@type\":\"ListItem\",\"position\":2,\"name\":\"Autovermietung KTEL Mazedonien\"}]},{\"@type\":\"WebSite\",\"@id\":\"https:\/\/www.i-rentacar.com\/de\/#website\",\"url\":\"https:\/\/www.i-rentacar.com\/de\/\",\"name\":\"i-rentacar.com\",\"description\":\"Autovermietung Thessaloniki, Minibus, Gel\u00e4ndewagen, Flughafen Thessaloniki, Mietwagen Thessaloniki Halkidiki, Mietwagen Thessaloniki Flughafen skg\",\"publisher\":{\"@id\":\"https:\/\/www.i-rentacar.com\/de\/#organization\"},\"potentialAction\":[{\"@type\":\"SearchAction\",\"target\":{\"@type\":\"EntryPoint\",\"urlTemplate\":\"https:\/\/www.i-rentacar.com\/de\/?s={search_term_string}\"},\"query-input\":{\"@type\":\"PropertyValueSpecification\",\"valueRequired\":true,\"valueName\":\"search_term_string\"}}],\"inLanguage\":\"de\"},{\"@type\":\"Organization\",\"@id\":\"https:\/\/www.i-rentacar.com\/de\/#organization\",\"name\":\"i-rentacar.com\",\"url\":\"https:\/\/www.i-rentacar.com\/de\/\",\"logo\":{\"@type\":\"ImageObject\",\"inLanguage\":\"de\",\"@id\":\"https:\/\/www.i-rentacar.com\/de\/#\/schema\/logo\/image\/\",\"url\":\"https:\/\/www.i-rentacar.com\/wp-content\/uploads\/2021\/08\/logo-i-rentacar-com-3.png\",\"contentUrl\":\"https:\/\/www.i-rentacar.com\/wp-content\/uploads\/2021\/08\/logo-i-rentacar-com-3.png\",\"width\":383,\"height\":150,\"caption\":\"i-rentacar.com\"},\"image\":{\"@id\":\"https:\/\/www.i-rentacar.com\/de\/#\/schema\/logo\/image\/\"}}]}<\/script>\n<!-- \/ Yoast SEO plugin. -->","yoast_head_json":{"title":"Autovermietung KTEL Mazedonien | i-rentacar.com","robots":{"index":"index","follow":"follow","max-snippet":"max-snippet:-1","max-image-preview":"max-image-preview:large","max-video-preview":"max-video-preview:-1"},"canonical":"https:\/\/www.i-rentacar.com\/de\/autovermietung-ktel-mazedonien\/","og_locale":"de_DE","og_type":"article","og_title":"Autovermietung KTEL Mazedonien | i-rentacar.com","og_url":"https:\/\/www.i-rentacar.com\/de\/autovermietung-ktel-mazedonien\/","og_site_name":"i-rentacar.com","article_modified_time":"2024-12-29T16:40:46+00:00","twitter_card":"summary_large_image","twitter_misc":{"Gesch\u00e4tzte Lesezeit":"15\u00a0Minuten"},"schema":{"@context":"https:\/\/schema.org","@graph":[{"@type":"WebPage","@id":"https:\/\/www.i-rentacar.com\/de\/autovermietung-ktel-mazedonien\/","url":"https:\/\/www.i-rentacar.com\/de\/autovermietung-ktel-mazedonien\/","name":"Autovermietung KTEL Mazedonien | i-rentacar.com","isPartOf":{"@id":"https:\/\/www.i-rentacar.com\/de\/#website"},"datePublished":"2024-12-28T17:01:16+00:00","dateModified":"2024-12-29T16:40:46+00:00","breadcrumb":{"@id":"https:\/\/www.i-rentacar.com\/de\/autovermietung-ktel-mazedonien\/#breadcrumb"},"inLanguage":"de","potentialAction":[{"@type":"ReadAction","target":["https:\/\/www.i-rentacar.com\/de\/autovermietung-ktel-mazedonien\/"]}]},{"@type":"BreadcrumbList","@id":"https:\/\/www.i-rentacar.com\/de\/autovermietung-ktel-mazedonien\/#breadcrumb","itemListElement":[{"@type":"ListItem","position":1,"name":"Home","item":"https:\/\/www.i-rentacar.com\/de\/"},{"@type":"ListItem","position":2,"name":"Autovermietung KTEL Mazedonien"}]},{"@type":"WebSite","@id":"https:\/\/www.i-rentacar.com\/de\/#website","url":"https:\/\/www.i-rentacar.com\/de\/","name":"i-rentacar.com","description":"Autovermietung Thessaloniki, Minibus, Gel\u00e4ndewagen, Flughafen Thessaloniki, Mietwagen Thessaloniki Halkidiki, Mietwagen Thessaloniki Flughafen skg","publisher":{"@id":"https:\/\/www.i-rentacar.com\/de\/#organization"},"potentialAction":[{"@type":"SearchAction","target":{"@type":"EntryPoint","urlTemplate":"https:\/\/www.i-rentacar.com\/de\/?s={search_term_string}"},"query-input":{"@type":"PropertyValueSpecification","valueRequired":true,"valueName":"search_term_string"}}],"inLanguage":"de"},{"@type":"Organization","@id":"https:\/\/www.i-rentacar.com\/de\/#organization","name":"i-rentacar.com","url":"https:\/\/www.i-rentacar.com\/de\/","logo":{"@type":"ImageObject","inLanguage":"de","@id":"https:\/\/www.i-rentacar.com\/de\/#\/schema\/logo\/image\/","url":"https:\/\/www.i-rentacar.com\/wp-content\/uploads\/2021\/08\/logo-i-rentacar-com-3.png","contentUrl":"https:\/\/www.i-rentacar.com\/wp-content\/uploads\/2021\/08\/logo-i-rentacar-com-3.png","width":383,"height":150,"caption":"i-rentacar.com"},"image":{"@id":"https:\/\/www.i-rentacar.com\/de\/#\/schema\/logo\/image\/"}}]}},"_links":{"self":[{"href":"https:\/\/www.i-rentacar.com\/de\/wp-json\/wp\/v2\/pages\/8999","targetHints":{"allow":["GET"]}}],"collection":[{"href":"https:\/\/www.i-rentacar.com\/de\/wp-json\/wp\/v2\/pages"}],"about":[{"href":"https:\/\/www.i-rentacar.com\/de\/wp-json\/wp\/v2\/types\/page"}],"author":[{"embeddable":true,"href":"https:\/\/www.i-rentacar.com\/de\/wp-json\/wp\/v2\/users\/1"}],"replies":[{"embeddable":true,"href":"https:\/\/www.i-rentacar.com\/de\/wp-json\/wp\/v2\/comments?post=8999"}],"version-history":[{"count":2,"href":"https:\/\/www.i-rentacar.com\/de\/wp-json\/wp\/v2\/pages\/8999\/revisions"}],"predecessor-version":[{"id":9002,"href":"https:\/\/www.i-rentacar.com\/de\/wp-json\/wp\/v2\/pages\/8999\/revisions\/9002"}],"wp:attachment":[{"href":"https:\/\/www.i-rentacar.com\/de\/wp-json\/wp\/v2\/media?parent=8999"}],"curies":[{"name":"wp","href":"https:\/\/api.w.org\/{rel}","templated":true}]}}