{"id":8995,"date":"2024-12-28T18:51:01","date_gmt":"2024-12-28T16:51:01","guid":{"rendered":"https:\/\/www.i-rentacar.com\/?page_id=8995"},"modified":"2024-12-29T18:37:55","modified_gmt":"2024-12-29T16:37:55","slug":"autovermietungszentrum-von-thessaloniki","status":"publish","type":"page","link":"https:\/\/www.i-rentacar.com\/de\/autovermietungszentrum-von-thessaloniki\/","title":{"rendered":"Autovermietungszentrum von Thessaloniki"},"content":{"rendered":"<div class=\"fusion-fullwidth fullwidth-box fusion-builder-row-1 fusion-flex-container has-pattern-background has-mask-background nonhundred-percent-fullwidth non-hundred-percent-height-scrolling\" style=\"--awb-border-radius-top-left:0px;--awb-border-radius-top-right:0px;--awb-border-radius-bottom-right:0px;--awb-border-radius-bottom-left:0px;--awb-flex-wrap:wrap;\" ><div class=\"fusion-builder-row fusion-row fusion-flex-align-items-flex-start fusion-flex-content-wrap\" style=\"max-width:1300px;margin-left: calc(-4% \/ 2 );margin-right: calc(-4% \/ 2 );\"><div class=\"fusion-layout-column fusion_builder_column fusion-builder-column-0 fusion_builder_column_1_1 1_1 fusion-flex-column\" style=\"--awb-bg-size:cover;--awb-width-large:100%;--awb-margin-top-large:0px;--awb-spacing-right-large:1.92%;--awb-margin-bottom-large:20px;--awb-spacing-left-large:1.92%;--awb-width-medium:100%;--awb-order-medium:0;--awb-spacing-right-medium:1.92%;--awb-spacing-left-medium:1.92%;--awb-width-small:100%;--awb-order-small:0;--awb-spacing-right-small:1.92%;--awb-spacing-left-small:1.92%;\"><div class=\"fusion-column-wrapper fusion-column-has-shadow fusion-flex-justify-content-flex-start fusion-content-layout-column\"><div class=\"fusion-text fusion-text-1\"><h2 style=\"text-align: center;\">Autovermietung im Zentrum von Thessaloniki von i-rentacar<\/h2>\n<p>Die <a href=\"https:\/\/www.i-rentacar.com\/\"> <strong>i-rentacar<\/strong><\/a> befindet sich im Herzen von Thessaloniki, an der Adresse Angelaki 13, und bietet Autovermietungsdienste, die allen Bed\u00fcrfnissen der Fortbewegung gerecht werden. Mit einem Fokus auf Kundenservice, Qualit\u00e4t und wettbewerbsf\u00e4hige Preise ist die <a href=\"https:\/\/www.i-rentacar.com\/\"> i-rentacar<\/a> die ideale Wahl f\u00fcr alle, die die Stadt f\u00fcr gesch\u00e4ftliche oder Freizeitaktivit\u00e4ten besuchen. Unsere zentrale Lage in Thessaloniki macht die Abholung und R\u00fcckgabe von Fahrzeugen \u00e4u\u00dferst praktisch.<\/p>\n<h3 style=\"text-align: center;\">Gro\u00dfe Fahrzeugauswahl<\/h3>\n<p>Bei <a href=\"https:\/\/www.i-rentacar.com\/\"><strong>i-rentacar<\/strong><\/a> bieten wir eine gro\u00dfe Auswahl an Fahrzeugen, um jedes Bed\u00fcrfnis und jede Pr\u00e4ferenz zu erf\u00fcllen. Vom kleinen, flexiblen Auto, das ideal f\u00fcr Fahrten in der Stadt ist, bis hin zu ger\u00e4umigen SUVs und 9-Sitzer-Vans f\u00fcr Familien, Gruppen oder gesch\u00e4ftliche Zwecke.<\/p>\n<p>Alle unsere Fahrzeuge sind modern, gut gewartet und mit den neuesten Technologien ausgestattet, um maximalen Komfort und Sicherheit w\u00e4hrend der Mietzeit zu gew\u00e4hrleisten. Au\u00dferdem bieten wir Optionen f\u00fcr Schaltgetriebe oder Automatik sowie Benzin-, Diesel- oder Hybridmotoren, um f\u00fcr jede Art von Reise flexibel zu sein.<\/p>\n<\/div><div class=\"fusion-image-element \" style=\"text-align:center;--awb-caption-title-font-family:var(--h2_typography-font-family);--awb-caption-title-font-weight:var(--h2_typography-font-weight);--awb-caption-title-font-style:var(--h2_typography-font-style);--awb-caption-title-size:var(--h2_typography-font-size);--awb-caption-title-transform:var(--h2_typography-text-transform);--awb-caption-title-line-height:var(--h2_typography-line-height);--awb-caption-title-letter-spacing:var(--h2_typography-letter-spacing);\"><span class=\" fusion-imageframe imageframe-none imageframe-1 hover-type-none\"><img decoding=\"async\" width=\"600\" height=\"300\" alt=\"\u0395\u03bd\u03bf\u03b9\u03ba\u03af\u03b1\u03c3\u03b7 \u03b1\u03c5\u03c4\u03bf\u03ba\u03b9\u03bd\u03ae\u03c4\u03bf\u03c5 \u0391\u03b3\u03b3\u03b5\u03bb\u03ac\u03ba\u03b7 13\" title=\"\u03b1\u03b3\u03b3\u03b5\u03bb\" src=\"https:\/\/www.i-rentacar.com\/wp-content\/uploads\/2024\/12\/\u03b1\u03b3\u03b3\u03b5\u03bb.jpg\" data-orig-src=\"https:\/\/www.i-rentacar.com\/wp-content\/uploads\/2024\/12\/\u03b1\u03b3\u03b3\u03b5\u03bb.jpg\" class=\"lazyload img-responsive wp-image-8800\" srcset=\"data:image\/svg+xml,%3Csvg%20xmlns%3D%27http%3A%2F%2Fwww.w3.org%2F2000%2Fsvg%27%20width%3D%27600%27%20height%3D%27300%27%20viewBox%3D%270%200%20600%20300%27%3E%3Crect%20width%3D%27600%27%20height%3D%27300%27%20fill-opacity%3D%220%22%2F%3E%3C%2Fsvg%3E\" data-srcset=\"https:\/\/www.i-rentacar.com\/wp-content\/uploads\/2024\/12\/\u03b1\u03b3\u03b3\u03b5\u03bb-200x100.jpg 200w, https:\/\/www.i-rentacar.com\/wp-content\/uploads\/2024\/12\/\u03b1\u03b3\u03b3\u03b5\u03bb-400x200.jpg 400w, https:\/\/www.i-rentacar.com\/wp-content\/uploads\/2024\/12\/\u03b1\u03b3\u03b3\u03b5\u03bb.jpg 600w\" data-sizes=\"auto\" data-orig-sizes=\"(max-width: 640px) 100vw, 600px\" \/><\/span><\/div><div class=\"fusion-text fusion-text-2\"><h3 style=\"text-align: center;\">Komfort und Kundenservice<\/h3>\n<p>Unsere Lage in der Angelaki 13, im Zentrum von Thessaloniki, erm\u00f6glicht es Ihnen, Ihr Fahrzeug schnell und einfach abzuholen und zur\u00fcckzugeben, ohne unn\u00f6tige Verz\u00f6gerungen. Ob Sie den Tag mit gesch\u00e4ftlichen Verpflichtungen beginnen oder einen Ausflug in die umliegenden Gebiete planen, i-rentacar ist hier, um Ihnen den besten Service zu bieten.<\/p>\n<p>F\u00fcr G\u00e4ste, die in Hotels oder Apartments im Zentrum wohnen, bieten wir auch einen Lieferdienst des Fahrzeugs direkt zu Ihrer Unterkunft an, um den Vorgang noch bequemer zu gestalten.<\/p>\n<h3 style=\"text-align: center;\">Ma\u00dfgeschneiderte Mietpakete<\/h3>\n<p>Bei <strong>i-rentacar<\/strong> verstehen wir, dass jeder Reisende unterschiedliche Bed\u00fcrfnisse hat. Deshalb bieten wir flexible Mietpakete, die je nach Dauer und Anforderungen angepasst werden k\u00f6nnen.<\/p>\n<ul>\n<li>F\u00fcr kurze Fahrten in der Stadt bieten wir kosteng\u00fcnstige Tagesmietpakete an.<\/li>\n<li>F\u00fcr l\u00e4ngere Urlaubsreisen oder Gesch\u00e4ftsreisen bieten wir Sonderangebote, die bessere Preise f\u00fcr Langzeitmieten sichern.<\/li>\n<\/ul>\n<p>Dar\u00fcber hinaus k\u00f6nnen Gesch\u00e4ftsreisende von speziellen Firmenpaketen profitieren, die ideal f\u00fcr Fahrzeugflotten oder regelm\u00e4\u00dfige Mobilit\u00e4tsbed\u00fcrfnisse sind.<\/p>\n<\/div><div class=\"fusion-image-element \" style=\"text-align:center;--awb-caption-title-font-family:var(--h2_typography-font-family);--awb-caption-title-font-weight:var(--h2_typography-font-weight);--awb-caption-title-font-style:var(--h2_typography-font-style);--awb-caption-title-size:var(--h2_typography-font-size);--awb-caption-title-transform:var(--h2_typography-text-transform);--awb-caption-title-line-height:var(--h2_typography-line-height);--awb-caption-title-letter-spacing:var(--h2_typography-letter-spacing);\"><span class=\" fusion-imageframe imageframe-none imageframe-2 hover-type-none\"><img decoding=\"async\" width=\"600\" height=\"300\" alt=\"\u0395\u03bd\u03bf\u03b9\u03ba\u03af\u03b1\u03c3\u03b7 \u03b1\u03c5\u03c4\u03bf\u03ba\u03b9\u03bd\u03ae\u03c4\u03bf\u03c5 \u0391\u03b3\u03b3\u03b5\u03bb\u03ac\u03ba\u03b7 13\" title=\"gagae\" src=\"https:\/\/www.i-rentacar.com\/wp-content\/uploads\/2024\/12\/gagae.jpg\" data-orig-src=\"https:\/\/www.i-rentacar.com\/wp-content\/uploads\/2024\/12\/gagae.jpg\" class=\"lazyload img-responsive wp-image-8805\" srcset=\"data:image\/svg+xml,%3Csvg%20xmlns%3D%27http%3A%2F%2Fwww.w3.org%2F2000%2Fsvg%27%20width%3D%27600%27%20height%3D%27300%27%20viewBox%3D%270%200%20600%20300%27%3E%3Crect%20width%3D%27600%27%20height%3D%27300%27%20fill-opacity%3D%220%22%2F%3E%3C%2Fsvg%3E\" data-srcset=\"https:\/\/www.i-rentacar.com\/wp-content\/uploads\/2024\/12\/gagae-200x100.jpg 200w, https:\/\/www.i-rentacar.com\/wp-content\/uploads\/2024\/12\/gagae-400x200.jpg 400w, https:\/\/www.i-rentacar.com\/wp-content\/uploads\/2024\/12\/gagae.jpg 600w\" data-sizes=\"auto\" data-orig-sizes=\"(max-width: 640px) 100vw, 600px\" \/><\/span><\/div><div class=\"fusion-text fusion-text-3\"><h3 style=\"text-align: center;\">Zus\u00e4tzliche Dienstleistungen<\/h3>\n<p><strong>i-rentacar<\/strong> bietet nicht nur Autovermietung, sondern auch eine Reihe zus\u00e4tzlicher Dienstleistungen, um Ihr Erlebnis zu verbessern:<\/p>\n<ul>\n<li><strong>GPS<\/strong>: F\u00fcr einfaches Navigieren in unbekannten Gebieten.<\/li>\n<li><strong>Kindersitze<\/strong>: F\u00fcr die sichere Bef\u00f6rderung der kleinen Passagiere.<\/li>\n<li><strong>Vollkaskoversicherung<\/strong>: Damit Sie sorgenfrei auf jeder Fahrt unterwegs sind.<\/li>\n<\/ul>\n<p>Au\u00dferdem steht unser Team 24\/7 zur Verf\u00fcgung, um Ihnen bei Fragen oder Problemen w\u00e4hrend der Mietdauer zu helfen und Ihnen kontinuierliche Unterst\u00fctzung zu bieten.<\/p>\n<h3 style=\"text-align: center;\">Entdecken Sie Thessaloniki mit Freiheit<\/h3>\n<p>Mit einem Fahrzeug von i-rentacar k\u00f6nnen Sie Thessaloniki und die umliegenden Gebiete mit gr\u00f6\u00dftem Komfort erkunden. Von den historischen Denkm\u00e4lern der Stadt, wie dem Wei\u00dfen Turm und der Oberstadt, bis hin zu den malerischen Caf\u00e9s und Restaurants im Zentrum, bietet Thessaloniki unz\u00e4hlige M\u00f6glichkeiten f\u00fcr jeden Besucher.<\/p>\n<p>Wenn Sie die Stadt verlassen m\u00f6chten, sind die nahegelegenen Str\u00e4nde der Chalkidiki oder der Olymp ideal f\u00fcr einen Tagesausflug. Mit dem richtigen Fahrzeug von i-rentacar haben Sie die Flexibilit\u00e4t, bequem und sicher zu reisen, wohin auch immer Ihr Ziel f\u00fchrt.<\/p>\n<h3 style=\"text-align: center;\">Warum i-rentacar w\u00e4hlen?<\/h3>\n<ul>\n<li><strong>Einfacher Buchungsprozess<\/strong>: Buchen Sie Ihr Fahrzeug schnell und unkompliziert \u00fcber unsere Website oder telefonisch.<\/li>\n<li><strong>Wettbewerbsf\u00e4hige Preise<\/strong>: Wir bieten kosteng\u00fcnstige L\u00f6sungen ohne versteckte Geb\u00fchren.<\/li>\n<li><strong>Kundendienst<\/strong>: Unser Team steht Ihnen jederzeit mit H\u00f6flichkeit und Professionalit\u00e4t zur Verf\u00fcgung.<\/li>\n<li><strong>Sichere Fahrzeuge<\/strong>: Alle Fahrzeuge werden regelm\u00e4\u00dfig gewartet und entsprechen den h\u00f6chsten Sicherheitsstandards.<\/li>\n<\/ul>\n<h3 style=\"text-align: center;\">Buchen Sie Ihr Fahrzeug noch heute<\/h3>\n<p>Entdecken Sie den Komfort und die Flexibilit\u00e4t, die die Autovermietung bei i-rentacar bietet. Besuchen Sie uns in der Angelaki 13 oder kontaktieren Sie uns f\u00fcr weitere Informationen. Wir sind hier, um Ihr Mobilit\u00e4tserlebnis in Thessaloniki so bequem und angenehm wie m\u00f6glich zu gestalten.<\/p>\n<p>Mit <strong>i-rentacar<\/strong> werden Ihre Fahrten in der Stadt oder au\u00dferhalb sowohl einfach, zuverl\u00e4ssig als auch angenehm!<\/p>\n<\/div><div class=\"fusion-text fusion-text-4\"><p><iframe src=\"https:\/\/www.google.com\/maps\/embed?pb=!1m18!1m12!1m3!1d3028.0634359987503!2d22.95046437583849!3d40.628482971406335!2m3!1f0!2f0!3f0!3m2!1i1024!2i768!4f13.1!3m3!1m2!1s0x14a83901f97d2c55%3A0xa877600451623abd!2zzpHOs86zzrXOu86szrrOtyAxMywgzpjOtc-Dz4POsc67zr_Ovc6vzrrOtyA1NDYgMjE!5e0!3m2!1sel!2sgr!4v1735477775496!5m2!1sel!2sgr\" width=\"1250\" height=\"450\" allowfullscreen=\"allowfullscreen\" data-mce-fragment=\"1\"><span data-mce-type=\"bookmark\" style=\"display: inline-block; width: 0px; overflow: hidden; line-height: 0;\" class=\"mce_SELRES_start\">\ufeff<\/span><span data-mce-type=\"bookmark\" style=\"display: inline-block; width: 0px; overflow: hidden; line-height: 0;\" class=\"mce_SELRES_start\">\ufeff<\/span><span data-mce-type=\"bookmark\" style=\"display: inline-block; width: 0px; overflow: hidden; line-height: 0;\" class=\"mce_SELRES_start\">\ufeff<\/span><span data-mce-type=\"bookmark\" style=\"display: inline-block; width: 0px; overflow: hidden; line-height: 0;\" class=\"mce_SELRES_start\">\ufeff<\/span><\/iframe><\/p>\n<\/div><\/div><\/div><\/div><\/div>\n","protected":false},"excerpt":{"rendered":"","protected":false},"author":1,"featured_media":0,"parent":0,"menu_order":0,"comment_status":"closed","ping_status":"closed","template":"100-width.php","meta":{"footnotes":""},"class_list":["post-8995","page","type-page","status-publish","hentry"],"yoast_head":"<!-- This site is optimized with the Yoast SEO plugin v27.0 - https:\/\/yoast.com\/product\/yoast-seo-wordpress\/ -->\n<title>Autovermietungszentrum von Thessaloniki | i-rentacar.com<\/title>\n<meta name=\"robots\" content=\"index, follow, max-snippet:-1, max-image-preview:large, max-video-preview:-1\" \/>\n<link rel=\"canonical\" href=\"https:\/\/www.i-rentacar.com\/de\/autovermietungszentrum-von-thessaloniki\/\" \/>\n<meta property=\"og:locale\" content=\"de_DE\" \/>\n<meta property=\"og:type\" content=\"article\" \/>\n<meta property=\"og:title\" content=\"Autovermietungszentrum von Thessaloniki | i-rentacar.com\" \/>\n<meta property=\"og:url\" content=\"https:\/\/www.i-rentacar.com\/de\/autovermietungszentrum-von-thessaloniki\/\" \/>\n<meta property=\"og:site_name\" content=\"i-rentacar.com\" \/>\n<meta property=\"article:modified_time\" content=\"2024-12-29T16:37:55+00:00\" \/>\n<meta name=\"twitter:card\" content=\"summary_large_image\" \/>\n<meta name=\"twitter:label1\" content=\"Gesch\u00e4tzte Lesezeit\" \/>\n\t<meta name=\"twitter:data1\" content=\"13\u00a0Minuten\" \/>\n<script type=\"application\/ld+json\" class=\"yoast-schema-graph\">{\"@context\":\"https:\/\/schema.org\",\"@graph\":[{\"@type\":\"WebPage\",\"@id\":\"https:\/\/www.i-rentacar.com\/de\/autovermietungszentrum-von-thessaloniki\/\",\"url\":\"https:\/\/www.i-rentacar.com\/de\/autovermietungszentrum-von-thessaloniki\/\",\"name\":\"Autovermietungszentrum von Thessaloniki | i-rentacar.com\",\"isPartOf\":{\"@id\":\"https:\/\/www.i-rentacar.com\/de\/#website\"},\"datePublished\":\"2024-12-28T16:51:01+00:00\",\"dateModified\":\"2024-12-29T16:37:55+00:00\",\"breadcrumb\":{\"@id\":\"https:\/\/www.i-rentacar.com\/de\/autovermietungszentrum-von-thessaloniki\/#breadcrumb\"},\"inLanguage\":\"de\",\"potentialAction\":[{\"@type\":\"ReadAction\",\"target\":[\"https:\/\/www.i-rentacar.com\/de\/autovermietungszentrum-von-thessaloniki\/\"]}]},{\"@type\":\"BreadcrumbList\",\"@id\":\"https:\/\/www.i-rentacar.com\/de\/autovermietungszentrum-von-thessaloniki\/#breadcrumb\",\"itemListElement\":[{\"@type\":\"ListItem\",\"position\":1,\"name\":\"Home\",\"item\":\"https:\/\/www.i-rentacar.com\/de\/\"},{\"@type\":\"ListItem\",\"position\":2,\"name\":\"Autovermietungszentrum von Thessaloniki\"}]},{\"@type\":\"WebSite\",\"@id\":\"https:\/\/www.i-rentacar.com\/de\/#website\",\"url\":\"https:\/\/www.i-rentacar.com\/de\/\",\"name\":\"i-rentacar.com\",\"description\":\"Autovermietung Thessaloniki, Minibus, Gel\u00e4ndewagen, Flughafen Thessaloniki, Mietwagen Thessaloniki Halkidiki, Mietwagen Thessaloniki Flughafen skg\",\"publisher\":{\"@id\":\"https:\/\/www.i-rentacar.com\/de\/#organization\"},\"potentialAction\":[{\"@type\":\"SearchAction\",\"target\":{\"@type\":\"EntryPoint\",\"urlTemplate\":\"https:\/\/www.i-rentacar.com\/de\/?s={search_term_string}\"},\"query-input\":{\"@type\":\"PropertyValueSpecification\",\"valueRequired\":true,\"valueName\":\"search_term_string\"}}],\"inLanguage\":\"de\"},{\"@type\":\"Organization\",\"@id\":\"https:\/\/www.i-rentacar.com\/de\/#organization\",\"name\":\"i-rentacar.com\",\"url\":\"https:\/\/www.i-rentacar.com\/de\/\",\"logo\":{\"@type\":\"ImageObject\",\"inLanguage\":\"de\",\"@id\":\"https:\/\/www.i-rentacar.com\/de\/#\/schema\/logo\/image\/\",\"url\":\"https:\/\/www.i-rentacar.com\/wp-content\/uploads\/2021\/08\/logo-i-rentacar-com-3.png\",\"contentUrl\":\"https:\/\/www.i-rentacar.com\/wp-content\/uploads\/2021\/08\/logo-i-rentacar-com-3.png\",\"width\":383,\"height\":150,\"caption\":\"i-rentacar.com\"},\"image\":{\"@id\":\"https:\/\/www.i-rentacar.com\/de\/#\/schema\/logo\/image\/\"}}]}<\/script>\n<!-- \/ Yoast SEO plugin. -->","yoast_head_json":{"title":"Autovermietungszentrum von Thessaloniki | i-rentacar.com","robots":{"index":"index","follow":"follow","max-snippet":"max-snippet:-1","max-image-preview":"max-image-preview:large","max-video-preview":"max-video-preview:-1"},"canonical":"https:\/\/www.i-rentacar.com\/de\/autovermietungszentrum-von-thessaloniki\/","og_locale":"de_DE","og_type":"article","og_title":"Autovermietungszentrum von Thessaloniki | i-rentacar.com","og_url":"https:\/\/www.i-rentacar.com\/de\/autovermietungszentrum-von-thessaloniki\/","og_site_name":"i-rentacar.com","article_modified_time":"2024-12-29T16:37:55+00:00","twitter_card":"summary_large_image","twitter_misc":{"Gesch\u00e4tzte Lesezeit":"13\u00a0Minuten"},"schema":{"@context":"https:\/\/schema.org","@graph":[{"@type":"WebPage","@id":"https:\/\/www.i-rentacar.com\/de\/autovermietungszentrum-von-thessaloniki\/","url":"https:\/\/www.i-rentacar.com\/de\/autovermietungszentrum-von-thessaloniki\/","name":"Autovermietungszentrum von Thessaloniki | i-rentacar.com","isPartOf":{"@id":"https:\/\/www.i-rentacar.com\/de\/#website"},"datePublished":"2024-12-28T16:51:01+00:00","dateModified":"2024-12-29T16:37:55+00:00","breadcrumb":{"@id":"https:\/\/www.i-rentacar.com\/de\/autovermietungszentrum-von-thessaloniki\/#breadcrumb"},"inLanguage":"de","potentialAction":[{"@type":"ReadAction","target":["https:\/\/www.i-rentacar.com\/de\/autovermietungszentrum-von-thessaloniki\/"]}]},{"@type":"BreadcrumbList","@id":"https:\/\/www.i-rentacar.com\/de\/autovermietungszentrum-von-thessaloniki\/#breadcrumb","itemListElement":[{"@type":"ListItem","position":1,"name":"Home","item":"https:\/\/www.i-rentacar.com\/de\/"},{"@type":"ListItem","position":2,"name":"Autovermietungszentrum von Thessaloniki"}]},{"@type":"WebSite","@id":"https:\/\/www.i-rentacar.com\/de\/#website","url":"https:\/\/www.i-rentacar.com\/de\/","name":"i-rentacar.com","description":"Autovermietung Thessaloniki, Minibus, Gel\u00e4ndewagen, Flughafen Thessaloniki, Mietwagen Thessaloniki Halkidiki, Mietwagen Thessaloniki Flughafen skg","publisher":{"@id":"https:\/\/www.i-rentacar.com\/de\/#organization"},"potentialAction":[{"@type":"SearchAction","target":{"@type":"EntryPoint","urlTemplate":"https:\/\/www.i-rentacar.com\/de\/?s={search_term_string}"},"query-input":{"@type":"PropertyValueSpecification","valueRequired":true,"valueName":"search_term_string"}}],"inLanguage":"de"},{"@type":"Organization","@id":"https:\/\/www.i-rentacar.com\/de\/#organization","name":"i-rentacar.com","url":"https:\/\/www.i-rentacar.com\/de\/","logo":{"@type":"ImageObject","inLanguage":"de","@id":"https:\/\/www.i-rentacar.com\/de\/#\/schema\/logo\/image\/","url":"https:\/\/www.i-rentacar.com\/wp-content\/uploads\/2021\/08\/logo-i-rentacar-com-3.png","contentUrl":"https:\/\/www.i-rentacar.com\/wp-content\/uploads\/2021\/08\/logo-i-rentacar-com-3.png","width":383,"height":150,"caption":"i-rentacar.com"},"image":{"@id":"https:\/\/www.i-rentacar.com\/de\/#\/schema\/logo\/image\/"}}]}},"_links":{"self":[{"href":"https:\/\/www.i-rentacar.com\/de\/wp-json\/wp\/v2\/pages\/8995","targetHints":{"allow":["GET"]}}],"collection":[{"href":"https:\/\/www.i-rentacar.com\/de\/wp-json\/wp\/v2\/pages"}],"about":[{"href":"https:\/\/www.i-rentacar.com\/de\/wp-json\/wp\/v2\/types\/page"}],"author":[{"embeddable":true,"href":"https:\/\/www.i-rentacar.com\/de\/wp-json\/wp\/v2\/users\/1"}],"replies":[{"embeddable":true,"href":"https:\/\/www.i-rentacar.com\/de\/wp-json\/wp\/v2\/comments?post=8995"}],"version-history":[{"count":2,"href":"https:\/\/www.i-rentacar.com\/de\/wp-json\/wp\/v2\/pages\/8995\/revisions"}],"predecessor-version":[{"id":8997,"href":"https:\/\/www.i-rentacar.com\/de\/wp-json\/wp\/v2\/pages\/8995\/revisions\/8997"}],"wp:attachment":[{"href":"https:\/\/www.i-rentacar.com\/de\/wp-json\/wp\/v2\/media?parent=8995"}],"curies":[{"name":"wp","href":"https:\/\/api.w.org\/{rel}","templated":true}]}}