{"id":5929,"date":"2021-08-07T22:09:03","date_gmt":"2021-08-07T19:09:03","guid":{"rendered":"https:\/\/www.i-rentacar.com\/autovermietung-automatikgetriebe\/"},"modified":"2023-11-07T20:22:48","modified_gmt":"2023-11-07T18:22:48","slug":"autovermietung-automatikgetriebe","status":"publish","type":"page","link":"https:\/\/www.i-rentacar.com\/de\/autovermietung-automatikgetriebe\/","title":{"rendered":"Mietwagen mit Automatikgetriebe"},"content":{"rendered":"<div class=\"fusion-fullwidth fullwidth-box fusion-builder-row-1 fusion-flex-container nonhundred-percent-fullwidth non-hundred-percent-height-scrolling\" style=\"--awb-border-radius-top-left:0px;--awb-border-radius-top-right:0px;--awb-border-radius-bottom-right:0px;--awb-border-radius-bottom-left:0px;--awb-padding-right:0px;--awb-padding-left:54px;--awb-flex-wrap:wrap;\" ><div class=\"fusion-builder-row fusion-row fusion-flex-align-items-flex-start fusion-flex-content-wrap\" style=\"max-width:1300px;margin-left: calc(-4% \/ 2 );margin-right: calc(-4% \/ 2 );\"><div class=\"fusion-layout-column fusion_builder_column fusion-builder-column-0 fusion_builder_column_1_1 1_1 fusion-flex-column\" style=\"--awb-bg-size:cover;--awb-width-large:100%;--awb-margin-top-large:0px;--awb-spacing-right-large:0%;--awb-margin-bottom-large:20px;--awb-spacing-left-large:0%;--awb-width-medium:100%;--awb-order-medium:0;--awb-spacing-right-medium:0%;--awb-spacing-left-medium:0%;--awb-width-small:100%;--awb-order-small:0;--awb-spacing-right-small:1.92%;--awb-spacing-left-small:1.92%;\"><div class=\"fusion-column-wrapper fusion-column-has-shadow fusion-flex-justify-content-flex-start fusion-content-layout-column\"><div class=\"fusion-widget fusion-widget-element fusion-widget-area fusion-content-widget-area wpWidget-1 modvikrentcarcars_widget\" style=\"--awb-fusion-border-size:0px;--awb-fusion-border-style:solid;\"><\/div><div class=\"fusion-widget fusion-widget-element fusion-widget-area fusion-content-widget-area wpWidget-2 modvikrentcarcars_widget\" style=\"--awb-fusion-border-size:0px;--awb-fusion-border-style:solid;\"><\/div><\/div><\/div><div class=\"fusion-layout-column fusion_builder_column fusion-builder-column-1 fusion_builder_column_2_5 2_5 fusion-flex-column\" style=\"--awb-bg-size:cover;--awb-width-large:40%;--awb-margin-top-large:0px;--awb-spacing-right-large:4.8%;--awb-margin-bottom-large:20px;--awb-spacing-left-large:4.8%;--awb-width-medium:40%;--awb-order-medium:0;--awb-spacing-right-medium:4.8%;--awb-spacing-left-medium:4.8%;--awb-width-small:100%;--awb-order-small:0;--awb-spacing-right-small:1.92%;--awb-spacing-left-small:1.92%;\"><div class=\"fusion-column-wrapper fusion-column-has-shadow fusion-flex-justify-content-flex-start fusion-content-layout-column\"><div class=\"fusion-image-element in-legacy-container\" style=\"--awb-caption-title-font-family:var(--h2_typography-font-family);--awb-caption-title-font-weight:var(--h2_typography-font-weight);--awb-caption-title-font-style:var(--h2_typography-font-style);--awb-caption-title-size:var(--h2_typography-font-size);--awb-caption-title-transform:var(--h2_typography-text-transform);--awb-caption-title-line-height:var(--h2_typography-line-height);--awb-caption-title-letter-spacing:var(--h2_typography-letter-spacing);\"><span class=\" fusion-imageframe imageframe-none imageframe-1 hover-type-none\"><a class=\"fusion-no-lightbox\" href=\"https:\/\/www.i-rentacar.com\/de\/mietwagen-flotte\/?mid=9&amp;ch=793fd3f18511dbf435b9e72c36a4e686\" target=\"_self\"><img decoding=\"async\" width=\"644\" height=\"425\" alt=\"Mietwagen mit Automatikgetriebe\" src=\"https:\/\/www.i-rentacar.com\/wp-content\/uploads\/2022\/02\/celerio-25.jpg\" data-orig-src=\"https:\/\/www.i-rentacar.com\/wp-content\/uploads\/2022\/02\/celerio-25.jpg\" class=\"lazyload img-responsive wp-image-4327\" srcset=\"data:image\/svg+xml,%3Csvg%20xmlns%3D%27http%3A%2F%2Fwww.w3.org%2F2000%2Fsvg%27%20width%3D%27644%27%20height%3D%27425%27%20viewBox%3D%270%200%20644%20425%27%3E%3Crect%20width%3D%27644%27%20height%3D%27425%27%20fill-opacity%3D%220%22%2F%3E%3C%2Fsvg%3E\" data-srcset=\"https:\/\/www.i-rentacar.com\/wp-content\/uploads\/2022\/02\/celerio-25-200x132.jpg 200w, https:\/\/www.i-rentacar.com\/wp-content\/uploads\/2022\/02\/celerio-25-400x264.jpg 400w, https:\/\/www.i-rentacar.com\/wp-content\/uploads\/2022\/02\/celerio-25-600x396.jpg 600w, https:\/\/www.i-rentacar.com\/wp-content\/uploads\/2022\/02\/celerio-25.jpg 644w\" data-sizes=\"auto\" data-orig-sizes=\"(max-width: 640px) 100vw, 600px\" \/><\/a><\/span><\/div><\/div><\/div><div class=\"fusion-layout-column fusion_builder_column fusion-builder-column-2 fusion_builder_column_3_5 3_5 fusion-flex-column\" style=\"--awb-bg-size:cover;--awb-width-large:60%;--awb-margin-top-large:0px;--awb-spacing-right-large:3.2%;--awb-margin-bottom-large:20px;--awb-spacing-left-large:3.2%;--awb-width-medium:60%;--awb-order-medium:0;--awb-spacing-right-medium:3.2%;--awb-spacing-left-medium:3.2%;--awb-width-small:100%;--awb-order-small:0;--awb-spacing-right-small:1.92%;--awb-spacing-left-small:1.92%;\"><div class=\"fusion-column-wrapper fusion-column-has-shadow fusion-flex-justify-content-flex-start fusion-content-layout-column\"><div class=\"fusion-text fusion-text-1\" style=\"--awb-font-size:18px;\"><p><b>Kleinwagen f\u00fcr die Stadt mit Automatikgetriebe mieten <\/b><\/p>\n<div class=\"fusion-separator fusion-full-width-sep\" style=\"align-self: flex-start;margin-right:auto;width:100%;\"><div class=\"fusion-separator-border sep-single sep-solid\" style=\"--awb-height:20px;--awb-amount:20px;--awb-sep-color:#cca43d;border-color:#CCA43D;border-top-width:35px;\"><\/div><\/div>\n<p>Der Suzuki Celerio geh\u00f6rt zur Kategorie der beliebten Stadtautos mit Automatikgetriebe. Dieses Fahrzeug zeichnet sich durch seine geringen Dimensionen aus, die es \u00e4u\u00dferst flexibel und leicht einparkbar machen. Es ist daher eine ideale Wahl f\u00fcr den Stadtverkehr.<\/p>\n<\/div><\/div><\/div><div class=\"fusion-layout-column fusion_builder_column fusion-builder-column-3 fusion_builder_column_2_5 2_5 fusion-flex-column\" style=\"--awb-bg-size:cover;--awb-width-large:40%;--awb-margin-top-large:0px;--awb-spacing-right-large:4.8%;--awb-margin-bottom-large:20px;--awb-spacing-left-large:4.8%;--awb-width-medium:40%;--awb-order-medium:0;--awb-spacing-right-medium:4.8%;--awb-spacing-left-medium:4.8%;--awb-width-small:100%;--awb-order-small:0;--awb-spacing-right-small:1.92%;--awb-spacing-left-small:1.92%;\"><div class=\"fusion-column-wrapper fusion-column-has-shadow fusion-flex-justify-content-flex-start fusion-content-layout-column\"><div class=\"fusion-image-element \" style=\"--awb-caption-title-font-family:var(--h2_typography-font-family);--awb-caption-title-font-weight:var(--h2_typography-font-weight);--awb-caption-title-font-style:var(--h2_typography-font-style);--awb-caption-title-size:var(--h2_typography-font-size);--awb-caption-title-transform:var(--h2_typography-text-transform);--awb-caption-title-line-height:var(--h2_typography-line-height);--awb-caption-title-letter-spacing:var(--h2_typography-letter-spacing);\"><span class=\" fusion-imageframe imageframe-none imageframe-2 hover-type-none\"><a class=\"fusion-no-lightbox\" href=\"https:\/\/www.i-rentacar.com\/de\/mietwagen-flotte\/?mid=11&amp;ch=793fd3f18511dbf435b9e72c36a4e686\" target=\"_self\"><img decoding=\"async\" width=\"644\" height=\"425\" alt=\"Bequem ein Familienauto mieten\" src=\"https:\/\/www.i-rentacar.com\/wp-content\/uploads\/2022\/02\/toyota.webp\" data-orig-src=\"https:\/\/www.i-rentacar.com\/wp-content\/uploads\/2022\/02\/toyota.webp\" class=\"lazyload img-responsive wp-image-4242\" srcset=\"data:image\/svg+xml,%3Csvg%20xmlns%3D%27http%3A%2F%2Fwww.w3.org%2F2000%2Fsvg%27%20width%3D%27644%27%20height%3D%27425%27%20viewBox%3D%270%200%20644%20425%27%3E%3Crect%20width%3D%27644%27%20height%3D%27425%27%20fill-opacity%3D%220%22%2F%3E%3C%2Fsvg%3E\" data-srcset=\"https:\/\/www.i-rentacar.com\/wp-content\/uploads\/2022\/02\/toyota-200x132.webp 200w, https:\/\/www.i-rentacar.com\/wp-content\/uploads\/2022\/02\/toyota-400x264.webp 400w, https:\/\/www.i-rentacar.com\/wp-content\/uploads\/2022\/02\/toyota-600x396.webp 600w, https:\/\/www.i-rentacar.com\/wp-content\/uploads\/2022\/02\/toyota.webp 644w\" data-sizes=\"auto\" data-orig-sizes=\"(max-width: 640px) 100vw, 600px\" \/><\/a><\/span><\/div><\/div><\/div><div class=\"fusion-layout-column fusion_builder_column fusion-builder-column-4 fusion_builder_column_3_5 3_5 fusion-flex-column\" style=\"--awb-bg-size:cover;--awb-width-large:60%;--awb-margin-top-large:0px;--awb-spacing-right-large:3.2%;--awb-margin-bottom-large:20px;--awb-spacing-left-large:3.2%;--awb-width-medium:60%;--awb-order-medium:0;--awb-spacing-right-medium:3.2%;--awb-spacing-left-medium:3.2%;--awb-width-small:100%;--awb-order-small:0;--awb-spacing-right-small:1.92%;--awb-spacing-left-small:1.92%;\"><div class=\"fusion-column-wrapper fusion-column-has-shadow fusion-flex-justify-content-flex-start fusion-content-layout-column\"><div class=\"fusion-text fusion-text-2\" style=\"--awb-font-size:18px;\"><p><strong><b>Familien Auto Mieten mit Automatikgetriebe<\/b><\/strong><\/p>\n<div class=\"fusion-separator fusion-full-width-sep\" style=\"align-self: flex-start;margin-right:auto;width:100%;\"><div class=\"fusion-separator-border sep-single sep-solid\" style=\"--awb-height:20px;--awb-amount:20px;--awb-sep-color:#cca43d;border-color:#CCA43D;border-top-width:35px;\"><\/div><\/div>\n<p>Der Wert des Toyota Corolla ist zeitlos. Er geh\u00f6rt zu den beliebtesten und zuverl\u00e4ssigsten Autos der &#8222;gro\u00dfen Klasse&#8220; und verf\u00fcgt \u00fcber eine komfortable Kabine und viel Stauraum. Das Automatikgetriebe sorgt f\u00fcr zus\u00e4tzlichen Komfort beim Fahren des Toyota Corolla.<\/p>\n<\/div><\/div><\/div><div class=\"fusion-layout-column fusion_builder_column fusion-builder-column-5 fusion_builder_column_2_5 2_5 fusion-flex-column\" style=\"--awb-bg-size:cover;--awb-width-large:40%;--awb-margin-top-large:0px;--awb-spacing-right-large:4.8%;--awb-margin-bottom-large:20px;--awb-spacing-left-large:4.8%;--awb-width-medium:40%;--awb-order-medium:0;--awb-spacing-right-medium:4.8%;--awb-spacing-left-medium:4.8%;--awb-width-small:100%;--awb-order-small:0;--awb-spacing-right-small:1.92%;--awb-spacing-left-small:1.92%;\"><div class=\"fusion-column-wrapper fusion-column-has-shadow fusion-flex-justify-content-flex-start fusion-content-layout-column\"><div class=\"fusion-image-element \" style=\"--awb-caption-title-font-family:var(--h2_typography-font-family);--awb-caption-title-font-weight:var(--h2_typography-font-weight);--awb-caption-title-font-style:var(--h2_typography-font-style);--awb-caption-title-size:var(--h2_typography-font-size);--awb-caption-title-transform:var(--h2_typography-text-transform);--awb-caption-title-line-height:var(--h2_typography-line-height);--awb-caption-title-letter-spacing:var(--h2_typography-letter-spacing);\"><span class=\" fusion-imageframe imageframe-none imageframe-3 hover-type-none\"><a class=\"fusion-no-lightbox\" href=\"https:\/\/www.i-rentacar.com\/de\/mietwagen-flotte\/?mid=10&amp;ch=793fd3f18511dbf435b9e72c36a4e686\" target=\"_self\"><img decoding=\"async\" width=\"644\" height=\"425\" alt=\"G\u00fcnstige Autovermietung f\u00fcr Mietwagen mit Automatikgetriebe\" src=\"https:\/\/www.i-rentacar.com\/wp-content\/uploads\/2022\/02\/celerio-26.jpg\" data-orig-src=\"https:\/\/www.i-rentacar.com\/wp-content\/uploads\/2022\/02\/celerio-26.jpg\" class=\"lazyload img-responsive wp-image-4332\" srcset=\"data:image\/svg+xml,%3Csvg%20xmlns%3D%27http%3A%2F%2Fwww.w3.org%2F2000%2Fsvg%27%20width%3D%27644%27%20height%3D%27425%27%20viewBox%3D%270%200%20644%20425%27%3E%3Crect%20width%3D%27644%27%20height%3D%27425%27%20fill-opacity%3D%220%22%2F%3E%3C%2Fsvg%3E\" data-srcset=\"https:\/\/www.i-rentacar.com\/wp-content\/uploads\/2022\/02\/celerio-26-200x132.jpg 200w, https:\/\/www.i-rentacar.com\/wp-content\/uploads\/2022\/02\/celerio-26-400x264.jpg 400w, https:\/\/www.i-rentacar.com\/wp-content\/uploads\/2022\/02\/celerio-26-600x396.jpg 600w, https:\/\/www.i-rentacar.com\/wp-content\/uploads\/2022\/02\/celerio-26.jpg 644w\" data-sizes=\"auto\" data-orig-sizes=\"(max-width: 640px) 100vw, 600px\" \/><\/a><\/span><\/div><\/div><\/div><div class=\"fusion-layout-column fusion_builder_column fusion-builder-column-6 fusion_builder_column_3_5 3_5 fusion-flex-column\" style=\"--awb-bg-size:cover;--awb-width-large:60%;--awb-margin-top-large:0px;--awb-spacing-right-large:3.2%;--awb-margin-bottom-large:20px;--awb-spacing-left-large:3.2%;--awb-width-medium:60%;--awb-order-medium:0;--awb-spacing-right-medium:3.2%;--awb-spacing-left-medium:3.2%;--awb-width-small:100%;--awb-order-small:0;--awb-spacing-right-small:1.92%;--awb-spacing-left-small:1.92%;\"><div class=\"fusion-column-wrapper fusion-column-has-shadow fusion-flex-justify-content-flex-start fusion-content-layout-column\"><div class=\"fusion-text fusion-text-3\" style=\"--awb-font-size:18px;\"><p><strong> <b>Buchen<\/b> Sie ein sparsames Automatikfahrzeug f\u00fcr Ihre Reisen<\/strong><\/p>\n<div class=\"fusion-separator fusion-full-width-sep\" style=\"align-self: flex-start;margin-right:auto;width:100%;\"><div class=\"fusion-separator-border sep-single sep-solid\" style=\"--awb-height:20px;--awb-amount:20px;--awb-sep-color:#cca43d;border-color:#CCA43D;border-top-width:35px;\"><\/div><\/div>\n<p>Der Suzuki Baleno ist eines der herausragendsten Autos in der &#8222;Mittelklasse&#8220;. Er kann 5 Fahrg\u00e4ste bequem bef\u00f6rdern und ist aufgrund seiner kompakten Abmessungen \u00e4u\u00dferst vielseitig. Das Automatikgetriebe sorgt f\u00fcr noch mehr Komfort und Bequemlichkeit und macht das Fahren im Mietwagen mit Automatikgetriebe zu einem durch und durch angenehmen Erlebnis.<\/p>\n<\/div><\/div><\/div><div class=\"fusion-layout-column fusion_builder_column fusion-builder-column-7 fusion_builder_column_2_5 2_5 fusion-flex-column\" style=\"--awb-bg-size:cover;--awb-width-large:40%;--awb-margin-top-large:0px;--awb-spacing-right-large:4.8%;--awb-margin-bottom-large:20px;--awb-spacing-left-large:4.8%;--awb-width-medium:40%;--awb-order-medium:0;--awb-spacing-right-medium:4.8%;--awb-spacing-left-medium:4.8%;--awb-width-small:100%;--awb-order-small:0;--awb-spacing-right-small:1.92%;--awb-spacing-left-small:1.92%;\"><div class=\"fusion-column-wrapper fusion-column-has-shadow fusion-flex-justify-content-flex-start fusion-content-layout-column\"><div class=\"fusion-image-element \" style=\"--awb-aspect-ratio: 100 \/ 64;--awb-caption-title-font-family:var(--h2_typography-font-family);--awb-caption-title-font-weight:var(--h2_typography-font-weight);--awb-caption-title-font-style:var(--h2_typography-font-style);--awb-caption-title-size:var(--h2_typography-font-size);--awb-caption-title-transform:var(--h2_typography-text-transform);--awb-caption-title-line-height:var(--h2_typography-line-height);--awb-caption-title-letter-spacing:var(--h2_typography-letter-spacing);\"><span class=\" fusion-imageframe imageframe-none imageframe-4 hover-type-none has-aspect-ratio\"><a class=\"fusion-no-lightbox\" href=\"https:\/\/www.i-rentacar.com\/de\/mietwagen-flotte\/?mid=117&amp;ch=793fd3f18511dbf435b9e72c36a4e686\" target=\"_self\" aria-label=\"Jeep Renegade Hybrid Automatic\"><img decoding=\"async\" width=\"1030\" height=\"485\" alt=\"Mieten Sie einen super sparsamen Hybrid-SUV\" src=\"https:\/\/www.i-rentacar.com\/wp-content\/uploads\/2023\/10\/Jeep-Renegade-Hybrid-Automatic.jpg\" data-orig-src=\"https:\/\/www.i-rentacar.com\/wp-content\/uploads\/2023\/10\/Jeep-Renegade-Hybrid-Automatic-1030x485.jpg\" class=\"lazyload img-responsive wp-image-8066 img-with-aspect-ratio\" data-parent-fit=\"cover\" data-parent-container=\".fusion-image-element\" srcset=\"data:image\/svg+xml,%3Csvg%20xmlns%3D%27http%3A%2F%2Fwww.w3.org%2F2000%2Fsvg%27%20width%3D%271440%27%20height%3D%27678%27%20viewBox%3D%270%200%201440%20678%27%3E%3Crect%20width%3D%271440%27%20height%3D%27678%27%20fill-opacity%3D%220%22%2F%3E%3C%2Fsvg%3E\" data-srcset=\"https:\/\/www.i-rentacar.com\/wp-content\/uploads\/2023\/10\/Jeep-Renegade-Hybrid-Automatic-200x94.jpg 200w, https:\/\/www.i-rentacar.com\/wp-content\/uploads\/2023\/10\/Jeep-Renegade-Hybrid-Automatic-400x188.jpg 400w, https:\/\/www.i-rentacar.com\/wp-content\/uploads\/2023\/10\/Jeep-Renegade-Hybrid-Automatic-600x283.jpg 600w, https:\/\/www.i-rentacar.com\/wp-content\/uploads\/2023\/10\/Jeep-Renegade-Hybrid-Automatic-800x377.jpg 800w, https:\/\/www.i-rentacar.com\/wp-content\/uploads\/2023\/10\/Jeep-Renegade-Hybrid-Automatic-1200x565.jpg 1200w, https:\/\/www.i-rentacar.com\/wp-content\/uploads\/2023\/10\/Jeep-Renegade-Hybrid-Automatic.jpg 1440w\" data-sizes=\"auto\" data-orig-sizes=\"(max-width: 640px) 100vw, 600px\" \/><\/a><\/span><\/div><\/div><\/div><div class=\"fusion-layout-column fusion_builder_column fusion-builder-column-8 fusion_builder_column_3_5 3_5 fusion-flex-column\" style=\"--awb-bg-size:cover;--awb-width-large:60%;--awb-margin-top-large:0px;--awb-spacing-right-large:3.2%;--awb-margin-bottom-large:20px;--awb-spacing-left-large:3.2%;--awb-width-medium:60%;--awb-order-medium:0;--awb-spacing-right-medium:3.2%;--awb-spacing-left-medium:3.2%;--awb-width-small:100%;--awb-order-small:0;--awb-spacing-right-small:1.92%;--awb-spacing-left-small:1.92%;\"><div class=\"fusion-column-wrapper fusion-column-has-shadow fusion-flex-justify-content-flex-start fusion-content-layout-column\"><div class=\"fusion-text fusion-text-4\" style=\"--awb-font-size:18px;\"><p><b>Mieten Sie einen super sparsamen Hybrid-SUV<\/b><\/p>\n<div class=\"fusion-separator fusion-full-width-sep\" style=\"align-self: flex-start;margin-right:auto;width:100%;\"><div class=\"fusion-separator-border sep-single sep-solid\" style=\"--awb-height:20px;--awb-amount:20px;--awb-sep-color:#cca43d;border-color:#CCA43D;border-top-width:35px;\"><\/div><\/div>\n<p>Der Jeep Renegade Hybrid ist ein Hybrid-SUV, der die Leistung eines Benzinmotors mit der Energieeffizienz eines Elektromotors kombiniert. Mit seiner beeindruckenden Leistung und seinem Engagement f\u00fcr den Umweltschutz ist er eine moderne Wahl f\u00fcr Abenteuer- und \u00d6ko-Fahrbegeisterte.<\/p>\n<\/div><\/div><\/div><\/div><\/div>\n","protected":false},"excerpt":{"rendered":"","protected":false},"author":1,"featured_media":0,"parent":0,"menu_order":0,"comment_status":"closed","ping_status":"closed","template":"100-width.php","meta":{"footnotes":""},"class_list":["post-5929","page","type-page","status-publish","hentry"],"yoast_head":"<!-- This site is optimized with the Yoast SEO plugin v27.0 - https:\/\/yoast.com\/product\/yoast-seo-wordpress\/ -->\n<title>Autovermietung mit Automatikgetriebe | Thessaloniki SKG Flughafen<\/title>\n<meta name=\"description\" content=\"Mietwagen mit Automatikgetriebe | Small | Medium | Midsize | Midsize | Family | SUV. Autovermietung am Flughafen Thessaloniki Tel. +30 231 700 3 400\" \/>\n<meta name=\"robots\" content=\"index, follow, max-snippet:-1, max-image-preview:large, max-video-preview:-1\" \/>\n<link rel=\"canonical\" href=\"https:\/\/www.i-rentacar.com\/de\/autovermietung-automatikgetriebe\/\" \/>\n<meta property=\"og:locale\" content=\"de_DE\" \/>\n<meta property=\"og:type\" content=\"article\" \/>\n<meta property=\"og:title\" content=\"Autovermietung mit Automatikgetriebe | Thessaloniki SKG Flughafen\" \/>\n<meta property=\"og:description\" content=\"Mietwagen mit Automatikgetriebe | Small | Medium | Midsize | Midsize | Family | SUV. Autovermietung am Flughafen Thessaloniki Tel. +30 231 700 3 400\" \/>\n<meta property=\"og:url\" content=\"https:\/\/www.i-rentacar.com\/de\/autovermietung-automatikgetriebe\/\" \/>\n<meta property=\"og:site_name\" content=\"i-rentacar.com\" \/>\n<meta property=\"article:modified_time\" content=\"2023-11-07T18:22:48+00:00\" \/>\n<meta name=\"twitter:card\" content=\"summary_large_image\" \/>\n<meta name=\"twitter:label1\" content=\"Gesch\u00e4tzte Lesezeit\" \/>\n\t<meta name=\"twitter:data1\" content=\"13\u00a0Minuten\" \/>\n<script type=\"application\/ld+json\" class=\"yoast-schema-graph\">{\"@context\":\"https:\/\/schema.org\",\"@graph\":[{\"@type\":\"WebPage\",\"@id\":\"https:\/\/www.i-rentacar.com\/de\/autovermietung-automatikgetriebe\/\",\"url\":\"https:\/\/www.i-rentacar.com\/de\/autovermietung-automatikgetriebe\/\",\"name\":\"Autovermietung mit Automatikgetriebe | Thessaloniki SKG Flughafen\",\"isPartOf\":{\"@id\":\"https:\/\/www.i-rentacar.com\/de\/#website\"},\"datePublished\":\"2021-08-07T19:09:03+00:00\",\"dateModified\":\"2023-11-07T18:22:48+00:00\",\"description\":\"Mietwagen mit Automatikgetriebe | Small | Medium | Midsize | Midsize | Family | SUV. Autovermietung am Flughafen Thessaloniki Tel. +30 231 700 3 400\",\"breadcrumb\":{\"@id\":\"https:\/\/www.i-rentacar.com\/de\/autovermietung-automatikgetriebe\/#breadcrumb\"},\"inLanguage\":\"de\",\"potentialAction\":[{\"@type\":\"ReadAction\",\"target\":[\"https:\/\/www.i-rentacar.com\/de\/autovermietung-automatikgetriebe\/\"]}]},{\"@type\":\"BreadcrumbList\",\"@id\":\"https:\/\/www.i-rentacar.com\/de\/autovermietung-automatikgetriebe\/#breadcrumb\",\"itemListElement\":[{\"@type\":\"ListItem\",\"position\":1,\"name\":\"Home\",\"item\":\"https:\/\/www.i-rentacar.com\/de\/\"},{\"@type\":\"ListItem\",\"position\":2,\"name\":\"Mietwagen mit Automatikgetriebe\"}]},{\"@type\":\"WebSite\",\"@id\":\"https:\/\/www.i-rentacar.com\/de\/#website\",\"url\":\"https:\/\/www.i-rentacar.com\/de\/\",\"name\":\"i-rentacar.com\",\"description\":\"Autovermietung Thessaloniki, Minibus, Gel\u00e4ndewagen, Flughafen Thessaloniki, Mietwagen Thessaloniki Halkidiki, Mietwagen Thessaloniki Flughafen skg\",\"publisher\":{\"@id\":\"https:\/\/www.i-rentacar.com\/de\/#organization\"},\"potentialAction\":[{\"@type\":\"SearchAction\",\"target\":{\"@type\":\"EntryPoint\",\"urlTemplate\":\"https:\/\/www.i-rentacar.com\/de\/?s={search_term_string}\"},\"query-input\":{\"@type\":\"PropertyValueSpecification\",\"valueRequired\":true,\"valueName\":\"search_term_string\"}}],\"inLanguage\":\"de\"},{\"@type\":\"Organization\",\"@id\":\"https:\/\/www.i-rentacar.com\/de\/#organization\",\"name\":\"i-rentacar.com\",\"url\":\"https:\/\/www.i-rentacar.com\/de\/\",\"logo\":{\"@type\":\"ImageObject\",\"inLanguage\":\"de\",\"@id\":\"https:\/\/www.i-rentacar.com\/de\/#\/schema\/logo\/image\/\",\"url\":\"https:\/\/www.i-rentacar.com\/wp-content\/uploads\/2021\/08\/logo-i-rentacar-com-3.png\",\"contentUrl\":\"https:\/\/www.i-rentacar.com\/wp-content\/uploads\/2021\/08\/logo-i-rentacar-com-3.png\",\"width\":383,\"height\":150,\"caption\":\"i-rentacar.com\"},\"image\":{\"@id\":\"https:\/\/www.i-rentacar.com\/de\/#\/schema\/logo\/image\/\"}}]}<\/script>\n<!-- \/ Yoast SEO plugin. -->","yoast_head_json":{"title":"Autovermietung mit Automatikgetriebe | Thessaloniki SKG Flughafen","description":"Mietwagen mit Automatikgetriebe | Small | Medium | Midsize | Midsize | Family | SUV. Autovermietung am Flughafen Thessaloniki Tel. +30 231 700 3 400","robots":{"index":"index","follow":"follow","max-snippet":"max-snippet:-1","max-image-preview":"max-image-preview:large","max-video-preview":"max-video-preview:-1"},"canonical":"https:\/\/www.i-rentacar.com\/de\/autovermietung-automatikgetriebe\/","og_locale":"de_DE","og_type":"article","og_title":"Autovermietung mit Automatikgetriebe | Thessaloniki SKG Flughafen","og_description":"Mietwagen mit Automatikgetriebe | Small | Medium | Midsize | Midsize | Family | SUV. Autovermietung am Flughafen Thessaloniki Tel. +30 231 700 3 400","og_url":"https:\/\/www.i-rentacar.com\/de\/autovermietung-automatikgetriebe\/","og_site_name":"i-rentacar.com","article_modified_time":"2023-11-07T18:22:48+00:00","twitter_card":"summary_large_image","twitter_misc":{"Gesch\u00e4tzte Lesezeit":"13\u00a0Minuten"},"schema":{"@context":"https:\/\/schema.org","@graph":[{"@type":"WebPage","@id":"https:\/\/www.i-rentacar.com\/de\/autovermietung-automatikgetriebe\/","url":"https:\/\/www.i-rentacar.com\/de\/autovermietung-automatikgetriebe\/","name":"Autovermietung mit Automatikgetriebe | Thessaloniki SKG Flughafen","isPartOf":{"@id":"https:\/\/www.i-rentacar.com\/de\/#website"},"datePublished":"2021-08-07T19:09:03+00:00","dateModified":"2023-11-07T18:22:48+00:00","description":"Mietwagen mit Automatikgetriebe | Small | Medium | Midsize | Midsize | Family | SUV. Autovermietung am Flughafen Thessaloniki Tel. +30 231 700 3 400","breadcrumb":{"@id":"https:\/\/www.i-rentacar.com\/de\/autovermietung-automatikgetriebe\/#breadcrumb"},"inLanguage":"de","potentialAction":[{"@type":"ReadAction","target":["https:\/\/www.i-rentacar.com\/de\/autovermietung-automatikgetriebe\/"]}]},{"@type":"BreadcrumbList","@id":"https:\/\/www.i-rentacar.com\/de\/autovermietung-automatikgetriebe\/#breadcrumb","itemListElement":[{"@type":"ListItem","position":1,"name":"Home","item":"https:\/\/www.i-rentacar.com\/de\/"},{"@type":"ListItem","position":2,"name":"Mietwagen mit Automatikgetriebe"}]},{"@type":"WebSite","@id":"https:\/\/www.i-rentacar.com\/de\/#website","url":"https:\/\/www.i-rentacar.com\/de\/","name":"i-rentacar.com","description":"Autovermietung Thessaloniki, Minibus, Gel\u00e4ndewagen, Flughafen Thessaloniki, Mietwagen Thessaloniki Halkidiki, Mietwagen Thessaloniki Flughafen skg","publisher":{"@id":"https:\/\/www.i-rentacar.com\/de\/#organization"},"potentialAction":[{"@type":"SearchAction","target":{"@type":"EntryPoint","urlTemplate":"https:\/\/www.i-rentacar.com\/de\/?s={search_term_string}"},"query-input":{"@type":"PropertyValueSpecification","valueRequired":true,"valueName":"search_term_string"}}],"inLanguage":"de"},{"@type":"Organization","@id":"https:\/\/www.i-rentacar.com\/de\/#organization","name":"i-rentacar.com","url":"https:\/\/www.i-rentacar.com\/de\/","logo":{"@type":"ImageObject","inLanguage":"de","@id":"https:\/\/www.i-rentacar.com\/de\/#\/schema\/logo\/image\/","url":"https:\/\/www.i-rentacar.com\/wp-content\/uploads\/2021\/08\/logo-i-rentacar-com-3.png","contentUrl":"https:\/\/www.i-rentacar.com\/wp-content\/uploads\/2021\/08\/logo-i-rentacar-com-3.png","width":383,"height":150,"caption":"i-rentacar.com"},"image":{"@id":"https:\/\/www.i-rentacar.com\/de\/#\/schema\/logo\/image\/"}}]}},"_links":{"self":[{"href":"https:\/\/www.i-rentacar.com\/de\/wp-json\/wp\/v2\/pages\/5929","targetHints":{"allow":["GET"]}}],"collection":[{"href":"https:\/\/www.i-rentacar.com\/de\/wp-json\/wp\/v2\/pages"}],"about":[{"href":"https:\/\/www.i-rentacar.com\/de\/wp-json\/wp\/v2\/types\/page"}],"author":[{"embeddable":true,"href":"https:\/\/www.i-rentacar.com\/de\/wp-json\/wp\/v2\/users\/1"}],"replies":[{"embeddable":true,"href":"https:\/\/www.i-rentacar.com\/de\/wp-json\/wp\/v2\/comments?post=5929"}],"version-history":[{"count":17,"href":"https:\/\/www.i-rentacar.com\/de\/wp-json\/wp\/v2\/pages\/5929\/revisions"}],"predecessor-version":[{"id":8284,"href":"https:\/\/www.i-rentacar.com\/de\/wp-json\/wp\/v2\/pages\/5929\/revisions\/8284"}],"wp:attachment":[{"href":"https:\/\/www.i-rentacar.com\/de\/wp-json\/wp\/v2\/media?parent=5929"}],"curies":[{"name":"wp","href":"https:\/\/api.w.org\/{rel}","templated":true}]}}