{"id":10061,"date":"2025-05-31T18:56:45","date_gmt":"2025-05-31T15:56:45","guid":{"rendered":"https:\/\/www.i-rentacar.com\/?page_id=10061"},"modified":"2025-06-01T13:21:48","modified_gmt":"2025-06-01T10:21:48","slug":"mietwagen-fuer-volos","status":"publish","type":"page","link":"https:\/\/www.i-rentacar.com\/de\/mietwagen-fuer-volos\/","title":{"rendered":"Mietwagen f\u00fcr Volos"},"content":{"rendered":"<div class=\"fusion-fullwidth fullwidth-box fusion-builder-row-1 fusion-flex-container has-pattern-background has-mask-background nonhundred-percent-fullwidth non-hundred-percent-height-scrolling\" style=\"--awb-border-radius-top-left:0px;--awb-border-radius-top-right:0px;--awb-border-radius-bottom-right:0px;--awb-border-radius-bottom-left:0px;--awb-flex-wrap:wrap;\" ><div class=\"fusion-builder-row fusion-row fusion-flex-align-items-flex-start fusion-flex-content-wrap\" style=\"max-width:1300px;margin-left: calc(-4% \/ 2 );margin-right: calc(-4% \/ 2 );\"><div class=\"fusion-layout-column fusion_builder_column fusion-builder-column-0 fusion_builder_column_1_1 1_1 fusion-flex-column\" style=\"--awb-bg-size:cover;--awb-width-large:100%;--awb-margin-top-large:0px;--awb-spacing-right-large:1.92%;--awb-margin-bottom-large:20px;--awb-spacing-left-large:1.92%;--awb-width-medium:100%;--awb-order-medium:0;--awb-spacing-right-medium:1.92%;--awb-spacing-left-medium:1.92%;--awb-width-small:100%;--awb-order-small:0;--awb-spacing-right-small:1.92%;--awb-spacing-left-small:1.92%;\"><div class=\"fusion-column-wrapper fusion-column-has-shadow fusion-flex-justify-content-flex-start fusion-content-layout-column\"><div class=\"fusion-image-element \" style=\"text-align:center;--awb-caption-title-font-family:var(--h2_typography-font-family);--awb-caption-title-font-weight:var(--h2_typography-font-weight);--awb-caption-title-font-style:var(--h2_typography-font-style);--awb-caption-title-size:var(--h2_typography-font-size);--awb-caption-title-transform:var(--h2_typography-text-transform);--awb-caption-title-line-height:var(--h2_typography-line-height);--awb-caption-title-letter-spacing:var(--h2_typography-letter-spacing);\"><span class=\" fusion-imageframe imageframe-none imageframe-1 hover-type-none\"><img decoding=\"async\" width=\"1200\" height=\"600\" title=\"\u03c9\u03bb\u03ba\u03bd\u03c9\u03c2\u03ba\u03bd\u03c9\u03c2\" src=\"https:\/\/www.i-rentacar.com\/wp-content\/uploads\/2025\/05\/\u03c9\u03bb\u03ba\u03bd\u03c9\u03c2\u03ba\u03bd\u03c9\u03c2.jpg\" data-orig-src=\"https:\/\/www.i-rentacar.com\/wp-content\/uploads\/2025\/05\/\u03c9\u03bb\u03ba\u03bd\u03c9\u03c2\u03ba\u03bd\u03c9\u03c2.jpg\" alt class=\"lazyload img-responsive wp-image-9944\" srcset=\"data:image\/svg+xml,%3Csvg%20xmlns%3D%27http%3A%2F%2Fwww.w3.org%2F2000%2Fsvg%27%20width%3D%271200%27%20height%3D%27600%27%20viewBox%3D%270%200%201200%20600%27%3E%3Crect%20width%3D%271200%27%20height%3D%27600%27%20fill-opacity%3D%220%22%2F%3E%3C%2Fsvg%3E\" data-srcset=\"https:\/\/www.i-rentacar.com\/wp-content\/uploads\/2025\/05\/\u03c9\u03bb\u03ba\u03bd\u03c9\u03c2\u03ba\u03bd\u03c9\u03c2-200x100.jpg 200w, https:\/\/www.i-rentacar.com\/wp-content\/uploads\/2025\/05\/\u03c9\u03bb\u03ba\u03bd\u03c9\u03c2\u03ba\u03bd\u03c9\u03c2-400x200.jpg 400w, https:\/\/www.i-rentacar.com\/wp-content\/uploads\/2025\/05\/\u03c9\u03bb\u03ba\u03bd\u03c9\u03c2\u03ba\u03bd\u03c9\u03c2-600x300.jpg 600w, https:\/\/www.i-rentacar.com\/wp-content\/uploads\/2025\/05\/\u03c9\u03bb\u03ba\u03bd\u03c9\u03c2\u03ba\u03bd\u03c9\u03c2-800x400.jpg 800w, https:\/\/www.i-rentacar.com\/wp-content\/uploads\/2025\/05\/\u03c9\u03bb\u03ba\u03bd\u03c9\u03c2\u03ba\u03bd\u03c9\u03c2.jpg 1200w\" data-sizes=\"auto\" data-orig-sizes=\"(max-width: 640px) 100vw, 1200px\" \/><\/span><\/div><div class=\"fusion-text fusion-text-1\"><h2 style=\"text-align: center;\" data-start=\"258\" data-end=\"334\">Volos \u2013 Dein Startpunkt f\u00fcr Sommerausfl\u00fcge mit Komfort dank i-rentacar<\/h2>\n<p data-start=\"336\" data-end=\"636\">Volos geh\u00f6rt zu den sch\u00f6nsten St\u00e4dten Griechenlands \u2013 ideal f\u00fcr alle, die eine Kombination aus <strong data-start=\"433\" data-end=\"490\">urbanem Leben, Strand, Geschichte und nat\u00fcrlicher Sch\u00f6nheit<\/strong> suchen. Mit dem imposanten Pilion im Hintergrund und Blick auf den Pagasitischen Golf bietet die Stadt ein unvergessliches Erlebnis voller Bilder, Aromen und Routen.<\/p>\n<p data-start=\"638\" data-end=\"928\">Mit der Unterst\u00fctzung von <strong data-start=\"656\" data-end=\"670\">i-rentacar<\/strong> kannst du Volos und die Umgebung v\u00f6llig frei genie\u00dfen. Ob du im Urlaub bist oder einen kurzen Citytrip machst \u2013 mit deinem Mietwagen kannst du <strong data-start=\"874\" data-end=\"889\">mehr erleben<\/strong>, <strong data-start=\"891\" data-end=\"900\">komfortabel<\/strong> und <strong data-start=\"905\" data-end=\"927\">ohne Einschr\u00e4nkungen<\/strong> reisen.<\/p>\n<h3 style=\"text-align: center;\" data-start=\"935\" data-end=\"978\">Volos wartet darauf, entdeckt zu werden<\/h3>\n<p data-start=\"980\" data-end=\"1330\">Die Stadt Volos selbst steckt voller \u00dcberraschungen. Genie\u00dfe einen Spaziergang an der Uferpromenade mit Blick auf Segelboote und dem Duft von Kaffee aus den Caf\u00e9s. Besuche das <strong data-start=\"1149\" data-end=\"1173\">Arch\u00e4ologische Museum<\/strong>, den <strong data-start=\"1179\" data-end=\"1200\">Goritsa-H\u00fcgel<\/strong> mit Panoramablick oder das <strong data-start=\"1228\" data-end=\"1258\">Tsipouradiko Karantoni<\/strong>, um die authentische Kultur von Tsipouro und Meze kennenzulernen.<\/p>\n<p data-start=\"1332\" data-end=\"1593\"><strong data-start=\"1334\" data-end=\"1349\">Die Gastronomie<\/strong> ist ein Grund f\u00fcr sich, Volos zu besuchen. Die legend\u00e4ren Tsipouradika bieten lokalen Tsipouro mit einer Auswahl an Meze, die sich mit jeder Runde \u00e4ndern. Meeresfr\u00fcchte, W\u00fcrste, gef\u00fcllte Weinbl\u00e4tter und frische Gerichte begleiten jedes Glas perfekt.<\/p>\n<h3 style=\"text-align: center;\" data-start=\"1600\" data-end=\"1661\">Mit dem Auto ins Paradies \u2013 Vom Hafen zum Pilion<\/h3>\n<p data-start=\"1663\" data-end=\"1812\">Volos ist nicht nur ein Reiseziel \u2013 es ist ein <strong data-start=\"1706\" data-end=\"1735\">Ausgangspunkt f\u00fcr Erkundungen<\/strong>. Mit einem Mietwagen von <strong data-start=\"1773\" data-end=\"1787\">i-rentacar<\/strong> kannst du besuchen:<\/p>\n<ul data-start=\"1814\" data-end=\"2441\">\n<li data-start=\"1814\" data-end=\"2071\">\n<p data-start=\"1816\" data-end=\"2071\"><strong data-start=\"1819\" data-end=\"1828\">Pilion<\/strong> mit seinen gr\u00fcnen D\u00f6rfern wie Makrinitsa, Milies und Tsagarada. Im Sommer kannst du dich an den <strong data-start=\"1942\" data-end=\"1966\">Str\u00e4nden der \u00c4g\u00e4is<\/strong> erfrischen, wie <strong data-start=\"1975\" data-end=\"1987\">Fakistra<\/strong>, <strong data-start=\"1992\" data-end=\"2007\">Mylopotamos<\/strong> und <strong data-start=\"2014\" data-end=\"2028\">Damouchari<\/strong> \u2013 alle leicht erreichbar mit dem eigenen Auto.<\/p>\n<\/li>\n<li data-start=\"2072\" data-end=\"2207\">\n<p data-start=\"2074\" data-end=\"2207\"><strong data-start=\"2078\" data-end=\"2106\">Die Str\u00e4nde des Pagasitischen Golfs<\/strong> wie <strong data-start=\"2116\" data-end=\"2125\">Chorto<\/strong>, <strong data-start=\"2129\" data-end=\"2144\">Katigiorgis<\/strong> oder <strong data-start=\"2149\" data-end=\"2160\">Afissos<\/strong> \u2013 f\u00fcr ruhigeres Wasser und Familienmomente.<\/p>\n<\/li>\n<li data-start=\"2208\" data-end=\"2332\">\n<p data-start=\"2210\" data-end=\"2332\"><strong data-start=\"2213\" data-end=\"2242\">Das antike Theater von Demetrias<\/strong> und die Region <strong data-start=\"2259\" data-end=\"2278\">Sesklo &amp; Dimini<\/strong>, f\u00fcr einen Blick auf die fr\u00fchesten europ\u00e4ischen Zivilisationen.<\/p>\n<\/li>\n<li data-start=\"2333\" data-end=\"2441\">\n<p data-start=\"2335\" data-end=\"2441\"><strong data-start=\"2339\" data-end=\"2357\">Agios Lavrentios<\/strong>, ein Bergdorf voller traditioneller Architektur und kulinarischer Sch\u00e4tze.<\/p>\n<\/li>\n<\/ul>\n<p data-start=\"2443\" data-end=\"2577\">Mit i-rentacar werden all diese Fahrten angenehm und flexibel. Du bestimmst deinen Plan \u2013 ohne Wartezeiten oder Verpflichtungen.<\/p>\n<\/div><div class=\"fusion-image-element \" style=\"text-align:center;--awb-caption-title-font-family:var(--h2_typography-font-family);--awb-caption-title-font-weight:var(--h2_typography-font-weight);--awb-caption-title-font-style:var(--h2_typography-font-style);--awb-caption-title-size:var(--h2_typography-font-size);--awb-caption-title-transform:var(--h2_typography-text-transform);--awb-caption-title-line-height:var(--h2_typography-line-height);--awb-caption-title-letter-spacing:var(--h2_typography-letter-spacing);\"><span class=\" fusion-imageframe imageframe-none imageframe-2 hover-type-none\"><img decoding=\"async\" width=\"1200\" height=\"600\" title=\"\u03bb\u03ba\u03b1\u03c9\u03b1\u0384\u03ba\u03bd\" src=\"https:\/\/www.i-rentacar.com\/wp-content\/uploads\/2025\/05\/\u03bb\u03ba\u03b1\u03c9\u03b1\u0384\u03ba\u03bd.jpg\" data-orig-src=\"https:\/\/www.i-rentacar.com\/wp-content\/uploads\/2025\/05\/\u03bb\u03ba\u03b1\u03c9\u03b1\u0384\u03ba\u03bd.jpg\" alt class=\"lazyload img-responsive wp-image-9939\" srcset=\"data:image\/svg+xml,%3Csvg%20xmlns%3D%27http%3A%2F%2Fwww.w3.org%2F2000%2Fsvg%27%20width%3D%271200%27%20height%3D%27600%27%20viewBox%3D%270%200%201200%20600%27%3E%3Crect%20width%3D%271200%27%20height%3D%27600%27%20fill-opacity%3D%220%22%2F%3E%3C%2Fsvg%3E\" data-srcset=\"https:\/\/www.i-rentacar.com\/wp-content\/uploads\/2025\/05\/\u03bb\u03ba\u03b1\u03c9\u03b1\u0384\u03ba\u03bd-200x100.jpg 200w, https:\/\/www.i-rentacar.com\/wp-content\/uploads\/2025\/05\/\u03bb\u03ba\u03b1\u03c9\u03b1\u0384\u03ba\u03bd-400x200.jpg 400w, https:\/\/www.i-rentacar.com\/wp-content\/uploads\/2025\/05\/\u03bb\u03ba\u03b1\u03c9\u03b1\u0384\u03ba\u03bd-600x300.jpg 600w, https:\/\/www.i-rentacar.com\/wp-content\/uploads\/2025\/05\/\u03bb\u03ba\u03b1\u03c9\u03b1\u0384\u03ba\u03bd-800x400.jpg 800w, https:\/\/www.i-rentacar.com\/wp-content\/uploads\/2025\/05\/\u03bb\u03ba\u03b1\u03c9\u03b1\u0384\u03ba\u03bd.jpg 1200w\" data-sizes=\"auto\" data-orig-sizes=\"(max-width: 640px) 100vw, 1200px\" \/><\/span><\/div><div class=\"fusion-text fusion-text-2\"><h3 style=\"text-align: center;\" data-start=\"2584\" data-end=\"2634\">Bewegungsfreiheit \u2013 Einfach, bequem, klar<\/h3>\n<p data-start=\"2636\" data-end=\"2728\"><strong data-start=\"2638\" data-end=\"2652\">i-rentacar<\/strong> gibt dir die M\u00f6glichkeit, das Fahrzeug zu w\u00e4hlen, das deinen Bed\u00fcrfnissen entspricht:<\/p>\n<ul data-start=\"2730\" data-end=\"2913\">\n<li data-start=\"2730\" data-end=\"2787\">\n<p data-start=\"2732\" data-end=\"2787\">Kleine, wendige Autos f\u00fcr einfaches Fahren in der Stadt.<\/p>\n<\/li>\n<li data-start=\"2788\" data-end=\"2848\">\n<p data-start=\"2790\" data-end=\"2848\">SUVs f\u00fcr Ausfl\u00fcge ins Pilion oder auf anspruchsvollere Strecken.<\/p>\n<\/li>\n<li data-start=\"2849\" data-end=\"2913\">\n<p data-start=\"2851\" data-end=\"2913\">Familien- und Automatikfahrzeuge f\u00fcr Komfort und Bequemlichkeit im Urlaub.<\/p>\n<\/li>\n<\/ul>\n<p data-start=\"2915\" data-end=\"3145\">Die \u00dcbergabe erfolgt <strong data-start=\"2934\" data-end=\"2953\">wo es dir passt<\/strong> \u2013 am Hafen, am Bahnhof oder sogar in deinem Hotel. Es gibt keine <strong data-start=\"3024\" data-end=\"3043\">versteckten Geb\u00fchren<\/strong> oder komplizierte Bedingungen. Alles ist <strong data-start=\"3073\" data-end=\"3084\">transparent<\/strong>, <strong data-start=\"3086\" data-end=\"3098\">klar<\/strong> und <strong data-start=\"3103\" data-end=\"3144\">von unserem Team rund um die Uhr unterst\u00fctzt<\/strong>.<\/p>\n<h3 style=\"text-align: center;\" data-start=\"3152\" data-end=\"3194\">Warum Volos im Sommer ein Muss ist<\/h3>\n<ul data-start=\"3196\" data-end=\"3524\">\n<li data-start=\"3196\" data-end=\"3267\">\n<p data-start=\"3198\" data-end=\"3267\">Weil es <strong data-start=\"3214\" data-end=\"3235\">Meer und Berge<\/strong>, <strong data-start=\"3237\" data-end=\"3266\">Tradition und modernes Leben<\/strong> vereint.<\/p>\n<\/li>\n<li data-start=\"3268\" data-end=\"3358\">\n<p data-start=\"3270\" data-end=\"3358\">Weil es <strong data-start=\"3281\" data-end=\"3300\">leicht zug\u00e4nglich<\/strong> ist zu einigen der sch\u00f6nsten D\u00f6rfer und Str\u00e4nde des Landes.<\/p>\n<\/li>\n<li data-start=\"3359\" data-end=\"3439\">\n<p data-start=\"3361\" data-end=\"3439\">Weil es <strong data-start=\"3377\" data-end=\"3397\">echte Gastfreundschaft<\/strong>, reichhaltige Kultur und unvergessliche Aromen bietet.<\/p>\n<\/li>\n<li data-start=\"3440\" data-end=\"3524\">\n<p data-start=\"3442\" data-end=\"3524\">Und weil mit <strong data-start=\"3459\" data-end=\"3473\">i-rentacar<\/strong> deine Mobilit\u00e4t <strong data-start=\"3500\" data-end=\"3523\">Teil des Genusses<\/strong> wird.<\/p>\n<\/li>\n<\/ul>\n<h3 style=\"text-align: center;\" data-start=\"3531\" data-end=\"3565\">Starte dein Erlebnis noch heute<\/h3>\n<p data-start=\"3567\" data-end=\"&quot;3744\">Geh auf <a class=\"\" href=\"https:\/\/www.i-rentacar.com\" target=\"_new\" rel=\"noopener\" data-start=\"3576\" data-end=\"3624\">www.i-rentacar.com<\/a>, buche das Fahrzeug, das zu deinen Bed\u00fcrfnissen passt, und genie\u00dfe Volos und die umliegenden Regionen in deinem eigenen Tempo.<\/p>\n<p data-start=\"3746\" data-end=\"3827\"><strong data-start=\"3746\" data-end=\"3827\">i-rentacar \u2013 Deine Reise in Volos beginnt mit Freiheit, Komfort und Sicherheit.<\/strong><\/p>\n<\/div><div class=\"fusion-image-element \" style=\"text-align:center;--awb-caption-title-font-family:var(--h2_typography-font-family);--awb-caption-title-font-weight:var(--h2_typography-font-weight);--awb-caption-title-font-style:var(--h2_typography-font-style);--awb-caption-title-size:var(--h2_typography-font-size);--awb-caption-title-transform:var(--h2_typography-text-transform);--awb-caption-title-line-height:var(--h2_typography-line-height);--awb-caption-title-letter-spacing:var(--h2_typography-letter-spacing);\"><span class=\" fusion-imageframe imageframe-none imageframe-3 hover-type-none\"><img decoding=\"async\" width=\"1200\" height=\"600\" title=\"\u03b2\u03b5\u03b2\u03b532\" src=\"https:\/\/www.i-rentacar.com\/wp-content\/uploads\/2025\/05\/\u03b2\u03b5\u03b2\u03b532.jpg\" data-orig-src=\"https:\/\/www.i-rentacar.com\/wp-content\/uploads\/2025\/05\/\u03b2\u03b5\u03b2\u03b532.jpg\" alt class=\"lazyload img-responsive wp-image-9949\" srcset=\"data:image\/svg+xml,%3Csvg%20xmlns%3D%27http%3A%2F%2Fwww.w3.org%2F2000%2Fsvg%27%20width%3D%271200%27%20height%3D%27600%27%20viewBox%3D%270%200%201200%20600%27%3E%3Crect%20width%3D%271200%27%20height%3D%27600%27%20fill-opacity%3D%220%22%2F%3E%3C%2Fsvg%3E\" data-srcset=\"https:\/\/www.i-rentacar.com\/wp-content\/uploads\/2025\/05\/\u03b2\u03b5\u03b2\u03b532-200x100.jpg 200w, https:\/\/www.i-rentacar.com\/wp-content\/uploads\/2025\/05\/\u03b2\u03b5\u03b2\u03b532-400x200.jpg 400w, https:\/\/www.i-rentacar.com\/wp-content\/uploads\/2025\/05\/\u03b2\u03b5\u03b2\u03b532-600x300.jpg 600w, https:\/\/www.i-rentacar.com\/wp-content\/uploads\/2025\/05\/\u03b2\u03b5\u03b2\u03b532-800x400.jpg 800w, https:\/\/www.i-rentacar.com\/wp-content\/uploads\/2025\/05\/\u03b2\u03b5\u03b2\u03b532.jpg 1200w\" data-sizes=\"auto\" data-orig-sizes=\"(max-width: 640px) 100vw, 1200px\" \/><\/span><\/div><\/div><\/div><\/div><\/div>\n","protected":false},"excerpt":{"rendered":"","protected":false},"author":1,"featured_media":0,"parent":0,"menu_order":0,"comment_status":"closed","ping_status":"closed","template":"100-width.php","meta":{"footnotes":""},"class_list":["post-10061","page","type-page","status-publish","hentry"],"yoast_head":"<!-- This site is optimized with the Yoast SEO plugin v27.0 - https:\/\/yoast.com\/product\/yoast-seo-wordpress\/ -->\n<title>Mietwagen f\u00fcr Volos | i-rentacar.com<\/title>\n<meta name=\"robots\" content=\"index, follow, max-snippet:-1, max-image-preview:large, max-video-preview:-1\" \/>\n<link rel=\"canonical\" href=\"https:\/\/www.i-rentacar.com\/de\/mietwagen-fuer-volos\/\" \/>\n<meta property=\"og:locale\" content=\"de_DE\" \/>\n<meta property=\"og:type\" content=\"article\" \/>\n<meta property=\"og:title\" content=\"Mietwagen f\u00fcr Volos | i-rentacar.com\" \/>\n<meta property=\"og:url\" content=\"https:\/\/www.i-rentacar.com\/de\/mietwagen-fuer-volos\/\" \/>\n<meta property=\"og:site_name\" content=\"i-rentacar.com\" \/>\n<meta property=\"article:modified_time\" content=\"2025-06-01T10:21:48+00:00\" \/>\n<meta name=\"twitter:card\" content=\"summary_large_image\" \/>\n<meta name=\"twitter:label1\" content=\"Gesch\u00e4tzte Lesezeit\" \/>\n\t<meta name=\"twitter:data1\" content=\"13\u00a0Minuten\" \/>\n<script type=\"application\/ld+json\" class=\"yoast-schema-graph\">{\"@context\":\"https:\/\/schema.org\",\"@graph\":[{\"@type\":\"WebPage\",\"@id\":\"https:\/\/www.i-rentacar.com\/de\/mietwagen-fuer-volos\/\",\"url\":\"https:\/\/www.i-rentacar.com\/de\/mietwagen-fuer-volos\/\",\"name\":\"Mietwagen f\u00fcr Volos | i-rentacar.com\",\"isPartOf\":{\"@id\":\"https:\/\/www.i-rentacar.com\/de\/#website\"},\"datePublished\":\"2025-05-31T15:56:45+00:00\",\"dateModified\":\"2025-06-01T10:21:48+00:00\",\"breadcrumb\":{\"@id\":\"https:\/\/www.i-rentacar.com\/de\/mietwagen-fuer-volos\/#breadcrumb\"},\"inLanguage\":\"de\",\"potentialAction\":[{\"@type\":\"ReadAction\",\"target\":[\"https:\/\/www.i-rentacar.com\/de\/mietwagen-fuer-volos\/\"]}]},{\"@type\":\"BreadcrumbList\",\"@id\":\"https:\/\/www.i-rentacar.com\/de\/mietwagen-fuer-volos\/#breadcrumb\",\"itemListElement\":[{\"@type\":\"ListItem\",\"position\":1,\"name\":\"Home\",\"item\":\"https:\/\/www.i-rentacar.com\/de\/\"},{\"@type\":\"ListItem\",\"position\":2,\"name\":\"Mietwagen f\u00fcr Volos\"}]},{\"@type\":\"WebSite\",\"@id\":\"https:\/\/www.i-rentacar.com\/de\/#website\",\"url\":\"https:\/\/www.i-rentacar.com\/de\/\",\"name\":\"i-rentacar.com\",\"description\":\"Autovermietung Thessaloniki, Minibus, Gel\u00e4ndewagen, Flughafen Thessaloniki, Mietwagen Thessaloniki Halkidiki, Mietwagen Thessaloniki Flughafen skg\",\"publisher\":{\"@id\":\"https:\/\/www.i-rentacar.com\/de\/#organization\"},\"potentialAction\":[{\"@type\":\"SearchAction\",\"target\":{\"@type\":\"EntryPoint\",\"urlTemplate\":\"https:\/\/www.i-rentacar.com\/de\/?s={search_term_string}\"},\"query-input\":{\"@type\":\"PropertyValueSpecification\",\"valueRequired\":true,\"valueName\":\"search_term_string\"}}],\"inLanguage\":\"de\"},{\"@type\":\"Organization\",\"@id\":\"https:\/\/www.i-rentacar.com\/de\/#organization\",\"name\":\"i-rentacar.com\",\"url\":\"https:\/\/www.i-rentacar.com\/de\/\",\"logo\":{\"@type\":\"ImageObject\",\"inLanguage\":\"de\",\"@id\":\"https:\/\/www.i-rentacar.com\/de\/#\/schema\/logo\/image\/\",\"url\":\"https:\/\/www.i-rentacar.com\/wp-content\/uploads\/2021\/08\/logo-i-rentacar-com-3.png\",\"contentUrl\":\"https:\/\/www.i-rentacar.com\/wp-content\/uploads\/2021\/08\/logo-i-rentacar-com-3.png\",\"width\":383,\"height\":150,\"caption\":\"i-rentacar.com\"},\"image\":{\"@id\":\"https:\/\/www.i-rentacar.com\/de\/#\/schema\/logo\/image\/\"}}]}<\/script>\n<!-- \/ Yoast SEO plugin. -->","yoast_head_json":{"title":"Mietwagen f\u00fcr Volos | i-rentacar.com","robots":{"index":"index","follow":"follow","max-snippet":"max-snippet:-1","max-image-preview":"max-image-preview:large","max-video-preview":"max-video-preview:-1"},"canonical":"https:\/\/www.i-rentacar.com\/de\/mietwagen-fuer-volos\/","og_locale":"de_DE","og_type":"article","og_title":"Mietwagen f\u00fcr Volos | i-rentacar.com","og_url":"https:\/\/www.i-rentacar.com\/de\/mietwagen-fuer-volos\/","og_site_name":"i-rentacar.com","article_modified_time":"2025-06-01T10:21:48+00:00","twitter_card":"summary_large_image","twitter_misc":{"Gesch\u00e4tzte Lesezeit":"13\u00a0Minuten"},"schema":{"@context":"https:\/\/schema.org","@graph":[{"@type":"WebPage","@id":"https:\/\/www.i-rentacar.com\/de\/mietwagen-fuer-volos\/","url":"https:\/\/www.i-rentacar.com\/de\/mietwagen-fuer-volos\/","name":"Mietwagen f\u00fcr Volos | i-rentacar.com","isPartOf":{"@id":"https:\/\/www.i-rentacar.com\/de\/#website"},"datePublished":"2025-05-31T15:56:45+00:00","dateModified":"2025-06-01T10:21:48+00:00","breadcrumb":{"@id":"https:\/\/www.i-rentacar.com\/de\/mietwagen-fuer-volos\/#breadcrumb"},"inLanguage":"de","potentialAction":[{"@type":"ReadAction","target":["https:\/\/www.i-rentacar.com\/de\/mietwagen-fuer-volos\/"]}]},{"@type":"BreadcrumbList","@id":"https:\/\/www.i-rentacar.com\/de\/mietwagen-fuer-volos\/#breadcrumb","itemListElement":[{"@type":"ListItem","position":1,"name":"Home","item":"https:\/\/www.i-rentacar.com\/de\/"},{"@type":"ListItem","position":2,"name":"Mietwagen f\u00fcr Volos"}]},{"@type":"WebSite","@id":"https:\/\/www.i-rentacar.com\/de\/#website","url":"https:\/\/www.i-rentacar.com\/de\/","name":"i-rentacar.com","description":"Autovermietung Thessaloniki, Minibus, Gel\u00e4ndewagen, Flughafen Thessaloniki, Mietwagen Thessaloniki Halkidiki, Mietwagen Thessaloniki Flughafen skg","publisher":{"@id":"https:\/\/www.i-rentacar.com\/de\/#organization"},"potentialAction":[{"@type":"SearchAction","target":{"@type":"EntryPoint","urlTemplate":"https:\/\/www.i-rentacar.com\/de\/?s={search_term_string}"},"query-input":{"@type":"PropertyValueSpecification","valueRequired":true,"valueName":"search_term_string"}}],"inLanguage":"de"},{"@type":"Organization","@id":"https:\/\/www.i-rentacar.com\/de\/#organization","name":"i-rentacar.com","url":"https:\/\/www.i-rentacar.com\/de\/","logo":{"@type":"ImageObject","inLanguage":"de","@id":"https:\/\/www.i-rentacar.com\/de\/#\/schema\/logo\/image\/","url":"https:\/\/www.i-rentacar.com\/wp-content\/uploads\/2021\/08\/logo-i-rentacar-com-3.png","contentUrl":"https:\/\/www.i-rentacar.com\/wp-content\/uploads\/2021\/08\/logo-i-rentacar-com-3.png","width":383,"height":150,"caption":"i-rentacar.com"},"image":{"@id":"https:\/\/www.i-rentacar.com\/de\/#\/schema\/logo\/image\/"}}]}},"_links":{"self":[{"href":"https:\/\/www.i-rentacar.com\/de\/wp-json\/wp\/v2\/pages\/10061","targetHints":{"allow":["GET"]}}],"collection":[{"href":"https:\/\/www.i-rentacar.com\/de\/wp-json\/wp\/v2\/pages"}],"about":[{"href":"https:\/\/www.i-rentacar.com\/de\/wp-json\/wp\/v2\/types\/page"}],"author":[{"embeddable":true,"href":"https:\/\/www.i-rentacar.com\/de\/wp-json\/wp\/v2\/users\/1"}],"replies":[{"embeddable":true,"href":"https:\/\/www.i-rentacar.com\/de\/wp-json\/wp\/v2\/comments?post=10061"}],"version-history":[{"count":2,"href":"https:\/\/www.i-rentacar.com\/de\/wp-json\/wp\/v2\/pages\/10061\/revisions"}],"predecessor-version":[{"id":10063,"href":"https:\/\/www.i-rentacar.com\/de\/wp-json\/wp\/v2\/pages\/10061\/revisions\/10063"}],"wp:attachment":[{"href":"https:\/\/www.i-rentacar.com\/de\/wp-json\/wp\/v2\/media?parent=10061"}],"curies":[{"name":"wp","href":"https:\/\/api.w.org\/{rel}","templated":true}]}}