{"id":10052,"date":"2025-05-31T17:59:28","date_gmt":"2025-05-31T14:59:28","guid":{"rendered":"https:\/\/www.i-rentacar.com\/?page_id=10052"},"modified":"2025-06-01T13:13:21","modified_gmt":"2025-06-01T10:13:21","slug":"autovermietung-fuer-berg-athos-chalkidiki","status":"publish","type":"page","link":"https:\/\/www.i-rentacar.com\/de\/autovermietung-fuer-berg-athos-chalkidiki\/","title":{"rendered":"Autovermietung f\u00fcr Berg Athos Chalkidiki"},"content":{"rendered":"<div class=\"fusion-fullwidth fullwidth-box fusion-builder-row-1 fusion-flex-container has-pattern-background has-mask-background nonhundred-percent-fullwidth non-hundred-percent-height-scrolling\" style=\"--awb-border-radius-top-left:0px;--awb-border-radius-top-right:0px;--awb-border-radius-bottom-right:0px;--awb-border-radius-bottom-left:0px;--awb-flex-wrap:wrap;\" ><div class=\"fusion-builder-row fusion-row fusion-flex-align-items-flex-start fusion-flex-content-wrap\" style=\"max-width:1300px;margin-left: calc(-4% \/ 2 );margin-right: calc(-4% \/ 2 );\"><div class=\"fusion-layout-column fusion_builder_column fusion-builder-column-0 fusion_builder_column_1_1 1_1 fusion-flex-column\" style=\"--awb-bg-size:cover;--awb-width-large:100%;--awb-margin-top-large:0px;--awb-spacing-right-large:1.92%;--awb-margin-bottom-large:20px;--awb-spacing-left-large:1.92%;--awb-width-medium:100%;--awb-order-medium:0;--awb-spacing-right-medium:1.92%;--awb-spacing-left-medium:1.92%;--awb-width-small:100%;--awb-order-small:0;--awb-spacing-right-small:1.92%;--awb-spacing-left-small:1.92%;\"><div class=\"fusion-column-wrapper fusion-column-has-shadow fusion-flex-justify-content-flex-start fusion-content-layout-column\"><div class=\"fusion-image-element \" style=\"text-align:center;--awb-caption-title-font-family:var(--h2_typography-font-family);--awb-caption-title-font-weight:var(--h2_typography-font-weight);--awb-caption-title-font-style:var(--h2_typography-font-style);--awb-caption-title-size:var(--h2_typography-font-size);--awb-caption-title-transform:var(--h2_typography-text-transform);--awb-caption-title-line-height:var(--h2_typography-line-height);--awb-caption-title-letter-spacing:var(--h2_typography-letter-spacing);\"><span class=\" fusion-imageframe imageframe-none imageframe-1 hover-type-none\"><img decoding=\"async\" width=\"1200\" height=\"600\" alt=\"\u0386\u03b3\u03b9\u03bf\u03bd \u038c\u03c1\u03bf\u03c2 \u03a7\u03b1\u03bb\u03ba\u03b9\u03b4\u03b9\u03ba\u03ae\" title=\"\u03b1\u03ba\" src=\"https:\/\/www.i-rentacar.com\/wp-content\/uploads\/2025\/05\/\u03b1\u03ba.jpg\" data-orig-src=\"https:\/\/www.i-rentacar.com\/wp-content\/uploads\/2025\/05\/\u03b1\u03ba.jpg\" class=\"lazyload img-responsive wp-image-9888\" srcset=\"data:image\/svg+xml,%3Csvg%20xmlns%3D%27http%3A%2F%2Fwww.w3.org%2F2000%2Fsvg%27%20width%3D%271200%27%20height%3D%27600%27%20viewBox%3D%270%200%201200%20600%27%3E%3Crect%20width%3D%271200%27%20height%3D%27600%27%20fill-opacity%3D%220%22%2F%3E%3C%2Fsvg%3E\" data-srcset=\"https:\/\/www.i-rentacar.com\/wp-content\/uploads\/2025\/05\/\u03b1\u03ba-200x100.jpg 200w, https:\/\/www.i-rentacar.com\/wp-content\/uploads\/2025\/05\/\u03b1\u03ba-400x200.jpg 400w, https:\/\/www.i-rentacar.com\/wp-content\/uploads\/2025\/05\/\u03b1\u03ba-600x300.jpg 600w, https:\/\/www.i-rentacar.com\/wp-content\/uploads\/2025\/05\/\u03b1\u03ba-800x400.jpg 800w, https:\/\/www.i-rentacar.com\/wp-content\/uploads\/2025\/05\/\u03b1\u03ba.jpg 1200w\" data-sizes=\"auto\" data-orig-sizes=\"(max-width: 640px) 100vw, 1200px\" \/><\/span><\/div><div class=\"fusion-text fusion-text-1\"><h2 style=\"text-align: center;\" data-start=\"326\" data-end=\"431\">Das dritte Bein von Chalkidiki: Athos &amp; Ouranoupoli \u2013 Eine Reise f\u00fcr Seele und Natur mit i-rentacar<\/h2>\n<p data-start=\"433\" data-end=\"765\">Das dritte Bein von Chalkidiki, die Halbinsel Athos, ist ein besonderer Ort. Ein Ziel, an dem Natur, Geschichte und Spiritualit\u00e4t harmonisch zusammenkommen. Im Mittelpunkt steht Ouranoupoli \u2013 das \u201eTor\u201c zum Heiligen Berg \u2013 und die Region bietet ein einzigartiges Erlebnis: eine Kombination aus Entspannung, Abenteuer und innerer Suche.<\/p>\n<p data-start=\"767\" data-end=\"1143\">Mit einem Mietwagen von <strong data-start=\"807\" data-end=\"821\">i-rentacar<\/strong> hast du die M\u00f6glichkeit, jede versteckte Ecke dieses Ortes zu erkunden, dich flexibel und bequem zu bewegen und deinen Urlaub genau so zu gestalten, wie du es dir vorstellst. Von der K\u00fcstenstadt Ouranoupoli bis zu den traditionellen D\u00f6rfern Ost-Chalkidikis wird das Erlebnis einzigartig, wenn du die Kontrolle \u00fcber deine Route hast.<\/p>\n<h3 style=\"text-align: center;\" data-start=\"1150\" data-end=\"1215\">Ouranoupoli: Wo die Welt endet und die Ruhe beginnt<\/h3>\n<p data-start=\"1217\" data-end=\"1438\">Ouranoupoli ist der letzte Zugangspunkt vor dem Heiligen Berg \u2013 und gleichzeitig ein ausgezeichneter Sommerurlaubsort. Es ist voller traditioneller Herrenh\u00e4user, gepflasterter Gassen und Fischrestaurants mit Blick auf das unendliche Blau.<\/p>\n<p data-start=\"1440\" data-end=\"1460\">Von hier aus kannst du:<\/p>\n<ul data-start=\"1462\" data-end=\"1874\">\n<li data-start=\"1462\" data-end=\"1571\">\n<p data-start=\"1464\" data-end=\"1571\">Eine <strong data-start=\"1471\" data-end=\"1495\">Tageskreuzfahrt<\/strong> entlang der K\u00fcsten des Heiligen Berges machen und die Kl\u00f6ster vom Meer aus sehen.<\/p>\n<\/li>\n<li data-start=\"1572\" data-end=\"1680\">\n<p data-start=\"1574\" data-end=\"1680\">Die <strong data-start=\"1589\" data-end=\"1607\">Inseln Drenia<\/strong> besuchen, bekannt f\u00fcr ihr kristallklares Wasser \u2013 perfekt zum Schwimmen und Schnorcheln.<\/p>\n<\/li>\n<li data-start=\"1681\" data-end=\"1779\">\n<p data-start=\"1683\" data-end=\"1779\">An organisierten Str\u00e4nden wie <strong data-start=\"1726\" data-end=\"1737\">Trypiti<\/strong>, <strong data-start=\"1741\" data-end=\"1752\">Kakavos<\/strong> oder dem <strong data-start=\"1757\" data-end=\"1778\">Strand von Komtsini<\/strong> schwimmen.<\/p>\n<\/li>\n<li data-start=\"1780\" data-end=\"1874\">\n<p data-start=\"1782\" data-end=\"1874\">Lokale Produkte wie Honig, Wein und Oliven\u00f6l probieren \u2013 alles von Produzenten aus der Region.<\/p>\n<\/li>\n<\/ul>\n<p data-start=\"1876\" data-end=\"2019\">Mit der Freiheit, die dir dein Auto bietet, kannst du an einem Tag Strand, Besichtigungen und lokale K\u00f6stlichkeiten kombinieren \u2013 ohne Einschr\u00e4nkungen.<\/p>\n<h3 style=\"text-align: center;\" data-start=\"2026\" data-end=\"2077\">Die spirituelle Seite der Reise: Der Heilige Berg Athos<\/h3>\n<p data-start=\"2079\" data-end=\"2362\">F\u00fcr m\u00e4nnliche Besucher, die eine tief spirituelle Erfahrung suchen, besteht die M\u00f6glichkeit, den Heiligen Berg zu besuchen, nachdem ein Aufenthaltserlaubnis erteilt wurde. Die Kl\u00f6ster des Athos bieten nicht nur Gastfreundschaft, sondern eine echte Verbindung zur Geschichte, zum Glauben und zur inneren Ruhe.<\/p>\n<p data-start=\"2364\" data-end=\"2580\">Die <strong data-start=\"2366\" data-end=\"2380\">i-rentacar<\/strong> sorgt daf\u00fcr, dass dir das Auto an einem f\u00fcr dich passenden Ort \u00fcbergeben wird \u2013 sogar am Hafen, von dem aus du zur Athos-Republik startest \u2013 damit deine Reise von Anfang an einfach und gut organisiert ist.<\/p>\n<\/div><div class=\"fusion-image-element \" style=\"text-align:center;--awb-caption-title-font-family:var(--h2_typography-font-family);--awb-caption-title-font-weight:var(--h2_typography-font-weight);--awb-caption-title-font-style:var(--h2_typography-font-style);--awb-caption-title-size:var(--h2_typography-font-size);--awb-caption-title-transform:var(--h2_typography-text-transform);--awb-caption-title-line-height:var(--h2_typography-line-height);--awb-caption-title-letter-spacing:var(--h2_typography-letter-spacing);\"><span class=\" fusion-imageframe imageframe-none imageframe-2 hover-type-none\"><img decoding=\"async\" width=\"1200\" height=\"600\" alt=\"\u0386\u03b3\u03b9\u03bf\u03bd \u038c\u03c1\u03bf\u03c2 \u03a7\u03b1\u03bb\u03ba\u03b9\u03b4\u03b9\u03ba\u03ae\" title=\"\u03ac\u03bc\u03b1\" src=\"https:\/\/www.i-rentacar.com\/wp-content\/uploads\/2025\/05\/\u03ac\u03bc\u03b1.jpg\" data-orig-src=\"https:\/\/www.i-rentacar.com\/wp-content\/uploads\/2025\/05\/\u03ac\u03bc\u03b1.jpg\" class=\"lazyload img-responsive wp-image-9893\" srcset=\"data:image\/svg+xml,%3Csvg%20xmlns%3D%27http%3A%2F%2Fwww.w3.org%2F2000%2Fsvg%27%20width%3D%271200%27%20height%3D%27600%27%20viewBox%3D%270%200%201200%20600%27%3E%3Crect%20width%3D%271200%27%20height%3D%27600%27%20fill-opacity%3D%220%22%2F%3E%3C%2Fsvg%3E\" data-srcset=\"https:\/\/www.i-rentacar.com\/wp-content\/uploads\/2025\/05\/\u03ac\u03bc\u03b1-200x100.jpg 200w, https:\/\/www.i-rentacar.com\/wp-content\/uploads\/2025\/05\/\u03ac\u03bc\u03b1-400x200.jpg 400w, https:\/\/www.i-rentacar.com\/wp-content\/uploads\/2025\/05\/\u03ac\u03bc\u03b1-600x300.jpg 600w, https:\/\/www.i-rentacar.com\/wp-content\/uploads\/2025\/05\/\u03ac\u03bc\u03b1-800x400.jpg 800w, https:\/\/www.i-rentacar.com\/wp-content\/uploads\/2025\/05\/\u03ac\u03bc\u03b1.jpg 1200w\" data-sizes=\"auto\" data-orig-sizes=\"(max-width: 640px) 100vw, 1200px\" \/><\/span><\/div><div class=\"fusion-text fusion-text-2\"><h3 style=\"text-align: center;\" data-start=\"2587\" data-end=\"2640\">Au\u00dferhalb des Heiligen Berges: Natur, Geschichte und Tradition<\/h3>\n<p data-start=\"2642\" data-end=\"2729\">Das dritte Bein bietet viel mehr als Ouranoupoli und die Athos-Republik:<\/p>\n<ul data-start=\"2731\" data-end=\"3218\">\n<li data-start=\"2731\" data-end=\"2813\">\n<p data-start=\"2733\" data-end=\"2813\"><strong data-start=\"2733\" data-end=\"2745\">Ierissos<\/strong>: K\u00fcstenstadt mit hervorragenden Tavernen und einer einladenden Atmosph\u00e4re.<\/p>\n<\/li>\n<li data-start=\"2814\" data-end=\"2961\">\n<p data-start=\"2816\" data-end=\"2961\"><strong data-start=\"2816\" data-end=\"2839\">Stratoni &amp; Stagira<\/strong>: Der Geburtsort von Aristoteles, mit dem <strong data-start=\"2880\" data-end=\"2900\">Aristoteles-Park<\/strong>, der interaktive Erlebnisse f\u00fcr Gro\u00df und Klein bietet.<\/p>\n<\/li>\n<li data-start=\"2962\" data-end=\"3064\">\n<p data-start=\"2964\" data-end=\"3064\"><strong data-start=\"2964\" data-end=\"2982\">Megali Panagia<\/strong>: Traditionelles Dorf mit authentischer mazedonischer Architektur und einzigartigen Caf\u00e9s.<\/p>\n<\/li>\n<li data-start=\"3065\" data-end=\"3218\">\n<p data-start=\"3067\" data-end=\"3218\"><strong data-start=\"3067\" data-end=\"3081\">Ammouliani<\/strong>: Die einzige bewohnte Insel von Chalkidiki \u2013 erreichbar mit der F\u00e4hre von Trypiti. Ideal f\u00fcr einen Tagesausflug mit dem Auto.<\/p>\n<\/li>\n<\/ul>\n<p data-start=\"3220\" data-end=\"3448\">All diese Orte eignen sich ideal f\u00fcr Tagesausfl\u00fcge. Mit einem Auto von <strong data-start=\"3303\" data-end=\"3317\">i-rentacar<\/strong> kannst du deine Reise in deinem eigenen Tempo planen und Sch\u00f6nheiten entdecken, die man nicht in Werbeprospekten findet.<\/p>\n<h3 style=\"text-align: center;\" data-start=\"3455\" data-end=\"3524\">Warum i-rentacar f\u00fcr Sithonia &amp; den Heiligen Berg w\u00e4hlen?<\/h3>\n<p data-start=\"3526\" data-end=\"3616\">Bei <strong data-start=\"3531\" data-end=\"3545\">i-rentacar<\/strong> kennen wir die Bed\u00fcrfnisse des modernen Reisenden. Deshalb bieten wir:<\/p>\n<ul data-start=\"3618\" data-end=\"3978\">\n<li data-start=\"3618\" data-end=\"3668\">\n<p data-start=\"3620\" data-end=\"3668\">Einfache Online-Buchung in weniger als 2 Minuten.<\/p>\n<\/li>\n<li data-start=\"3669\" data-end=\"3746\">\n<p data-start=\"3671\" data-end=\"3746\">Fahrzeug\u00fcbergabe in Ouranoupoli, Ierissos oder an jedem Ort deiner Wahl.<\/p>\n<\/li>\n<li data-start=\"3747\" data-end=\"3817\">\n<p data-start=\"3749\" data-end=\"3817\">Fahrzeuge f\u00fcr alle: kleine, wirtschaftliche Modelle, SUVs, 4&#215;4 f\u00fcr Bergstrecken.<\/p>\n<\/li>\n<li data-start=\"3818\" data-end=\"3892\">\n<p data-start=\"3820\" data-end=\"3892\">Vollkaskoversicherung, Kindersitze, GPS und alle Extras, die du brauchst.<\/p>\n<\/li>\n<li data-start=\"3893\" data-end=\"3978\">\n<p data-start=\"3895\" data-end=\"3978\">Sofortiger Support durch unser Team \u2013 vor, w\u00e4hrend und nach der Anmietung.<\/p>\n<\/li>\n<\/ul>\n<h3 style=\"text-align: center;\" data-start=\"3985\" data-end=\"4021\">Die Reise beginnt mit der Fahrt<\/h3>\n<p data-start=\"4023\" data-end=\"4247\">Das dritte Bein von Chalkidiki ist nicht nur ein Reiseziel \u2013 es ist ein Lebenserlebnis. Es ist Ruhe, Natur, Meer und Spiritualit\u00e4t. Mit <strong data-start=\"4166\" data-end=\"4180\">i-rentacar<\/strong> hast du die M\u00f6glichkeit, es wirklich so zu entdecken, wie es verdient.<\/p>\n<p data-start=\"4249\" data-end=\"4454\">Besuche jetzt <a class=\"\" href=\"https:\/\/www.i-rentacar.com\" target=\"_new\" rel=\"noopener\" data-start=\"4263\" data-end=\"4311\">www.i-rentacar.com<\/a>, buche dein Auto und bereite dich auf eine au\u00dfergew\u00f6hnliche Reise vor. Du wirst nicht nur weiter kommen \u2013 du wirst einen Ort kennenlernen, der dich ver\u00e4ndern wird.<\/p>\n<p data-start=\"4456\" data-end=\"4516\"><strong data-start=\"4456\" data-end=\"4516\">i-rentacar \u2013 Du f\u00e4hrst, wir ebnen dir den Weg.<\/strong><\/p>\n<\/div><div class=\"fusion-image-element \" style=\"text-align:center;--awb-caption-title-font-family:var(--h2_typography-font-family);--awb-caption-title-font-weight:var(--h2_typography-font-weight);--awb-caption-title-font-style:var(--h2_typography-font-style);--awb-caption-title-size:var(--h2_typography-font-size);--awb-caption-title-transform:var(--h2_typography-text-transform);--awb-caption-title-line-height:var(--h2_typography-line-height);--awb-caption-title-letter-spacing:var(--h2_typography-letter-spacing);\"><span class=\" fusion-imageframe imageframe-none imageframe-3 hover-type-none\"><img decoding=\"async\" width=\"1200\" height=\"600\" alt=\"\u0386\u03b3\u03b9\u03bf\u03bd \u038c\u03c1\u03bf\u03c2 \u03a7\u03b1\u03bb\u03ba\u03b9\u03b4\u03b9\u03ba\u03ae\" title=\"\u03b5\u03ce\u03b5\u03c9\u03bc\u03ba\" src=\"https:\/\/www.i-rentacar.com\/wp-content\/uploads\/2025\/05\/\u03b5\u03ce\u03b5\u03c9\u03bc\u03ba.jpg\" data-orig-src=\"https:\/\/www.i-rentacar.com\/wp-content\/uploads\/2025\/05\/\u03b5\u03ce\u03b5\u03c9\u03bc\u03ba.jpg\" class=\"lazyload img-responsive wp-image-9898\" srcset=\"data:image\/svg+xml,%3Csvg%20xmlns%3D%27http%3A%2F%2Fwww.w3.org%2F2000%2Fsvg%27%20width%3D%271200%27%20height%3D%27600%27%20viewBox%3D%270%200%201200%20600%27%3E%3Crect%20width%3D%271200%27%20height%3D%27600%27%20fill-opacity%3D%220%22%2F%3E%3C%2Fsvg%3E\" data-srcset=\"https:\/\/www.i-rentacar.com\/wp-content\/uploads\/2025\/05\/\u03b5\u03ce\u03b5\u03c9\u03bc\u03ba-200x100.jpg 200w, https:\/\/www.i-rentacar.com\/wp-content\/uploads\/2025\/05\/\u03b5\u03ce\u03b5\u03c9\u03bc\u03ba-400x200.jpg 400w, https:\/\/www.i-rentacar.com\/wp-content\/uploads\/2025\/05\/\u03b5\u03ce\u03b5\u03c9\u03bc\u03ba-600x300.jpg 600w, https:\/\/www.i-rentacar.com\/wp-content\/uploads\/2025\/05\/\u03b5\u03ce\u03b5\u03c9\u03bc\u03ba-800x400.jpg 800w, https:\/\/www.i-rentacar.com\/wp-content\/uploads\/2025\/05\/\u03b5\u03ce\u03b5\u03c9\u03bc\u03ba.jpg 1200w\" data-sizes=\"auto\" data-orig-sizes=\"(max-width: 640px) 100vw, 1200px\" \/><\/span><\/div><\/div><\/div><\/div><\/div>\n","protected":false},"excerpt":{"rendered":"","protected":false},"author":1,"featured_media":0,"parent":0,"menu_order":0,"comment_status":"closed","ping_status":"closed","template":"100-width.php","meta":{"footnotes":""},"class_list":["post-10052","page","type-page","status-publish","hentry"],"yoast_head":"<!-- This site is optimized with the Yoast SEO plugin v27.0 - https:\/\/yoast.com\/product\/yoast-seo-wordpress\/ -->\n<title>Autovermietung f\u00fcr Berg Athos Chalkidiki | i-rentacar.com<\/title>\n<meta name=\"robots\" content=\"index, follow, max-snippet:-1, max-image-preview:large, max-video-preview:-1\" \/>\n<link rel=\"canonical\" href=\"https:\/\/www.i-rentacar.com\/de\/autovermietung-fuer-berg-athos-chalkidiki\/\" \/>\n<meta property=\"og:locale\" content=\"de_DE\" \/>\n<meta property=\"og:type\" content=\"article\" \/>\n<meta property=\"og:title\" content=\"Autovermietung f\u00fcr Berg Athos Chalkidiki | i-rentacar.com\" \/>\n<meta property=\"og:url\" content=\"https:\/\/www.i-rentacar.com\/de\/autovermietung-fuer-berg-athos-chalkidiki\/\" \/>\n<meta property=\"og:site_name\" content=\"i-rentacar.com\" \/>\n<meta property=\"article:modified_time\" content=\"2025-06-01T10:13:21+00:00\" \/>\n<meta name=\"twitter:card\" content=\"summary_large_image\" \/>\n<meta name=\"twitter:label1\" content=\"Gesch\u00e4tzte Lesezeit\" \/>\n\t<meta name=\"twitter:data1\" content=\"13\u00a0Minuten\" \/>\n<script type=\"application\/ld+json\" class=\"yoast-schema-graph\">{\"@context\":\"https:\/\/schema.org\",\"@graph\":[{\"@type\":\"WebPage\",\"@id\":\"https:\/\/www.i-rentacar.com\/de\/autovermietung-fuer-berg-athos-chalkidiki\/\",\"url\":\"https:\/\/www.i-rentacar.com\/de\/autovermietung-fuer-berg-athos-chalkidiki\/\",\"name\":\"Autovermietung f\u00fcr Berg Athos Chalkidiki | i-rentacar.com\",\"isPartOf\":{\"@id\":\"https:\/\/www.i-rentacar.com\/de\/#website\"},\"datePublished\":\"2025-05-31T14:59:28+00:00\",\"dateModified\":\"2025-06-01T10:13:21+00:00\",\"breadcrumb\":{\"@id\":\"https:\/\/www.i-rentacar.com\/de\/autovermietung-fuer-berg-athos-chalkidiki\/#breadcrumb\"},\"inLanguage\":\"de\",\"potentialAction\":[{\"@type\":\"ReadAction\",\"target\":[\"https:\/\/www.i-rentacar.com\/de\/autovermietung-fuer-berg-athos-chalkidiki\/\"]}]},{\"@type\":\"BreadcrumbList\",\"@id\":\"https:\/\/www.i-rentacar.com\/de\/autovermietung-fuer-berg-athos-chalkidiki\/#breadcrumb\",\"itemListElement\":[{\"@type\":\"ListItem\",\"position\":1,\"name\":\"Home\",\"item\":\"https:\/\/www.i-rentacar.com\/de\/\"},{\"@type\":\"ListItem\",\"position\":2,\"name\":\"Autovermietung f\u00fcr Berg Athos Chalkidiki\"}]},{\"@type\":\"WebSite\",\"@id\":\"https:\/\/www.i-rentacar.com\/de\/#website\",\"url\":\"https:\/\/www.i-rentacar.com\/de\/\",\"name\":\"i-rentacar.com\",\"description\":\"Autovermietung Thessaloniki, Minibus, Gel\u00e4ndewagen, Flughafen Thessaloniki, Mietwagen Thessaloniki Halkidiki, Mietwagen Thessaloniki Flughafen skg\",\"publisher\":{\"@id\":\"https:\/\/www.i-rentacar.com\/de\/#organization\"},\"potentialAction\":[{\"@type\":\"SearchAction\",\"target\":{\"@type\":\"EntryPoint\",\"urlTemplate\":\"https:\/\/www.i-rentacar.com\/de\/?s={search_term_string}\"},\"query-input\":{\"@type\":\"PropertyValueSpecification\",\"valueRequired\":true,\"valueName\":\"search_term_string\"}}],\"inLanguage\":\"de\"},{\"@type\":\"Organization\",\"@id\":\"https:\/\/www.i-rentacar.com\/de\/#organization\",\"name\":\"i-rentacar.com\",\"url\":\"https:\/\/www.i-rentacar.com\/de\/\",\"logo\":{\"@type\":\"ImageObject\",\"inLanguage\":\"de\",\"@id\":\"https:\/\/www.i-rentacar.com\/de\/#\/schema\/logo\/image\/\",\"url\":\"https:\/\/www.i-rentacar.com\/wp-content\/uploads\/2021\/08\/logo-i-rentacar-com-3.png\",\"contentUrl\":\"https:\/\/www.i-rentacar.com\/wp-content\/uploads\/2021\/08\/logo-i-rentacar-com-3.png\",\"width\":383,\"height\":150,\"caption\":\"i-rentacar.com\"},\"image\":{\"@id\":\"https:\/\/www.i-rentacar.com\/de\/#\/schema\/logo\/image\/\"}}]}<\/script>\n<!-- \/ Yoast SEO plugin. -->","yoast_head_json":{"title":"Autovermietung f\u00fcr Berg Athos Chalkidiki | i-rentacar.com","robots":{"index":"index","follow":"follow","max-snippet":"max-snippet:-1","max-image-preview":"max-image-preview:large","max-video-preview":"max-video-preview:-1"},"canonical":"https:\/\/www.i-rentacar.com\/de\/autovermietung-fuer-berg-athos-chalkidiki\/","og_locale":"de_DE","og_type":"article","og_title":"Autovermietung f\u00fcr Berg Athos Chalkidiki | i-rentacar.com","og_url":"https:\/\/www.i-rentacar.com\/de\/autovermietung-fuer-berg-athos-chalkidiki\/","og_site_name":"i-rentacar.com","article_modified_time":"2025-06-01T10:13:21+00:00","twitter_card":"summary_large_image","twitter_misc":{"Gesch\u00e4tzte Lesezeit":"13\u00a0Minuten"},"schema":{"@context":"https:\/\/schema.org","@graph":[{"@type":"WebPage","@id":"https:\/\/www.i-rentacar.com\/de\/autovermietung-fuer-berg-athos-chalkidiki\/","url":"https:\/\/www.i-rentacar.com\/de\/autovermietung-fuer-berg-athos-chalkidiki\/","name":"Autovermietung f\u00fcr Berg Athos Chalkidiki | i-rentacar.com","isPartOf":{"@id":"https:\/\/www.i-rentacar.com\/de\/#website"},"datePublished":"2025-05-31T14:59:28+00:00","dateModified":"2025-06-01T10:13:21+00:00","breadcrumb":{"@id":"https:\/\/www.i-rentacar.com\/de\/autovermietung-fuer-berg-athos-chalkidiki\/#breadcrumb"},"inLanguage":"de","potentialAction":[{"@type":"ReadAction","target":["https:\/\/www.i-rentacar.com\/de\/autovermietung-fuer-berg-athos-chalkidiki\/"]}]},{"@type":"BreadcrumbList","@id":"https:\/\/www.i-rentacar.com\/de\/autovermietung-fuer-berg-athos-chalkidiki\/#breadcrumb","itemListElement":[{"@type":"ListItem","position":1,"name":"Home","item":"https:\/\/www.i-rentacar.com\/de\/"},{"@type":"ListItem","position":2,"name":"Autovermietung f\u00fcr Berg Athos Chalkidiki"}]},{"@type":"WebSite","@id":"https:\/\/www.i-rentacar.com\/de\/#website","url":"https:\/\/www.i-rentacar.com\/de\/","name":"i-rentacar.com","description":"Autovermietung Thessaloniki, Minibus, Gel\u00e4ndewagen, Flughafen Thessaloniki, Mietwagen Thessaloniki Halkidiki, Mietwagen Thessaloniki Flughafen skg","publisher":{"@id":"https:\/\/www.i-rentacar.com\/de\/#organization"},"potentialAction":[{"@type":"SearchAction","target":{"@type":"EntryPoint","urlTemplate":"https:\/\/www.i-rentacar.com\/de\/?s={search_term_string}"},"query-input":{"@type":"PropertyValueSpecification","valueRequired":true,"valueName":"search_term_string"}}],"inLanguage":"de"},{"@type":"Organization","@id":"https:\/\/www.i-rentacar.com\/de\/#organization","name":"i-rentacar.com","url":"https:\/\/www.i-rentacar.com\/de\/","logo":{"@type":"ImageObject","inLanguage":"de","@id":"https:\/\/www.i-rentacar.com\/de\/#\/schema\/logo\/image\/","url":"https:\/\/www.i-rentacar.com\/wp-content\/uploads\/2021\/08\/logo-i-rentacar-com-3.png","contentUrl":"https:\/\/www.i-rentacar.com\/wp-content\/uploads\/2021\/08\/logo-i-rentacar-com-3.png","width":383,"height":150,"caption":"i-rentacar.com"},"image":{"@id":"https:\/\/www.i-rentacar.com\/de\/#\/schema\/logo\/image\/"}}]}},"_links":{"self":[{"href":"https:\/\/www.i-rentacar.com\/de\/wp-json\/wp\/v2\/pages\/10052","targetHints":{"allow":["GET"]}}],"collection":[{"href":"https:\/\/www.i-rentacar.com\/de\/wp-json\/wp\/v2\/pages"}],"about":[{"href":"https:\/\/www.i-rentacar.com\/de\/wp-json\/wp\/v2\/types\/page"}],"author":[{"embeddable":true,"href":"https:\/\/www.i-rentacar.com\/de\/wp-json\/wp\/v2\/users\/1"}],"replies":[{"embeddable":true,"href":"https:\/\/www.i-rentacar.com\/de\/wp-json\/wp\/v2\/comments?post=10052"}],"version-history":[{"count":2,"href":"https:\/\/www.i-rentacar.com\/de\/wp-json\/wp\/v2\/pages\/10052\/revisions"}],"predecessor-version":[{"id":10054,"href":"https:\/\/www.i-rentacar.com\/de\/wp-json\/wp\/v2\/pages\/10052\/revisions\/10054"}],"wp:attachment":[{"href":"https:\/\/www.i-rentacar.com\/de\/wp-json\/wp\/v2\/media?parent=10052"}],"curies":[{"name":"wp","href":"https:\/\/api.w.org\/{rel}","templated":true}]}}